{"id":2769,"date":"2022-11-22T16:55:41","date_gmt":"2022-11-22T15:55:41","guid":{"rendered":"https:\/\/www.ieec.cat\/ieec\/transparencia\/"},"modified":"2026-04-28T17:00:46","modified_gmt":"2026-04-28T15:00:46","slug":"transparencia","status":"publish","type":"page","link":"https:\/\/www.ieec.cat\/es\/ieec\/transparencia\/","title":{"rendered":"Transparencia"},"content":{"rendered":"<p>[et_pb_section fb_built=\u00bb1&#8243; admin_label=\u00bbSection\u00bb _builder_version=\u00bb4.16&#8243; _module_preset=\u00bbdefault\u00bb background_image=\u00bbhttps:\/\/www.ieec.cat\/wp-content\/uploads\/2022\/04\/slider-corpo2.jpg\u00bb min_height=\u00bb338px\u00bb custom_padding=\u00bb||0px||false|false\u00bb da_disable_devices=\u00bboff|off|off\u00bb collapsed=\u00bbon\u00bb global_colors_info=\u00bb{}\u00bb da_is_popup=\u00bboff\u00bb da_exit_intent=\u00bboff\u00bb da_has_close=\u00bbon\u00bb da_alt_close=\u00bboff\u00bb da_dark_close=\u00bboff\u00bb da_not_modal=\u00bbon\u00bb da_is_singular=\u00bboff\u00bb da_with_loader=\u00bboff\u00bb da_has_shadow=\u00bbon\u00bb][et_pb_row custom_padding_last_edited=\u00bbon|phone\u00bb _builder_version=\u00bb4.16&#8243; _module_preset=\u00bbdefault\u00bb background_color=\u00bbRGBA(255,255,255,0)\u00bb module_alignment=\u00bbcenter\u00bb custom_margin=\u00bb20px||0px||false|false\u00bb custom_padding=\u00bb10px||4px|0px|false|false\u00bb custom_padding_tablet=\u00bb||0px||false|false\u00bb custom_padding_phone=\u00bb||0px||false|false\u00bb global_colors_info=\u00bb{}\u00bb][et_pb_column type=\u00bb4_4&#8243; _builder_version=\u00bb4.16&#8243; _module_preset=\u00bbdefault\u00bb global_colors_info=\u00bb{}\u00bb][et_pb_text _builder_version=\u00bb4.16&#8243; _module_preset=\u00bbdefault\u00bb text_text_color=\u00bb#FFFFFF\u00bb text_font_size=\u00bb16px\u00bb link_font=\u00bb||||on||||\u00bb link_text_color=\u00bb#FFFFFF\u00bb header_font=\u00bbSource Sans Pro|600|||||||\u00bb header_text_color=\u00bb#FFFFFF\u00bb header_font_size=\u00bb25px\u00bb header_2_font=\u00bbCairo|800|||||||\u00bb header_2_text_color=\u00bb#FFFFFF\u00bb header_2_font_size=\u00bb44px\u00bb custom_margin=\u00bb|0px|0px||false|false\u00bb custom_padding=\u00bb|0px|||false|false\u00bb header_2_font_size_tablet=\u00bb36px\u00bb header_2_font_size_phone=\u00bb30px\u00bb header_2_font_size_last_edited=\u00bbon|phone\u00bb global_colors_info=\u00bb{}\u00bb]<a href=\"https:\/\/www.ieec.cat\/es\/ieec\/\">IEEC<\/a> | <strong>Transparencia<\/strong>[\/et_pb_text][\/et_pb_column][\/et_pb_row][et_pb_row custom_padding_last_edited=\u00bbon|phone\u00bb _builder_version=\u00bb4.16&#8243; _module_preset=\u00bbdefault\u00bb background_color=\u00bbrgba(255,255,255,0.38)\u00bb module_alignment=\u00bbcenter\u00bb custom_margin=\u00bb20px||0px||false|false\u00bb custom_padding=\u00bb10px||4px|40px|false|false\u00bb custom_padding_tablet=\u00bb||0px||false|false\u00bb custom_padding_phone=\u00bb||0px||false|false\u00bb global_colors_info=\u00bb{}\u00bb][et_pb_column type=\u00bb4_4&#8243; _builder_version=\u00bb4.16&#8243; _module_preset=\u00bbdefault\u00bb global_colors_info=\u00bb{}\u00bb][et_pb_text _builder_version=\u00bb4.16&#8243; _module_preset=\u00bbdefault\u00bb header_font=\u00bbCairo|600|||||||\u00bb header_text_color=\u00bb#FFFFFF\u00bb header_font_size=\u00bb25px\u00bb header_2_font=\u00bbCairo|800|||||||\u00bb header_2_text_color=\u00bb#FFFFFF\u00bb header_2_font_size=\u00bb44px\u00bb custom_margin=\u00bb|0px|0px||false|false\u00bb custom_padding=\u00bb|0px|||false|false\u00bb header_2_font_size_tablet=\u00bb36px\u00bb header_2_font_size_phone=\u00bb30px\u00bb header_2_font_size_last_edited=\u00bbon|phone\u00bb global_colors_info=\u00bb{}\u00bb]<\/p>\n<h1><strong>Transparencia<\/strong><\/h1>\n<p>[\/et_pb_text][\/et_pb_column][\/et_pb_row][et_pb_row _builder_version=\u00bb4.16&#8243; _module_preset=\u00bbdefault\u00bb background_color=\u00bbRGBA(255,255,255,0)\u00bb global_colors_info=\u00bb{}\u00bb][et_pb_column type=\u00bb4_4&#8243; _builder_version=\u00bb4.16&#8243; _module_preset=\u00bbdefault\u00bb global_colors_info=\u00bb{}\u00bb][et_pb_text _builder_version=\u00bb4.16&#8243; _module_preset=\u00bbdefault\u00bb text_font=\u00bb|600|||||||\u00bb text_text_color=\u00bb#FFFFFF\u00bb text_font_size=\u00bb23px\u00bb text_line_height=\u00bb1.1em\u00bb custom_padding=\u00bb|||40px|false|false\u00bb custom_padding_tablet=\u00bb|||0px|false|false\u00bb custom_padding_phone=\u00bb|||0px|false|false\u00bb custom_padding_last_edited=\u00bbon|tablet\u00bb text_font_size_tablet=\u00bb21px\u00bb text_font_size_phone=\u00bb20px\u00bb text_font_size_last_edited=\u00bbon|phone\u00bb global_colors_info=\u00bb{}\u00bb]<em>La presente Secci\u00f3n de Transparencia del IEEC se crea en virtud de la Ley 19\/2014, de 29 de diciembre, de transparencia, acceso a la informaci\u00f3n p\u00fablica y buen gobierno as\u00ed como al Decreto 8\/2021, de 9 de febrero, sobre transparencia y derecho de acceso a la informaci\u00f3n p\u00fablica.<\/em>[\/et_pb_text][\/et_pb_column][\/et_pb_row][\/et_pb_section][et_pb_section fb_built=\u00bb1&#8243; admin_label=\u00bbSection\u00bb _builder_version=\u00bb4.16&#8243; _module_preset=\u00bbdefault\u00bb width=\u00bb99.9%\u00bb custom_padding=\u00bb13px|||||\u00bb da_disable_devices=\u00bboff|off|off\u00bb global_colors_info=\u00bb{}\u00bb da_is_popup=\u00bboff\u00bb da_exit_intent=\u00bboff\u00bb da_has_close=\u00bbon\u00bb da_alt_close=\u00bboff\u00bb da_dark_close=\u00bboff\u00bb da_not_modal=\u00bbon\u00bb da_is_singular=\u00bboff\u00bb da_with_loader=\u00bboff\u00bb da_has_shadow=\u00bbon\u00bb][et_pb_row _builder_version=\u00bb4.16&#8243; _module_preset=\u00bbdefault\u00bb custom_margin=\u00bb8px|auto|0px|auto|false|false\u00bb custom_padding=\u00bb20px||16px||false|false\u00bb locked=\u00bboff\u00bb global_colors_info=\u00bb{}\u00bb][et_pb_column type=\u00bb4_4&#8243; _builder_version=\u00bb4.16&#8243; _module_preset=\u00bbdefault\u00bb global_colors_info=\u00bb{}\u00bb][et_pb_text _builder_version=\u00bb4.16&#8243; _module_preset=\u00bbdefault\u00bb text_font=\u00bbOswald|||on|||||\u00bb text_text_color=\u00bb#1e2793&#8243; text_font_size=\u00bb14px\u00bb text_letter_spacing=\u00bb4px\u00bb header_font=\u00bbOswald||||||||\u00bb header_text_color=\u00bb#1a1140&#8243; header_font_size=\u00bb14px\u00bb header_letter_spacing=\u00bb4px\u00bb header_2_font=\u00bbOswald|||on|||||\u00bb header_2_text_color=\u00bb#1e2793&#8243; header_2_font_size=\u00bb15px\u00bb header_2_letter_spacing=\u00bb4px\u00bb background_color=\u00bb#FFFFFF\u00bb z_index=\u00bb4&#8243; width=\u00bb75px\u00bb width_tablet=\u00bb75px\u00bb width_phone=\u00bb76px\u00bb width_last_edited=\u00bbon|phone\u00bb text_font_tablet=\u00bbOswald|||on|||||\u00bb text_font_phone=\u00bbOswald|||on|||||\u00bb text_font_last_edited=\u00bbon|phone\u00bb header_font_size_tablet=\u00bb\u00bb header_font_size_phone=\u00bb\u00bb header_font_size_last_edited=\u00bbon|phone\u00bb global_colors_info=\u00bb{}\u00bb]<\/p>\n<h2>\u00edndice<\/h2>\n<p>[\/et_pb_text][et_pb_divider color=\u00bb#1E2793&#8243; _builder_version=\u00bb4.16&#8243; _module_preset=\u00bbdefault\u00bb z_index=\u00bb2&#8243; custom_margin=\u00bb-47px||||false|false\u00bb global_colors_info=\u00bb{}\u00bb][\/et_pb_divider][\/et_pb_column][\/et_pb_row][et_pb_row module_class=\u00bbindex\u00bb _builder_version=\u00bb4.16&#8243; _module_preset=\u00bbdefault\u00bb background_color=\u00bbrgba(30,39,147,0.09)\u00bb width_tablet=\u00bb\u00bb width_phone=\u00bb100%\u00bb width_last_edited=\u00bbon|phone\u00bb custom_margin=\u00bb-1px|auto||auto||\u00bb global_colors_info=\u00bb{}\u00bb][et_pb_column type=\u00bb4_4&#8243; _builder_version=\u00bb4.16&#8243; _module_preset=\u00bbdefault\u00bb global_colors_info=\u00bb{}\u00bb][et_pb_text _builder_version=\u00bb4.16&#8243; _module_preset=\u00bbdefault\u00bb header_text_color=\u00bb#1e2793&#8243; header_2_text_color=\u00bb#1e2793&#8243; background_color=\u00bbRGBA(255,255,255,0)\u00bb custom_margin=\u00bb15px||0px|0px|false|false\u00bb custom_padding=\u00bb0px||5px|65px|false|false\u00bb custom_padding_tablet=\u00bb0px||0px|40px|false|false\u00bb custom_padding_phone=\u00bb0px|15px|0px|15px|false|true\u00bb custom_padding_last_edited=\u00bbon|phone\u00bb link_option_url=\u00bb#1&#8243; header_2_font_size_tablet=\u00bb\u00bb header_2_font_size_phone=\u00bb23px\u00bb header_2_font_size_last_edited=\u00bbon|phone\u00bb global_colors_info=\u00bb{}\u00bb]<\/p>\n<h2><a href=\"#1\">1. <strong>Organizaci\u00f3n institucional y estructura administrativa<br \/><\/strong><\/a><\/h2>\n<p>[\/et_pb_text][et_pb_text _builder_version=\u00bb4.16&#8243; _module_preset=\u00bbdefault\u00bb text_text_color=\u00bb#1e2793&#8243; text_font_size=\u00bb23px\u00bb header_text_color=\u00bb#1e2793&#8243; header_2_text_color=\u00bb#1e2793&#8243; background_color=\u00bbRGBA(255,255,255,0)\u00bb custom_margin=\u00bb5px||0px|0px|false|false\u00bb custom_padding=\u00bb0px||5px|94px|false|false\u00bb custom_padding_tablet=\u00bb0px||0px|70px|false|false\u00bb custom_padding_phone=\u00bb0px|30px|0px|30px|false|true\u00bb custom_padding_last_edited=\u00bbon|phone\u00bb link_option_url=\u00bb#1&#8243; header_2_font_size_tablet=\u00bb\u00bb header_2_font_size_phone=\u00bb23px\u00bb header_2_font_size_last_edited=\u00bbon|phone\u00bb global_colors_info=\u00bb{}\u00bb]<a href=\"#1_1\" style=\"color: #1e2793;\"><strong>1.1<\/strong> \u00d3rganos de gobierno<\/a>[\/et_pb_text][et_pb_text _builder_version=\u00bb4.27.4&#8243; _module_preset=\u00bbdefault\u00bb text_font=\u00bbSource Sans Pro||||||||\u00bb text_text_color=\u00bb#1e2793&#8243; text_font_size=\u00bb20px\u00bb text_line_height=\u00bb1.5em\u00bb custom_margin=\u00bb0px||0px||false|false\u00bb custom_padding=\u00bb0px||5px|132px|false|false\u00bb custom_padding_tablet=\u00bb0px||0px|120px|false|false\u00bb custom_padding_phone=\u00bb0px||0px|65px|false|false\u00bb custom_padding_last_edited=\u00bbon|phone\u00bb global_colors_info=\u00bb{}\u00bb]<\/p>\n<p><a href=\"#1_1_1\" style=\"color: #1e2793;\"><strong>1.1.1<\/strong> Patronato<\/a><br \/><a href=\"#1_1_2\"><strong><span style=\"color: #1e2793;\">1.1.2<\/span><\/strong><span style=\"color: #1e2793;\"> Consejo de Direcci\u00f3n<\/span><\/a><br \/><a href=\"#1_1_3\" style=\"color: #1e2793;\"><strong>1.1.3<\/strong> Director\/a del IEEC<\/a><\/p>\n<p>[\/et_pb_text][et_pb_text _builder_version=\u00bb4.16&#8243; _module_preset=\u00bbdefault\u00bb text_text_color=\u00bb#1e2793&#8243; text_font_size=\u00bb23px\u00bb header_text_color=\u00bb#1e2793&#8243; header_2_text_color=\u00bb#1e2793&#8243; background_color=\u00bbRGBA(255,255,255,0)\u00bb custom_margin=\u00bb5px||0px|0px|false|false\u00bb custom_padding=\u00bb0px||5px|94px|false|false\u00bb custom_padding_tablet=\u00bb0px||0px|70px|false|false\u00bb custom_padding_phone=\u00bb0px|30px|0px|30px|false|true\u00bb custom_padding_last_edited=\u00bbon|phone\u00bb link_option_url=\u00bb#1&#8243; header_2_font_size_tablet=\u00bb\u00bb header_2_font_size_phone=\u00bb23px\u00bb header_2_font_size_last_edited=\u00bbon|phone\u00bb locked=\u00bboff\u00bb global_colors_info=\u00bb{}\u00bb]<a href=\"#1_2\" style=\"color: #1e2793;\"><strong>1.2<\/strong> \u00d3rgano de asesoramiento<\/a>[\/et_pb_text][et_pb_text _builder_version=\u00bb4.16&#8243; _module_preset=\u00bbdefault\u00bb text_text_color=\u00bb#1e2793&#8243; text_font_size=\u00bb23px\u00bb header_text_color=\u00bb#1e2793&#8243; header_2_text_color=\u00bb#1e2793&#8243; background_color=\u00bbRGBA(255,255,255,0)\u00bb custom_margin=\u00bb5px||0px|0px|false|false\u00bb custom_padding=\u00bb0px||5px|94px|false|false\u00bb custom_padding_tablet=\u00bb0px||0px|70px|false|false\u00bb custom_padding_phone=\u00bb0px|30px|0px|30px|false|true\u00bb custom_padding_last_edited=\u00bbon|phone\u00bb link_option_url=\u00bb#1&#8243; header_2_font_size_tablet=\u00bb\u00bb header_2_font_size_phone=\u00bb23px\u00bb header_2_font_size_last_edited=\u00bbon|phone\u00bb locked=\u00bboff\u00bb global_colors_info=\u00bb{}\u00bb]<a href=\"#1_3\" style=\"color: #1e2793;\"><strong>1.3<\/strong> Estructura organizativa interna. Personal del IEEC<\/a>[\/et_pb_text][et_pb_text _builder_version=\u00bb4.16&#8243; _module_preset=\u00bbdefault\u00bb text_text_color=\u00bb#1e2793&#8243; text_font_size=\u00bb23px\u00bb header_text_color=\u00bb#1e2793&#8243; header_2_text_color=\u00bb#1e2793&#8243; background_color=\u00bbRGBA(255,255,255,0)\u00bb custom_margin=\u00bb5px||0px|0px|false|false\u00bb custom_padding=\u00bb0px||5px|94px|false|false\u00bb custom_padding_tablet=\u00bb0px||0px|70px|false|false\u00bb custom_padding_phone=\u00bb0px|30px|0px|30px|false|true\u00bb custom_padding_last_edited=\u00bbon|phone\u00bb link_option_url=\u00bb#1&#8243; header_2_font_size_tablet=\u00bb\u00bb header_2_font_size_phone=\u00bb23px\u00bb header_2_font_size_last_edited=\u00bbon|phone\u00bb locked=\u00bboff\u00bb global_colors_info=\u00bb{}\u00bb]<a href=\"#1_4\" style=\"color: #1e2793;\"><strong>1.4<\/strong> Convocatorias y resultados procesos selectivos<\/a>[\/et_pb_text][et_pb_text _builder_version=\u00bb4.16&#8243; _module_preset=\u00bbdefault\u00bb text_text_color=\u00bb#1e2793&#8243; text_font_size=\u00bb23px\u00bb header_text_color=\u00bb#1e2793&#8243; header_2_text_color=\u00bb#1e2793&#8243; background_color=\u00bbRGBA(255,255,255,0)\u00bb custom_margin=\u00bb5px||0px|0px|false|false\u00bb custom_padding=\u00bb0px||5px|94px|false|false\u00bb custom_padding_tablet=\u00bb0px||0px|70px|false|false\u00bb custom_padding_phone=\u00bb0px|30px|0px|30px|false|true\u00bb custom_padding_last_edited=\u00bbon|phone\u00bb link_option_url=\u00bb#1&#8243; header_2_font_size_tablet=\u00bb\u00bb header_2_font_size_phone=\u00bb23px\u00bb header_2_font_size_last_edited=\u00bbon|phone\u00bb locked=\u00bboff\u00bb global_colors_info=\u00bb{}\u00bb]<a href=\"#1_5\" style=\"color: #1e2793;\"><strong>1.5<\/strong> Relaci\u00f3n altos cargos<br \/>\n<\/a>[\/et_pb_text][et_pb_text _builder_version=\u00bb4.16&#8243; _module_preset=\u00bbdefault\u00bb text_text_color=\u00bb#1e2793&#8243; text_font_size=\u00bb23px\u00bb header_text_color=\u00bb#1e2793&#8243; header_2_text_color=\u00bb#1e2793&#8243; background_color=\u00bbRGBA(255,255,255,0)\u00bb custom_margin=\u00bb5px||0px|0px|false|false\u00bb custom_padding=\u00bb0px||5px|94px|false|false\u00bb custom_padding_tablet=\u00bb0px||0px|70px|false|false\u00bb custom_padding_phone=\u00bb0px|30px|0px|30px|false|true\u00bb custom_padding_last_edited=\u00bbon|phone\u00bb link_option_url=\u00bb#1&#8243; header_2_font_size_tablet=\u00bb\u00bb header_2_font_size_phone=\u00bb23px\u00bb header_2_font_size_last_edited=\u00bbon|phone\u00bb locked=\u00bboff\u00bb global_colors_info=\u00bb{}\u00bb]<a href=\"#1_6\" style=\"color: #1e2793;\"><strong>1.6<\/strong> Convenios, acuerdos o pactos de naturaleza funcionarial, laboral y sindical<\/a>[\/et_pb_text][et_pb_text _builder_version=\u00bb4.16&#8243; _module_preset=\u00bbdefault\u00bb text_text_color=\u00bb#1e2793&#8243; text_font_size=\u00bb23px\u00bb header_text_color=\u00bb#1e2793&#8243; header_2_text_color=\u00bb#1e2793&#8243; background_color=\u00bbRGBA(255,255,255,0)\u00bb custom_margin=\u00bb5px||0px|0px|false|false\u00bb custom_padding=\u00bb0px||5px|94px|false|false\u00bb custom_padding_tablet=\u00bb0px||0px|70px|false|false\u00bb custom_padding_phone=\u00bb0px|30px|0px|30px|false|true\u00bb custom_padding_last_edited=\u00bbon|phone\u00bb link_option_url=\u00bb#1&#8243; header_2_font_size_tablet=\u00bb\u00bb header_2_font_size_phone=\u00bb23px\u00bb header_2_font_size_last_edited=\u00bbon|phone\u00bb locked=\u00bboff\u00bb global_colors_info=\u00bb{}\u00bb]<a href=\"#1_7\" style=\"color: #1e2793;\"><strong>1.7<\/strong> Cat\u00e1logo de los servicios prestados, cartas de servicios existentes<\/a>[\/et_pb_text][et_pb_text _builder_version=\u00bb4.16&#8243; _module_preset=\u00bbdefault\u00bb text_text_color=\u00bb#1e2793&#8243; text_font_size=\u00bb23px\u00bb header_text_color=\u00bb#1e2793&#8243; header_2_text_color=\u00bb#1e2793&#8243; background_color=\u00bbRGBA(255,255,255,0)\u00bb custom_margin=\u00bb5px||0px|0px|false|false\u00bb custom_padding=\u00bb0px||5px|94px|false|false\u00bb custom_padding_tablet=\u00bb0px||0px|70px|false|false\u00bb custom_padding_phone=\u00bb0px|30px|0px|30px|false|true\u00bb custom_padding_last_edited=\u00bbon|phone\u00bb link_option_url=\u00bb#1&#8243; header_2_font_size_tablet=\u00bb\u00bb header_2_font_size_phone=\u00bb23px\u00bb header_2_font_size_last_edited=\u00bbon|phone\u00bb locked=\u00bboff\u00bb global_colors_info=\u00bb{}\u00bb]<a href=\"#1_8\" style=\"color: #1e2793;\"><strong>1.8<\/strong> Acuerdos relativos a la creaci\u00f3n, participaci\u00f3n y funcionamiento de los entes p\u00fablicos, las sociedades y fundaciones p\u00fablicas, los consorcios y otras entidades vinculadas a la Administraci\u00f3n P\u00fablica<br \/>\n<\/a>[\/et_pb_text][et_pb_text _builder_version=\u00bb4.16&#8243; _module_preset=\u00bbdefault\u00bb text_text_color=\u00bb#1e2793&#8243; text_font_size=\u00bb23px\u00bb header_text_color=\u00bb#1e2793&#8243; header_2_text_color=\u00bb#1e2793&#8243; background_color=\u00bbRGBA(255,255,255,0)\u00bb custom_margin=\u00bb5px||0px|0px|false|false\u00bb custom_padding=\u00bb0px||5px|94px|false|false\u00bb custom_padding_tablet=\u00bb0px||0px|70px|false|false\u00bb custom_padding_phone=\u00bb0px|30px|0px|30px|false|true\u00bb custom_padding_last_edited=\u00bbon|phone\u00bb link_option_url=\u00bb#1&#8243; header_2_font_size_tablet=\u00bb\u00bb header_2_font_size_phone=\u00bb23px\u00bb header_2_font_size_last_edited=\u00bbon|phone\u00bb locked=\u00bboff\u00bb global_colors_info=\u00bb{}\u00bb]<a href=\"#1_9\" style=\"color: #1e2793;\"><strong>1.9<\/strong> Canales de participaci\u00f3n y los procedimientos participativos en tr\u00e1mite<\/a>[\/et_pb_text][et_pb_text module_id=\u00bb#2&#8243; _builder_version=\u00bb4.16&#8243; _module_preset=\u00bbdefault\u00bb header_text_color=\u00bb#1e2793&#8243; header_2_text_color=\u00bb#1e2793&#8243; background_color=\u00bbRGBA(255,255,255,0)\u00bb custom_margin=\u00bb20px||0px|0px|false|false\u00bb custom_padding=\u00bb0px||5px|65px|false|false\u00bb custom_padding_tablet=\u00bb0px||0px|40px|false|false\u00bb custom_padding_phone=\u00bb0px|15px|0px|15px|false|true\u00bb custom_padding_last_edited=\u00bbon|phone\u00bb link_option_url=\u00bb#2&#8243; header_2_font_size_tablet=\u00bb\u00bb header_2_font_size_phone=\u00bb23px\u00bb header_2_font_size_last_edited=\u00bbon|phone\u00bb locked=\u00bboff\u00bb global_colors_info=\u00bb{}\u00bb]<\/p>\n<h2><a href=\"#2\" style=\"color: #1e2793;\">2. <strong>Decisiones y actuaciones de relevancia jur\u00eddica<br \/><\/strong><\/a><\/h2>\n<p>[\/et_pb_text][et_pb_text module_id=\u00bb#3&#8243; _builder_version=\u00bb4.16&#8243; _module_preset=\u00bbdefault\u00bb header_text_color=\u00bb#1e2793&#8243; header_2_text_color=\u00bb#1e2793&#8243; background_color=\u00bbRGBA(255,255,255,0)\u00bb custom_margin=\u00bb5px||0px|0px|false|false\u00bb custom_padding=\u00bb0px||5px|65px|false|false\u00bb custom_padding_tablet=\u00bb0px||0px|40px|false|false\u00bb custom_padding_phone=\u00bb0px|15px|0px|15px|false|true\u00bb custom_padding_last_edited=\u00bbon|phone\u00bb header_2_font_size_tablet=\u00bb\u00bb header_2_font_size_phone=\u00bb23px\u00bb header_2_font_size_last_edited=\u00bbon|phone\u00bb locked=\u00bboff\u00bb global_colors_info=\u00bb{}\u00bb]<\/p>\n<h2><a href=\"#3\">3. <strong>Informaci\u00f3n contable, econ\u00f3mica, presupuestaria y patrimonial<\/strong><\/a><\/h2>\n<p>[\/et_pb_text][et_pb_text _builder_version=\u00bb4.16&#8243; _module_preset=\u00bbdefault\u00bb text_text_color=\u00bb#1e2793&#8243; text_font_size=\u00bb23px\u00bb header_text_color=\u00bb#1e2793&#8243; header_2_text_color=\u00bb#1e2793&#8243; background_color=\u00bbRGBA(255,255,255,0)\u00bb custom_margin=\u00bb5px||0px|0px|false|false\u00bb custom_padding=\u00bb0px||5px|94px|false|false\u00bb custom_padding_tablet=\u00bb0px||0px|70px|false|false\u00bb custom_padding_phone=\u00bb0px|30px|0px|30px|false|true\u00bb custom_padding_last_edited=\u00bbon|phone\u00bb link_option_url=\u00bb#1&#8243; header_2_font_size_tablet=\u00bb\u00bb header_2_font_size_phone=\u00bb23px\u00bb header_2_font_size_last_edited=\u00bbon|phone\u00bb locked=\u00bboff\u00bb global_colors_info=\u00bb{}\u00bb]<a href=\"#3_1\" style=\"color: #1e2793;\"><strong>3.1<\/strong> Presupuesto del IEEC<\/a>[\/et_pb_text][et_pb_text _builder_version=\u00bb4.16&#8243; _module_preset=\u00bbdefault\u00bb text_text_color=\u00bb#1e2793&#8243; text_font_size=\u00bb23px\u00bb header_text_color=\u00bb#1e2793&#8243; header_2_text_color=\u00bb#1e2793&#8243; background_color=\u00bbRGBA(255,255,255,0)\u00bb custom_margin=\u00bb5px||0px|0px|false|false\u00bb custom_padding=\u00bb0px||5px|94px|false|false\u00bb custom_padding_tablet=\u00bb0px||0px|70px|false|false\u00bb custom_padding_phone=\u00bb0px|30px|0px|30px|false|true\u00bb custom_padding_last_edited=\u00bbon|phone\u00bb link_option_url=\u00bb#1&#8243; header_2_font_size_tablet=\u00bb\u00bb header_2_font_size_phone=\u00bb23px\u00bb header_2_font_size_last_edited=\u00bbon|phone\u00bb locked=\u00bboff\u00bb global_colors_info=\u00bb{}\u00bb]<a href=\"#3_2\" style=\"color: #1e2793;\"><strong>3.2<\/strong> Retribuciones, indemnizaciones y dietas y bienes de los altos cargos y del personal directivo de los entes p\u00fablicos<\/a>[\/et_pb_text][et_pb_text _builder_version=\u00bb4.16&#8243; _module_preset=\u00bbdefault\u00bb text_text_color=\u00bb#1e2793&#8243; text_font_size=\u00bb23px\u00bb header_text_color=\u00bb#1e2793&#8243; header_2_text_color=\u00bb#1e2793&#8243; background_color=\u00bbRGBA(255,255,255,0)\u00bb custom_margin=\u00bb5px||0px|0px|false|false\u00bb custom_padding=\u00bb0px||5px|94px|false|false\u00bb custom_padding_tablet=\u00bb0px||0px|70px|false|false\u00bb custom_padding_phone=\u00bb0px|30px|0px|30px|false|true\u00bb custom_padding_last_edited=\u00bbon|phone\u00bb link_option_url=\u00bb#1&#8243; header_2_font_size_tablet=\u00bb\u00bb header_2_font_size_phone=\u00bb23px\u00bb header_2_font_size_last_edited=\u00bbon|phone\u00bb locked=\u00bboff\u00bb global_colors_info=\u00bb{}\u00bb]<a href=\"#3_3\" style=\"color: #1e2793;\"><strong>3.3<\/strong> Cuentas anuales e informes de auditor\u00eda<br \/>\n<\/a>[\/et_pb_text][et_pb_text _builder_version=\u00bb4.16&#8243; _module_preset=\u00bbdefault\u00bb text_text_color=\u00bb#1e2793&#8243; text_font_size=\u00bb23px\u00bb header_text_color=\u00bb#1e2793&#8243; header_2_text_color=\u00bb#1e2793&#8243; background_color=\u00bbRGBA(255,255,255,0)\u00bb custom_margin=\u00bb5px||0px|0px|false|false\u00bb custom_padding=\u00bb0px||5px|94px|false|false\u00bb custom_padding_tablet=\u00bb0px||0px|70px|false|false\u00bb custom_padding_phone=\u00bb0px|30px|0px|30px|false|true\u00bb custom_padding_last_edited=\u00bbon|phone\u00bb link_option_url=\u00bb#1&#8243; header_2_font_size_tablet=\u00bb\u00bb header_2_font_size_phone=\u00bb23px\u00bb header_2_font_size_last_edited=\u00bbon|phone\u00bb locked=\u00bboff\u00bb global_colors_info=\u00bb{}\u00bb]<a href=\"#3_4\" style=\"color: #1e2793;\"><strong>3.4<\/strong> Informaci\u00f3n relativa a la gesti\u00f3n patrimonial<\/a>[\/et_pb_text][et_pb_text module_id=\u00bb#6&#8243; _builder_version=\u00bb4.16&#8243; _module_preset=\u00bbdefault\u00bb header_text_color=\u00bb#1e2793&#8243; header_2_text_color=\u00bb#1e2793&#8243; background_color=\u00bbRGBA(255,255,255,0)\u00bb custom_margin=\u00bb15px||0px|0px|false|false\u00bb custom_padding=\u00bb0px||5px|65px|false|false\u00bb custom_padding_tablet=\u00bb0px||0px|40px|false|false\u00bb custom_padding_phone=\u00bb0px|15px|0px|15px|false|true\u00bb custom_padding_last_edited=\u00bbon|phone\u00bb header_2_font_size_tablet=\u00bb\u00bb header_2_font_size_phone=\u00bb23px\u00bb header_2_font_size_last_edited=\u00bbon|phone\u00bb locked=\u00bboff\u00bb global_colors_info=\u00bb{}\u00bb]<\/p>\n<h2><a href=\"#4\">4. <strong>Planificaci\u00f3n y programaci\u00f3n <\/strong><\/a><\/h2>\n<p>[\/et_pb_text][et_pb_text _builder_version=\u00bb4.16&#8243; _module_preset=\u00bbdefault\u00bb text_text_color=\u00bb#1e2793&#8243; text_font_size=\u00bb23px\u00bb header_text_color=\u00bb#1e2793&#8243; header_2_text_color=\u00bb#1e2793&#8243; background_color=\u00bbRGBA(255,255,255,0)\u00bb custom_margin=\u00bb5px||0px|0px|false|false\u00bb custom_padding=\u00bb0px||5px|94px|false|false\u00bb custom_padding_tablet=\u00bb0px||0px|70px|false|false\u00bb custom_padding_phone=\u00bb0px|30px|0px|30px|false|true\u00bb custom_padding_last_edited=\u00bbon|phone\u00bb link_option_url=\u00bb#1&#8243; header_2_font_size_tablet=\u00bb\u00bb header_2_font_size_phone=\u00bb23px\u00bb header_2_font_size_last_edited=\u00bbon|phone\u00bb locked=\u00bboff\u00bb global_colors_info=\u00bb{}\u00bb]<a href=\"#4_1\" style=\"color: #1e2793;\"><strong>4.1<\/strong> Plan estrat\u00e9gico del IEEC<\/a>[\/et_pb_text][et_pb_text _builder_version=\u00bb4.16&#8243; _module_preset=\u00bbdefault\u00bb text_text_color=\u00bb#1e2793&#8243; text_font_size=\u00bb23px\u00bb header_text_color=\u00bb#1e2793&#8243; header_2_text_color=\u00bb#1e2793&#8243; background_color=\u00bbRGBA(255,255,255,0)\u00bb custom_margin=\u00bb5px||0px|0px|false|false\u00bb custom_padding=\u00bb0px||5px|94px|false|false\u00bb custom_padding_tablet=\u00bb0px||0px|70px|false|false\u00bb custom_padding_phone=\u00bb0px|30px|0px|30px|false|true\u00bb custom_padding_last_edited=\u00bbon|phone\u00bb link_option_url=\u00bb#1&#8243; header_2_font_size_tablet=\u00bb\u00bb header_2_font_size_phone=\u00bb23px\u00bb header_2_font_size_last_edited=\u00bbon|phone\u00bb locked=\u00bboff\u00bb global_colors_info=\u00bb{}\u00bb]<a href=\"#4_2\" style=\"color: #1e2793;\"><strong>4.2<\/strong> Memoria anual<\/a>[\/et_pb_text][et_pb_text module_id=\u00bb#7&#8243; _builder_version=\u00bb4.16&#8243; _module_preset=\u00bbdefault\u00bb header_text_color=\u00bb#1e2793&#8243; header_2_text_color=\u00bb#1e2793&#8243; background_color=\u00bbRGBA(255,255,255,0)\u00bb custom_margin=\u00bb15px||0px|0px|false|false\u00bb custom_padding=\u00bb0px||5px|65px|false|false\u00bb custom_padding_tablet=\u00bb0px||0px|40px|false|false\u00bb custom_padding_phone=\u00bb0px|15px|0px|15px|false|true\u00bb custom_padding_last_edited=\u00bbon|phone\u00bb header_2_font_size_tablet=\u00bb\u00bb header_2_font_size_phone=\u00bb23px\u00bb header_2_font_size_last_edited=\u00bbon|phone\u00bb locked=\u00bboff\u00bb global_colors_info=\u00bb{}\u00bb]<\/p>\n<h2><a href=\"#5\">5. <strong>Contrataci\u00f3n p\u00fablica<\/strong><\/a><\/h2>\n<p>[\/et_pb_text][et_pb_text module_id=\u00bb#8&#8243; _builder_version=\u00bb4.16&#8243; _module_preset=\u00bbdefault\u00bb header_text_color=\u00bb#1e2793&#8243; header_2_text_color=\u00bb#1e2793&#8243; background_color=\u00bbRGBA(255,255,255,0)\u00bb custom_margin=\u00bb5px||0px|0px|false|false\u00bb custom_padding=\u00bb0px||5px|65px|false|false\u00bb custom_padding_tablet=\u00bb0px||0px|40px|false|false\u00bb custom_padding_phone=\u00bb0px|15px|0px|15px|false|true\u00bb custom_padding_last_edited=\u00bbon|phone\u00bb header_2_font_size_tablet=\u00bb\u00bb header_2_font_size_phone=\u00bb23px\u00bb header_2_font_size_last_edited=\u00bbon|phone\u00bb locked=\u00bboff\u00bb global_colors_info=\u00bb{}\u00bb]<\/p>\n<h2><a href=\"#6\">6. <strong>Convenios de colaboraci\u00f3n<\/strong><\/a><\/h2>\n<p>[\/et_pb_text][et_pb_text module_id=\u00bb#9&#8243; _builder_version=\u00bb4.16&#8243; _module_preset=\u00bbdefault\u00bb header_text_color=\u00bb#1e2793&#8243; header_2_text_color=\u00bb#1e2793&#8243; background_color=\u00bbRGBA(255,255,255,0)\u00bb custom_margin=\u00bb5px||0px|0px|false|false\u00bb custom_padding=\u00bb0px||5px|65px|false|false\u00bb custom_padding_tablet=\u00bb0px||0px|40px|false|false\u00bb custom_padding_phone=\u00bb0px|15px|0px|15px|false|true\u00bb custom_padding_last_edited=\u00bbon|tablet\u00bb header_2_font_size_tablet=\u00bb\u00bb header_2_font_size_phone=\u00bb23px\u00bb header_2_font_size_last_edited=\u00bbon|phone\u00bb locked=\u00bboff\u00bb global_colors_info=\u00bb{}\u00bb]<\/p>\n<h2><a href=\"#7\">7. <strong>Actividad subvencional<\/strong><\/a><\/h2>\n<p>[\/et_pb_text][et_pb_text module_id=\u00bb#9&#8243; _builder_version=\u00bb4.16&#8243; _module_preset=\u00bbdefault\u00bb header_text_color=\u00bb#1e2793&#8243; header_2_text_color=\u00bb#1e2793&#8243; background_color=\u00bbRGBA(255,255,255,0)\u00bb custom_margin=\u00bb5px||0px|0px|false|false\u00bb custom_padding=\u00bb0px||5px|65px|false|false\u00bb custom_padding_tablet=\u00bb0px||0px|40px|false|false\u00bb custom_padding_phone=\u00bb0px|15px|0px|15px|false|true\u00bb custom_padding_last_edited=\u00bbon|phone\u00bb header_2_font_size_tablet=\u00bb\u00bb header_2_font_size_phone=\u00bb23px\u00bb header_2_font_size_last_edited=\u00bbon|phone\u00bb locked=\u00bboff\u00bb global_colors_info=\u00bb{}\u00bb]<\/p>\n<h2><a href=\"#8\">8. <strong>C\u00f3digo de conducta y buenas pr\u00e1cticas<\/strong><\/a><\/h2>\n<p>[\/et_pb_text][et_pb_text module_id=\u00bb#9&#8243; _builder_version=\u00bb4.16&#8243; _module_preset=\u00bbdefault\u00bb header_text_color=\u00bb#1e2793&#8243; header_2_text_color=\u00bb#1e2793&#8243; background_color=\u00bbRGBA(255,255,255,0)\u00bb custom_margin=\u00bb5px||0px|0px|false|false\u00bb custom_padding=\u00bb0px||5px|65px|false|false\u00bb custom_padding_tablet=\u00bb0px||0px|40px|false|false\u00bb custom_padding_phone=\u00bb0px|15px|0px|15px|false|true\u00bb custom_padding_last_edited=\u00bbon|phone\u00bb header_2_font_size_tablet=\u00bb\u00bb header_2_font_size_phone=\u00bb23px\u00bb header_2_font_size_last_edited=\u00bbon|phone\u00bb locked=\u00bboff\u00bb global_colors_info=\u00bb{}\u00bb]<\/p>\n<h2><a href=\"#9 \">9. <strong>Sistema interno de alertas<\/strong><\/a><\/h2>\n<p>[\/et_pb_text][et_pb_text module_id=\u00bb#9&#8243; _builder_version=\u00bb4.16&#8243; _module_preset=\u00bbdefault\u00bb header_text_color=\u00bb#1e2793&#8243; header_2_text_color=\u00bb#1e2793&#8243; background_color=\u00bbRGBA(255,255,255,0)\u00bb custom_margin=\u00bb5px||0px|0px|false|false\u00bb custom_padding=\u00bb0px||5px|65px|false|false\u00bb custom_padding_tablet=\u00bb0px||0px|40px|false|false\u00bb custom_padding_phone=\u00bb0px|15px|0px|15px|false|true\u00bb custom_padding_last_edited=\u00bbon|phone\u00bb header_2_font_size_tablet=\u00bb\u00bb header_2_font_size_phone=\u00bb23px\u00bb header_2_font_size_last_edited=\u00bbon|phone\u00bb locked=\u00bboff\u00bb global_colors_info=\u00bb{}\u00bb]<\/p>\n<h2><a href=\"#10 \">10. <strong>Otras convocatorias<\/strong><\/a><\/h2>\n<p>[\/et_pb_text][\/et_pb_column][\/et_pb_row][et_pb_row module_id=\u00bb1&#8243; _builder_version=\u00bb4.16&#8243; _module_preset=\u00bbdefault\u00bb custom_padding=\u00bb47px||0px||false|false\u00bb locked=\u00bboff\u00bb global_colors_info=\u00bb{}\u00bb][et_pb_column type=\u00bb4_4&#8243; _builder_version=\u00bb4.16&#8243; _module_preset=\u00bbdefault\u00bb global_colors_info=\u00bb{}\u00bb][et_pb_text _builder_version=\u00bb4.16&#8243; _module_preset=\u00bbdefault\u00bb text_text_color=\u00bb#E02B20&#8243; header_2_text_color=\u00bb#1e2793&#8243; header_2_font_size=\u00bb32px\u00bb custom_margin=\u00bb0px||10px|0px|false|false\u00bb custom_padding=\u00bb0px||0px|0px|false|false\u00bb custom_padding_tablet=\u00bb0px||0px|0px|false|false\u00bb custom_padding_phone=\u00bb0px||0px|0px|false|false\u00bb custom_padding_last_edited=\u00bbon|tablet\u00bb header_2_font_size_tablet=\u00bb28px\u00bb header_2_font_size_phone=\u00bb26px\u00bb header_2_font_size_last_edited=\u00bbon|phone\u00bb global_colors_info=\u00bb{}\u00bb]<\/p>\n<h2>1. <strong>Organizaci\u00f3n institucional y estructura administrativa<\/strong><\/h2>\n<p>[\/et_pb_text][et_pb_text _builder_version=\u00bb4.16&#8243; _module_preset=\u00bbdefault\u00bb global_colors_info=\u00bb{}\u00bb]<\/p>\n<p><span style=\"font-weight: 400;\">La <strong>Fundaci\u00f3n Institut d\u2019Estudis Espacials de Catalunya<\/strong> fue constituida en 1996 (n\u00famero 976 en el Registro de Fundaciones de la Generalitat de Catalunya) y est\u00e1 integrada desde su constituci\u00f3n por la Generalitat de Catalunya, la Universitat de Barcelona (UB), la Universitat Aut\u00f2noma de Barcelona (UAB), la Universitat Polit\u00e8cnica de Catalunya \u00b7 BarcelonaTech (UPC) y el Consejo Superior de Investigaciones Cient\u00edficas (CSIC). Su finalidad es la de colaborar y participar en el desarrollo, promoci\u00f3n y difusi\u00f3n de todo tipo de actividades, estudios y proyectos relacionados con la tecnolog\u00eda espacial y la investigaci\u00f3n cient\u00edfica desde el espacio, en beneficio de todas las personas, entidades e instituciones que demuestren inter\u00e9s por conocerlas.<\/span><\/p>\n<p><span style=\"font-weight: 400;\"><strong>El IEEC estudia todas las \u00e1reas del conocimiento y tecnolog\u00edas aplicadas al sector espacial y las ciencias espaciales, incluidas la astrof\u00edsica, la cosmolog\u00eda, la ciencia planetaria, la observaci\u00f3n de la Tierra y la ingenier\u00eda espacial<\/strong>. Su misi\u00f3n es impulsar las fronteras de la investigaci\u00f3n espacial desde los \u00e1mbitos cient\u00edfico y tecnol\u00f3gico para el m\u00e1ximo beneficio de la sociedad.<\/span><\/p>\n<p><strong>Los objetivos espec\u00edficos del IEEC son:<\/strong><\/p>\n<p>[\/et_pb_text][et_pb_text _builder_version=\u00bb4.16&#8243; _module_preset=\u00bbdefault\u00bb custom_padding=\u00bb|||70px|false|false\u00bb custom_padding_tablet=\u00bb|||40px|false|false\u00bb custom_padding_phone=\u00bb|||5px|false|false\u00bb custom_padding_last_edited=\u00bbon|tablet\u00bb global_colors_info=\u00bb{}\u00bb]<span class=\"et-pb-icon\" style=\"font-size: 15px; color: #1e2751;\">R<\/span> Promover la investigaci\u00f3n astron\u00f3mica y espacial.<\/p>\n<p><span class=\"et-pb-icon\" style=\"font-size: 15px; color: #1e2751;\">R<\/span> Convertirse en un centro reconocido internacionalmente para atraer talento y fomentar colaboraciones, tanto a nivel local como mundial.<\/p>\n<p><span class=\"et-pb-icon\" style=\"font-size: 15px; color: #1e2751;\">R<\/span> Ser un agente eficiente de transferencia del conocimiento, innovaci\u00f3n y tecnolog\u00eda en su campo.<\/p>\n<p><span class=\"et-pb-icon\" style=\"font-size: 15px; color: #1e2751;\">R<\/span> Llevar a cabo campa\u00f1as de sensibilizaci\u00f3n para la sociedad sobre la ciencia mediante la comunicaci\u00f3n de la cultura cient\u00edfica.[\/et_pb_text][et_pb_text _builder_version=\u00bb4.16&#8243; _module_preset=\u00bbdefault\u00bb global_colors_info=\u00bb{}\u00bb]<\/p>\n<p><span style=\"font-weight: 400;\">Por la resoluci\u00f3n del Departamento de Econom\u00eda y Conocimiento de la Generalitat de Catalunya ECO\/2405\/2015, del 21 de octubre, se reconoci\u00f3 al IEEC como un centro CERCA de la Generalitat de acuerdo con la Ley 7\/2011, de medidas fiscales y financieras.<\/span><\/p>\n<p><span style=\"font-weight: 400;\">De conformidad con el art\u00edculo 3 de sus Estatutos, el IEEC queda adscrito a la Administraci\u00f3n de la Generalitat de Catalunya y se relaciona mediante el Departamento de Investigaci\u00f3n y Universidades.<\/span><\/p>\n<p><span style=\"font-weight: 400;\">El IEEC actualmente es una entidad con participaci\u00f3n mayoritaria de la Generalitat de Catalunya, que es considerada una fundaci\u00f3n del sector p\u00fablico de acuerdo con el art\u00edculo 174.1 b) de la Ley 5\/2017 y que ha sido adscrita a la Generalitat, tal y como recoge el acuerdo de Gobierno GOV\/98\/2020, del 28 de julio, por el cual se dispone la adscripci\u00f3n de fundaciones del sector p\u00fablico a la Administraci\u00f3n de la Generalitat de Catalunya.<\/span><\/p>\n<p><strong>A continuaci\u00f3n se pueden consultar (en catal\u00e1n) la escritura de constituci\u00f3n de la entidad, las escrituras de modificaci\u00f3n de los Estatutos del IEEC y el reglamento del funcionamiento interno:<\/strong><\/p>\n<p>[\/et_pb_text][\/et_pb_column][\/et_pb_row][et_pb_row column_structure=\u00bb1_3,1_3,1_3&#8243; use_custom_gutter=\u00bbon\u00bb gutter_width=\u00bb2&#8243; _builder_version=\u00bb4.16&#8243; _module_preset=\u00bbdefault\u00bb global_colors_info=\u00bb{}\u00bb][et_pb_column type=\u00bb1_3&#8243; _builder_version=\u00bb4.16&#8243; _module_preset=\u00bbdefault\u00bb global_colors_info=\u00bb{}\u00bb][et_pb_button button_url=\u00bbhttps:\/\/www.ieec.cat\/wp-content\/uploads\/2022\/12\/DOC-1.-Escriptura-no-464-Constitucio-IEEC-06021996.pdf\u00bb url_new_window=\u00bbon\u00bb button_text=\u00bbEscritura de constituci\u00f3n del IEEC\u00bb button_alignment=\u00bbcenter\u00bb _builder_version=\u00bb4.16&#8243; _module_preset=\u00bbdefault\u00bb custom_button=\u00bbon\u00bb button_text_size=\u00bb19px\u00bb button_text_color=\u00bb#FFFFFF\u00bb button_bg_color=\u00bb#406fda\u00bb button_border_width=\u00bb0px\u00bb button_border_color=\u00bbRGBA(255,255,255,0)\u00bb button_border_radius=\u00bb0px\u00bb button_letter_spacing=\u00bb1px\u00bb button_font=\u00bbCairo|700||on|||||\u00bb button_icon=\u00bb&#xf15b;||fa||400&#8243; button_icon_color=\u00bb#FFFFFF\u00bb button_icon_placement=\u00bbleft\u00bb button_on_hover=\u00bboff\u00bb background_layout=\u00bbdark\u00bb custom_margin=\u00bb0px|0px|0px|0px|false|false\u00bb custom_padding=\u00bb13px|30px|13px|60px|true|false\u00bb button_border_width_tablet=\u00bb6px\u00bb button_border_width_phone=\u00bb6px\u00bb button_border_width_last_edited=\u00bbon|desktop\u00bb global_colors_info=\u00bb{}\u00bb button_border_width__hover_enabled=\u00bbon|hover\u00bb button_border_width__hover=\u00bb6px\u00bb button_bg_color__hover=\u00bb#1e2751&#8243; button_bg_color__hover_enabled=\u00bbon|hover\u00bb][\/et_pb_button][\/et_pb_column][et_pb_column type=\u00bb1_3&#8243; _builder_version=\u00bb4.16&#8243; _module_preset=\u00bbdefault\u00bb global_colors_info=\u00bb{}\u00bb][et_pb_button button_url=\u00bbhttps:\/\/www.ieec.cat\/wp-content\/uploads\/2022\/12\/DOC-2.-Escriptura-ESTATUTS-2020.pdf\u00bb url_new_window=\u00bbon\u00bb button_text=\u00bbEscritura de los Estatutos del IEEC\u00bb button_alignment=\u00bbcenter\u00bb _builder_version=\u00bb4.16&#8243; _module_preset=\u00bbdefault\u00bb custom_button=\u00bbon\u00bb button_text_size=\u00bb19px\u00bb button_text_color=\u00bb#FFFFFF\u00bb button_bg_color=\u00bb#406fda\u00bb button_border_width=\u00bb0px\u00bb button_border_color=\u00bbRGBA(255,255,255,0)\u00bb button_border_radius=\u00bb0px\u00bb button_letter_spacing=\u00bb1px\u00bb button_font=\u00bbCairo|700||on|||||\u00bb button_icon=\u00bb&#xf15b;||fa||400&#8243; button_icon_color=\u00bb#FFFFFF\u00bb button_icon_placement=\u00bbleft\u00bb button_on_hover=\u00bboff\u00bb background_layout=\u00bbdark\u00bb custom_margin=\u00bb0px|0px|0px|0px|false|false\u00bb custom_padding=\u00bb13px|30px|13px|60px|true|false\u00bb button_border_width_tablet=\u00bb6px\u00bb button_border_width_phone=\u00bb6px\u00bb button_border_width_last_edited=\u00bbon|desktop\u00bb locked=\u00bboff\u00bb global_colors_info=\u00bb{}\u00bb button_border_width__hover_enabled=\u00bbon|hover\u00bb button_border_width__hover=\u00bb6px\u00bb button_bg_color__hover=\u00bb#1e2751&#8243; button_bg_color__hover_enabled=\u00bbon|hover\u00bb][\/et_pb_button][\/et_pb_column][et_pb_column type=\u00bb1_3&#8243; _builder_version=\u00bb4.16&#8243; _module_preset=\u00bbdefault\u00bb global_colors_info=\u00bb{}\u00bb][et_pb_button button_url=\u00bbhttps:\/\/www.ieec.cat\/wp-content\/uploads\/2025\/07\/IEEC-Reglament-de-funcionament-intern_2023_v1.pdf\u00bb url_new_window=\u00bbon\u00bb button_text=\u00bbReglamento de funcionamiento interno\u00bb button_alignment=\u00bbcenter\u00bb _builder_version=\u00bb4.27.4&#8243; _module_preset=\u00bbdefault\u00bb custom_button=\u00bbon\u00bb button_text_size=\u00bb19px\u00bb button_text_color=\u00bb#FFFFFF\u00bb button_bg_color=\u00bb#406fda\u00bb button_border_width=\u00bb0px\u00bb button_border_color=\u00bbRGBA(255,255,255,0)\u00bb button_border_radius=\u00bb0px\u00bb button_letter_spacing=\u00bb1px\u00bb button_font=\u00bbCairo|700||on|||||\u00bb button_icon=\u00bb&#xf15b;||fa||400&#8243; button_icon_color=\u00bb#FFFFFF\u00bb button_icon_placement=\u00bbleft\u00bb button_on_hover=\u00bboff\u00bb background_layout=\u00bbdark\u00bb custom_margin=\u00bb0px|0px|0px|0px|false|false\u00bb custom_padding=\u00bb13px|30px|13px|60px|true|false\u00bb button_border_width_tablet=\u00bb6px\u00bb button_border_width_phone=\u00bb6px\u00bb button_border_width_last_edited=\u00bbon|desktop\u00bb locked=\u00bboff\u00bb global_colors_info=\u00bb{}\u00bb button_border_width__hover_enabled=\u00bbon|hover\u00bb button_border_width__hover=\u00bb6px\u00bb button_bg_color__hover=\u00bb#1e2751&#8243; button_bg_color__hover_enabled=\u00bbon|hover\u00bb][\/et_pb_button][\/et_pb_column][\/et_pb_row][et_pb_row _builder_version=\u00bb4.16&#8243; _module_preset=\u00bbdefault\u00bb global_colors_info=\u00bb{}\u00bb][et_pb_column type=\u00bb4_4&#8243; _builder_version=\u00bb4.16&#8243; _module_preset=\u00bbdefault\u00bb global_colors_info=\u00bb{}\u00bb][et_pb_text _builder_version=\u00bb4.16&#8243; _module_preset=\u00bbdefault\u00bb global_colors_info=\u00bb{}\u00bb]<\/p>\n<p><span style=\"font-weight: 400;\">El organigrama del IEEC puede consultarse a continuaci\u00f3n:<\/span><\/p>\n<p>[\/et_pb_text][\/et_pb_column][\/et_pb_row][et_pb_row _builder_version=\u00bb4.16&#8243; _module_preset=\u00bbdefault\u00bb global_colors_info=\u00bb{}\u00bb][et_pb_column type=\u00bb4_4&#8243; _builder_version=\u00bb4.16&#8243; _module_preset=\u00bbdefault\u00bb global_colors_info=\u00bb{}\u00bb][et_pb_button button_url=\u00bbhttps:\/\/www.ieec.cat\/wp-content\/uploads\/2024\/02\/Organigrama-IEEC-ES-1670&#215;973-1.pdf\u00bb url_new_window=\u00bbon\u00bb button_text=\u00bbORGANIGRAMA\u00bb button_alignment=\u00bbcenter\u00bb disabled_on=\u00bboff|on|on\u00bb _builder_version=\u00bb4.16&#8243; _module_preset=\u00bbdefault\u00bb custom_button=\u00bbon\u00bb button_text_size=\u00bb17px\u00bb button_letter_spacing=\u00bb4px\u00bb button_on_hover=\u00bboff\u00bb custom_margin=\u00bb0px|-29px|0px||false|false\u00bb custom_padding=\u00bb15px|52px|15px|40px|false|false\u00bb locked=\u00bboff\u00bb global_colors_info=\u00bb{}\u00bb][\/et_pb_button][et_pb_image src=\u00bbhttps:\/\/www.ieec.cat\/wp-content\/uploads\/2024\/02\/Organigrama-IEEC-ES-1670&#215;973-1.png\u00bb title_text=\u00bbesquema\u00bb align=\u00bbcenter\u00bb disabled_on=\u00bbon|off|off\u00bb _builder_version=\u00bb4.16&#8243; _module_preset=\u00bbdefault\u00bb locked=\u00bboff\u00bb global_colors_info=\u00bb{}\u00bb][\/et_pb_image][\/et_pb_column][\/et_pb_row][et_pb_row module_id=\u00bb1_1&#8243; _builder_version=\u00bb4.16&#8243; _module_preset=\u00bbdefault\u00bb global_colors_info=\u00bb{}\u00bb][et_pb_column type=\u00bb4_4&#8243; _builder_version=\u00bb4.16&#8243; _module_preset=\u00bbdefault\u00bb global_colors_info=\u00bb{}\u00bb][et_pb_text _builder_version=\u00bb4.16&#8243; _module_preset=\u00bbdefault\u00bb header_text_color=\u00bb#1e2793&#8243; header_3_text_color=\u00bb#1e2793&#8243; header_3_font_size=\u00bb28px\u00bb header_3_font_size_tablet=\u00bb24px\u00bb header_3_font_size_phone=\u00bb22px\u00bb header_3_font_size_last_edited=\u00bbon|phone\u00bb locked=\u00bboff\u00bb global_colors_info=\u00bb{}\u00bb]<\/p>\n<h3><strong>1.1\u00a0<\/strong>\u00d3rganos de gobierno<\/span><\/h3>\n<p>[\/et_pb_text][et_pb_text module_id=\u00bb1_1_1&#8243; _builder_version=\u00bb4.16&#8243; _module_preset=\u00bbdefault\u00bb text_font_size=\u00bb26px\u00bb header_text_color=\u00bb#1e2793&#8243; header_3_text_color=\u00bb#1e2793&#8243; header_3_font_size=\u00bb28px\u00bb header_3_font_size_tablet=\u00bb24px\u00bb header_3_font_size_phone=\u00bb22px\u00bb header_3_font_size_last_edited=\u00bbon|phone\u00bb locked=\u00bboff\u00bb global_colors_info=\u00bb{}\u00bb]<\/p>\n<p><span style=\"color: #1e2793;\"><strong>1.1.1<\/strong> Patronato<\/span><\/p>\n<p>[\/et_pb_text][et_pb_text _builder_version=\u00bb4.16&#8243; _module_preset=\u00bbdefault\u00bb global_colors_info=\u00bb{}\u00bb]El Patronato es el m\u00e1ximo \u00f3rgano de gobierno del Instituto y tiene la composici\u00f3n, funcionamiento y funciones que se describen en los Estatutos. Actualmente est\u00e1 formado por los siguientes miembros:[\/et_pb_text][\/et_pb_column][\/et_pb_row][et_pb_row column_structure=\u00bb1_2,1_2&#8243; _builder_version=\u00bb4.16&#8243; _module_preset=\u00bbdefault\u00bb global_colors_info=\u00bb{}\u00bb][et_pb_column type=\u00bb1_2&#8243; _builder_version=\u00bb4.16&#8243; _module_preset=\u00bbdefault\u00bb global_colors_info=\u00bb{}\u00bb][et_pb_image src=\u00bbhttps:\/\/www.ieec.cat\/wp-content\/uploads\/2024\/12\/Consellera-Nuria-Montserrat-retallada-2.jpg\u00bb alt=\u00bbJoaquim Nadal\u00bb title_text=\u00bbConsellera-N\u00faria-Montserrat-retallada-2&#8243; _builder_version=\u00bb4.27.2&#8243; _module_preset=\u00bbdefault\u00bb width=\u00bb200px\u00bb width_tablet=\u00bb200px\u00bb width_phone=\u00bb201px\u00bb width_last_edited=\u00bbon|phone\u00bb max_width=\u00bb90%\u00bb module_alignment=\u00bbcenter\u00bb filter_saturate=\u00bb0%\u00bb border_radii=\u00bbon|1800px|1800px|1800px|1800px\u00bb locked=\u00bboff\u00bb global_colors_info=\u00bb{}\u00bb][\/et_pb_image][et_pb_text _builder_version=\u00bb4.27.2&#8243; _module_preset=\u00bbdefault\u00bb text_line_height=\u00bb0.5em\u00bb custom_margin=\u00bb0px||0px||false|false\u00bb custom_padding=\u00bb0px||10px||false|false\u00bb locked=\u00bboff\u00bb global_colors_info=\u00bb{}\u00bb]<\/p>\n<p style=\"text-align: center;\">Presidenta<\/p>\n<p>[\/et_pb_text][et_pb_text _builder_version=\u00bb4.27.2&#8243; _module_preset=\u00bbdefault\u00bb header_3_text_color=\u00bb#1e2793&#8243; custom_margin=\u00bb0px||0px||false|false\u00bb custom_padding=\u00bb0px||0px||false|false\u00bb locked=\u00bboff\u00bb global_colors_info=\u00bb{}\u00bb]<\/p>\n<h3 style=\"text-align: center;\"><strong>Hble. Sra. N\u00faria Montserrat Pulido<br \/><\/strong><\/h3>\n<p>[\/et_pb_text][et_pb_text _builder_version=\u00bb4.27.2&#8243; _module_preset=\u00bbdefault\u00bb text_line_height=\u00bb0.2em\u00bb custom_margin=\u00bb0px||0px||false|false\u00bb custom_padding=\u00bb0px||0px||false|false\u00bb locked=\u00bboff\u00bb global_colors_info=\u00bb{}\u00bb]<\/p>\n<p style=\"text-align: center;\"><strong>Consellera de Recerca i Universitats<br \/><\/strong><\/p>\n<p style=\"text-align: center;\"><em>Generalitat de Catalunya<\/em><strong><br \/><\/strong><\/p>\n<p>[\/et_pb_text][\/et_pb_column][et_pb_column type=\u00bb1_2&#8243; _builder_version=\u00bb4.16&#8243; _module_preset=\u00bbdefault\u00bb global_colors_info=\u00bb{}\u00bb][et_pb_image src=\u00bbhttps:\/\/www.ieec.cat\/wp-content\/uploads\/2026\/01\/Teresa_Sanchis_DGR-1.jpg\u00bb alt=\u00bbJoan G\u00f3mez Pallar\u00e8s\u00bb title_text=\u00bbTeresa_Sanch\u00eds_DGR\u00bb _builder_version=\u00bb4.27.5&#8243; _module_preset=\u00bbdefault\u00bb width=\u00bb200px\u00bb width_tablet=\u00bb200px\u00bb width_phone=\u00bb201px\u00bb width_last_edited=\u00bbon|phone\u00bb max_width=\u00bb90%\u00bb module_alignment=\u00bbcenter\u00bb filter_saturate=\u00bb0%\u00bb border_radii=\u00bbon|1800px|1800px|1800px|1800px\u00bb locked=\u00bboff\u00bb global_colors_info=\u00bb{}\u00bb][\/et_pb_image][et_pb_text _builder_version=\u00bb4.27.5&#8243; _module_preset=\u00bbdefault\u00bb text_line_height=\u00bb0.5em\u00bb custom_margin=\u00bb0px||0px||false|false\u00bb custom_padding=\u00bb0px||10px||false|false\u00bb locked=\u00bboff\u00bb global_colors_info=\u00bb{}\u00bb]<\/p>\n<p style=\"text-align: center;\">Secretaria<\/p>\n<p>[\/et_pb_text][et_pb_text _builder_version=\u00bb4.27.5&#8243; _module_preset=\u00bbdefault\u00bb header_3_text_color=\u00bb#1e2793&#8243; custom_margin=\u00bb0px||0px||false|false\u00bb custom_padding=\u00bb0px||0px||false|false\u00bb locked=\u00bboff\u00bb global_colors_info=\u00bb{}\u00bb]<\/p>\n<h3 style=\"text-align: center;\"><strong>Sra. Teresa Sanchis Estruch<br \/><\/strong><\/h3>\n<p>[\/et_pb_text][et_pb_text _builder_version=\u00bb4.27.5&#8243; _module_preset=\u00bbdefault\u00bb text_line_height=\u00bb0.2em\u00bb custom_margin=\u00bb0px||0px||false|false\u00bb custom_padding=\u00bb0px||0px||false|false\u00bb locked=\u00bboff\u00bb global_colors_info=\u00bb{}\u00bb]<\/p>\n<p style=\"text-align: center;\"><strong>Directora General de Investigaci\u00f3n<br \/><\/strong><\/p>\n<p style=\"text-align: center;\"><em>Generalitat de Catalunya<\/em><strong><br \/><\/strong><\/p>\n<p>[\/et_pb_text][\/et_pb_column][\/et_pb_row][et_pb_row column_structure=\u00bb1_2,1_2&#8243; _builder_version=\u00bb4.16&#8243; _module_preset=\u00bbdefault\u00bb global_colors_info=\u00bb{}\u00bb][et_pb_column type=\u00bb1_2&#8243; _builder_version=\u00bb4.16&#8243; _module_preset=\u00bbdefault\u00bb global_colors_info=\u00bb{}\u00bb][et_pb_image src=\u00bbhttps:\/\/www.ieec.cat\/wp-content\/uploads\/2025\/07\/xavier-roca-q.jpg\u00bb alt=\u00bbOriol Alcoba\u00bb title_text=\u00bbOriol Alcoba\u00bb _builder_version=\u00bb4.27.4&#8243; _module_preset=\u00bbdefault\u00bb width=\u00bb200px\u00bb width_tablet=\u00bb200px\u00bb width_phone=\u00bb201px\u00bb width_last_edited=\u00bbon|phone\u00bb max_width=\u00bb90%\u00bb module_alignment=\u00bbcenter\u00bb filter_saturate=\u00bb0%\u00bb border_radii=\u00bbon|1800px|1800px|1800px|1800px\u00bb locked=\u00bboff\u00bb global_colors_info=\u00bb{}\u00bb][\/et_pb_image][et_pb_text _builder_version=\u00bb4.27.4&#8243; _module_preset=\u00bbdefault\u00bb header_3_text_color=\u00bb#1e2793&#8243; custom_margin=\u00bb0px||0px||false|false\u00bb custom_padding=\u00bb0px||0px||false|false\u00bb locked=\u00bboff\u00bb global_colors_info=\u00bb{}\u00bb]<\/p>\n<h3 style=\"text-align: center;\"><strong>Sr. Xavier Roca Ramon<\/strong><\/h3>\n<p>[\/et_pb_text][et_pb_text _builder_version=\u00bb4.16&#8243; _module_preset=\u00bbdefault\u00bb text_line_height=\u00bb0.2em\u00bb custom_margin=\u00bb0px||0px||false|false\u00bb custom_padding=\u00bb0px||0px||false|false\u00bb locked=\u00bboff\u00bb global_colors_info=\u00bb{}\u00bb]<\/p>\n<p style=\"text-align: center;\"><strong>Director General de Industria<br \/>\n<\/strong><\/p>\n<p style=\"text-align: center;\"><em>Generalitat de Catalunya<\/em><strong><br \/><\/strong><\/p>\n<p>[\/et_pb_text][\/et_pb_column][et_pb_column type=\u00bb1_2&#8243; _builder_version=\u00bb4.16&#8243; _module_preset=\u00bbdefault\u00bb global_colors_info=\u00bb{}\u00bb][et_pb_image src=\u00bbhttps:\/\/www.ieec.cat\/wp-content\/uploads\/2023\/05\/Joan-Guardia-q2.jpg\u00bb alt=\u00bbJoan Gu\u00e0rdia\u00bb title_text=\u00bbJoan Gu\u00e0rdia\u00bb _builder_version=\u00bb4.16&#8243; _module_preset=\u00bbdefault\u00bb width=\u00bb200px\u00bb width_tablet=\u00bb200px\u00bb width_phone=\u00bb201px\u00bb width_last_edited=\u00bbon|phone\u00bb max_width=\u00bb90%\u00bb module_alignment=\u00bbcenter\u00bb filter_saturate=\u00bb0%\u00bb border_radii=\u00bbon|1800px|1800px|1800px|1800px\u00bb locked=\u00bboff\u00bb global_colors_info=\u00bb{}\u00bb][\/et_pb_image][et_pb_text _builder_version=\u00bb4.16&#8243; _module_preset=\u00bbdefault\u00bb header_3_text_color=\u00bb#1e2793&#8243; custom_margin=\u00bb0px||0px||false|false\u00bb custom_padding=\u00bb0px||0px||false|false\u00bb locked=\u00bboff\u00bb global_colors_info=\u00bb{}\u00bb]<\/p>\n<h3 style=\"text-align: center;\"><strong>Magfco. Dr. Joan Gu\u00e0rdia Olmos<br \/><\/strong><\/h3>\n<p>[\/et_pb_text][et_pb_text _builder_version=\u00bb4.16&#8243; _module_preset=\u00bbdefault\u00bb text_line_height=\u00bb0.2em\u00bb custom_margin=\u00bb0px||0px||false|false\u00bb custom_padding=\u00bb0px||0px||false|false\u00bb locked=\u00bboff\u00bb global_colors_info=\u00bb{}\u00bb]<\/p>\n<p style=\"text-align: center;\"><strong>Rector<br \/><\/strong><\/p>\n<p style=\"text-align: center;\"><em>Universitat de Barcelona (UB)<br \/><\/em><strong><br \/><\/strong><\/p>\n<p>[\/et_pb_text][\/et_pb_column][\/et_pb_row][et_pb_row column_structure=\u00bb1_2,1_2&#8243; _builder_version=\u00bb4.16&#8243; _module_preset=\u00bbdefault\u00bb global_colors_info=\u00bb{}\u00bb][et_pb_column type=\u00bb1_2&#8243; _builder_version=\u00bb4.16&#8243; _module_preset=\u00bbdefault\u00bb global_colors_info=\u00bb{}\u00bb][et_pb_image src=\u00bbhttps:\/\/www.ieec.cat\/wp-content\/uploads\/2023\/04\/Francisco-Javier-Lafuente-Sancho-quadrat-1.jpg\u00bb alt=\u00bbFrancisco Javier Lafuente\u00bb title_text=\u00bbFrancisco Javier Lafuente\u00bb _builder_version=\u00bb4.16&#8243; _module_preset=\u00bbdefault\u00bb width=\u00bb200px\u00bb width_tablet=\u00bb200px\u00bb width_phone=\u00bb201px\u00bb width_last_edited=\u00bbon|phone\u00bb max_width=\u00bb90%\u00bb module_alignment=\u00bbcenter\u00bb filter_saturate=\u00bb0%\u00bb border_radii=\u00bbon|1800px|1800px|1800px|1800px\u00bb locked=\u00bboff\u00bb global_colors_info=\u00bb{}\u00bb][\/et_pb_image][et_pb_text _builder_version=\u00bb4.16&#8243; _module_preset=\u00bbdefault\u00bb header_3_text_color=\u00bb#1e2793&#8243; custom_margin=\u00bb0px||0px||false|false\u00bb custom_padding=\u00bb0px||0px||false|false\u00bb locked=\u00bboff\u00bb global_colors_info=\u00bb{}\u00bb]<\/p>\n<h3 style=\"text-align: center;\"><strong>Magfco. Dr. Francisco Javier Lafuente Sancho<br \/><\/strong><\/h3>\n<p>[\/et_pb_text][et_pb_text content_tablet=\u00bb<\/p>\n<p style=%22text-align: center;%22><strong>Rector<br \/><\/strong><\/p>\n<p style=%22text-align: center;%22><em>Universitat Aut\u00f2noma de Barcelona <\/em><\/p>\n<p style=%22text-align: center;%22><em>(UAB)<br \/><\/em><strong><br \/><\/strong><\/p>\n<p>\u00bb content_phone=\u00bb<\/p>\n<p style=%22text-align: center;%22><strong>Rector<br \/><\/strong><\/p>\n<p style=%22text-align: center;%22><em>Universitat Aut\u00f2noma de Barcelona <\/em><\/p>\n<p style=%22text-align: center;%22><em>(UAB)<br \/><\/em><strong><br \/><\/strong><\/p>\n<p>\u00bb content_last_edited=\u00bbon|phone\u00bb _builder_version=\u00bb4.16&#8243; _module_preset=\u00bbdefault\u00bb text_line_height=\u00bb0.2em\u00bb min_height=\u00bb48.8px\u00bb custom_margin=\u00bb0px||0px||false|false\u00bb custom_padding=\u00bb0px||0px||false|false\u00bb locked=\u00bboff\u00bb global_colors_info=\u00bb{}\u00bb]<\/p>\n<p style=\"text-align: center;\"><strong>Rector<br \/><\/strong><\/p>\n<p style=\"text-align: center;\"><em>Universitat Aut\u00f2noma de Barcelona <\/em><\/p>\n<p style=\"text-align: center;\"><em>(UAB)<br \/><\/em><strong><br \/><\/strong><\/p>\n<p>[\/et_pb_text][\/et_pb_column][et_pb_column type=\u00bb1_2&#8243; _builder_version=\u00bb4.16&#8243; _module_preset=\u00bbdefault\u00bb global_colors_info=\u00bb{}\u00bb][et_pb_image src=\u00bbhttps:\/\/www.ieec.cat\/wp-content\/uploads\/2025\/07\/francesc-torres-q.jpg\u00bb alt=\u00bbFrancesc Torres\u00bb title_text=\u00bbFrancesc Torres\u00bb _builder_version=\u00bb4.27.4&#8243; _module_preset=\u00bbdefault\u00bb width=\u00bb200px\u00bb width_tablet=\u00bb200px\u00bb width_phone=\u00bb201px\u00bb width_last_edited=\u00bbon|phone\u00bb max_width=\u00bb90%\u00bb module_alignment=\u00bbcenter\u00bb filter_saturate=\u00bb0%\u00bb border_radii=\u00bbon|1800px|1800px|1800px|1800px\u00bb locked=\u00bboff\u00bb global_colors_info=\u00bb{}\u00bb][\/et_pb_image][et_pb_text _builder_version=\u00bb4.27.4&#8243; _module_preset=\u00bbdefault\u00bb header_3_text_color=\u00bb#1e2793&#8243; custom_margin=\u00bb0px||0px||false|false\u00bb custom_padding=\u00bb0px||0px||false|false\u00bb locked=\u00bboff\u00bb global_colors_info=\u00bb{}\u00bb]<\/p>\n<h3 style=\"text-align: center;\"><strong>Magfco. Dr. Francesc Torres Torres<\/strong><\/h3>\n<p>[\/et_pb_text][et_pb_text content_tablet=\u00bb<\/p>\n<p style=%22text-align: center;%22><strong>Rector<br \/><\/strong><\/p>\n<p style=%22text-align: center;%22><em>Universitat Polit\u00e8cnica de Catalunya \u00b7 BarcelonaTech (UPC)<\/em><strong><br \/><\/strong><\/p>\n<p>\u00bb content_phone=\u00bb<\/p>\n<p style=%22text-align: center;%22><strong>Rector<br \/><\/strong><\/p>\n<p style=%22text-align: center;%22><em>Universitat Polit\u00e8cnica de Catalunya \u00b7 <\/em><\/p>\n<p style=%22text-align: center;%22><em>BarcelonaTech (UPC)<\/em><strong><br \/><\/strong><\/p>\n<p>\u00bb content_last_edited=\u00bbon|phone\u00bb _builder_version=\u00bb4.16&#8243; _module_preset=\u00bbdefault\u00bb text_line_height=\u00bb0.2em\u00bb min_height=\u00bb52.8px\u00bb custom_margin=\u00bb0px||0px||false|false\u00bb custom_padding=\u00bb0px||0px||false|false\u00bb locked=\u00bboff\u00bb global_colors_info=\u00bb{}\u00bb]<\/p>\n<p style=\"text-align: center;\"><strong>Rector<br \/><\/strong><\/p>\n<p style=\"text-align: center;\"><em>Universitat Polit\u00e8cnica de Catalunya \u00b7 BarcelonaTech (UPC)<\/em><strong><br \/><\/strong><\/p>\n<p>[\/et_pb_text][\/et_pb_column][\/et_pb_row][et_pb_row column_structure=\u00bb1_2,1_2&#8243; _builder_version=\u00bb4.16&#8243; _module_preset=\u00bbdefault\u00bb global_colors_info=\u00bb{}\u00bb][et_pb_column type=\u00bb1_2&#8243; _builder_version=\u00bb4.16&#8243; _module_preset=\u00bbdefault\u00bb global_colors_info=\u00bb{}\u00bb][et_pb_image src=\u00bbhttps:\/\/www.ieec.cat\/wp-content\/uploads\/2023\/05\/Eloisa-del-Pino-Matute-280PX.jpg\u00bb alt=\u00bbElo\u00edsa del Pino\u00bb title_text=\u00bbElo\u00edsa del Pino\u00bb _builder_version=\u00bb4.16&#8243; _module_preset=\u00bbdefault\u00bb width=\u00bb200px\u00bb width_tablet=\u00bb200px\u00bb width_phone=\u00bb201px\u00bb width_last_edited=\u00bbon|phone\u00bb max_width=\u00bb90%\u00bb module_alignment=\u00bbcenter\u00bb filter_saturate=\u00bb0%\u00bb border_radii=\u00bbon|1800px|1800px|1800px|1800px\u00bb locked=\u00bboff\u00bb global_colors_info=\u00bb{}\u00bb][\/et_pb_image][et_pb_text _builder_version=\u00bb4.16&#8243; _module_preset=\u00bbdefault\u00bb header_3_text_color=\u00bb#1e2793&#8243; custom_margin=\u00bb0px||0px||false|false\u00bb custom_padding=\u00bb0px||0px||false|false\u00bb locked=\u00bboff\u00bb global_colors_info=\u00bb{}\u00bb]<\/p>\n<h3 style=\"text-align: center;\"><strong>Sra. Mar\u00eda Elo\u00edsa del Pino Matute<br \/><\/strong><\/h3>\n<p>[\/et_pb_text][et_pb_text content_tablet=\u00bb<\/p>\n<p style=%22text-align: center;%22><strong>Presidenta<br \/><\/strong><\/p>\n<p style=%22text-align: center;%22><em>Consejo Superior de Investigaciones <\/em><em>Cient\u00edficas (CSIC)<br \/><\/em><strong><br \/><\/strong><\/p>\n<p>\u00bb content_phone=\u00bb<\/p>\n<p style=%22text-align: center;%22><strong>Presidenta<br \/><\/strong><\/p>\n<p style=%22text-align: center;%22><em>Consejo Superior de Investigaciones <\/em><\/p>\n<p style=%22text-align: center;%22><em>Cient\u00edficas (CSIC)<br \/><\/em><strong><br \/><\/strong><\/p>\n<p>\u00bb content_last_edited=\u00bbon|phone\u00bb _builder_version=\u00bb4.16&#8243; _module_preset=\u00bbdefault\u00bb text_line_height=\u00bb0.2em\u00bb custom_margin=\u00bb0px||0px||false|false\u00bb custom_padding=\u00bb0px||0px||false|false\u00bb locked=\u00bboff\u00bb global_colors_info=\u00bb{}\u00bb]<\/p>\n<p style=\"text-align: center;\"><strong>Presidenta<br \/><\/strong><\/p>\n<p style=\"text-align: center;\"><em>Consejo Superior de Investigaciones\u00a0<\/em><em>Cient\u00edficas (CSIC)<br \/><\/em><strong><br \/><\/strong><\/p>\n<p>[\/et_pb_text][\/et_pb_column][et_pb_column type=\u00bb1_2&#8243; _builder_version=\u00bb4.16&#8243; _module_preset=\u00bbdefault\u00bb global_colors_info=\u00bb{}\u00bb][et_pb_image src=\u00bbhttps:\/\/www.ieec.cat\/wp-content\/uploads\/2025\/07\/Laia_Pelleja.jpg\u00bb alt=\u00bbLaia Pellej\u00e0\u00bb title_text=\u00bbLaia Pellej\u00e0\u00bb _builder_version=\u00bb4.27.4&#8243; _module_preset=\u00bbdefault\u00bb width=\u00bb200px\u00bb width_tablet=\u00bb200px\u00bb width_phone=\u00bb201px\u00bb width_last_edited=\u00bbon|phone\u00bb max_width=\u00bb90%\u00bb module_alignment=\u00bbcenter\u00bb filter_saturate=\u00bb0%\u00bb border_radii=\u00bbon|1800px|1800px|1800px|1800px\u00bb locked=\u00bboff\u00bb global_colors_info=\u00bb{}\u00bb][\/et_pb_image][et_pb_text _builder_version=\u00bb4.27.4&#8243; _module_preset=\u00bbdefault\u00bb header_3_text_color=\u00bb#1e2793&#8243; custom_margin=\u00bb0px||0px||false|false\u00bb custom_padding=\u00bb0px||0px||false|false\u00bb locked=\u00bboff\u00bb global_colors_info=\u00bb{}\u00bb]<\/p>\n<h3 style=\"text-align: center;\"><strong>Sra. Laia Pellej\u00e0 i Puxeu<\/strong><\/h3>\n<p>[\/et_pb_text][et_pb_text content_tablet=\u00bb<\/p>\n<p style=%22text-align: center;%22><strong>Presidenta<br \/><\/strong><\/p>\n<p style=%22text-align: center;%22><em>Consejo Superior de Investigaciones <\/em><em>Cient\u00edficas (CSIC)<br \/><\/em><strong><br \/><\/strong><\/p>\n<p>\u00bb content_phone=\u00bb<\/p>\n<p style=%22text-align: center;%22><strong>Presidenta<br \/><\/strong><\/p>\n<p style=%22text-align: center;%22><em>Consejo Superior de Investigaciones <\/em><\/p>\n<p style=%22text-align: center;%22><em>Cient\u00edficas (CSIC)<br \/><\/em><strong><br \/><\/strong><\/p>\n<p>\u00bb content_last_edited=\u00bbon|phone\u00bb _builder_version=\u00bb4.27.4&#8243; _module_preset=\u00bbdefault\u00bb text_line_height=\u00bb0.2em\u00bb custom_margin=\u00bb0px||0px||false|false\u00bb custom_padding=\u00bb0px||0px||false|false\u00bb locked=\u00bboff\u00bb global_colors_info=\u00bb{}\u00bb]<\/p>\n<p style=\"text-align: center;\"><strong>Directora<\/strong><\/p>\n<p style=\"text-align: center;\"><em>Instituci\u00f3n CERCA<\/em><em><br \/><\/em><strong><br \/><\/strong><\/p>\n<p>[\/et_pb_text][\/et_pb_column][\/et_pb_row][et_pb_row _builder_version=\u00bb4.16&#8243; _module_preset=\u00bbdefault\u00bb custom_margin=\u00bb0px||0px||false|false\u00bb custom_padding=\u00bb0px||0px||false|false\u00bb locked=\u00bboff\u00bb global_colors_info=\u00bb{}\u00bb][et_pb_column type=\u00bb4_4&#8243; _builder_version=\u00bb4.16&#8243; _module_preset=\u00bbdefault\u00bb global_colors_info=\u00bb{}\u00bb][et_pb_text _builder_version=\u00bb4.16&#8243; _module_preset=\u00bbdefault\u00bb locked=\u00bboff\u00bb global_colors_info=\u00bb{}\u00bb]<strong>\u00d3rgano unipersonal del patronato<\/strong>[\/et_pb_text][et_pb_text _builder_version=\u00bb4.27.2&#8243; _module_preset=\u00bbdefault\u00bb custom_padding=\u00bb||40px|0px|false|false\u00bb custom_padding_tablet=\u00bb|||40px|false|false\u00bb custom_padding_phone=\u00bb|||5px|false|false\u00bb custom_padding_last_edited=\u00bbon|tablet\u00bb locked=\u00bboff\u00bb global_colors_info=\u00bb{}\u00bb]<\/p>\n<p style=\"font-weight: 400;\"><span style=\"font-weight: 400;\">La presidencia del Patronato corresponde al Consejero\/a del Departamento de la Generalitat de Catalunya que tiene a su cargo las competencias en materia de investigaci\u00f3n, <strong>Hble. Sra. N\u00faria Montserrat Pulido.<\/strong><\/span><\/p>\n<p>[\/et_pb_text][\/et_pb_column][\/et_pb_row][et_pb_row _builder_version=\u00bb4.16&#8243; _module_preset=\u00bbdefault\u00bb global_colors_info=\u00bb{}\u00bb][et_pb_column type=\u00bb4_4&#8243; _builder_version=\u00bb4.16&#8243; _module_preset=\u00bbdefault\u00bb global_colors_info=\u00bb{}\u00bb][et_pb_text module_id=\u00bb1_1_2&#8243; _builder_version=\u00bb4.16&#8243; _module_preset=\u00bbdefault\u00bb text_font_size=\u00bb26px\u00bb header_text_color=\u00bb#1e2793&#8243; header_3_text_color=\u00bb#1e2793&#8243; header_3_font_size=\u00bb28px\u00bb custom_margin=\u00bb||24px|||\u00bb header_3_font_size_tablet=\u00bb24px\u00bb header_3_font_size_phone=\u00bb22px\u00bb header_3_font_size_last_edited=\u00bbon|phone\u00bb locked=\u00bboff\u00bb global_colors_info=\u00bb{}\u00bb]<span style=\"color: #1e2793;\"><strong>1.1.2<\/strong> Consejo de Direcci\u00f3n <\/span>[\/et_pb_text][et_pb_text _builder_version=\u00bb4.16&#8243; _module_preset=\u00bbdefault\u00bb global_colors_info=\u00bb{}\u00bb]La Fundaci\u00f3n se estructura en cuatro unidades vinculadas cada una de ellas con los organismos de investigaci\u00f3n que est\u00e1n representados en el Patronato:[\/et_pb_text][et_pb_text _builder_version=\u00bb4.16&#8243; _module_preset=\u00bbdefault\u00bb custom_padding=\u00bb|||70px|false|false\u00bb global_colors_info=\u00bb{}\u00bb]<\/p>\n<p><strong><span class=\"et-pb-icon\" style=\"font-size: 15px; color: #1e2793;\">R\u00a0<\/span>Institut Ci\u00e8ncies del Cosmos de la Universitat de Barcelona<\/strong> (ICCUB).<br \/>\n<strong><span class=\"et-pb-icon\" style=\"font-size: 15px; color: #1e2793;\">R\u00a0<\/span>Instituto de Ciencias del Espacio<\/strong> (ICE-CSIC).<br \/>\n<strong><span class=\"et-pb-icon\" style=\"font-size: 15px; color: #1e2793;\">R\u00a0<\/span>Centro de Estudios de Investigaci\u00f3n Espaciales<\/strong> (CERES- UAB)<br \/>\n<strong><span class=\"et-pb-icon\" style=\"font-size: 15px; color: #1e2793;\">R\u00a0<\/span>Grupo de Investigaci\u00f3n en Ciencia y Tecnolog\u00eda del Espacio<\/strong> (CTE-UPC).<\/p>\n<p>[\/et_pb_text][et_pb_text _builder_version=\u00bb4.16&#8243; _module_preset=\u00bbdefault\u00bb global_colors_info=\u00bb{}\u00bb]Cada organismo de investigaci\u00f3n determina el r\u00e9gimen de funcionamiento de su unidad, y ser\u00e1 comandado, respectivamente, por un director de unidad de investigaci\u00f3n.<\/p>\n<p>El Consejo de Direcci\u00f3n (\u00f3rgano que re\u00fane a los directores de las unidades de investigaci\u00f3n) est\u00e1 compuesto por los siguientes miembros:[\/et_pb_text][\/et_pb_column][\/et_pb_row][et_pb_row column_structure=\u00bb1_3,1_3,1_3&#8243; admin_label=\u00bbdirectors 1&#8243; _builder_version=\u00bb4.16&#8243; _module_preset=\u00bbdefault\u00bb locked=\u00bboff\u00bb global_colors_info=\u00bb{}\u00bb][et_pb_column type=\u00bb1_3&#8243; _builder_version=\u00bb4.16&#8243; _module_preset=\u00bbdefault\u00bb global_colors_info=\u00bb{}\u00bb][et_pb_image src=\u00bbhttps:\/\/www.ieec.cat\/wp-content\/uploads\/2022\/12\/Xavier-Luri-Carrascoso.jpg\u00bb alt=\u00bbXavier Luri\u00bb title_text=\u00bbXavier Luri\u00bb _builder_version=\u00bb4.16&#8243; _module_preset=\u00bbdefault\u00bb width=\u00bb200px\u00bb width_tablet=\u00bb200px\u00bb width_phone=\u00bb201px\u00bb width_last_edited=\u00bbon|phone\u00bb max_width=\u00bb90%\u00bb module_alignment=\u00bbcenter\u00bb filter_saturate=\u00bb0%\u00bb border_radii=\u00bbon|1800px|1800px|1800px|1800px\u00bb locked=\u00bboff\u00bb global_colors_info=\u00bb{}\u00bb][\/et_pb_image][et_pb_text _builder_version=\u00bb4.27.4&#8243; _module_preset=\u00bbdefault\u00bb header_3_text_color=\u00bb#1e2793&#8243; custom_margin=\u00bb0px||0px||false|false\u00bb custom_padding=\u00bb0px||0px||false|false\u00bb global_colors_info=\u00bb{}\u00bb]<\/p>\n<h3 style=\"text-align: center;\"><strong>Dr. Xavier Luri Carrascoso<\/strong><\/h3>\n<p>[\/et_pb_text][et_pb_text _builder_version=\u00bb4.16&#8243; _module_preset=\u00bbdefault\u00bb custom_margin=\u00bb0px||0px||false|false\u00bb custom_padding=\u00bb0px||0px||false|false\u00bb global_colors_info=\u00bb{}\u00bb]<\/p>\n<p style=\"text-align: center;\"><strong>Director del IEEC<\/strong><\/p>\n<p>[\/et_pb_text][\/et_pb_column][et_pb_column type=\u00bb1_3&#8243; _builder_version=\u00bb4.16&#8243; _module_preset=\u00bbdefault\u00bb global_colors_info=\u00bb{}\u00bb][et_pb_image src=\u00bbhttps:\/\/www.ieec.cat\/wp-content\/uploads\/2023\/12\/DSC4924.jpg\u00bb alt=\u00bbAldo M. Serenelli\u00bb title_text=\u00bbAldo M. Serenelli\u00bb _builder_version=\u00bb4.27.4&#8243; _module_preset=\u00bbdefault\u00bb width=\u00bb200px\u00bb width_tablet=\u00bb200px\u00bb width_phone=\u00bb201px\u00bb width_last_edited=\u00bbon|phone\u00bb max_width=\u00bb90%\u00bb module_alignment=\u00bbcenter\u00bb filter_saturate=\u00bb0%\u00bb border_radii=\u00bbon|1800px|1800px|1800px|1800px\u00bb locked=\u00bboff\u00bb global_colors_info=\u00bb{}\u00bb][\/et_pb_image][et_pb_text _builder_version=\u00bb4.16&#8243; _module_preset=\u00bbdefault\u00bb header_3_text_color=\u00bb#1e2793&#8243; custom_margin=\u00bb0px||0px||false|false\u00bb custom_padding=\u00bb0px||0px||false|false\u00bb locked=\u00bboff\u00bb global_colors_info=\u00bb{}\u00bb]<\/p>\n<h3 style=\"text-align: center;\"><strong>Dr. Aldo M. Serenelli<br \/><\/strong><\/h3>\n<p>[\/et_pb_text][et_pb_text _builder_version=\u00bb4.27.4&#8243; _module_preset=\u00bbdefault\u00bb custom_margin=\u00bb0px||0px||false|false\u00bb custom_padding=\u00bb0px||0px||false|false\u00bb locked=\u00bboff\u00bb global_colors_info=\u00bb{}\u00bb]<\/p>\n<p style=\"text-align: center;\"><strong>Director del ICE-CSIC<\/strong><strong><\/strong><\/p>\n<p>[\/et_pb_text][\/et_pb_column][et_pb_column type=\u00bb1_3&#8243; _builder_version=\u00bb4.16&#8243; _module_preset=\u00bbdefault\u00bb global_colors_info=\u00bb{}\u00bb][et_pb_image src=\u00bbhttps:\/\/www.ieec.cat\/wp-content\/uploads\/2026\/02\/Domenec_Espriu-1.jpeg\u00bb alt=\u00bbXavier Luri\u00bb title_text=\u00bbDom\u00e8nec Espriu\u00bb _builder_version=\u00bb4.27.5&#8243; _module_preset=\u00bbdefault\u00bb width=\u00bb200px\u00bb width_tablet=\u00bb200px\u00bb width_phone=\u00bb201px\u00bb width_last_edited=\u00bbon|phone\u00bb max_width=\u00bb90%\u00bb module_alignment=\u00bbcenter\u00bb filter_saturate=\u00bb0%\u00bb border_radii=\u00bbon|1800px|1800px|1800px|1800px\u00bb locked=\u00bboff\u00bb global_colors_info=\u00bb{}\u00bb][\/et_pb_image][et_pb_text _builder_version=\u00bb4.27.5&#8243; _module_preset=\u00bbdefault\u00bb header_3_text_color=\u00bb#1e2793&#8243; custom_margin=\u00bb0px||0px||false|false\u00bb custom_padding=\u00bb0px||0px||false|false\u00bb locked=\u00bboff\u00bb global_colors_info=\u00bb{}\u00bb]<\/p>\n<h3 style=\"text-align: center;\"><strong>Dr. Dom\u00e8nec Espriu Climent<\/strong><\/h3>\n<p>[\/et_pb_text][et_pb_text _builder_version=\u00bb4.27.5&#8243; _module_preset=\u00bbdefault\u00bb custom_margin=\u00bb0px||0px||false|false\u00bb custom_padding=\u00bb0px||0px||false|false\u00bb locked=\u00bboff\u00bb global_colors_info=\u00bb{}\u00bb]<\/p>\n<p style=\"text-align: center;\"><strong>Director del ICCUB<\/strong><\/p>\n<p>[\/et_pb_text][\/et_pb_column][\/et_pb_row][et_pb_row column_structure=\u00bb1_3,1_3,1_3&#8243; _builder_version=\u00bb4.16&#8243; _module_preset=\u00bbdefault\u00bb locked=\u00bboff\u00bb global_colors_info=\u00bb{}\u00bb][et_pb_column type=\u00bb1_3&#8243; _builder_version=\u00bb4.16&#8243; _module_preset=\u00bbdefault\u00bb global_colors_info=\u00bb{}\u00bb][et_pb_image src=\u00bbhttps:\/\/www.ieec.cat\/wp-content\/uploads\/2026\/02\/GonzaloSeco_UAB0-1.jpg\u00bb alt=\u00bbLlu\u00eds Font\u00bb title_text=\u00bbGonzalo Seco\u00bb _builder_version=\u00bb4.27.5&#8243; _module_preset=\u00bbdefault\u00bb width=\u00bb200px\u00bb width_tablet=\u00bb200px\u00bb width_phone=\u00bb201px\u00bb width_last_edited=\u00bbon|phone\u00bb max_width=\u00bb90%\u00bb module_alignment=\u00bbcenter\u00bb filter_saturate=\u00bb0%\u00bb border_radii=\u00bbon|1800px|1800px|1800px|1800px\u00bb locked=\u00bboff\u00bb global_colors_info=\u00bb{}\u00bb][\/et_pb_image][et_pb_text _builder_version=\u00bb4.27.5&#8243; _module_preset=\u00bbdefault\u00bb header_3_text_color=\u00bb#1e2793&#8243; custom_margin=\u00bb0px||0px||false|false\u00bb custom_padding=\u00bb0px||0px||false|false\u00bb global_colors_info=\u00bb{}\u00bb]<\/p>\n<h3 style=\"text-align: center;\"><strong>Dr. Gonzalo Seco Granados<\/strong><\/h3>\n<p>[\/et_pb_text][et_pb_text _builder_version=\u00bb4.16&#8243; _module_preset=\u00bbdefault\u00bb custom_margin=\u00bb0px||0px||false|false\u00bb custom_padding=\u00bb0px||0px||false|false\u00bb global_colors_info=\u00bb{}\u00bb]<\/p>\n<p style=\"text-align: center;\"><strong>Director del CERES-UAB<\/strong><\/p>\n<p>[\/et_pb_text][\/et_pb_column][et_pb_column type=\u00bb1_3&#8243; _builder_version=\u00bb4.16&#8243; _module_preset=\u00bbdefault\u00bb global_colors_info=\u00bb{}\u00bb][et_pb_image src=\u00bbhttps:\/\/www.ieec.cat\/wp-content\/uploads\/2023\/06\/Joan-q.png\u00bb alt=\u00bbJuan Ramos\u00bb title_text=\u00bbJuan Ramos\u00bb _builder_version=\u00bb4.16&#8243; _module_preset=\u00bbdefault\u00bb width=\u00bb200px\u00bb width_tablet=\u00bb200px\u00bb width_phone=\u00bb201px\u00bb width_last_edited=\u00bbon|phone\u00bb max_width=\u00bb90%\u00bb module_alignment=\u00bbcenter\u00bb filter_saturate=\u00bb0%\u00bb border_radii=\u00bbon|1800px|1800px|1800px|1800px\u00bb locked=\u00bboff\u00bb global_colors_info=\u00bb{}\u00bb][\/et_pb_image][et_pb_text _builder_version=\u00bb4.16&#8243; _module_preset=\u00bbdefault\u00bb header_3_text_color=\u00bb#1e2793&#8243; custom_margin=\u00bb0px||0px||false|false\u00bb custom_padding=\u00bb0px||0px||false|false\u00bb locked=\u00bboff\u00bb global_colors_info=\u00bb{}\u00bb]<\/p>\n<h3 style=\"text-align: center;\"><strong>Dr. Juan Ramos Castro<\/strong><\/h3>\n<p>[\/et_pb_text][et_pb_text _builder_version=\u00bb4.16&#8243; _module_preset=\u00bbdefault\u00bb custom_margin=\u00bb0px||0px||false|false\u00bb custom_padding=\u00bb0px||0px||false|false\u00bb locked=\u00bboff\u00bb global_colors_info=\u00bb{}\u00bb]<\/p>\n<p style=\"text-align: center;\"><strong>Director del CTE-UPC<\/strong><\/p>\n<p>[\/et_pb_text][\/et_pb_column][et_pb_column type=\u00bb1_3&#8243; _builder_version=\u00bb4.16&#8243; _module_preset=\u00bbdefault\u00bb global_colors_info=\u00bb{}\u00bb][\/et_pb_column][\/et_pb_row][et_pb_row _builder_version=\u00bb4.16&#8243; _module_preset=\u00bbdefault\u00bb custom_margin=\u00bb20px||||false|false\u00bb locked=\u00bboff\u00bb global_colors_info=\u00bb{}\u00bb][et_pb_column type=\u00bb4_4&#8243; _builder_version=\u00bb4.16&#8243; _module_preset=\u00bbdefault\u00bb global_colors_info=\u00bb{}\u00bb][et_pb_text module_id=\u00bb1_1_3&#8243; _builder_version=\u00bb4.16&#8243; _module_preset=\u00bbdefault\u00bb text_font_size=\u00bb26px\u00bb header_text_color=\u00bb#1e2793&#8243; header_3_text_color=\u00bb#1e2793&#8243; header_3_font_size=\u00bb28px\u00bb header_3_font_size_tablet=\u00bb24px\u00bb header_3_font_size_phone=\u00bb22px\u00bb header_3_font_size_last_edited=\u00bbon|phone\u00bb locked=\u00bboff\u00bb global_colors_info=\u00bb{}\u00bb]<\/p>\n<p><span style=\"color: #1e2793;\"><strong>1.1.3<\/strong> Director\/a del IEEC<\/span><\/p>\n<p>[\/et_pb_text][et_pb_text _builder_version=\u00bb4.16&#8243; _module_preset=\u00bbdefault\u00bb global_colors_info=\u00bb{}\u00bb]El\/La Director\/Directora del IEEC es nombrado\/ nombrada y cesado\/ cesada por el patronato de entre las personas miembros de las Unidades de Investigaci\u00f3n del IEEC y preside a su vez el Consejo de Direcci\u00f3n. Sus funciones est\u00e1n reguladas en el art. 8 del Reglamento de funcionamiento del IEEC as\u00ed como cualquier otra que le pueda delegar el Patronato.[\/et_pb_text][\/et_pb_column][\/et_pb_row][et_pb_row _builder_version=\u00bb4.16&#8243; _module_preset=\u00bbdefault\u00bb custom_margin=\u00bb||13px||false|false\u00bb custom_padding=\u00bb||14px||false|false\u00bb locked=\u00bboff\u00bb global_colors_info=\u00bb{}\u00bb][et_pb_column type=\u00bb4_4&#8243; _builder_version=\u00bb4.16&#8243; _module_preset=\u00bbdefault\u00bb global_colors_info=\u00bb{}\u00bb][et_pb_image src=\u00bbhttps:\/\/www.ieec.cat\/wp-content\/uploads\/2025\/09\/Luri-1-1.jpg\u00bb alt=\u00bbIgnasi Ribas\u00bb title_text=\u00bbIgnasi Ribas\u00bb _builder_version=\u00bb4.27.4&#8243; _module_preset=\u00bbdefault\u00bb width=\u00bb300px\u00bb width_tablet=\u00bb200px\u00bb width_phone=\u00bb201px\u00bb width_last_edited=\u00bbon|phone\u00bb max_width=\u00bb90%\u00bb module_alignment=\u00bbcenter\u00bb filter_saturate=\u00bb0%\u00bb border_radii=\u00bboff||||\u00bb locked=\u00bboff\u00bb global_colors_info=\u00bb{}\u00bb][\/et_pb_image][et_pb_text disabled_on=\u00bbon|off|off\u00bb module_class=\u00bbwhite-links\u00bb _builder_version=\u00bb4.27.4&#8243; _module_preset=\u00bbdefault\u00bb header_3_text_color=\u00bb#1e2793&#8243; background_color=\u00bb#406fda\u00bb custom_margin=\u00bb|290px|0px|290px|false|false\u00bb custom_padding=\u00bb15px||15px|0px|false|false\u00bb custom_padding_tablet=\u00bb15px||15px|0px|false|false\u00bb custom_padding_phone=\u00bb15px||15px|0px|false|false\u00bb custom_padding_last_edited=\u00bbon|desktop\u00bb link_option_url=\u00bb#Bio\u00bb locked=\u00bboff\u00bb global_colors_info=\u00bb{}\u00bb background__hover_enabled=\u00bbon|hover\u00bb background_color__hover=\u00bb#1e2751&#8243; background_enable_color__hover=\u00bbon\u00bb custom_padding__hover_enabled=\u00bbon|hover\u00bb custom_padding__hover=\u00bb25px||25px||true|false\u00bb]<\/p>\n<h3 style=\"text-align: center;\"><span style=\"color: #ffffff;\"><a href=\"#Bio\" target=\"_blank\" rel=\"noopener\" style=\"color: #ffffff;\"><strong>Dr. Xavier Luri Carrascoso<br \/><\/strong><\/a><\/span><\/h3>\n<div style=\"text-align: center;\"><span style=\"color: #ffffff;\"><a href=\"#Bio\" target=\"_blank\" rel=\"noopener\" style=\"color: #ffffff;\"><strong><span lang=\"ca\">Director IEEC (2025-actualidad)<\/span><\/strong><\/a><\/span><\/div>\n<div style=\"text-align: center;\"><\/div>\n<p>[\/et_pb_text][et_pb_text disabled_on=\u00bboff|on|on\u00bb _builder_version=\u00bb4.27.4&#8243; _module_preset=\u00bbdefault\u00bb text_text_color=\u00bb#FFFFFF\u00bb text_font_size=\u00bb21px\u00bb text_line_height=\u00bb1.1em\u00bb background_color=\u00bb#406fda\u00bb text_orientation=\u00bbcenter\u00bb width=\u00bb46.3%\u00bb width_tablet=\u00bb70%\u00bb width_phone=\u00bb70%\u00bb width_last_edited=\u00bbon|desktop\u00bb module_alignment=\u00bbcenter\u00bb custom_padding=\u00bb40px|50px|40px|50px|true|true\u00bb custom_padding_tablet=\u00bb40px|50px|40px|50px|true|true\u00bb custom_padding_phone=\u00bb30px|20px|30px|20px|true|true\u00bb custom_padding_last_edited=\u00bbon|phone\u00bb link_option_url=\u00bbhttps:\/\/www.ieec.cat\/ieec\/transparencia\/#Bio\u00bb text_font_size_tablet=\u00bb21px\u00bb text_font_size_phone=\u00bb19px\u00bb text_font_size_last_edited=\u00bbon|desktop\u00bb global_colors_info=\u00bb{}\u00bb]<\/p>\n<h3><strong><span style=\"color: #ffffff;\">Dr. Xavier Luri Carrascoso<\/span><\/strong><br \/><strong><span style=\"color: #ffffff;\">Director IEEC (2025-actualidad)<\/span><\/strong><\/h3>\n<p>[\/et_pb_text][\/et_pb_column][\/et_pb_row][et_pb_row _builder_version=\u00bb4.16&#8243; _module_preset=\u00bbdefault\u00bb custom_margin=\u00bb20px||||false|false\u00bb locked=\u00bboff\u00bb global_colors_info=\u00bb{}\u00bb][et_pb_column type=\u00bb4_4&#8243; _builder_version=\u00bb4.16&#8243; _module_preset=\u00bbdefault\u00bb global_colors_info=\u00bb{}\u00bb][et_pb_text disabled_on=\u00bbon|on|on\u00bb module_id=\u00bb1_1_4&#8243; _builder_version=\u00bb4.16&#8243; _module_preset=\u00bbdefault\u00bb text_font_size=\u00bb26px\u00bb header_text_color=\u00bb#1e2793&#8243; header_3_text_color=\u00bb#1e2793&#8243; header_3_font_size=\u00bb28px\u00bb custom_margin=\u00bb0px||||false|false\u00bb custom_padding=\u00bb14px||||false|false\u00bb header_3_font_size_tablet=\u00bb24px\u00bb header_3_font_size_phone=\u00bb22px\u00bb header_3_font_size_last_edited=\u00bbon|phone\u00bb disabled=\u00bbon\u00bb locked=\u00bboff\u00bb global_colors_info=\u00bb{}\u00bb]<\/p>\n<p><span style=\"color: #1e2793;\"><strong>1.1.4<\/strong> El equipo directivo<\/span><\/p>\n<p>[\/et_pb_text][et_pb_text _builder_version=\u00bb4.16&#8243; _module_preset=\u00bbdefault\u00bb global_colors_info=\u00bb{}\u00bb]Las personas miembro del equipo directivo son nombradas por el Director de entre el personal adscrito y contratado por el IEEC. El equipo directivo debe incluir miembros de todas las unidades del IEEC y uno de los directores o directoras del Observatori del Montsec (OdM).<\/p>\n<p>Son funciones del equipo directivo asesorar al Director\/a del IEEC y llevar a cabo aquellas tareas y responsabilidades que el Director\/a les encomiende.[\/et_pb_text][\/et_pb_column][\/et_pb_row][et_pb_row column_structure=\u00bb1_3,1_3,1_3&#8243; disabled_on=\u00bbon|on|on\u00bb admin_label=\u00bbequip directiu\u00bb _builder_version=\u00bb4.16&#8243; _module_preset=\u00bbdefault\u00bb disabled=\u00bbon\u00bb locked=\u00bboff\u00bb global_colors_info=\u00bb{}\u00bb][et_pb_column type=\u00bb1_3&#8243; _builder_version=\u00bb4.16&#8243; _module_preset=\u00bbdefault\u00bb global_colors_info=\u00bb{}\u00bb][et_pb_image src=\u00bbhttps:\/\/www.ieec.cat\/wp-content\/uploads\/2023\/07\/Josep-Colome-Fons-gris.jpg\u00bb alt=\u00bbJosep Colom\u00e9\u00bb title_text=\u00bbJosep Colom\u00e9\u00bb _builder_version=\u00bb4.16&#8243; _module_preset=\u00bbdefault\u00bb width=\u00bb200px\u00bb width_tablet=\u00bb200px\u00bb width_phone=\u00bb201px\u00bb width_last_edited=\u00bbon|phone\u00bb max_width=\u00bb90%\u00bb module_alignment=\u00bbcenter\u00bb filter_saturate=\u00bb0%\u00bb border_radii=\u00bbon|1800px|1800px|1800px|1800px\u00bb locked=\u00bboff\u00bb global_colors_info=\u00bb{}\u00bb][\/et_pb_image][et_pb_text _builder_version=\u00bb4.16&#8243; _module_preset=\u00bbdefault\u00bb header_3_text_color=\u00bb#1e2793&#8243; custom_margin=\u00bb0px||0px||false|false\u00bb custom_padding=\u00bb0px||0px||false|false\u00bb global_colors_info=\u00bb{}\u00bb]<\/p>\n<h3 style=\"text-align: center;\"><strong>Josep Colom\u00e9<\/strong><\/h3>\n<p>[\/et_pb_text][et_pb_text _builder_version=\u00bb4.16&#8243; _module_preset=\u00bbdefault\u00bb text_font=\u00bb|700|||||||\u00bb text_line_height=\u00bb1em\u00bb text_orientation=\u00bbcenter\u00bb custom_margin=\u00bb0px||0px||false|false\u00bb custom_padding=\u00bb0px||0px||false|false\u00bb locked=\u00bboff\u00bb global_colors_info=\u00bb{}\u00bb]Director del \u00c1rea de promoci\u00f3n del sector espacial de Catalu\u00f1a[\/et_pb_text][et_pb_text _builder_version=\u00bb4.16&#8243; _module_preset=\u00bbdefault\u00bb text_font=\u00bb||on||||||\u00bb text_orientation=\u00bbcenter\u00bb custom_margin=\u00bb0px||0px||false|false\u00bb custom_padding=\u00bb0px||0px||false|false\u00bb locked=\u00bboff\u00bb global_colors_info=\u00bb{}\u00bb]<\/p>\n<p>IEEC<\/p>\n<p>[\/et_pb_text][\/et_pb_column][et_pb_column type=\u00bb1_3&#8243; _builder_version=\u00bb4.16&#8243; _module_preset=\u00bbdefault\u00bb global_colors_info=\u00bb{}\u00bb][et_pb_image src=\u00bbhttps:\/\/www.ieec.cat\/wp-content\/uploads\/2023\/07\/Merce-Vall_llossera.jpg\u00bb alt=\u00bbMerce Vall_llossera\u00bb title_text=\u00bbMerce Vall_llossera\u00bb _builder_version=\u00bb4.16&#8243; _module_preset=\u00bbdefault\u00bb width=\u00bb200px\u00bb width_tablet=\u00bb200px\u00bb width_phone=\u00bb201px\u00bb width_last_edited=\u00bbon|phone\u00bb max_width=\u00bb90%\u00bb module_alignment=\u00bbcenter\u00bb filter_saturate=\u00bb0%\u00bb border_radii=\u00bbon|1800px|1800px|1800px|1800px\u00bb locked=\u00bboff\u00bb global_colors_info=\u00bb{}\u00bb][\/et_pb_image][et_pb_text _builder_version=\u00bb4.16&#8243; _module_preset=\u00bbdefault\u00bb header_3_text_color=\u00bb#1e2793&#8243; custom_margin=\u00bb0px||0px||false|false\u00bb custom_padding=\u00bb0px||0px||false|false\u00bb locked=\u00bboff\u00bb global_colors_info=\u00bb{}\u00bb]<\/p>\n<h3 style=\"text-align: center;\"><strong>Merc\u00e8 Vall-llossera<\/strong><\/h3>\n<p>[\/et_pb_text][et_pb_text _builder_version=\u00bb4.16&#8243; _module_preset=\u00bbdefault\u00bb text_font=\u00bb|700|||||||\u00bb text_orientation=\u00bbcenter\u00bb custom_margin=\u00bb0px||0px||false|false\u00bb custom_padding=\u00bb0px||0px||false|false\u00bb locked=\u00bboff\u00bb global_colors_info=\u00bb{}\u00bb]Profesora titular[\/et_pb_text][et_pb_text _builder_version=\u00bb4.16&#8243; _module_preset=\u00bbdefault\u00bb text_font=\u00bb||on||||||\u00bb text_orientation=\u00bbcenter\u00bb custom_margin=\u00bb0px||0px||false|false\u00bb custom_padding=\u00bb0px||0px||false|false\u00bb locked=\u00bboff\u00bb global_colors_info=\u00bb{}\u00bb]<\/p>\n<p>Universitat Polit\u00e8cnica de Catalunya \u00b7 BarcelonaTech (UPC)<\/p>\n<p>[\/et_pb_text][\/et_pb_column][et_pb_column type=\u00bb1_3&#8243; _builder_version=\u00bb4.16&#8243; _module_preset=\u00bbdefault\u00bb global_colors_info=\u00bb{}\u00bb][et_pb_image src=\u00bbhttps:\/\/www.ieec.cat\/wp-content\/uploads\/2023\/07\/Pilar-Montes-Fons-Gris.jpg\u00bb alt=\u00bbPilar Montes\u00bb title_text=\u00bbPilar Montes\u00bb _builder_version=\u00bb4.16&#8243; _module_preset=\u00bbdefault\u00bb width=\u00bb200px\u00bb width_tablet=\u00bb200px\u00bb width_phone=\u00bb201px\u00bb width_last_edited=\u00bbon|phone\u00bb max_width=\u00bb90%\u00bb module_alignment=\u00bbcenter\u00bb filter_saturate=\u00bb0%\u00bb border_radii=\u00bbon|1800px|1800px|1800px|1800px\u00bb locked=\u00bboff\u00bb global_colors_info=\u00bb{}\u00bb][\/et_pb_image][et_pb_text _builder_version=\u00bb4.16&#8243; _module_preset=\u00bbdefault\u00bb header_3_text_color=\u00bb#1e2793&#8243; custom_margin=\u00bb0px||0px||false|false\u00bb custom_padding=\u00bb0px||0px||false|false\u00bb locked=\u00bboff\u00bb global_colors_info=\u00bb{}\u00bb]<\/p>\n<h3 style=\"text-align: center;\"><strong>Pilar Montes<\/strong><\/h3>\n<p>[\/et_pb_text][et_pb_text _builder_version=\u00bb4.16&#8243; _module_preset=\u00bbdefault\u00bb text_font=\u00bb|700|||||||\u00bb text_orientation=\u00bbcenter\u00bb custom_margin=\u00bb0px||0px||false|false\u00bb custom_padding=\u00bb0px||0px||false|false\u00bb locked=\u00bboff\u00bb global_colors_info=\u00bb{}\u00bb]Directora del \u00c1rea de Gesti\u00f3n \/ Gerente[\/et_pb_text][et_pb_text _builder_version=\u00bb4.16&#8243; _module_preset=\u00bbdefault\u00bb text_font=\u00bb||on||||||\u00bb text_orientation=\u00bbcenter\u00bb custom_margin=\u00bb0px||0px||false|false\u00bb custom_padding=\u00bb0px||0px||false|false\u00bb locked=\u00bboff\u00bb global_colors_info=\u00bb{}\u00bb]<\/p>\n<p>IEEC<\/p>\n<p>[\/et_pb_text][\/et_pb_column][\/et_pb_row][et_pb_row column_structure=\u00bb1_3,1_3,1_3&#8243; disabled_on=\u00bbon|on|on\u00bb _builder_version=\u00bb4.16&#8243; _module_preset=\u00bbdefault\u00bb disabled=\u00bbon\u00bb locked=\u00bboff\u00bb global_colors_info=\u00bb{}\u00bb][et_pb_column type=\u00bb1_3&#8243; _builder_version=\u00bb4.16&#8243; _module_preset=\u00bbdefault\u00bb global_colors_info=\u00bb{}\u00bb][et_pb_image src=\u00bbhttps:\/\/www.ieec.cat\/wp-content\/uploads\/2023\/07\/gonzalo.jpg\u00bb alt=\u00bbGonzalo Seco\u00bb title_text=\u00bbGonzalo Seco\u00bb _builder_version=\u00bb4.16&#8243; _module_preset=\u00bbdefault\u00bb width=\u00bb200px\u00bb width_tablet=\u00bb200px\u00bb width_phone=\u00bb201px\u00bb width_last_edited=\u00bbon|phone\u00bb max_width=\u00bb90%\u00bb module_alignment=\u00bbcenter\u00bb filter_saturate=\u00bb0%\u00bb border_radii=\u00bbon|1800px|1800px|1800px|1800px\u00bb locked=\u00bboff\u00bb global_colors_info=\u00bb{}\u00bb][\/et_pb_image][et_pb_text _builder_version=\u00bb4.16&#8243; _module_preset=\u00bbdefault\u00bb header_3_text_color=\u00bb#1e2793&#8243; custom_margin=\u00bb0px||0px||false|false\u00bb custom_padding=\u00bb0px||0px||false|false\u00bb global_colors_info=\u00bb{}\u00bb]<\/p>\n<h3 style=\"text-align: center;\"><strong>Gonzalo Seco<\/strong><\/h3>\n<p>[\/et_pb_text][et_pb_text _builder_version=\u00bb4.16&#8243; _module_preset=\u00bbdefault\u00bb text_font=\u00bb|700|||||||\u00bb text_line_height=\u00bb1em\u00bb text_orientation=\u00bbcenter\u00bb custom_margin=\u00bb0px||0px||false|false\u00bb custom_padding=\u00bb0px||0px||false|false\u00bb locked=\u00bboff\u00bb global_colors_info=\u00bb{}\u00bb]Catedr\u00e1tico[\/et_pb_text][et_pb_text _builder_version=\u00bb4.16&#8243; _module_preset=\u00bbdefault\u00bb text_font=\u00bb||on||||||\u00bb text_orientation=\u00bbcenter\u00bb custom_margin=\u00bb0px||0px||false|false\u00bb custom_padding=\u00bb0px||0px||false|false\u00bb locked=\u00bboff\u00bb global_colors_info=\u00bb{}\u00bb]Universitat Aut\u00f2noma de Barcelona (UAB)[\/et_pb_text][\/et_pb_column][et_pb_column type=\u00bb1_3&#8243; _builder_version=\u00bb4.16&#8243; _module_preset=\u00bbdefault\u00bb global_colors_info=\u00bb{}\u00bb][et_pb_image src=\u00bbhttps:\/\/www.ieec.cat\/wp-content\/uploads\/2023\/05\/Marc_Ribo-1.png\u00bb alt=\u00bbMarc Rib\u00f3\u00bb title_text=\u00bbMarc Rib\u00f3\u00bb _builder_version=\u00bb4.16&#8243; _module_preset=\u00bbdefault\u00bb width=\u00bb200px\u00bb width_tablet=\u00bb200px\u00bb width_phone=\u00bb201px\u00bb width_last_edited=\u00bbon|phone\u00bb max_width=\u00bb90%\u00bb module_alignment=\u00bbcenter\u00bb filter_saturate=\u00bb0%\u00bb border_radii=\u00bbon|1800px|1800px|1800px|1800px\u00bb locked=\u00bboff\u00bb global_colors_info=\u00bb{}\u00bb][\/et_pb_image][et_pb_text _builder_version=\u00bb4.16&#8243; _module_preset=\u00bbdefault\u00bb header_3_text_color=\u00bb#1e2793&#8243; custom_margin=\u00bb0px||0px||false|false\u00bb custom_padding=\u00bb0px||0px||false|false\u00bb locked=\u00bboff\u00bb global_colors_info=\u00bb{}\u00bb]<\/p>\n<h3 style=\"text-align: center;\"><strong>Marc Rib\u00f3<\/strong><\/h3>\n<p>[\/et_pb_text][et_pb_text _builder_version=\u00bb4.16&#8243; _module_preset=\u00bbdefault\u00bb text_font=\u00bb|700|||||||\u00bb text_line_height=\u00bb1em\u00bb text_orientation=\u00bbcenter\u00bb custom_margin=\u00bb0px||0px||false|false\u00bb custom_padding=\u00bb0px||0px||false|false\u00bb locked=\u00bboff\u00bb global_colors_info=\u00bb{}\u00bb]<\/p>\n<p>Catedr\u00e1tico<\/p>\n<p>[\/et_pb_text][et_pb_text _builder_version=\u00bb4.16&#8243; _module_preset=\u00bbdefault\u00bb text_font=\u00bb||on||||||\u00bb text_orientation=\u00bbcenter\u00bb custom_margin=\u00bb0px||0px||false|false\u00bb custom_padding=\u00bb0px||0px||false|false\u00bb locked=\u00bboff\u00bb global_colors_info=\u00bb{}\u00bb]<\/p>\n<p>Universitat de Barcelona (UB)<\/p>\n<p>[\/et_pb_text][\/et_pb_column][et_pb_column type=\u00bb1_3&#8243; _builder_version=\u00bb4.16&#8243; _module_preset=\u00bbdefault\u00bb global_colors_info=\u00bb{}\u00bb][et_pb_image src=\u00bbhttps:\/\/www.ieec.cat\/wp-content\/uploads\/2023\/07\/portell-q.jpg\u00bb alt=\u00bbJordi Portell\u00bb title_text=\u00bbJordi Portell\u00bb _builder_version=\u00bb4.16&#8243; _module_preset=\u00bbdefault\u00bb width=\u00bb200px\u00bb width_tablet=\u00bb200px\u00bb width_phone=\u00bb201px\u00bb width_last_edited=\u00bbon|phone\u00bb max_width=\u00bb90%\u00bb module_alignment=\u00bbcenter\u00bb filter_saturate=\u00bb0%\u00bb border_radii=\u00bbon|1800px|1800px|1800px|1800px\u00bb locked=\u00bboff\u00bb global_colors_info=\u00bb{}\u00bb][\/et_pb_image][et_pb_text _builder_version=\u00bb4.16&#8243; _module_preset=\u00bbdefault\u00bb header_3_text_color=\u00bb#1e2793&#8243; custom_margin=\u00bb0px||0px||false|false\u00bb custom_padding=\u00bb0px||0px||false|false\u00bb locked=\u00bboff\u00bb global_colors_info=\u00bb{}\u00bb]<\/p>\n<h3 style=\"text-align: center;\"><strong>Jordi Portell<\/strong><\/h3>\n<p>[\/et_pb_text][et_pb_text _builder_version=\u00bb4.16&#8243; _module_preset=\u00bbdefault\u00bb text_font=\u00bb|700|||||||\u00bb text_line_height=\u00bb1em\u00bb text_orientation=\u00bbcenter\u00bb custom_margin=\u00bb0px||0px||false|false\u00bb custom_padding=\u00bb0px||0px||false|false\u00bb locked=\u00bboff\u00bb global_colors_info=\u00bb{}\u00bb]Investigador Post-doctoral<br \/>\nSubdirector t\u00e9cnico[\/et_pb_text][et_pb_text _builder_version=\u00bb4.16&#8243; _module_preset=\u00bbdefault\u00bb text_font=\u00bb||on||||||\u00bb text_orientation=\u00bbcenter\u00bb custom_margin=\u00bb0px||0px||false|false\u00bb custom_padding=\u00bb0px||0px||false|false\u00bb locked=\u00bboff\u00bb global_colors_info=\u00bb{}\u00bb]Institut de Ci\u00e8ncies del Cosmos de la Universitat de Barcelona (ICCUB)[\/et_pb_text][\/et_pb_column][\/et_pb_row][et_pb_row _builder_version=\u00bb4.16&#8243; _module_preset=\u00bbdefault\u00bb locked=\u00bboff\u00bb global_colors_info=\u00bb{}\u00bb][et_pb_column type=\u00bb4_4&#8243; _builder_version=\u00bb4.16&#8243; _module_preset=\u00bbdefault\u00bb global_colors_info=\u00bb{}\u00bb][et_pb_text module_id=\u00bb1_2&#8243; _builder_version=\u00bb4.16&#8243; _module_preset=\u00bbdefault\u00bb header_text_color=\u00bb#1e2793&#8243; header_3_text_color=\u00bb#1e2793&#8243; header_3_font_size=\u00bb28px\u00bb header_3_font_size_tablet=\u00bb24px\u00bb header_3_font_size_phone=\u00bb22px\u00bb header_3_font_size_last_edited=\u00bbon|phone\u00bb locked=\u00bboff\u00bb global_colors_info=\u00bb{}\u00bb]<\/p>\n<h3><strong>1.2 <\/strong>\u00d3rgano de asesoramiento<\/h3>\n<p>[\/et_pb_text][et_pb_text _builder_version=\u00bb4.16&#8243; _module_preset=\u00bbdefault\u00bb global_colors_info=\u00bb{}\u00bb]<\/p>\n<p><strong>Consejo Asesor Cient\u00edfico<\/strong><\/p>\n<p>El Consejo Cient\u00edfico Asesor es un \u00f3rgano asesor de la Fundaci\u00f3. Tiene como objetivo velar por la calidad de las actividades cient\u00edficas y tecnol\u00f3gicas de la Fundaci\u00f3n que se sometan a su consideraci\u00f3n, y que, cuando se le encomiende, sea el \u00f3rgano evaluador de estas actividades. Este \u00f3rgano no puede desempe\u00f1ar funciones de gesti\u00f3n o de representaci\u00f3n de la Fundaci\u00f3n.<\/p>\n<p>El Consejo Cient\u00edfico Asesor est\u00e1 formado por un n\u00famero indeterminado de investigadores independientes de reconocido prestigio en las \u00e1reas de actividad propias de la Fundaci\u00f3n y que son los siguientes:[\/et_pb_text][\/et_pb_column][\/et_pb_row][et_pb_row column_structure=\u00bb1_3,1_3,1_3&#8243; _builder_version=\u00bb4.16&#8243; _module_preset=\u00bbdefault\u00bb ab_goal=\u00bbon\u00bb locked=\u00bboff\u00bb global_colors_info=\u00bb{}\u00bb][et_pb_column type=\u00bb1_3&#8243; _builder_version=\u00bb4.16&#8243; _module_preset=\u00bbdefault\u00bb global_colors_info=\u00bb{}\u00bb][et_pb_image src=\u00bbhttps:\/\/www.ieec.cat\/wp-content\/uploads\/2022\/12\/Athena-Coustenis.png\u00bb alt=\u00bbAthena Coustenis\u00bb title_text=\u00bbAthena Coustenis\u00bb _builder_version=\u00bb4.16&#8243; _module_preset=\u00bbdefault\u00bb width=\u00bb200px\u00bb width_tablet=\u00bb200px\u00bb width_phone=\u00bb201px\u00bb width_last_edited=\u00bbon|phone\u00bb max_width=\u00bb90%\u00bb module_alignment=\u00bbcenter\u00bb filter_saturate=\u00bb0%\u00bb border_radii=\u00bbon|1800px|1800px|1800px|1800px\u00bb locked=\u00bboff\u00bb global_colors_info=\u00bb{}\u00bb][\/et_pb_image][et_pb_text _builder_version=\u00bb4.16&#8243; _module_preset=\u00bbdefault\u00bb header_3_text_color=\u00bb#1e2793&#8243; custom_margin=\u00bb0px||0px||false|false\u00bb custom_padding=\u00bb0px||0px||false|false\u00bb global_colors_info=\u00bb{}\u00bb]<\/p>\n<h3 style=\"text-align: center;\"><strong>Athena Coustenis<\/strong><\/h3>\n<p>[\/et_pb_text][et_pb_text _builder_version=\u00bb4.16&#8243; _module_preset=\u00bbdefault\u00bb text_font=\u00bb|700|||||||\u00bb text_orientation=\u00bbcenter\u00bb custom_margin=\u00bb0px||0px||false|false\u00bb custom_padding=\u00bb0px||0px||false|false\u00bb global_colors_info=\u00bb{}\u00bb]Profesora[\/et_pb_text][et_pb_text _builder_version=\u00bb4.16&#8243; _module_preset=\u00bbdefault\u00bb text_font=\u00bb||on||||||\u00bb text_line_height=\u00bb1em\u00bb text_orientation=\u00bbcenter\u00bb custom_margin=\u00bb0px||0px||false|false\u00bb custom_padding=\u00bb0px||0px||false|false\u00bb global_colors_info=\u00bb{}\u00bb]Observatorio de Paris-Meudon, LESIA\/CNRS[\/et_pb_text][et_pb_text _builder_version=\u00bb4.16&#8243; _module_preset=\u00bbdefault\u00bb text_font=\u00bb|700|on||||||\u00bb text_orientation=\u00bbcenter\u00bb custom_margin=\u00bb0px||0px||false|false\u00bb custom_padding=\u00bb0px||0px||false|false\u00bb global_colors_info=\u00bb{}\u00bb]Francia[\/et_pb_text][\/et_pb_column][et_pb_column type=\u00bb1_3&#8243; _builder_version=\u00bb4.16&#8243; _module_preset=\u00bbdefault\u00bb global_colors_info=\u00bb{}\u00bb][et_pb_image src=\u00bbhttps:\/\/www.ieec.cat\/wp-content\/uploads\/2022\/12\/Jade-Morton-e1671526107745.jpg\u00bb alt=\u00bbJade Morton\u00bb title_text=\u00bbJade Morton\u00bb _builder_version=\u00bb4.16&#8243; _module_preset=\u00bbdefault\u00bb width=\u00bb200px\u00bb width_tablet=\u00bb200px\u00bb width_phone=\u00bb201px\u00bb width_last_edited=\u00bbon|phone\u00bb max_width=\u00bb90%\u00bb module_alignment=\u00bbcenter\u00bb filter_saturate=\u00bb0%\u00bb border_radii=\u00bbon|1800px|1800px|1800px|1800px\u00bb locked=\u00bboff\u00bb global_colors_info=\u00bb{}\u00bb][\/et_pb_image][et_pb_text _builder_version=\u00bb4.16&#8243; _module_preset=\u00bbdefault\u00bb header_3_text_color=\u00bb#1e2793&#8243; custom_margin=\u00bb0px||0px||false|false\u00bb custom_padding=\u00bb0px||0px||false|false\u00bb locked=\u00bboff\u00bb global_colors_info=\u00bb{}\u00bb]<\/p>\n<h3 style=\"text-align: center;\"><strong>Jade Morton<\/strong><\/h3>\n<p>[\/et_pb_text][et_pb_text _builder_version=\u00bb4.16&#8243; _module_preset=\u00bbdefault\u00bb text_font=\u00bb|700|||||||\u00bb text_orientation=\u00bbcenter\u00bb custom_margin=\u00bb0px||0px||false|false\u00bb custom_padding=\u00bb0px||0px||false|false\u00bb locked=\u00bboff\u00bb global_colors_info=\u00bb{}\u00bb]<\/p>\n<p>Profesora<\/p>\n<p>[\/et_pb_text][et_pb_text _builder_version=\u00bb4.16&#8243; _module_preset=\u00bbdefault\u00bb text_font=\u00bb||on||||||\u00bb text_line_height=\u00bb1em\u00bb text_orientation=\u00bbcenter\u00bb custom_margin=\u00bb0px||0px||false|false\u00bb custom_padding=\u00bb0px||0px||false|false\u00bb locked=\u00bboff\u00bb global_colors_info=\u00bb{}\u00bb]<\/p>\n<p>Universidad de Colorado Boulder<br \/><strong><\/strong><strong><\/strong><\/p>\n<p>[\/et_pb_text][et_pb_text _builder_version=\u00bb4.16&#8243; _module_preset=\u00bbdefault\u00bb text_font=\u00bb|700|on||||||\u00bb text_orientation=\u00bbcenter\u00bb custom_margin=\u00bb0px||0px||false|false\u00bb custom_padding=\u00bb0px||0px||false|false\u00bb locked=\u00bboff\u00bb global_colors_info=\u00bb{}\u00bb]<\/p>\n<p>EE.UU.<\/p>\n<p>[\/et_pb_text][\/et_pb_column][et_pb_column type=\u00bb1_3&#8243; _builder_version=\u00bb4.16&#8243; _module_preset=\u00bbdefault\u00bb global_colors_info=\u00bb{}\u00bb][et_pb_image src=\u00bbhttps:\/\/www.ieec.cat\/wp-content\/uploads\/2023\/06\/Imatge-recurs-1.png\u00bb title_text=\u00bbImatge-recurs\u00bb _builder_version=\u00bb4.16&#8243; _module_preset=\u00bbdefault\u00bb width=\u00bb200px\u00bb width_tablet=\u00bb200px\u00bb width_phone=\u00bb201px\u00bb width_last_edited=\u00bbon|phone\u00bb max_width=\u00bb90%\u00bb module_alignment=\u00bbcenter\u00bb filter_saturate=\u00bb0%\u00bb border_radii=\u00bbon|1800px|1800px|1800px|1800px\u00bb locked=\u00bboff\u00bb global_colors_info=\u00bb{}\u00bb][\/et_pb_image][et_pb_text _builder_version=\u00bb4.16&#8243; _module_preset=\u00bbdefault\u00bb header_3_text_color=\u00bb#1e2793&#8243; custom_margin=\u00bb0px||0px||false|false\u00bb custom_padding=\u00bb0px||0px||false|false\u00bb locked=\u00bboff\u00bb global_colors_info=\u00bb{}\u00bb]<\/p>\n<h3 style=\"text-align: center;\"><strong>J\u00fcrgen Schmitt<\/strong><\/h3>\n<p>[\/et_pb_text][et_pb_text _builder_version=\u00bb4.16&#8243; _module_preset=\u00bbdefault\u00bb text_font=\u00bb|700|||||||\u00bb text_orientation=\u00bbcenter\u00bb custom_margin=\u00bb0px||0px||false|false\u00bb custom_padding=\u00bb0px||0px||false|false\u00bb locked=\u00bboff\u00bb global_colors_info=\u00bb{}\u00bb]Profesor[\/et_pb_text][et_pb_text _builder_version=\u00bb4.16&#8243; _module_preset=\u00bbdefault\u00bb text_font=\u00bb||on||||||\u00bb text_line_height=\u00bb1em\u00bb text_orientation=\u00bbcenter\u00bb custom_margin=\u00bb0px||0px||true|false\u00bb custom_padding=\u00bb0px||0px||false|false\u00bb locked=\u00bboff\u00bb global_colors_info=\u00bb{}\u00bb]<\/p>\n<p>Observatori d&#8217;Hamburg-Bergedorf, Universitat d&#8217;Hamburg<br \/><strong><\/strong><strong><\/strong><\/p>\n<p>[\/et_pb_text][et_pb_text _builder_version=\u00bb4.16&#8243; _module_preset=\u00bbdefault\u00bb text_font=\u00bb|700|on||||||\u00bb text_orientation=\u00bbcenter\u00bb custom_margin=\u00bb0px||0px||false|false\u00bb custom_padding=\u00bb0px||0px||false|false\u00bb locked=\u00bboff\u00bb global_colors_info=\u00bb{}\u00bb]Alemania[\/et_pb_text][\/et_pb_column][\/et_pb_row][et_pb_row column_structure=\u00bb1_3,1_3,1_3&#8243; _builder_version=\u00bb4.16&#8243; _module_preset=\u00bbdefault\u00bb ab_goal=\u00bbon\u00bb locked=\u00bboff\u00bb global_colors_info=\u00bb{}\u00bb][et_pb_column type=\u00bb1_3&#8243; _builder_version=\u00bb4.16&#8243; _module_preset=\u00bbdefault\u00bb global_colors_info=\u00bb{}\u00bb][et_pb_image src=\u00bbhttps:\/\/www.ieec.cat\/wp-content\/uploads\/2023\/05\/Roser_NOV22_IEEC-q.jpg\u00bb alt=\u00bbRoser Pell\u00f3\u00bb title_text=\u00bbRoser Pell\u00f3\u00bb _builder_version=\u00bb4.16&#8243; _module_preset=\u00bbdefault\u00bb width=\u00bb200px\u00bb width_tablet=\u00bb200px\u00bb width_phone=\u00bb201px\u00bb width_last_edited=\u00bbon|phone\u00bb max_width=\u00bb90%\u00bb module_alignment=\u00bbcenter\u00bb filter_saturate=\u00bb0%\u00bb border_radii=\u00bbon|1800px|1800px|1800px|1800px\u00bb locked=\u00bboff\u00bb global_colors_info=\u00bb{}\u00bb][\/et_pb_image][et_pb_text _builder_version=\u00bb4.16&#8243; _module_preset=\u00bbdefault\u00bb header_3_text_color=\u00bb#1e2793&#8243; custom_margin=\u00bb0px||0px||false|false\u00bb custom_padding=\u00bb0px||0px||false|false\u00bb global_colors_info=\u00bb{}\u00bb]<\/p>\n<h3 style=\"text-align: center;\"><strong>Roser Pell\u00f3<\/strong><\/h3>\n<p>[\/et_pb_text][et_pb_text _builder_version=\u00bb4.16&#8243; _module_preset=\u00bbdefault\u00bb text_font=\u00bb|700|||||||\u00bb text_orientation=\u00bbcenter\u00bb custom_margin=\u00bb0px||0px||false|false\u00bb custom_padding=\u00bb0px||0px||false|false\u00bb global_colors_info=\u00bb{}\u00bb]Profesora[\/et_pb_text][et_pb_text _builder_version=\u00bb4.16&#8243; _module_preset=\u00bbdefault\u00bb text_font=\u00bb||on||||||\u00bb text_line_height=\u00bb1em\u00bb text_orientation=\u00bbcenter\u00bb custom_margin=\u00bb0px||0px||false|false\u00bb custom_padding=\u00bb0px||0px||false|false\u00bb global_colors_info=\u00bb{}\u00bb]Laboratorio de Astrof\u00edsica de Marsella[\/et_pb_text][et_pb_text _builder_version=\u00bb4.16&#8243; _module_preset=\u00bbdefault\u00bb text_font=\u00bb|700|on||||||\u00bb text_orientation=\u00bbcenter\u00bb custom_margin=\u00bb0px||0px||false|false\u00bb custom_padding=\u00bb0px||0px||false|false\u00bb global_colors_info=\u00bb{}\u00bb]Francia[\/et_pb_text][\/et_pb_column][et_pb_column type=\u00bb1_3&#8243; _builder_version=\u00bb4.16&#8243; _module_preset=\u00bbdefault\u00bb global_colors_info=\u00bb{}\u00bb][et_pb_image src=\u00bbhttps:\/\/www.ieec.cat\/wp-content\/uploads\/2024\/07\/Julia-Figa.jpg\u00bb title_text=\u00bbJ\u00falia Figa\u00bb _builder_version=\u00bb4.16&#8243; _module_preset=\u00bbdefault\u00bb width=\u00bb200px\u00bb width_tablet=\u00bb200px\u00bb width_phone=\u00bb201px\u00bb width_last_edited=\u00bbon|phone\u00bb max_width=\u00bb90%\u00bb module_alignment=\u00bbcenter\u00bb filter_saturate=\u00bb0%\u00bb border_radii=\u00bbon|1800px|1800px|1800px|1800px\u00bb locked=\u00bboff\u00bb global_colors_info=\u00bb{}\u00bb][\/et_pb_image][et_pb_text _builder_version=\u00bb4.16&#8243; _module_preset=\u00bbdefault\u00bb header_3_text_color=\u00bb#1e2793&#8243; custom_margin=\u00bb0px||0px||false|false\u00bb custom_padding=\u00bb0px||0px||false|false\u00bb locked=\u00bboff\u00bb global_colors_info=\u00bb{}\u00bb]<\/p>\n<h3 style=\"text-align: center;\"><strong>J\u00falia Figa<\/strong><\/h3>\n<p>[\/et_pb_text][et_pb_text _builder_version=\u00bb4.16&#8243; _module_preset=\u00bbdefault\u00bb text_font=\u00bb|700|||||||\u00bb text_orientation=\u00bbcenter\u00bb custom_margin=\u00bb0px||0px||false|false\u00bb custom_padding=\u00bb0px||0px||false|false\u00bb locked=\u00bboff\u00bb global_colors_info=\u00bb{}\u00bb]Responsable del Programa de Altimetr\u00eda Oce\u00e1nica[\/et_pb_text][et_pb_text _builder_version=\u00bb4.16&#8243; _module_preset=\u00bbdefault\u00bb text_font=\u00bb||on||||||\u00bb text_line_height=\u00bb1em\u00bb text_orientation=\u00bbcenter\u00bb custom_margin=\u00bb0px||0px||false|false\u00bb custom_padding=\u00bb0px||0px||false|false\u00bb locked=\u00bboff\u00bb global_colors_info=\u00bb{}\u00bb]EUMETSAT (European Organisation for the Exploitation of Meteorological Satellites)[\/et_pb_text][et_pb_text _builder_version=\u00bb4.16&#8243; _module_preset=\u00bbdefault\u00bb text_font=\u00bb|700|on||||||\u00bb text_orientation=\u00bbcenter\u00bb custom_margin=\u00bb0px||0px||false|false\u00bb custom_padding=\u00bb0px||0px||false|false\u00bb locked=\u00bboff\u00bb global_colors_info=\u00bb{}\u00bb]Alemania[\/et_pb_text][\/et_pb_column][et_pb_column type=\u00bb1_3&#8243; _builder_version=\u00bb4.16&#8243; _module_preset=\u00bbdefault\u00bb global_colors_info=\u00bb{}\u00bb][et_pb_image src=\u00bbhttps:\/\/www.ieec.cat\/wp-content\/uploads\/2023\/06\/Imatge-recurs-1.png\u00bb title_text=\u00bbImatge-recurs\u00bb _builder_version=\u00bb4.16&#8243; _module_preset=\u00bbdefault\u00bb width=\u00bb200px\u00bb width_tablet=\u00bb200px\u00bb width_phone=\u00bb201px\u00bb width_last_edited=\u00bbon|phone\u00bb max_width=\u00bb90%\u00bb module_alignment=\u00bbcenter\u00bb filter_saturate=\u00bb0%\u00bb border_radii=\u00bbon|1800px|1800px|1800px|1800px\u00bb locked=\u00bboff\u00bb global_colors_info=\u00bb{}\u00bb][\/et_pb_image][et_pb_text _builder_version=\u00bb4.16&#8243; _module_preset=\u00bbdefault\u00bb header_3_text_color=\u00bb#1e2793&#8243; custom_margin=\u00bb0px||0px||false|false\u00bb custom_padding=\u00bb0px||0px||false|false\u00bb locked=\u00bboff\u00bb global_colors_info=\u00bb{}\u00bb]<\/p>\n<h3 style=\"text-align: center;\"><strong>Lisa Kaltenegger<\/strong><\/h3>\n<p>[\/et_pb_text][et_pb_text _builder_version=\u00bb4.16&#8243; _module_preset=\u00bbdefault\u00bb text_font=\u00bb|700|||||||\u00bb text_orientation=\u00bbcenter\u00bb custom_margin=\u00bb0px||0px||false|false\u00bb custom_padding=\u00bb0px||0px||false|false\u00bb locked=\u00bboff\u00bb global_colors_info=\u00bb{}\u00bb]<\/p>\n<p style=\"text-align: center;\">Directora<br \/><em><\/em><\/p>\n<p>[\/et_pb_text][et_pb_text _builder_version=\u00bb4.16&#8243; _module_preset=\u00bbdefault\u00bb text_font=\u00bb||on||||||\u00bb text_line_height=\u00bb1em\u00bb text_orientation=\u00bbcenter\u00bb custom_margin=\u00bb0px||0px||true|false\u00bb custom_padding=\u00bb0px||0px||false|false\u00bb locked=\u00bboff\u00bb global_colors_info=\u00bb{}\u00bb]<\/p>\n<p>Carl Sagan Institute, Cornell<br \/><strong><\/strong><strong><\/strong><\/p>\n<p>[\/et_pb_text][et_pb_text _builder_version=\u00bb4.16&#8243; _module_preset=\u00bbdefault\u00bb text_font=\u00bb|700|on||||||\u00bb text_orientation=\u00bbcenter\u00bb custom_margin=\u00bb0px||0px||false|false\u00bb custom_padding=\u00bb0px||0px||false|false\u00bb locked=\u00bboff\u00bb global_colors_info=\u00bb{}\u00bb]<\/p>\n<p>EE.UU.<\/p>\n<p>[\/et_pb_text][\/et_pb_column][\/et_pb_row][et_pb_row column_structure=\u00bb1_3,1_3,1_3&#8243; _builder_version=\u00bb4.16&#8243; _module_preset=\u00bbdefault\u00bb ab_goal=\u00bbon\u00bb locked=\u00bboff\u00bb global_colors_info=\u00bb{}\u00bb][et_pb_column type=\u00bb1_3&#8243; _builder_version=\u00bb4.16&#8243; _module_preset=\u00bbdefault\u00bb global_colors_info=\u00bb{}\u00bb][et_pb_image src=\u00bbhttps:\/\/www.ieec.cat\/wp-content\/uploads\/2023\/06\/Xavier-Lobao.png\u00bb alt=\u00bbXavier Lobao\u00bb title_text=\u00bbXavier Lobao\u00bb _builder_version=\u00bb4.16&#8243; _module_preset=\u00bbdefault\u00bb width=\u00bb200px\u00bb width_tablet=\u00bb200px\u00bb width_phone=\u00bb201px\u00bb width_last_edited=\u00bbon|phone\u00bb max_width=\u00bb90%\u00bb module_alignment=\u00bbcenter\u00bb filter_saturate=\u00bb0%\u00bb border_radii=\u00bbon|1800px|1800px|1800px|1800px\u00bb locked=\u00bboff\u00bb global_colors_info=\u00bb{}\u00bb][\/et_pb_image][et_pb_text _builder_version=\u00bb4.16&#8243; _module_preset=\u00bbdefault\u00bb header_3_text_color=\u00bb#1e2793&#8243; custom_margin=\u00bb0px||0px||false|false\u00bb custom_padding=\u00bb0px||0px||false|false\u00bb global_colors_info=\u00bb{}\u00bb]<\/p>\n<h3 style=\"text-align: center;\"><strong>Xavier Lobao<\/strong><\/h3>\n<p>[\/et_pb_text][et_pb_text _builder_version=\u00bb4.16&#8243; _module_preset=\u00bbdefault\u00bb text_font=\u00bb|700|||||||\u00bb text_orientation=\u00bbcenter\u00bb custom_margin=\u00bb0px||0px||false|false\u00bb custom_padding=\u00bb0px||0px||false|false\u00bb global_colors_info=\u00bb{}\u00bb]<\/p>\n<p>Jefe de la Divisi\u00f3n de Proyectos del Futuro, Departamento de Telecomunicaciones<\/p>\n<p>[\/et_pb_text][et_pb_text _builder_version=\u00bb4.16&#8243; _module_preset=\u00bbdefault\u00bb text_font=\u00bb||on||||||\u00bb text_line_height=\u00bb1em\u00bb text_orientation=\u00bbcenter\u00bb custom_margin=\u00bb0px||0px||false|false\u00bb custom_padding=\u00bb0px||0px||false|false\u00bb global_colors_info=\u00bb{}\u00bb]<\/p>\n<p>Agencia Espacial Europea (ESA)<\/p>\n<p>[\/et_pb_text][et_pb_text _builder_version=\u00bb4.16&#8243; _module_preset=\u00bbdefault\u00bb text_font=\u00bb|700|on||||||\u00bb text_orientation=\u00bbcenter\u00bb custom_margin=\u00bb0px||0px||false|false\u00bb custom_padding=\u00bb0px||0px||false|false\u00bb global_colors_info=\u00bb{}\u00bb]<\/p>\n<p>Pa\u00edses Bajos<\/p>\n<p>[\/et_pb_text][\/et_pb_column][et_pb_column type=\u00bb1_3&#8243; _builder_version=\u00bb4.16&#8243; _module_preset=\u00bbdefault\u00bb global_colors_info=\u00bb{}\u00bb][et_pb_text _builder_version=\u00bb4.16&#8243; _module_preset=\u00bbdefault\u00bb text_font=\u00bb|700|||||||\u00bb text_orientation=\u00bbcenter\u00bb custom_margin=\u00bb0px||0px||false|false\u00bb custom_padding=\u00bb0px||0px||false|false\u00bb locked=\u00bboff\u00bb global_colors_info=\u00bb{}\u00bb]<\/p>\n<p style=\"text-align: center;\"Professor<br \/><em><\/em><\/p>\n<p>[\/et_pb_text][\/et_pb_column][et_pb_column type=\u00bb1_3&#8243; _builder_version=\u00bb4.16&#8243; _module_preset=\u00bbdefault\u00bb global_colors_info=\u00bb{}\u00bb][\/et_pb_column][\/et_pb_row][et_pb_row module_id=\u00bb1_3&#8243; _builder_version=\u00bb4.16&#8243; _module_preset=\u00bbdefault\u00bb locked=\u00bboff\u00bb global_colors_info=\u00bb{}\u00bb][et_pb_column type=\u00bb4_4&#8243; _builder_version=\u00bb4.16&#8243; _module_preset=\u00bbdefault\u00bb global_colors_info=\u00bb{}\u00bb][et_pb_text _builder_version=\u00bb4.16&#8243; _module_preset=\u00bbdefault\u00bb header_text_color=\u00bb#1e2793&#8243; header_3_text_color=\u00bb#1e2793&#8243; header_3_font_size=\u00bb28px\u00bb header_3_font_size_tablet=\u00bb24px\u00bb header_3_font_size_phone=\u00bb22px\u00bb header_3_font_size_last_edited=\u00bbon|phone\u00bb locked=\u00bboff\u00bb global_colors_info=\u00bb{}\u00bb]<\/p>\n<h3><strong>1.3 <\/strong>Estructura organizativa interna. Personal del IEEC<\/h3>\n<p>[\/et_pb_text][et_pb_text _builder_version=\u00bb4.16&#8243; _module_preset=\u00bbdefault\u00bb global_colors_info=\u00bb{}\u00bb]Para el desarrollo de los fines atribuidos a esta entidad, el personal del IEEC dispone de una estructura administrativa que se enmarca de forma general en los siguientes \u00e1mbitos de funcionamiento:[\/et_pb_text][et_pb_text _builder_version=\u00bb4.16&#8243; _module_preset=\u00bbdefault\u00bb custom_margin=\u00bb|||70px|false|false\u00bb global_colors_info=\u00bb{}\u00bb]<\/p>\n<p><strong><span class=\"et-pb-icon\" style=\"font-size: 15px; color: #1e2793;\">R\u00a0<\/span><\/strong><b>Personal de direcci\u00f3n, gesti\u00f3n, administraci\u00f3n y servicios:<\/b><span style=\"font-weight: 400;\"> es aquel personal que desarrolla su labor en la Direcci\u00f3n y en las diferentes \u00e1reas de administraci\u00f3n, gesti\u00f3n y servicios del IEEC: \u00c1rea de Gesti\u00f3n, \u00c1rea Jur\u00eddica y \u00c1rea de Promoci\u00f3n del Sector Espacial de Catalunya; as\u00ed como en las diferentes oficinas, la de Comunicaci\u00f3n, de Transferencia de Conocimiento (KTT), de Gesti\u00f3n de Proyectos, y el Observatorio del Montsec.<\/span><\/p>\n<p><strong><span class=\"et-pb-icon\" style=\"font-size: 15px; color: #1e2793;\">R\u00a0 <\/span><\/strong><b>Personal cient\u00edfico:<\/b><span style=\"font-weight: 400;\"> es aquel personal investigador que participa en el desarrollo de proyectos cient\u00edficos o tecnol\u00f3gicos propios o externos.<\/span><strong><\/strong><\/p>\n<p><strong><span class=\"et-pb-icon\" style=\"font-size: 15px; color: #1e2793;\">R\u00a0<\/span><\/strong><b>Personal de ingenier\u00eda:<\/b><span style=\"font-weight: 400;\"> es aquel personal que, con diferentes grados de especializaci\u00f3n, desarrolla actividades relacionadas con servicios tecnol\u00f3gicos de alto valor agregado en el sector espacial.<\/span><\/p>\n<p>[\/et_pb_text][\/et_pb_column][\/et_pb_row][et_pb_row column_structure=\u00bb1_3,1_3,1_3&#8243; use_custom_gutter=\u00bbon\u00bb gutter_width=\u00bb2&#8243; _builder_version=\u00bb4.16&#8243; _module_preset=\u00bbdefault\u00bb custom_padding=\u00bb4px|||||\u00bb locked=\u00bboff\u00bb global_colors_info=\u00bb{}\u00bb][et_pb_column type=\u00bb1_3&#8243; _builder_version=\u00bb4.16&#8243; _module_preset=\u00bbdefault\u00bb global_colors_info=\u00bb{}\u00bb][et_pb_button button_url=\u00bbhttps:\/\/www.ieec.cat\/wp-content\/uploads\/2025\/07\/Classificacio-professional_IEEC_Patronat-17-de-juny-2025.pdf\u00bb url_new_window=\u00bbon\u00bb button_text=\u00bbclasificaci\u00f3n profesional del personal\u00bb button_alignment=\u00bbleft\u00bb _builder_version=\u00bb4.27.4&#8243; _module_preset=\u00bbdefault\u00bb custom_button=\u00bbon\u00bb button_text_size=\u00bb17px\u00bb button_text_color=\u00bb#FFFFFF\u00bb button_bg_color=\u00bb#406fda\u00bb button_border_width=\u00bb0px\u00bb button_border_color=\u00bbRGBA(255,255,255,0)\u00bb button_border_radius=\u00bb0px\u00bb button_letter_spacing=\u00bb1px\u00bb button_font=\u00bbCairo|700||on|||||\u00bb button_icon=\u00bb&#xf15b;||fa||400&#8243; button_icon_color=\u00bb#FFFFFF\u00bb button_icon_placement=\u00bbleft\u00bb button_on_hover=\u00bboff\u00bb background_layout=\u00bbdark\u00bb custom_margin=\u00bb0px|0px|0px|0px|false|false\u00bb custom_padding=\u00bb13px|80px|13px|80px|true|false\u00bb button_border_width_tablet=\u00bb6px\u00bb button_border_width_phone=\u00bb6px\u00bb button_border_width_last_edited=\u00bbon|desktop\u00bb global_colors_info=\u00bb{}\u00bb button_border_width__hover_enabled=\u00bbon|hover\u00bb button_border_width__hover=\u00bb6px\u00bb button_bg_color__hover=\u00bb#1e2751&#8243; button_bg_color__hover_enabled=\u00bbon|hover\u00bb][\/et_pb_button][\/et_pb_column][et_pb_column type=\u00bb1_3&#8243; _builder_version=\u00bb4.16&#8243; _module_preset=\u00bbdefault\u00bb global_colors_info=\u00bb{}\u00bb][et_pb_button button_url=\u00bbhttps:\/\/www.ieec.cat\/wp-content\/uploads\/2025\/07\/RLT_-IEEC_17.06.2025-per-web.pdf\u00bb url_new_window=\u00bbon\u00bb button_text=\u00bbRelaci\u00f3n de puestos de trabajo (RLT)\u00bb button_alignment=\u00bbleft\u00bb _builder_version=\u00bb4.27.4&#8243; _module_preset=\u00bbdefault\u00bb custom_button=\u00bbon\u00bb button_text_size=\u00bb17px\u00bb button_text_color=\u00bb#FFFFFF\u00bb button_bg_color=\u00bb#406fda\u00bb button_border_width=\u00bb0px\u00bb button_border_color=\u00bbRGBA(255,255,255,0)\u00bb button_border_radius=\u00bb0px\u00bb button_letter_spacing=\u00bb1px\u00bb button_font=\u00bbCairo|700||on|||||\u00bb button_icon=\u00bb&#xf15b;||fa||400&#8243; button_icon_color=\u00bb#FFFFFF\u00bb button_icon_placement=\u00bbleft\u00bb button_on_hover=\u00bboff\u00bb background_layout=\u00bbdark\u00bb custom_margin=\u00bb0px|0px|0px|0px|false|false\u00bb custom_padding=\u00bb13px|80px|13px|80px|true|false\u00bb button_border_width_tablet=\u00bb6px\u00bb button_border_width_phone=\u00bb6px\u00bb button_border_width_last_edited=\u00bbon|desktop\u00bb global_colors_info=\u00bb{}\u00bb button_border_width__hover_enabled=\u00bbon|hover\u00bb button_border_width__hover=\u00bb6px\u00bb button_bg_color__hover=\u00bb#1e2751&#8243; button_bg_color__hover_enabled=\u00bbon|hover\u00bb][\/et_pb_button][\/et_pb_column][et_pb_column type=\u00bb1_3&#8243; _builder_version=\u00bb4.16&#8243; _module_preset=\u00bbdefault\u00bb global_colors_info=\u00bb{}\u00bb][et_pb_button button_url=\u00bbhttps:\/\/www.ieec.cat\/wp-content\/uploads\/2022\/12\/compatibilitat-alberto-garcia.pdf\u00bb url_new_window=\u00bbon\u00bb button_text=\u00bbCompatibilidades personal 2\u00aa actividad\u00bb button_alignment=\u00bbleft\u00bb _builder_version=\u00bb4.16&#8243; _module_preset=\u00bbdefault\u00bb custom_button=\u00bbon\u00bb button_text_size=\u00bb17px\u00bb button_text_color=\u00bb#FFFFFF\u00bb button_bg_color=\u00bb#406fda\u00bb button_border_width=\u00bb0px\u00bb button_border_color=\u00bbRGBA(255,255,255,0)\u00bb button_border_radius=\u00bb0px\u00bb button_letter_spacing=\u00bb1px\u00bb button_font=\u00bbCairo|700||on|||||\u00bb button_icon=\u00bb&#xf15b;||fa||400&#8243; button_icon_color=\u00bb#FFFFFF\u00bb button_icon_placement=\u00bbleft\u00bb button_on_hover=\u00bboff\u00bb background_layout=\u00bbdark\u00bb custom_margin=\u00bb0px|0px|0px|0px|false|false\u00bb custom_padding=\u00bb13px|80px|13px|80px|true|false\u00bb button_border_width_tablet=\u00bb6px\u00bb button_border_width_phone=\u00bb6px\u00bb button_border_width_last_edited=\u00bbon|desktop\u00bb global_colors_info=\u00bb{}\u00bb button_border_width__hover_enabled=\u00bbon|hover\u00bb button_border_width__hover=\u00bb6px\u00bb button_bg_color__hover=\u00bb#1e2751&#8243; button_bg_color__hover_enabled=\u00bbon|hover\u00bb][\/et_pb_button][\/et_pb_column][\/et_pb_row][et_pb_row module_id=\u00bb1_4&#8243; _builder_version=\u00bb4.16&#8243; _module_preset=\u00bbdefault\u00bb global_colors_info=\u00bb{}\u00bb][et_pb_column type=\u00bb4_4&#8243; _builder_version=\u00bb4.16&#8243; _module_preset=\u00bbdefault\u00bb global_colors_info=\u00bb{}\u00bb][et_pb_text _builder_version=\u00bb4.16&#8243; _module_preset=\u00bbdefault\u00bb header_text_color=\u00bb#1e2793&#8243; header_3_text_color=\u00bb#1e2793&#8243; header_3_font_size=\u00bb28px\u00bb header_3_font_size_tablet=\u00bb24px\u00bb header_3_font_size_phone=\u00bb22px\u00bb header_3_font_size_last_edited=\u00bbon|phone\u00bb locked=\u00bboff\u00bb global_colors_info=\u00bb{}\u00bb]<\/p>\n<h3><strong>1.4<\/strong> Convocatorias y resultados procesos selectivos<\/h3>\n<p>[\/et_pb_text][et_pb_text _builder_version=\u00bb4.16&#8243; _module_preset=\u00bbdefault\u00bb global_colors_info=\u00bb{}\u00bb]El IEEC promueve el desarrollo de una carrera profesional en el \u00e1mbito de todas las \u00e1reas de conocimiento y tecnolog\u00edas aplicadas al sector espacial y las ciencias espaciales, incluida la astrof\u00edsica, la cosmolog\u00eda, la ciencia planetaria, la observaci\u00f3n de la Tierra y la ingenier\u00eda espacial.<\/p>\n<p>Pod\u00e9is consultar las convocatorias de personal abiertas en la actualidad, as\u00ed como las condiciones, plazos y material necesario para la presentaci\u00f3n de solicitudes, en el siguiente enlace:[\/et_pb_text][\/et_pb_column][\/et_pb_row][et_pb_row _builder_version=\u00bb4.16&#8243; _module_preset=\u00bbdefault\u00bb custom_padding=\u00bb7px|||||\u00bb global_colors_info=\u00bb{}\u00bb][et_pb_column type=\u00bb4_4&#8243; _builder_version=\u00bb4.16&#8243; _module_preset=\u00bbdefault\u00bb global_colors_info=\u00bb{}\u00bb][et_pb_button button_url=\u00bbhttps:\/\/www.ieec.cat\/es\/ieec\/ofertas-de-trabajo\/\u00bb button_text=\u00bbOFERTAS DE TRABAJO\u00bb button_alignment=\u00bbcenter\u00bb _builder_version=\u00bb4.16&#8243; _module_preset=\u00bbdefault\u00bb custom_button=\u00bbon\u00bb button_text_size=\u00bb17px\u00bb button_letter_spacing=\u00bb4px\u00bb button_on_hover=\u00bboff\u00bb custom_margin=\u00bb0px|-29px|0px||false|false\u00bb custom_padding=\u00bb15px|52px|15px|40px|false|false\u00bb locked=\u00bboff\u00bb global_colors_info=\u00bb{}\u00bb][\/et_pb_button][\/et_pb_column][\/et_pb_row][et_pb_row _builder_version=\u00bb4.16&#8243; _module_preset=\u00bbdefault\u00bb custom_padding=\u00bb7px|||||\u00bb global_colors_info=\u00bb{}\u00bb][et_pb_column type=\u00bb4_4&#8243; _builder_version=\u00bb4.16&#8243; _module_preset=\u00bbdefault\u00bb global_colors_info=\u00bb{}\u00bb][\/et_pb_column][\/et_pb_row][et_pb_row _builder_version=\u00bb4.16&#8243; _module_preset=\u00bbdefault\u00bb global_colors_info=\u00bb{}\u00bb][et_pb_column type=\u00bb4_4&#8243; _builder_version=\u00bb4.16&#8243; _module_preset=\u00bbdefault\u00bb global_colors_info=\u00bb{}\u00bb][et_pb_text _builder_version=\u00bb4.16&#8243; _module_preset=\u00bbdefault\u00bb global_colors_info=\u00bb{}\u00bb]Los procesos de selecci\u00f3n de personal del IEEC garantizan los principios de igualdad, m\u00e9rito y capacidad, as\u00ed como los criterios oficiales europeos en materia de contrataci\u00f3n de personal.[\/et_pb_text][\/et_pb_column][\/et_pb_row][et_pb_row module_id=\u00bb1_5&#8243; _builder_version=\u00bb4.16&#8243; _module_preset=\u00bbdefault\u00bb locked=\u00bboff\u00bb global_colors_info=\u00bb{}\u00bb][et_pb_column type=\u00bb4_4&#8243; _builder_version=\u00bb4.16&#8243; _module_preset=\u00bbdefault\u00bb global_colors_info=\u00bb{}\u00bb][et_pb_text _builder_version=\u00bb4.16&#8243; _module_preset=\u00bbdefault\u00bb header_text_color=\u00bb#1e2793&#8243; header_3_text_color=\u00bb#1e2793&#8243; header_3_font_size=\u00bb28px\u00bb header_3_font_size_tablet=\u00bb24px\u00bb header_3_font_size_phone=\u00bb22px\u00bb header_3_font_size_last_edited=\u00bbon|phone\u00bb locked=\u00bboff\u00bb global_colors_info=\u00bb{}\u00bb]<\/p>\n<h3><strong>1.5<\/strong> Relaci\u00f3n altos cargos<\/h3>\n<p>[\/et_pb_text][et_pb_text _builder_version=\u00bb4.16&#8243; _module_preset=\u00bbdefault\u00bb global_colors_info=\u00bb{}\u00bb]No aplica. En el IEEC no existe ninguna persona contratada que tenga la consideraci\u00f3n de alto cargo seg\u00fan la Ley 13\/205, de 27 de diciembre, del r\u00e9gimen de incompatibilidades de altos cargos al servicio de la Generalitat de Catalunya.[\/et_pb_text][\/et_pb_column][\/et_pb_row][et_pb_row module_id=\u00bb1_6&#8243; _builder_version=\u00bb4.16&#8243; _module_preset=\u00bbdefault\u00bb locked=\u00bboff\u00bb global_colors_info=\u00bb{}\u00bb][et_pb_column type=\u00bb4_4&#8243; _builder_version=\u00bb4.16&#8243; _module_preset=\u00bbdefault\u00bb global_colors_info=\u00bb{}\u00bb][et_pb_text _builder_version=\u00bb4.16&#8243; _module_preset=\u00bbdefault\u00bb header_text_color=\u00bb#1e2793&#8243; header_3_text_color=\u00bb#1e2793&#8243; header_3_font_size=\u00bb28px\u00bb header_3_font_size_tablet=\u00bb24px\u00bb header_3_font_size_phone=\u00bb22px\u00bb header_3_font_size_last_edited=\u00bbon|phone\u00bb locked=\u00bboff\u00bb global_colors_info=\u00bb{}\u00bb]<\/p>\n<h3><strong>1.6<\/strong> Convenios, acuerdos o pactos de naturaleza funcionarial, laboral y sindical <\/h3>\n<p>[\/et_pb_text][et_pb_text _builder_version=\u00bb4.16&#8243; _module_preset=\u00bbdefault\u00bb global_colors_info=\u00bb{}\u00bb]No aplica.[\/et_pb_text][\/et_pb_column][\/et_pb_row][et_pb_row module_id=\u00bb1_7&#8243; _builder_version=\u00bb4.16&#8243; _module_preset=\u00bbdefault\u00bb locked=\u00bboff\u00bb global_colors_info=\u00bb{}\u00bb][et_pb_column type=\u00bb4_4&#8243; _builder_version=\u00bb4.16&#8243; _module_preset=\u00bbdefault\u00bb global_colors_info=\u00bb{}\u00bb][et_pb_text _builder_version=\u00bb4.16&#8243; _module_preset=\u00bbdefault\u00bb header_text_color=\u00bb#1e2793&#8243; header_3_text_color=\u00bb#1e2793&#8243; header_3_font_size=\u00bb28px\u00bb header_3_font_size_tablet=\u00bb24px\u00bb header_3_font_size_phone=\u00bb22px\u00bb header_3_font_size_last_edited=\u00bbon|phone\u00bb locked=\u00bboff\u00bb global_colors_info=\u00bb{}\u00bb]<\/p>\n<h3><strong>1.7<\/strong> Cat\u00e1logo de los servicios prestados, cartas de servicios existentes<\/h3>\n<p>[\/et_pb_text][et_pb_text _builder_version=\u00bb4.16&#8243; _module_preset=\u00bbdefault\u00bb global_colors_info=\u00bb{}\u00bb]No aplica.[\/et_pb_text][et_pb_text _builder_version=\u00bb4.16&#8243; _module_preset=\u00bbdefault\u00bb header_text_color=\u00bb#1e2793&#8243; header_3_text_color=\u00bb#1e2793&#8243; header_3_font_size=\u00bb28px\u00bb header_3_font_size_tablet=\u00bb24px\u00bb header_3_font_size_phone=\u00bb22px\u00bb header_3_font_size_last_edited=\u00bbon|phone\u00bb locked=\u00bboff\u00bb global_colors_info=\u00bb{}\u00bb]<\/p>\n<h3><strong>1.8<\/strong> Acuerdos relativos a la creaci\u00f3n, participaci\u00f3n y funcionamiento de los entes p\u00fablicos, las sociedades y fundaciones p\u00fablicas, los consorcios y otras entidades vinculadas a la Administraci\u00f3n P\u00fablica<\/h3>\n<p>[\/et_pb_text][et_pb_text module_id=\u00bb1_9&#8243; _builder_version=\u00bb4.16&#8243; _module_preset=\u00bbdefault\u00bb header_text_color=\u00bb#1e2793&#8243; header_3_text_color=\u00bb#1e2793&#8243; header_3_font_size=\u00bb28px\u00bb header_3_font_size_tablet=\u00bb24px\u00bb header_3_font_size_phone=\u00bb22px\u00bb header_3_font_size_last_edited=\u00bbon|phone\u00bb locked=\u00bboff\u00bb global_colors_info=\u00bb{}\u00bb]<\/p>\n<h3><strong>1.9<\/strong> Canales de participaci\u00f3n y los procedimientos participativos en tr\u00e1mite<\/h3>\n<p>[\/et_pb_text][et_pb_text _builder_version=\u00bb4.16&#8243; _module_preset=\u00bbdefault\u00bb global_colors_info=\u00bb{}\u00bb]No aplica.[\/et_pb_text][\/et_pb_column][\/et_pb_row][et_pb_row admin_label=\u00bb2. Decisions i actuacions de rellev\u00e0ncia jur\u00eddica\u00bb module_id=\u00bb2&#8243; _builder_version=\u00bb4.16&#8243; _module_preset=\u00bbdefault\u00bb custom_padding=\u00bb||19px||false|false\u00bb locked=\u00bboff\u00bb global_colors_info=\u00bb{}\u00bb][et_pb_column type=\u00bb4_4&#8243; _builder_version=\u00bb4.16&#8243; _module_preset=\u00bbdefault\u00bb global_colors_info=\u00bb{}\u00bb][et_pb_text _builder_version=\u00bb4.16&#8243; _module_preset=\u00bbdefault\u00bb text_text_color=\u00bb#E02B20&#8243; header_2_text_color=\u00bb#1e2793&#8243; header_2_font_size=\u00bb32px\u00bb custom_margin=\u00bb0px||10px|0px|false|false\u00bb custom_padding=\u00bb0px||0px|0px|false|false\u00bb custom_padding_tablet=\u00bb0px||0px|0px|false|false\u00bb custom_padding_phone=\u00bb0px||0px|0px|false|false\u00bb custom_padding_last_edited=\u00bbon|tablet\u00bb header_2_font_size_tablet=\u00bb28px\u00bb header_2_font_size_phone=\u00bb26px\u00bb header_2_font_size_last_edited=\u00bbon|phone\u00bb global_colors_info=\u00bb{}\u00bb]<\/p>\n<h2>2. <strong>Decisiones y actuaciones de relevancia jur\u00eddica<\/strong><\/h2>\n<p>[\/et_pb_text][et_pb_text _builder_version=\u00bb4.16&#8243; _module_preset=\u00bbdefault\u00bb global_colors_info=\u00bb{}\u00bb]Normativa, directivas e instrucciones aprobadas por la Fundaci\u00f3n Institut d\u2019Estudis Espacials de Catalunya:[\/et_pb_text][\/et_pb_column][\/et_pb_row][et_pb_row column_structure=\u00bb1_3,1_3,1_3&#8243; use_custom_gutter=\u00bbon\u00bb gutter_width=\u00bb2&#8243; _builder_version=\u00bb4.16&#8243; _module_preset=\u00bbdefault\u00bb min_height=\u00bb96.4px\u00bb custom_margin=\u00bb0px||||false|false\u00bb custom_padding=\u00bb||0px||false|false\u00bb locked=\u00bboff\u00bb global_colors_info=\u00bb{}\u00bb][et_pb_column type=\u00bb1_3&#8243; _builder_version=\u00bb4.16&#8243; _module_preset=\u00bbdefault\u00bb global_colors_info=\u00bb{}\u00bb][et_pb_button button_url=\u00bbhttps:\/\/www.ieec.cat\/wp-content\/uploads\/2025\/07\/IEEC-Reglament-de-funcionament-intern_2023_v1.pdf\u00bb url_new_window=\u00bbon\u00bb button_text=\u00bbReglamento de funcionamiento interno\u00bb button_alignment=\u00bbcenter\u00bb _builder_version=\u00bb4.27.4&#8243; _module_preset=\u00bbdefault\u00bb custom_button=\u00bbon\u00bb button_text_size=\u00bb19px\u00bb button_text_color=\u00bb#FFFFFF\u00bb button_bg_color=\u00bb#406fda\u00bb button_border_width=\u00bb0px\u00bb button_border_color=\u00bbRGBA(255,255,255,0)\u00bb button_border_radius=\u00bb0px\u00bb button_letter_spacing=\u00bb1px\u00bb button_font=\u00bbCairo|700||on|||||\u00bb button_icon=\u00bb&#xf15b;||fa||400&#8243; button_icon_color=\u00bb#FFFFFF\u00bb button_icon_placement=\u00bbleft\u00bb button_on_hover=\u00bboff\u00bb background_layout=\u00bbdark\u00bb custom_margin=\u00bb0px|0px|0px|0px|false|false\u00bb custom_padding=\u00bb13px|30px|13px|60px|true|false\u00bb button_border_width_tablet=\u00bb6px\u00bb button_border_width_phone=\u00bb6px\u00bb button_border_width_last_edited=\u00bbon|desktop\u00bb global_colors_info=\u00bb{}\u00bb button_border_width__hover_enabled=\u00bbon|hover\u00bb button_border_width__hover=\u00bb6px\u00bb button_bg_color__hover=\u00bb#1e2751&#8243; button_bg_color__hover_enabled=\u00bbon|hover\u00bb][\/et_pb_button][\/et_pb_column][et_pb_column type=\u00bb1_3&#8243; _builder_version=\u00bb4.16&#8243; _module_preset=\u00bbdefault\u00bb global_colors_info=\u00bb{}\u00bb][et_pb_button button_url=\u00bbhttps:\/\/www.ieec.cat\/wp-content\/uploads\/2025\/07\/Text-refos-Instruccio-contractacio-menor_Patronat-17-de-juny-2025-DEF-Patronat.pdf\u00bb url_new_window=\u00bbon\u00bb button_text=\u00bbInstrucci\u00f3n sobre la tramitaci\u00f3n de contratos menores\u00bb button_alignment=\u00bbcenter\u00bb _builder_version=\u00bb4.27.4&#8243; _module_preset=\u00bbdefault\u00bb custom_button=\u00bbon\u00bb button_text_size=\u00bb19px\u00bb button_text_color=\u00bb#FFFFFF\u00bb button_bg_color=\u00bb#406fda\u00bb button_border_width=\u00bb0px\u00bb button_border_color=\u00bbRGBA(255,255,255,0)\u00bb button_border_radius=\u00bb0px\u00bb button_letter_spacing=\u00bb1px\u00bb button_font=\u00bbCairo|700||on|||||\u00bb button_icon=\u00bb&#xf15b;||fa||400&#8243; button_icon_color=\u00bb#FFFFFF\u00bb button_icon_placement=\u00bbleft\u00bb button_on_hover=\u00bboff\u00bb background_layout=\u00bbdark\u00bb custom_margin=\u00bb0px|0px|0px|0px|false|false\u00bb custom_padding=\u00bb13px|45px|13px|60px|true|false\u00bb button_border_width_tablet=\u00bb6px\u00bb button_border_width_phone=\u00bb6px\u00bb button_border_width_last_edited=\u00bbon|desktop\u00bb locked=\u00bboff\u00bb global_colors_info=\u00bb{}\u00bb button_border_width__hover_enabled=\u00bbon|hover\u00bb button_border_width__hover=\u00bb6px\u00bb button_bg_color__hover=\u00bb#1e2751&#8243; button_bg_color__hover_enabled=\u00bbon|hover\u00bb][\/et_pb_button][\/et_pb_column][et_pb_column type=\u00bb1_3&#8243; _builder_version=\u00bb4.16&#8243; _module_preset=\u00bbdefault\u00bb global_colors_info=\u00bb{}\u00bb][et_pb_button button_url=\u00bbhttps:\/\/www.ieec.cat\/wp-content\/uploads\/2023\/07\/Pla-de-mesures-antifrau-IEEC.pdf\u00bb url_new_window=\u00bbon\u00bb button_text=\u00bbPlan de medidas antifraude\u00bb button_alignment=\u00bbcenter\u00bb _builder_version=\u00bb4.16&#8243; _module_preset=\u00bbdefault\u00bb custom_button=\u00bbon\u00bb button_text_size=\u00bb19px\u00bb button_text_color=\u00bb#FFFFFF\u00bb button_bg_color=\u00bb#406fda\u00bb button_border_width=\u00bb0px\u00bb button_border_color=\u00bbRGBA(255,255,255,0)\u00bb button_border_radius=\u00bb0px\u00bb button_letter_spacing=\u00bb1px\u00bb button_font=\u00bbCairo|700||on|||||\u00bb button_icon=\u00bb&#xf15b;||fa||400&#8243; button_icon_color=\u00bb#FFFFFF\u00bb button_icon_placement=\u00bbleft\u00bb button_on_hover=\u00bboff\u00bb background_layout=\u00bbdark\u00bb custom_margin=\u00bb0px|0px|0px|0px|false|false\u00bb custom_padding=\u00bb13px|70px|13px|90px|true|false\u00bb button_border_width_tablet=\u00bb6px\u00bb button_border_width_phone=\u00bb6px\u00bb button_border_width_last_edited=\u00bbon|desktop\u00bb locked=\u00bboff\u00bb global_colors_info=\u00bb{}\u00bb button_border_width__hover_enabled=\u00bbon|hover\u00bb button_border_width__hover=\u00bb6px\u00bb button_bg_color__hover=\u00bb#1e2751&#8243; button_bg_color__hover_enabled=\u00bbon|hover\u00bb][\/et_pb_button][\/et_pb_column][\/et_pb_row][et_pb_row column_structure=\u00bb1_3,1_3,1_3&#8243; use_custom_gutter=\u00bbon\u00bb gutter_width=\u00bb2&#8243; _builder_version=\u00bb4.16&#8243; _module_preset=\u00bbdefault\u00bb min_height=\u00bb96.4px\u00bb custom_margin=\u00bb0px||||false|false\u00bb custom_padding=\u00bb||0px||false|false\u00bb locked=\u00bboff\u00bb global_colors_info=\u00bb{}\u00bb][et_pb_column type=\u00bb1_3&#8243; _builder_version=\u00bb4.16&#8243; _module_preset=\u00bbdefault\u00bb global_colors_info=\u00bb{}\u00bb][et_pb_button button_url=\u00bbhttps:\/\/www.ieec.cat\/wp-content\/uploads\/2026\/03\/RAT_IEEC_febrer_26.pdf\u00bb url_new_window=\u00bbon\u00bb button_text=\u00bbInventario y registro de actividades del tratamiento\u00bb button_alignment=\u00bbcenter\u00bb _builder_version=\u00bb4.27.5&#8243; _module_preset=\u00bbdefault\u00bb custom_button=\u00bbon\u00bb button_text_size=\u00bb19px\u00bb button_text_color=\u00bb#FFFFFF\u00bb button_bg_color=\u00bb#406fda\u00bb button_border_width=\u00bb0px\u00bb button_border_color=\u00bbRGBA(255,255,255,0)\u00bb button_border_radius=\u00bb0px\u00bb button_letter_spacing=\u00bb1px\u00bb button_font=\u00bbCairo|700||on|||||\u00bb button_icon=\u00bb&#xf15b;||fa||400&#8243; button_icon_color=\u00bb#FFFFFF\u00bb button_icon_placement=\u00bbleft\u00bb button_on_hover=\u00bboff\u00bb background_layout=\u00bbdark\u00bb custom_margin=\u00bb0px|0px|0px|0px|false|false\u00bb custom_padding=\u00bb13px|30px|13px|60px|true|false\u00bb button_border_width_tablet=\u00bb6px\u00bb button_border_width_phone=\u00bb6px\u00bb button_border_width_last_edited=\u00bbon|desktop\u00bb global_colors_info=\u00bb{}\u00bb button_border_width__hover_enabled=\u00bbon|hover\u00bb button_border_width__hover=\u00bb6px\u00bb button_bg_color__hover=\u00bb#1e2751&#8243; button_bg_color__hover_enabled=\u00bbon|hover\u00bb][\/et_pb_button][\/et_pb_column][et_pb_column type=\u00bb1_3&#8243; _builder_version=\u00bb4.16&#8243; _module_preset=\u00bbdefault\u00bb global_colors_info=\u00bb{}\u00bb][\/et_pb_column][et_pb_column type=\u00bb1_3&#8243; _builder_version=\u00bb4.16&#8243; _module_preset=\u00bbdefault\u00bb global_colors_info=\u00bb{}\u00bb][\/et_pb_column][\/et_pb_row][et_pb_row admin_label=\u00bb2. Decisions i actuacions de rellev\u00e0ncia jur\u00eddica\u00bb module_id=\u00bb2&#8243; _builder_version=\u00bb4.16&#8243; _module_preset=\u00bbdefault\u00bb custom_padding=\u00bb60px||8px||false|false\u00bb locked=\u00bboff\u00bb global_colors_info=\u00bb{}\u00bb][et_pb_column type=\u00bb4_4&#8243; _builder_version=\u00bb4.16&#8243; _module_preset=\u00bbdefault\u00bb global_colors_info=\u00bb{}\u00bb][et_pb_text module_id=\u00bb3&#8243; _builder_version=\u00bb4.16&#8243; _module_preset=\u00bbdefault\u00bb text_text_color=\u00bb#E02B20&#8243; header_2_text_color=\u00bb#1e2793&#8243; header_2_font_size=\u00bb32px\u00bb custom_margin=\u00bb0px||10px|0px|false|false\u00bb custom_padding=\u00bb0px||0px|0px|false|false\u00bb custom_padding_tablet=\u00bb0px||0px|0px|false|false\u00bb custom_padding_phone=\u00bb0px||0px|0px|false|false\u00bb custom_padding_last_edited=\u00bbon|tablet\u00bb header_2_font_size_tablet=\u00bb28px\u00bb header_2_font_size_phone=\u00bb26px\u00bb header_2_font_size_last_edited=\u00bbon|phone\u00bb global_colors_info=\u00bb{}\u00bb]<\/p>\n<h2>3. <strong>Informaci\u00f3n contable, econ\u00f3mica, presupuestaria y patrimonial<\/strong><\/h2>\n<p>[\/et_pb_text][et_pb_text module_id=\u00bb3_1&#8243; _builder_version=\u00bb4.16&#8243; _module_preset=\u00bbdefault\u00bb header_text_color=\u00bb#1e2793&#8243; header_3_text_color=\u00bb#1e2793&#8243; header_3_font_size=\u00bb28px\u00bb custom_margin=\u00bb20px||15px||false|false\u00bb header_3_font_size_tablet=\u00bb24px\u00bb header_3_font_size_phone=\u00bb22px\u00bb header_3_font_size_last_edited=\u00bbon|phone\u00bb locked=\u00bboff\u00bb global_colors_info=\u00bb{}\u00bb]<\/p>\n<h3><strong>3.1<\/strong> Presupuesto del IEEC<\/h3>\n<p>[\/et_pb_text][\/et_pb_column][\/et_pb_row][et_pb_row column_structure=\u00bb1_3,1_3,1_3&#8243; _builder_version=\u00bb4.16&#8243; _module_preset=\u00bbdefault\u00bb min_height=\u00bb96.4px\u00bb custom_margin=\u00bb0px||||false|false\u00bb custom_padding=\u00bb15px||0px||false|false\u00bb locked=\u00bboff\u00bb global_colors_info=\u00bb{}\u00bb][et_pb_column type=\u00bb1_3&#8243; _builder_version=\u00bb4.16&#8243; _module_preset=\u00bbdefault\u00bb global_colors_info=\u00bb{}\u00bb][et_pb_button button_url=\u00bbhttps:\/\/www.ieec.cat\/wp-content\/uploads\/2022\/12\/Copia-de-DOC.-6.-Liquidacio-de-pressupost-2021-IEEC.pdf\u00bb url_new_window=\u00bbon\u00bb button_text=\u00bbLiquidaci\u00f3n presupuesto IEEC 2021&#8243; button_alignment=\u00bbcenter\u00bb _builder_version=\u00bb4.16&#8243; _module_preset=\u00bbdefault\u00bb custom_button=\u00bbon\u00bb button_text_size=\u00bb19px\u00bb button_text_color=\u00bb#FFFFFF\u00bb button_bg_color=\u00bb#406fda\u00bb button_border_width=\u00bb0px\u00bb button_border_color=\u00bbRGBA(255,255,255,0)\u00bb button_border_radius=\u00bb0px\u00bb button_letter_spacing=\u00bb1px\u00bb button_font=\u00bbCairo|700||on|||||\u00bb button_icon=\u00bb&#xf15b;||fa||400&#8243; button_icon_color=\u00bb#FFFFFF\u00bb button_icon_placement=\u00bbleft\u00bb button_on_hover=\u00bboff\u00bb background_layout=\u00bbdark\u00bb custom_margin=\u00bb0px|0px|0px|0px|false|false\u00bb custom_padding=\u00bb13px|30px|13px|60px|true|false\u00bb button_border_width_tablet=\u00bb6px\u00bb button_border_width_phone=\u00bb6px\u00bb button_border_width_last_edited=\u00bbon|desktop\u00bb global_colors_info=\u00bb{}\u00bb button_border_width__hover_enabled=\u00bbon|hover\u00bb button_border_width__hover=\u00bb6px\u00bb button_bg_color__hover=\u00bb#1e2751&#8243; button_bg_color__hover_enabled=\u00bbon|hover\u00bb][\/et_pb_button][\/et_pb_column][et_pb_column type=\u00bb1_3&#8243; _builder_version=\u00bb4.16&#8243; _module_preset=\u00bbdefault\u00bb global_colors_info=\u00bb{}\u00bb][et_pb_button button_url=\u00bbhttps:\/\/www.ieec.cat\/wp-content\/uploads\/2023\/06\/LIQUIDACIO-PRESSUPOST-2022-IEEC.pdf\u00bb url_new_window=\u00bbon\u00bb button_text=\u00bbLiquidaci\u00f3n presupuesto IEEC 2022&#8243; button_alignment=\u00bbcenter\u00bb _builder_version=\u00bb4.16&#8243; _module_preset=\u00bbdefault\u00bb custom_button=\u00bbon\u00bb button_text_size=\u00bb19px\u00bb button_text_color=\u00bb#FFFFFF\u00bb button_bg_color=\u00bb#406fda\u00bb button_border_width=\u00bb0px\u00bb button_border_color=\u00bbRGBA(255,255,255,0)\u00bb button_border_radius=\u00bb0px\u00bb button_letter_spacing=\u00bb1px\u00bb button_font=\u00bbCairo|700||on|||||\u00bb button_icon=\u00bb&#xf15b;||fa||400&#8243; button_icon_color=\u00bb#FFFFFF\u00bb button_icon_placement=\u00bbleft\u00bb button_on_hover=\u00bboff\u00bb background_layout=\u00bbdark\u00bb custom_margin=\u00bb0px|0px|0px|0px|false|false\u00bb custom_padding=\u00bb13px|30px|13px|60px|true|false\u00bb button_border_width_tablet=\u00bb6px\u00bb button_border_width_phone=\u00bb6px\u00bb button_border_width_last_edited=\u00bbon|desktop\u00bb locked=\u00bboff\u00bb global_colors_info=\u00bb{}\u00bb button_border_width__hover_enabled=\u00bbon|hover\u00bb button_border_width__hover=\u00bb6px\u00bb title_3_font_size_tablet=\u00bb24px\u00bb title_3_font_size_phone=\u00bb22px\u00bb title_3_font_size_last_edited=\u00bbon|phone\u00bb button_bg_color__hover=\u00bb#1e2751&#8243; button_bg_color__hover_enabled=\u00bbon|hover\u00bb][\/et_pb_button][\/et_pb_column][et_pb_column type=\u00bb1_3&#8243; _builder_version=\u00bb4.16&#8243; _module_preset=\u00bbdefault\u00bb global_colors_info=\u00bb{}\u00bb][\/et_pb_column][\/et_pb_row][et_pb_row _builder_version=\u00bb4.16&#8243; _module_preset=\u00bbdefault\u00bb custom_margin=\u00bb0px||||false|false\u00bb custom_padding=\u00bb51px||||false|false\u00bb locked=\u00bboff\u00bb global_colors_info=\u00bb{}\u00bb][et_pb_column type=\u00bb4_4&#8243; _builder_version=\u00bb4.16&#8243; _module_preset=\u00bbdefault\u00bb global_colors_info=\u00bb{}\u00bb][et_pb_text module_id=\u00bb3_2&#8243; _builder_version=\u00bb4.16&#8243; _module_preset=\u00bbdefault\u00bb header_text_color=\u00bb#1e2793&#8243; header_3_text_color=\u00bb#1e2793&#8243; header_3_font_size=\u00bb28px\u00bb custom_margin=\u00bb||15px||false|false\u00bb header_3_font_size_tablet=\u00bb24px\u00bb header_3_font_size_phone=\u00bb22px\u00bb header_3_font_size_last_edited=\u00bbon|phone\u00bb locked=\u00bboff\u00bb global_colors_info=\u00bb{}\u00bb]<\/p>\n<h3><strong>3.2<\/strong> Retribuciones, indemnizaciones y dietas y bienes de los altos cargos y del personal directivo de los entes p\u00fablicos<\/h3>\n<p>[\/et_pb_text][et_pb_text _builder_version=\u00bb4.16&#8243; _module_preset=\u00bbdefault\u00bb global_colors_info=\u00bb{}\u00bb]No aplica. En el IEEC no existe ninguna persona contratada que tenga la consideraci\u00f3n de alto cargo seg\u00fan la Ley 13\/205, de 27 de diciembre, del r\u00e9gimen de incompatibilidades de altos cargos al servicio de la Generalitat ni personal contratado de alta direcci\u00f3n.[\/et_pb_text][\/et_pb_column][\/et_pb_row][et_pb_row module_id=\u00bb3_3&#8243; _builder_version=\u00bb4.16&#8243; _module_preset=\u00bbdefault\u00bb custom_margin=\u00bb-1px|auto||auto|false|false\u00bb custom_padding=\u00bb22px||2px||false|false\u00bb locked=\u00bboff\u00bb global_colors_info=\u00bb{}\u00bb][et_pb_column type=\u00bb4_4&#8243; _builder_version=\u00bb4.16&#8243; _module_preset=\u00bbdefault\u00bb global_colors_info=\u00bb{}\u00bb][et_pb_text _builder_version=\u00bb4.16&#8243; _module_preset=\u00bbdefault\u00bb header_text_color=\u00bb#1e2793&#8243; header_3_text_color=\u00bb#1e2793&#8243; header_3_font_size=\u00bb28px\u00bb header_3_font_size_tablet=\u00bb24px\u00bb header_3_font_size_phone=\u00bb22px\u00bb header_3_font_size_last_edited=\u00bbon|phone\u00bb locked=\u00bboff\u00bb global_colors_info=\u00bb{}\u00bb]<\/p>\n<h3><strong>3.3<\/strong> Cuentas anuales e informes de auditor\u00eda<\/h3>\n<p>[\/et_pb_text][et_pb_text _builder_version=\u00bb4.16&#8243; _module_preset=\u00bbdefault\u00bb custom_margin=\u00bb||25px|||\u00bb locked=\u00bboff\u00bb global_colors_info=\u00bb{}\u00bb]A continuaci\u00f3n, se pueden consultar las cuentas anuales del IEEC:[\/et_pb_text][\/et_pb_column][\/et_pb_row][et_pb_row column_structure=\u00bb1_3,1_3,1_3&#8243; use_custom_gutter=\u00bbon\u00bb gutter_width=\u00bb2&#8243; _builder_version=\u00bb4.16&#8243; _module_preset=\u00bbdefault\u00bb min_height=\u00bb99.4px\u00bb custom_margin=\u00bb0px|auto|0px|auto|false|false\u00bb custom_padding=\u00bb4px||0px||false|false\u00bb locked=\u00bboff\u00bb global_colors_info=\u00bb{}\u00bb][et_pb_column type=\u00bb1_3&#8243; _builder_version=\u00bb4.16&#8243; _module_preset=\u00bbdefault\u00bb global_colors_info=\u00bb{}\u00bb][et_pb_button button_url=\u00bbhttps:\/\/www.ieec.cat\/wp-content\/uploads\/2022\/12\/IEEC-CCAA2020-signats.pdf%20&#8243; url_new_window=\u00bbon\u00bb button_text=\u00bbCCAA 2020&#8243; button_alignment=\u00bbcenter\u00bb _builder_version=\u00bb4.16&#8243; _module_preset=\u00bbdefault\u00bb custom_button=\u00bbon\u00bb button_text_size=\u00bb19px\u00bb button_text_color=\u00bb#FFFFFF\u00bb button_bg_color=\u00bb#406fda\u00bb button_border_width=\u00bb0px\u00bb button_border_color=\u00bbRGBA(255,255,255,0)\u00bb button_border_radius=\u00bb0px\u00bb button_letter_spacing=\u00bb1px\u00bb button_font=\u00bbCairo|700||on|||||\u00bb button_icon=\u00bb&#xf15b;||fa||400&#8243; button_icon_color=\u00bb#FFFFFF\u00bb button_icon_placement=\u00bbleft\u00bb button_on_hover=\u00bboff\u00bb background_layout=\u00bbdark\u00bb custom_margin=\u00bb0px|0px|0px|0px|false|false\u00bb custom_padding=\u00bb13px|70px|13px|90px|true|false\u00bb button_border_width_tablet=\u00bb6px\u00bb button_border_width_phone=\u00bb6px\u00bb button_border_width_last_edited=\u00bbon|desktop\u00bb global_colors_info=\u00bb{}\u00bb button_border_width__hover_enabled=\u00bbon|hover\u00bb button_border_width__hover=\u00bb6px\u00bb button_bg_color__hover=\u00bb#1e2751&#8243; button_bg_color__hover_enabled=\u00bbon|hover\u00bb][\/et_pb_button][\/et_pb_column][et_pb_column type=\u00bb1_3&#8243; _builder_version=\u00bb4.16&#8243; _module_preset=\u00bbdefault\u00bb global_colors_info=\u00bb{}\u00bb][et_pb_button button_url=\u00bbhttps:\/\/www.ieec.cat\/wp-content\/uploads\/2022\/12\/CCAA2021-IEEC-signats.pdf\u00bb url_new_window=\u00bbon\u00bb button_text=\u00bbCCAA 2021&#8243; button_alignment=\u00bbcenter\u00bb _builder_version=\u00bb4.16&#8243; _module_preset=\u00bbdefault\u00bb custom_button=\u00bbon\u00bb button_text_size=\u00bb19px\u00bb button_text_color=\u00bb#FFFFFF\u00bb button_bg_color=\u00bb#406fda\u00bb button_border_width=\u00bb0px\u00bb button_border_color=\u00bbRGBA(255,255,255,0)\u00bb button_border_radius=\u00bb0px\u00bb button_letter_spacing=\u00bb1px\u00bb button_font=\u00bbCairo|700||on|||||\u00bb button_icon=\u00bb&#xf15b;||fa||400&#8243; button_icon_color=\u00bb#FFFFFF\u00bb button_icon_placement=\u00bbleft\u00bb button_on_hover=\u00bboff\u00bb background_layout=\u00bbdark\u00bb custom_margin=\u00bb0px|0px|0px|0px|false|false\u00bb custom_padding=\u00bb13px|70px|13px|90px|true|false\u00bb button_border_width_tablet=\u00bb6px\u00bb button_border_width_phone=\u00bb6px\u00bb button_border_width_last_edited=\u00bbon|desktop\u00bb locked=\u00bboff\u00bb global_colors_info=\u00bb{}\u00bb button_border_width__hover_enabled=\u00bbon|hover\u00bb button_border_width__hover=\u00bb6px\u00bb button_bg_color__hover=\u00bb#1e2751&#8243; button_bg_color__hover_enabled=\u00bbon|hover\u00bb][\/et_pb_button][\/et_pb_column][et_pb_column type=\u00bb1_3&#8243; _builder_version=\u00bb4.16&#8243; _module_preset=\u00bbdefault\u00bb global_colors_info=\u00bb{}\u00bb][et_pb_button button_url=\u00bbhttps:\/\/www.ieec.cat\/wp-content\/uploads\/2023\/06\/5.-IEEC-CCAA-22-DEF-2.pdf\u00bb url_new_window=\u00bbon\u00bb button_text=\u00bbCCAA 2022&#8243; button_alignment=\u00bbcenter\u00bb _builder_version=\u00bb4.16&#8243; _module_preset=\u00bbdefault\u00bb custom_button=\u00bbon\u00bb button_text_size=\u00bb19px\u00bb button_text_color=\u00bb#FFFFFF\u00bb button_bg_color=\u00bb#406fda\u00bb button_border_width=\u00bb0px\u00bb button_border_color=\u00bbRGBA(255,255,255,0)\u00bb button_border_radius=\u00bb0px\u00bb button_letter_spacing=\u00bb1px\u00bb button_font=\u00bbCairo|700||on|||||\u00bb button_icon=\u00bb&#xf15b;||fa||400&#8243; button_icon_color=\u00bb#FFFFFF\u00bb button_icon_placement=\u00bbleft\u00bb button_on_hover=\u00bboff\u00bb background_layout=\u00bbdark\u00bb custom_margin=\u00bb0px|0px|0px|0px|false|false\u00bb custom_padding=\u00bb13px|70px|13px|90px|true|false\u00bb button_border_width_tablet=\u00bb6px\u00bb button_border_width_phone=\u00bb6px\u00bb button_border_width_last_edited=\u00bbon|desktop\u00bb locked=\u00bboff\u00bb global_colors_info=\u00bb{}\u00bb button_border_width__hover_enabled=\u00bbon|hover\u00bb button_border_width__hover=\u00bb6px\u00bb button_bg_color__hover=\u00bb#1e2751&#8243; button_bg_color__hover_enabled=\u00bbon|hover\u00bb][\/et_pb_button][\/et_pb_column][\/et_pb_row][et_pb_row column_structure=\u00bb1_3,1_3,1_3&#8243; use_custom_gutter=\u00bbon\u00bb gutter_width=\u00bb2&#8243; _builder_version=\u00bb4.16&#8243; _module_preset=\u00bbdefault\u00bb min_height=\u00bb99.4px\u00bb custom_margin=\u00bb0px|auto|0px|auto|false|false\u00bb custom_padding=\u00bb4px||0px||false|false\u00bb locked=\u00bboff\u00bb global_colors_info=\u00bb{}\u00bb][et_pb_column type=\u00bb1_3&#8243; _builder_version=\u00bb4.16&#8243; _module_preset=\u00bbdefault\u00bb global_colors_info=\u00bb{}\u00bb][et_pb_button button_url=\u00bbhttps:\/\/www.ieec.cat\/wp-content\/uploads\/2024\/10\/2_1_ieec_ccaa_23_signat.pdf\u00bb url_new_window=\u00bbon\u00bb button_text=\u00bbCCAA 2023&#8243; button_alignment=\u00bbcenter\u00bb _builder_version=\u00bb4.16&#8243; _module_preset=\u00bbdefault\u00bb custom_button=\u00bbon\u00bb button_text_size=\u00bb19px\u00bb button_text_color=\u00bb#FFFFFF\u00bb button_bg_color=\u00bb#406fda\u00bb button_border_width=\u00bb0px\u00bb button_border_color=\u00bbRGBA(255,255,255,0)\u00bb button_border_radius=\u00bb0px\u00bb button_letter_spacing=\u00bb1px\u00bb button_font=\u00bbCairo|700||on|||||\u00bb button_icon=\u00bb&#xf15b;||fa||400&#8243; button_icon_color=\u00bb#FFFFFF\u00bb button_icon_placement=\u00bbleft\u00bb button_on_hover=\u00bboff\u00bb background_layout=\u00bbdark\u00bb custom_margin=\u00bb0px|0px|0px|0px|false|false\u00bb custom_padding=\u00bb13px|70px|13px|90px|true|false\u00bb button_border_width_tablet=\u00bb6px\u00bb button_border_width_phone=\u00bb6px\u00bb button_border_width_last_edited=\u00bbon|desktop\u00bb global_colors_info=\u00bb{}\u00bb button_border_width__hover_enabled=\u00bbon|hover\u00bb button_border_width__hover=\u00bb6px\u00bb button_bg_color__hover=\u00bb#1e2751&#8243; button_bg_color__hover_enabled=\u00bbon|hover\u00bb][\/et_pb_button][\/et_pb_column][et_pb_column type=\u00bb1_3&#8243; _builder_version=\u00bb4.16&#8243; _module_preset=\u00bbdefault\u00bb global_colors_info=\u00bb{}\u00bb][et_pb_button button_url=\u00bbhttps:\/\/www.ieec.cat\/wp-content\/uploads\/2025\/07\/CCAA-2024-Fundacio-Institut-Estudis-Espacials-de-Catalunya.pdf\u00bb url_new_window=\u00bbon\u00bb button_text=\u00bbCCAA 2024&#8243; button_alignment=\u00bbcenter\u00bb _builder_version=\u00bb4.27.4&#8243; _module_preset=\u00bbdefault\u00bb custom_button=\u00bbon\u00bb button_text_size=\u00bb19px\u00bb button_text_color=\u00bb#FFFFFF\u00bb button_bg_color=\u00bb#406fda\u00bb button_border_width=\u00bb0px\u00bb button_border_color=\u00bbRGBA(255,255,255,0)\u00bb button_border_radius=\u00bb0px\u00bb button_letter_spacing=\u00bb1px\u00bb button_font=\u00bbCairo|700||on|||||\u00bb button_icon=\u00bb&#xf15b;||fa||400&#8243; button_icon_color=\u00bb#FFFFFF\u00bb button_icon_placement=\u00bbleft\u00bb button_on_hover=\u00bboff\u00bb background_layout=\u00bbdark\u00bb custom_margin=\u00bb0px|0px|0px|0px|false|false\u00bb custom_padding=\u00bb13px|70px|13px|90px|true|false\u00bb button_border_width_tablet=\u00bb6px\u00bb button_border_width_phone=\u00bb6px\u00bb button_border_width_last_edited=\u00bbon|desktop\u00bb locked=\u00bboff\u00bb global_colors_info=\u00bb{}\u00bb button_border_width__hover_enabled=\u00bbon|hover\u00bb button_border_width__hover=\u00bb6px\u00bb button_bg_color__hover=\u00bb#1e2751&#8243; button_bg_color__hover_enabled=\u00bbon|hover\u00bb][\/et_pb_button][\/et_pb_column][et_pb_column type=\u00bb1_3&#8243; _builder_version=\u00bb4.16&#8243; _module_preset=\u00bbdefault\u00bb global_colors_info=\u00bb{}\u00bb][\/et_pb_column][\/et_pb_row][et_pb_row _builder_version=\u00bb4.16&#8243; _module_preset=\u00bbdefault\u00bb custom_padding=\u00bb9px||2px|||\u00bb global_colors_info=\u00bb{}\u00bb][et_pb_column type=\u00bb4_4&#8243; _builder_version=\u00bb4.16&#8243; _module_preset=\u00bbdefault\u00bb global_colors_info=\u00bb{}\u00bb][et_pb_text _builder_version=\u00bb4.16&#8243; _module_preset=\u00bbdefault\u00bb custom_margin=\u00bb||24px|||\u00bb locked=\u00bboff\u00bb global_colors_info=\u00bb{}\u00bb]A continuaci\u00f3n se pueden consultar los informes de auditor\u00eda del IEEC:[\/et_pb_text][\/et_pb_column][\/et_pb_row][et_pb_row column_structure=\u00bb1_3,1_3,1_3&#8243; use_custom_gutter=\u00bbon\u00bb gutter_width=\u00bb2&#8243; _builder_version=\u00bb4.16&#8243; _module_preset=\u00bbdefault\u00bb min_height=\u00bb99.4px\u00bb custom_margin=\u00bb0px|auto|18px|auto|false|false\u00bb custom_padding=\u00bb14px||21px||false|false\u00bb locked=\u00bboff\u00bb global_colors_info=\u00bb{}\u00bb][et_pb_column type=\u00bb1_3&#8243; _builder_version=\u00bb4.16&#8243; _module_preset=\u00bbdefault\u00bb global_colors_info=\u00bb{}\u00bb][et_pb_button button_url=\u00bbhttps:\/\/www.ieec.cat\/wp-content\/uploads\/2022\/12\/Copia-de-DOC-10.-Informe-auditoria-2020-IEEC-1.pdf\u00bb url_new_window=\u00bbon\u00bb button_text=\u00bbInforme auditor\u00eda 2020&#8243; button_alignment=\u00bbcenter\u00bb _builder_version=\u00bb4.16&#8243; _module_preset=\u00bbdefault\u00bb custom_button=\u00bbon\u00bb button_text_size=\u00bb19px\u00bb button_text_color=\u00bb#FFFFFF\u00bb button_bg_color=\u00bb#406fda\u00bb button_border_width=\u00bb0px\u00bb button_border_color=\u00bbRGBA(255,255,255,0)\u00bb button_border_radius=\u00bb0px\u00bb button_letter_spacing=\u00bb1px\u00bb button_font=\u00bbCairo|700||on|||||\u00bb button_icon=\u00bb&#xf15b;||fa||400&#8243; button_icon_color=\u00bb#FFFFFF\u00bb button_icon_placement=\u00bbleft\u00bb button_on_hover=\u00bboff\u00bb background_layout=\u00bbdark\u00bb custom_margin=\u00bb0px|0px|0px|0px|false|false\u00bb custom_padding=\u00bb13px|70px|13px|90px|true|false\u00bb button_border_width_tablet=\u00bb6px\u00bb button_border_width_phone=\u00bb6px\u00bb button_border_width_last_edited=\u00bbon|desktop\u00bb global_colors_info=\u00bb{}\u00bb button_border_width__hover_enabled=\u00bbon|hover\u00bb button_border_width__hover=\u00bb6px\u00bb button_bg_color__hover=\u00bb#1e2751&#8243; button_bg_color__hover_enabled=\u00bbon|hover\u00bb][\/et_pb_button][\/et_pb_column][et_pb_column type=\u00bb1_3&#8243; _builder_version=\u00bb4.16&#8243; _module_preset=\u00bbdefault\u00bb global_colors_info=\u00bb{}\u00bb][et_pb_button button_url=\u00bbhttps:\/\/www.ieec.cat\/wp-content\/uploads\/2022\/12\/Copia-de-DOC-11.-Informe-auditoria-CCAA2021-Sg.pdf\u00bb url_new_window=\u00bbon\u00bb button_text=\u00bbInforme auditor\u00eda 2021&#8243; button_alignment=\u00bbcenter\u00bb _builder_version=\u00bb4.16&#8243; _module_preset=\u00bbdefault\u00bb custom_button=\u00bbon\u00bb button_text_size=\u00bb19px\u00bb button_text_color=\u00bb#FFFFFF\u00bb button_bg_color=\u00bb#406fda\u00bb button_border_width=\u00bb0px\u00bb button_border_color=\u00bbRGBA(255,255,255,0)\u00bb button_border_radius=\u00bb0px\u00bb button_letter_spacing=\u00bb1px\u00bb button_font=\u00bbCairo|700||on|||||\u00bb button_icon=\u00bb&#xf15b;||fa||400&#8243; button_icon_color=\u00bb#FFFFFF\u00bb button_icon_placement=\u00bbleft\u00bb button_on_hover=\u00bboff\u00bb background_layout=\u00bbdark\u00bb custom_margin=\u00bb0px|0px|0px|0px|false|false\u00bb custom_padding=\u00bb13px|70px|13px|90px|true|false\u00bb button_border_width_tablet=\u00bb6px\u00bb button_border_width_phone=\u00bb6px\u00bb button_border_width_last_edited=\u00bbon|desktop\u00bb locked=\u00bboff\u00bb global_colors_info=\u00bb{}\u00bb button_border_width__hover_enabled=\u00bbon|hover\u00bb button_border_width__hover=\u00bb6px\u00bb button_bg_color__hover=\u00bb#1e2751&#8243; button_bg_color__hover_enabled=\u00bbon|hover\u00bb][\/et_pb_button][\/et_pb_column][et_pb_column type=\u00bb1_3&#8243; _builder_version=\u00bb4.16&#8243; _module_preset=\u00bbdefault\u00bb global_colors_info=\u00bb{}\u00bb][et_pb_button button_url=\u00bbhttps:\/\/www.ieec.cat\/wp-content\/uploads\/2023\/06\/Informe-auditoria-IEEC-2022.pdf\u00bb url_new_window=\u00bbon\u00bb button_text=\u00bbInforme Auditor\u00eda 2022&#8243; button_alignment=\u00bbcenter\u00bb _builder_version=\u00bb4.16&#8243; _module_preset=\u00bbdefault\u00bb custom_button=\u00bbon\u00bb button_text_size=\u00bb19px\u00bb button_text_color=\u00bb#FFFFFF\u00bb button_bg_color=\u00bb#406fda\u00bb button_border_width=\u00bb0px\u00bb button_border_color=\u00bbRGBA(255,255,255,0)\u00bb button_border_radius=\u00bb0px\u00bb button_letter_spacing=\u00bb1px\u00bb button_font=\u00bbCairo|700||on|||||\u00bb button_icon=\u00bb&#xf15b;||fa||400&#8243; button_icon_color=\u00bb#FFFFFF\u00bb button_icon_placement=\u00bbleft\u00bb button_on_hover=\u00bboff\u00bb background_layout=\u00bbdark\u00bb custom_margin=\u00bb0px|0px|0px|0px|false|false\u00bb custom_padding=\u00bb13px|70px|13px|90px|true|false\u00bb button_border_width_tablet=\u00bb6px\u00bb button_border_width_phone=\u00bb6px\u00bb button_border_width_last_edited=\u00bbon|desktop\u00bb locked=\u00bboff\u00bb global_colors_info=\u00bb{}\u00bb button_border_width__hover_enabled=\u00bbon|hover\u00bb button_border_width__hover=\u00bb6px\u00bb button_bg_color__hover=\u00bb#1e2751&#8243; button_bg_color__hover_enabled=\u00bbon|hover\u00bb][\/et_pb_button][\/et_pb_column][\/et_pb_row][et_pb_row column_structure=\u00bb1_3,1_3,1_3&#8243; use_custom_gutter=\u00bbon\u00bb gutter_width=\u00bb2&#8243; _builder_version=\u00bb4.16&#8243; _module_preset=\u00bbdefault\u00bb min_height=\u00bb99.4px\u00bb custom_margin=\u00bb0px|auto|18px|auto|false|false\u00bb custom_padding=\u00bb14px||21px||false|false\u00bb locked=\u00bboff\u00bb global_colors_info=\u00bb{}\u00bb][et_pb_column type=\u00bb1_3&#8243; _builder_version=\u00bb4.16&#8243; _module_preset=\u00bbdefault\u00bb global_colors_info=\u00bb{}\u00bb][et_pb_button button_url=\u00bbhttps:\/\/www.ieec.cat\/wp-content\/uploads\/2024\/10\/informe-auditoria-23-IEEC.pdf\u00bb url_new_window=\u00bbon\u00bb button_text=\u00bbInforme auditor\u00eda 2023&#8243; button_alignment=\u00bbcenter\u00bb _builder_version=\u00bb4.16&#8243; _module_preset=\u00bbdefault\u00bb custom_button=\u00bbon\u00bb button_text_size=\u00bb19px\u00bb button_text_color=\u00bb#FFFFFF\u00bb button_bg_color=\u00bb#406fda\u00bb button_border_width=\u00bb0px\u00bb button_border_color=\u00bbRGBA(255,255,255,0)\u00bb button_border_radius=\u00bb0px\u00bb button_letter_spacing=\u00bb1px\u00bb button_font=\u00bbCairo|700||on|||||\u00bb button_icon=\u00bb&#xf15b;||fa||400&#8243; button_icon_color=\u00bb#FFFFFF\u00bb button_icon_placement=\u00bbleft\u00bb button_on_hover=\u00bboff\u00bb background_layout=\u00bbdark\u00bb custom_margin=\u00bb0px|0px|0px|0px|false|false\u00bb custom_padding=\u00bb13px|70px|13px|90px|true|false\u00bb button_border_width_tablet=\u00bb6px\u00bb button_border_width_phone=\u00bb6px\u00bb button_border_width_last_edited=\u00bbon|desktop\u00bb global_colors_info=\u00bb{}\u00bb button_border_width__hover_enabled=\u00bbon|hover\u00bb button_border_width__hover=\u00bb6px\u00bb button_bg_color__hover=\u00bb#1e2751&#8243; button_bg_color__hover_enabled=\u00bbon|hover\u00bb][\/et_pb_button][\/et_pb_column][et_pb_column type=\u00bb1_3&#8243; _builder_version=\u00bb4.16&#8243; _module_preset=\u00bbdefault\u00bb global_colors_info=\u00bb{}\u00bb][et_pb_button button_url=\u00bbhttps:\/\/www.ieec.cat\/wp-content\/uploads\/2025\/07\/informe-audit-2024.pdf\u00bb url_new_window=\u00bbon\u00bb button_text=\u00bbInforme auditor\u00eda 2024&#8243; button_alignment=\u00bbcenter\u00bb _builder_version=\u00bb4.27.4&#8243; _module_preset=\u00bbdefault\u00bb custom_button=\u00bbon\u00bb button_text_size=\u00bb19px\u00bb button_text_color=\u00bb#FFFFFF\u00bb button_bg_color=\u00bb#406fda\u00bb button_border_width=\u00bb0px\u00bb button_border_color=\u00bbRGBA(255,255,255,0)\u00bb button_border_radius=\u00bb0px\u00bb button_letter_spacing=\u00bb1px\u00bb button_font=\u00bbCairo|700||on|||||\u00bb button_icon=\u00bb&#xf15b;||fa||400&#8243; button_icon_color=\u00bb#FFFFFF\u00bb button_icon_placement=\u00bbleft\u00bb button_on_hover=\u00bboff\u00bb background_layout=\u00bbdark\u00bb custom_margin=\u00bb0px|0px|0px|0px|false|false\u00bb custom_padding=\u00bb13px|70px|13px|90px|true|false\u00bb button_border_width_tablet=\u00bb6px\u00bb button_border_width_phone=\u00bb6px\u00bb button_border_width_last_edited=\u00bbon|desktop\u00bb locked=\u00bboff\u00bb global_colors_info=\u00bb{}\u00bb button_border_width__hover_enabled=\u00bbon|hover\u00bb button_border_width__hover=\u00bb6px\u00bb button_bg_color__hover=\u00bb#1e2751&#8243; button_bg_color__hover_enabled=\u00bbon|hover\u00bb][\/et_pb_button][\/et_pb_column][et_pb_column type=\u00bb1_3&#8243; _builder_version=\u00bb4.16&#8243; _module_preset=\u00bbdefault\u00bb global_colors_info=\u00bb{}\u00bb][\/et_pb_column][\/et_pb_row][et_pb_row module_id=\u00bb3_4&#8243; _builder_version=\u00bb4.16&#8243; _module_preset=\u00bbdefault\u00bb custom_margin=\u00bb-1px|auto||auto|false|false\u00bb custom_padding=\u00bb20px||2px||false|false\u00bb locked=\u00bboff\u00bb global_colors_info=\u00bb{}\u00bb][et_pb_column type=\u00bb4_4&#8243; _builder_version=\u00bb4.16&#8243; _module_preset=\u00bbdefault\u00bb global_colors_info=\u00bb{}\u00bb][et_pb_text _builder_version=\u00bb4.16&#8243; _module_preset=\u00bbdefault\u00bb header_text_color=\u00bb#1e2793&#8243; header_3_text_color=\u00bb#1e2793&#8243; header_3_font_size=\u00bb28px\u00bb header_3_font_size_tablet=\u00bb24px\u00bb header_3_font_size_phone=\u00bb22px\u00bb header_3_font_size_last_edited=\u00bbon|phone\u00bb locked=\u00bboff\u00bb global_colors_info=\u00bb{}\u00bb]<\/p>\n<h3><strong>3.4<\/strong> Informaci\u00f3n relativa a la gesti\u00f3n patrimonial<\/h3>\n<p>[\/et_pb_text][et_pb_text _builder_version=\u00bb4.16&#8243; _module_preset=\u00bbdefault\u00bb custom_margin=\u00bb||25px|||\u00bb locked=\u00bboff\u00bb global_colors_info=\u00bb{}\u00bb]<\/p>\n<p><strong>Bienes inmuebles<\/strong><\/p>\n<p>El IEEC no dispone de bienes inmuebles de su propiedad. Los espacios donde la Fundaci\u00f3n desarrolla su actividad (<span>c\/ Esteve Terradas, 1, pl.2, desp. 212, 08860 Castelldefels<\/span>) son espacios de alquiler, para los cuales el IEEC firma un contrato de arrendamiento con su propietario.<\/p>\n<p>[\/et_pb_text][\/et_pb_column][\/et_pb_row][et_pb_row module_id=\u00bb3&#8243; _builder_version=\u00bb4.16&#8243; _module_preset=\u00bbdefault\u00bb custom_padding=\u00bb||0px||false|false\u00bb locked=\u00bboff\u00bb global_colors_info=\u00bb{}\u00bb][et_pb_column type=\u00bb4_4&#8243; _builder_version=\u00bb4.16&#8243; _module_preset=\u00bbdefault\u00bb global_colors_info=\u00bb{}\u00bb][et_pb_text module_id=\u00bb4&#8243; _builder_version=\u00bb4.16&#8243; _module_preset=\u00bbdefault\u00bb text_text_color=\u00bb#E02B20&#8243; header_2_text_color=\u00bb#1e2793&#8243; header_2_font_size=\u00bb32px\u00bb custom_margin=\u00bb0px||10px|0px|false|false\u00bb custom_padding=\u00bb0px||0px|0px|false|false\u00bb custom_padding_tablet=\u00bb0px||0px|0px|false|false\u00bb custom_padding_phone=\u00bb0px||0px|0px|false|false\u00bb custom_padding_last_edited=\u00bbon|tablet\u00bb header_2_font_size_tablet=\u00bb28px\u00bb header_2_font_size_phone=\u00bb26px\u00bb header_2_font_size_last_edited=\u00bbon|phone\u00bb global_colors_info=\u00bb{}\u00bb]<\/p>\n<h2>4.\u00a0<strong>Planificaci\u00f3n y programaci\u00f3n<\/strong><\/h2>\n<p>[\/et_pb_text][et_pb_text module_id=\u00bb4_1&#8243; _builder_version=\u00bb4.16&#8243; _module_preset=\u00bbdefault\u00bb header_text_color=\u00bb#1e2793&#8243; header_3_text_color=\u00bb#1e2793&#8243; header_3_font_size=\u00bb28px\u00bb custom_padding=\u00bb10px||||false|false\u00bb header_3_font_size_tablet=\u00bb24px\u00bb header_3_font_size_phone=\u00bb22px\u00bb header_3_font_size_last_edited=\u00bbon|phone\u00bb locked=\u00bboff\u00bb global_colors_info=\u00bb{}\u00bb]<\/p>\n<h3><strong>4.1<\/strong> Plan estrat\u00e9gico del IEEC<\/h3>\n<p>[\/et_pb_text][et_pb_text _builder_version=\u00bb4.16&#8243; _module_preset=\u00bbdefault\u00bb global_colors_info=\u00bb{}\u00bb]A continuaci\u00f3n se puede consultar el plan estrat\u00e9gico del IEEC, que fue aprobado por el Patronato del IEEC en sesi\u00f3n de 8 de julio de 2020:[\/et_pb_text][\/et_pb_column][\/et_pb_row][et_pb_row column_structure=\u00bb1_3,1_3,1_3&#8243; _builder_version=\u00bb4.16&#8243; _module_preset=\u00bbdefault\u00bb min_height=\u00bb96.4px\u00bb custom_margin=\u00bb0px||||false|false\u00bb custom_padding=\u00bb||0px||false|false\u00bb locked=\u00bboff\u00bb global_colors_info=\u00bb{}\u00bb][et_pb_column type=\u00bb1_3&#8243; _builder_version=\u00bb4.16&#8243; _module_preset=\u00bbdefault\u00bb global_colors_info=\u00bb{}\u00bb][et_pb_button button_url=\u00bbhttps:\/\/www.ieec.cat\/wp-content\/uploads\/2022\/12\/IEEC_Strategic_Plan_2020-2024_Patronat.pdf\u00bb url_new_window=\u00bbon\u00bb button_text=\u00bbPlan estrat\u00e9gico\u00bb button_alignment=\u00bbcenter\u00bb _builder_version=\u00bb4.16&#8243; _module_preset=\u00bbdefault\u00bb custom_button=\u00bbon\u00bb button_text_size=\u00bb19px\u00bb button_text_color=\u00bb#FFFFFF\u00bb button_bg_color=\u00bb#406fda\u00bb button_border_width=\u00bb0px\u00bb button_border_color=\u00bbRGBA(255,255,255,0)\u00bb button_border_radius=\u00bb0px\u00bb button_letter_spacing=\u00bb1px\u00bb button_font=\u00bbCairo|700||on|||||\u00bb button_icon=\u00bb&#xf15b;||fa||400&#8243; button_icon_color=\u00bb#FFFFFF\u00bb button_icon_placement=\u00bbleft\u00bb button_on_hover=\u00bboff\u00bb background_layout=\u00bbdark\u00bb custom_margin=\u00bb0px|0px|0px|0px|false|false\u00bb custom_padding=\u00bb13px|30px|13px|60px|true|false\u00bb button_border_width_tablet=\u00bb6px\u00bb button_border_width_phone=\u00bb6px\u00bb button_border_width_last_edited=\u00bbon|desktop\u00bb global_colors_info=\u00bb{}\u00bb button_border_width__hover_enabled=\u00bbon|hover\u00bb button_border_width__hover=\u00bb6px\u00bb button_bg_color__hover=\u00bb#1e2751&#8243; button_bg_color__hover_enabled=\u00bbon|hover\u00bb][\/et_pb_button][\/et_pb_column][et_pb_column type=\u00bb1_3&#8243; _builder_version=\u00bb4.16&#8243; _module_preset=\u00bbdefault\u00bb global_colors_info=\u00bb{}\u00bb][\/et_pb_column][et_pb_column type=\u00bb1_3&#8243; _builder_version=\u00bb4.16&#8243; _module_preset=\u00bbdefault\u00bb global_colors_info=\u00bb{}\u00bb][\/et_pb_column][\/et_pb_row][et_pb_row _builder_version=\u00bb4.16&#8243; _module_preset=\u00bbdefault\u00bb custom_margin=\u00bb-1px|auto||auto|false|false\u00bb custom_padding=\u00bb35px||2px||false|false\u00bb locked=\u00bboff\u00bb global_colors_info=\u00bb{}\u00bb][et_pb_column type=\u00bb4_4&#8243; _builder_version=\u00bb4.16&#8243; _module_preset=\u00bbdefault\u00bb global_colors_info=\u00bb{}\u00bb][et_pb_text module_id=\u00bb4_2&#8243; _builder_version=\u00bb4.16&#8243; _module_preset=\u00bbdefault\u00bb header_text_color=\u00bb#1e2793&#8243; header_3_text_color=\u00bb#1e2793&#8243; header_3_font_size=\u00bb28px\u00bb header_3_font_size_tablet=\u00bb24px\u00bb header_3_font_size_phone=\u00bb22px\u00bb header_3_font_size_last_edited=\u00bbon|phone\u00bb locked=\u00bboff\u00bb global_colors_info=\u00bb{}\u00bb]<\/p>\n<h3><strong>4.2<\/strong> Memoria anual<\/h3>\n<p>[\/et_pb_text][et_pb_text _builder_version=\u00bb4.16&#8243; _module_preset=\u00bbdefault\u00bb custom_margin=\u00bb||25px|||\u00bb locked=\u00bboff\u00bb global_colors_info=\u00bb{}\u00bb]La memoria anual ofrece una visi\u00f3n general de las actividades y avances que han tenido lugar dentro de la comunidad del IEEC a lo largo del a\u00f1o correspondiente.[\/et_pb_text][\/et_pb_column][\/et_pb_row][et_pb_row column_structure=\u00bb1_3,1_3,1_3&#8243; use_custom_gutter=\u00bbon\u00bb gutter_width=\u00bb2&#8243; _builder_version=\u00bb4.16&#8243; _module_preset=\u00bbdefault\u00bb min_height=\u00bb96.4px\u00bb custom_margin=\u00bb0px||||false|false\u00bb custom_padding=\u00bb7px||0px||false|false\u00bb locked=\u00bboff\u00bb global_colors_info=\u00bb{}\u00bb][et_pb_column type=\u00bb1_3&#8243; _builder_version=\u00bb4.16&#8243; _module_preset=\u00bbdefault\u00bb global_colors_info=\u00bb{}\u00bb][et_pb_button button_url=\u00bbhttps:\/\/www.ieec.cat\/wp-content\/uploads\/2025\/07\/Memoria-anual-2024-ENG-dobles-HD.pdf\u00bb url_new_window=\u00bbon\u00bb button_text=\u00bbMemoria anual  2024&#8243; button_alignment=\u00bbcenter\u00bb _builder_version=\u00bb4.27.4&#8243; _module_preset=\u00bbdefault\u00bb custom_button=\u00bbon\u00bb button_text_size=\u00bb19px\u00bb button_text_color=\u00bb#FFFFFF\u00bb button_bg_color=\u00bb#406fda\u00bb button_border_width=\u00bb0px\u00bb button_border_color=\u00bbRGBA(255,255,255,0)\u00bb button_border_radius=\u00bb0px\u00bb button_letter_spacing=\u00bb1px\u00bb button_font=\u00bbCairo|700||on|||||\u00bb button_icon=\u00bb&#xf15b;||fa||400&#8243; button_icon_color=\u00bb#FFFFFF\u00bb button_icon_placement=\u00bbleft\u00bb button_on_hover=\u00bboff\u00bb background_layout=\u00bbdark\u00bb custom_margin=\u00bb0px|0px|0px|0px|false|false\u00bb custom_padding=\u00bb13px|30px|13px|60px|true|false\u00bb button_border_width_tablet=\u00bb6px\u00bb button_border_width_phone=\u00bb6px\u00bb button_border_width_last_edited=\u00bbon|desktop\u00bb global_colors_info=\u00bb{}\u00bb button_border_width__hover_enabled=\u00bbon|hover\u00bb button_border_width__hover=\u00bb6px\u00bb button_bg_color__hover=\u00bb#1e2751&#8243; button_bg_color__hover_enabled=\u00bbon|hover\u00bb][\/et_pb_button][\/et_pb_column][et_pb_column type=\u00bb1_3&#8243; _builder_version=\u00bb4.16&#8243; _module_preset=\u00bbdefault\u00bb global_colors_info=\u00bb{}\u00bb][et_pb_button button_url=\u00bbhttps:\/\/www.ieec.cat\/wp-content\/uploads\/2024\/06\/IEEC-Annual-Report-2023_web.pdf\u00bb url_new_window=\u00bbon\u00bb button_text=\u00bbMemoria anual  2023&#8243; button_alignment=\u00bbcenter\u00bb _builder_version=\u00bb4.16&#8243; _module_preset=\u00bbdefault\u00bb custom_button=\u00bbon\u00bb button_text_size=\u00bb19px\u00bb button_text_color=\u00bb#FFFFFF\u00bb button_bg_color=\u00bb#406fda\u00bb button_border_width=\u00bb0px\u00bb button_border_color=\u00bbRGBA(255,255,255,0)\u00bb button_border_radius=\u00bb0px\u00bb button_letter_spacing=\u00bb1px\u00bb button_font=\u00bbCairo|700||on|||||\u00bb button_icon=\u00bb&#xf15b;||fa||400&#8243; button_icon_color=\u00bb#FFFFFF\u00bb button_icon_placement=\u00bbleft\u00bb button_on_hover=\u00bboff\u00bb background_layout=\u00bbdark\u00bb custom_margin=\u00bb0px|0px|0px|0px|false|false\u00bb custom_padding=\u00bb13px|30px|13px|60px|true|false\u00bb button_border_width_tablet=\u00bb6px\u00bb button_border_width_phone=\u00bb6px\u00bb button_border_width_last_edited=\u00bbon|desktop\u00bb global_colors_info=\u00bb{}\u00bb button_border_width__hover_enabled=\u00bbon|hover\u00bb button_border_width__hover=\u00bb6px\u00bb button_bg_color__hover=\u00bb#1e2751&#8243; button_bg_color__hover_enabled=\u00bbon|hover\u00bb][\/et_pb_button][\/et_pb_column][et_pb_column type=\u00bb1_3&#8243; _builder_version=\u00bb4.16&#8243; _module_preset=\u00bbdefault\u00bb global_colors_info=\u00bb{}\u00bb][et_pb_button button_url=\u00bbhttps:\/\/www.ieec.cat\/wp-content\/uploads\/2023\/11\/IEEC-Annual-Report-2022.pdf\u00bb url_new_window=\u00bbon\u00bb button_text=\u00bbMemoria anual  2022&#8243; button_alignment=\u00bbcenter\u00bb _builder_version=\u00bb4.16&#8243; _module_preset=\u00bbdefault\u00bb custom_button=\u00bbon\u00bb button_text_size=\u00bb19px\u00bb button_text_color=\u00bb#FFFFFF\u00bb button_bg_color=\u00bb#406fda\u00bb button_border_width=\u00bb0px\u00bb button_border_color=\u00bbRGBA(255,255,255,0)\u00bb button_border_radius=\u00bb0px\u00bb button_letter_spacing=\u00bb1px\u00bb button_font=\u00bbCairo|700||on|||||\u00bb button_icon=\u00bb&#xf15b;||fa||400&#8243; button_icon_color=\u00bb#FFFFFF\u00bb button_icon_placement=\u00bbleft\u00bb button_on_hover=\u00bboff\u00bb background_layout=\u00bbdark\u00bb custom_margin=\u00bb0px|0px|0px|0px|false|false\u00bb custom_padding=\u00bb13px|30px|13px|60px|true|false\u00bb button_border_width_tablet=\u00bb6px\u00bb button_border_width_phone=\u00bb6px\u00bb button_border_width_last_edited=\u00bbon|desktop\u00bb global_colors_info=\u00bb{}\u00bb button_border_width__hover_enabled=\u00bbon|hover\u00bb button_border_width__hover=\u00bb6px\u00bb button_bg_color__hover=\u00bb#1e2751&#8243; button_bg_color__hover_enabled=\u00bbon|hover\u00bb][\/et_pb_button][\/et_pb_column][\/et_pb_row][et_pb_row column_structure=\u00bb1_3,1_3,1_3&#8243; use_custom_gutter=\u00bbon\u00bb gutter_width=\u00bb2&#8243; _builder_version=\u00bb4.16&#8243; _module_preset=\u00bbdefault\u00bb min_height=\u00bb96.4px\u00bb custom_margin=\u00bb0px||||false|false\u00bb custom_padding=\u00bb7px||0px||false|false\u00bb locked=\u00bboff\u00bb global_colors_info=\u00bb{}\u00bb][et_pb_column type=\u00bb1_3&#8243; _builder_version=\u00bb4.16&#8243; _module_preset=\u00bbdefault\u00bb global_colors_info=\u00bb{}\u00bb][et_pb_button button_url=\u00bbhttps:\/\/www.ieec.cat\/wp-content\/uploads\/2022\/12\/IEEC-Annual-Report-2021_low.pdf\u00bb url_new_window=\u00bbon\u00bb button_text=\u00bbMemoria anual  2021&#8243; button_alignment=\u00bbcenter\u00bb _builder_version=\u00bb4.16&#8243; _module_preset=\u00bbdefault\u00bb custom_button=\u00bbon\u00bb button_text_size=\u00bb19px\u00bb button_text_color=\u00bb#FFFFFF\u00bb button_bg_color=\u00bb#406fda\u00bb button_border_width=\u00bb0px\u00bb button_border_color=\u00bbRGBA(255,255,255,0)\u00bb button_border_radius=\u00bb0px\u00bb button_letter_spacing=\u00bb1px\u00bb button_font=\u00bbCairo|700||on|||||\u00bb button_icon=\u00bb&#xf15b;||fa||400&#8243; button_icon_color=\u00bb#FFFFFF\u00bb button_icon_placement=\u00bbleft\u00bb button_on_hover=\u00bboff\u00bb background_layout=\u00bbdark\u00bb custom_margin=\u00bb0px|0px|0px|0px|false|false\u00bb custom_padding=\u00bb13px|30px|13px|60px|true|false\u00bb button_border_width_tablet=\u00bb6px\u00bb button_border_width_phone=\u00bb6px\u00bb button_border_width_last_edited=\u00bbon|desktop\u00bb global_colors_info=\u00bb{}\u00bb button_border_width__hover_enabled=\u00bbon|hover\u00bb button_border_width__hover=\u00bb6px\u00bb button_bg_color__hover=\u00bb#1e2751&#8243; button_bg_color__hover_enabled=\u00bbon|hover\u00bb][\/et_pb_button][\/et_pb_column][et_pb_column type=\u00bb1_3&#8243; _builder_version=\u00bb4.16&#8243; _module_preset=\u00bbdefault\u00bb global_colors_info=\u00bb{}\u00bb][et_pb_button button_url=\u00bbhttps:\/\/www.ieec.cat\/wp-content\/uploads\/2022\/12\/IEEC-AnnualReport_2020.pdf\u00bb url_new_window=\u00bbon\u00bb button_text=\u00bbMemoria anual  2020&#8243; button_alignment=\u00bbcenter\u00bb _builder_version=\u00bb4.16&#8243; _module_preset=\u00bbdefault\u00bb custom_button=\u00bbon\u00bb button_text_size=\u00bb19px\u00bb button_text_color=\u00bb#FFFFFF\u00bb button_bg_color=\u00bb#406fda\u00bb button_border_width=\u00bb0px\u00bb button_border_color=\u00bbRGBA(255,255,255,0)\u00bb button_border_radius=\u00bb0px\u00bb button_letter_spacing=\u00bb1px\u00bb button_font=\u00bbCairo|700||on|||||\u00bb button_icon=\u00bb&#xf15b;||fa||400&#8243; button_icon_color=\u00bb#FFFFFF\u00bb button_icon_placement=\u00bbleft\u00bb button_on_hover=\u00bboff\u00bb background_layout=\u00bbdark\u00bb custom_margin=\u00bb0px|0px|0px|0px|false|false\u00bb custom_padding=\u00bb13px|30px|13px|60px|true|false\u00bb button_border_width_tablet=\u00bb6px\u00bb button_border_width_phone=\u00bb6px\u00bb button_border_width_last_edited=\u00bbon|desktop\u00bb locked=\u00bboff\u00bb global_colors_info=\u00bb{}\u00bb button_border_width__hover_enabled=\u00bbon|hover\u00bb button_border_width__hover=\u00bb6px\u00bb button_bg_color__hover=\u00bb#1e2751&#8243; button_bg_color__hover_enabled=\u00bbon|hover\u00bb][\/et_pb_button][\/et_pb_column][et_pb_column type=\u00bb1_3&#8243; _builder_version=\u00bb4.16&#8243; _module_preset=\u00bbdefault\u00bb global_colors_info=\u00bb{}\u00bb][et_pb_button button_url=\u00bbhttps:\/\/www.ieec.cat\/wp-content\/uploads\/2022\/12\/IEEC-AnnualReport_2019.pdf\u00bb url_new_window=\u00bbon\u00bb button_text=\u00bbMemoria anual 2019&#8243; button_alignment=\u00bbcenter\u00bb _builder_version=\u00bb4.16&#8243; _module_preset=\u00bbdefault\u00bb custom_button=\u00bbon\u00bb button_text_size=\u00bb19px\u00bb button_text_color=\u00bb#FFFFFF\u00bb button_bg_color=\u00bb#406fda\u00bb button_border_width=\u00bb0px\u00bb button_border_color=\u00bbRGBA(255,255,255,0)\u00bb button_border_radius=\u00bb0px\u00bb button_letter_spacing=\u00bb1px\u00bb button_font=\u00bbCairo|700||on|||||\u00bb button_icon=\u00bb&#xf15b;||fa||400&#8243; button_icon_color=\u00bb#FFFFFF\u00bb button_icon_placement=\u00bbleft\u00bb button_on_hover=\u00bboff\u00bb background_layout=\u00bbdark\u00bb custom_margin=\u00bb0px|0px|0px|0px|false|false\u00bb custom_padding=\u00bb13px|30px|13px|60px|true|false\u00bb button_border_width_tablet=\u00bb6px\u00bb button_border_width_phone=\u00bb6px\u00bb button_border_width_last_edited=\u00bbon|desktop\u00bb locked=\u00bboff\u00bb global_colors_info=\u00bb{}\u00bb button_border_width__hover_enabled=\u00bbon|hover\u00bb button_border_width__hover=\u00bb6px\u00bb button_bg_color__hover=\u00bb#1e2751&#8243; button_bg_color__hover_enabled=\u00bbon|hover\u00bb][\/et_pb_button][\/et_pb_column][\/et_pb_row][et_pb_row column_structure=\u00bb1_3,1_3,1_3&#8243; use_custom_gutter=\u00bbon\u00bb gutter_width=\u00bb2&#8243; _builder_version=\u00bb4.16&#8243; _module_preset=\u00bbdefault\u00bb min_height=\u00bb96.4px\u00bb custom_margin=\u00bb0px||||false|false\u00bb custom_padding=\u00bb6px||0px||false|false\u00bb locked=\u00bboff\u00bb global_colors_info=\u00bb{}\u00bb][et_pb_column type=\u00bb1_3&#8243; _builder_version=\u00bb4.16&#8243; _module_preset=\u00bbdefault\u00bb global_colors_info=\u00bb{}\u00bb][et_pb_button button_url=\u00bbhttps:\/\/www.ieec.cat\/wp-content\/uploads\/2022\/12\/IEEC-AnnualReport_2018.pdf\u00bb url_new_window=\u00bbon\u00bb button_text=\u00bbMemoria anual  2018&#8243; button_alignment=\u00bbcenter\u00bb _builder_version=\u00bb4.16&#8243; _module_preset=\u00bbdefault\u00bb custom_button=\u00bbon\u00bb button_text_size=\u00bb19px\u00bb button_text_color=\u00bb#FFFFFF\u00bb button_bg_color=\u00bb#406fda\u00bb button_border_width=\u00bb0px\u00bb button_border_color=\u00bbRGBA(255,255,255,0)\u00bb button_border_radius=\u00bb0px\u00bb button_letter_spacing=\u00bb1px\u00bb button_font=\u00bbCairo|700||on|||||\u00bb button_icon=\u00bb&#xf15b;||fa||400&#8243; button_icon_color=\u00bb#FFFFFF\u00bb button_icon_placement=\u00bbleft\u00bb button_on_hover=\u00bboff\u00bb background_layout=\u00bbdark\u00bb custom_margin=\u00bb0px|0px|0px|0px|false|false\u00bb custom_padding=\u00bb13px|30px|13px|60px|true|false\u00bb button_border_width_tablet=\u00bb6px\u00bb button_border_width_phone=\u00bb6px\u00bb button_border_width_last_edited=\u00bbon|desktop\u00bb global_colors_info=\u00bb{}\u00bb button_border_width__hover_enabled=\u00bbon|hover\u00bb button_border_width__hover=\u00bb6px\u00bb button_bg_color__hover=\u00bb#1e2751&#8243; button_bg_color__hover_enabled=\u00bbon|hover\u00bb][\/et_pb_button][\/et_pb_column][et_pb_column type=\u00bb1_3&#8243; _builder_version=\u00bb4.16&#8243; _module_preset=\u00bbdefault\u00bb global_colors_info=\u00bb{}\u00bb][et_pb_button button_url=\u00bbhttps:\/\/www.ieec.cat\/wp-content\/uploads\/2022\/12\/IEEC-AnnualReport_2017.pdf\u00bb url_new_window=\u00bbon\u00bb button_text=\u00bbMemoria anual 2017&#8243; button_alignment=\u00bbcenter\u00bb _builder_version=\u00bb4.16&#8243; _module_preset=\u00bbdefault\u00bb custom_button=\u00bbon\u00bb button_text_size=\u00bb19px\u00bb button_text_color=\u00bb#FFFFFF\u00bb button_bg_color=\u00bb#406fda\u00bb button_border_width=\u00bb0px\u00bb button_border_color=\u00bbRGBA(255,255,255,0)\u00bb button_border_radius=\u00bb0px\u00bb button_letter_spacing=\u00bb1px\u00bb button_font=\u00bbCairo|700||on|||||\u00bb button_icon=\u00bb&#xf15b;||fa||400&#8243; button_icon_color=\u00bb#FFFFFF\u00bb button_icon_placement=\u00bbleft\u00bb button_on_hover=\u00bboff\u00bb background_layout=\u00bbdark\u00bb custom_margin=\u00bb0px|0px|0px|0px|false|false\u00bb custom_padding=\u00bb13px|30px|13px|60px|true|false\u00bb button_border_width_tablet=\u00bb6px\u00bb button_border_width_phone=\u00bb6px\u00bb button_border_width_last_edited=\u00bbon|desktop\u00bb locked=\u00bboff\u00bb global_colors_info=\u00bb{}\u00bb button_border_width__hover_enabled=\u00bbon|hover\u00bb button_border_width__hover=\u00bb6px\u00bb button_bg_color__hover=\u00bb#1e2751&#8243; button_bg_color__hover_enabled=\u00bbon|hover\u00bb][\/et_pb_button][\/et_pb_column][et_pb_column type=\u00bb1_3&#8243; _builder_version=\u00bb4.16&#8243; _module_preset=\u00bbdefault\u00bb global_colors_info=\u00bb{}\u00bb][\/et_pb_column][\/et_pb_row][et_pb_row module_id=\u00bb5&#8243; _builder_version=\u00bb4.16&#8243; _module_preset=\u00bbdefault\u00bb custom_padding=\u00bb25px||0px||false|false\u00bb locked=\u00bboff\u00bb global_colors_info=\u00bb{}\u00bb][et_pb_column type=\u00bb4_4&#8243; _builder_version=\u00bb4.16&#8243; _module_preset=\u00bbdefault\u00bb global_colors_info=\u00bb{}\u00bb][et_pb_text _builder_version=\u00bb4.16&#8243; _module_preset=\u00bbdefault\u00bb text_text_color=\u00bb#E02B20&#8243; header_2_text_color=\u00bb#1e2793&#8243; header_2_font_size=\u00bb32px\u00bb custom_margin=\u00bb0px||10px|0px|false|false\u00bb custom_padding=\u00bb0px||0px|0px|false|false\u00bb custom_padding_tablet=\u00bb0px||0px|0px|false|false\u00bb custom_padding_phone=\u00bb0px||0px|0px|false|false\u00bb custom_padding_last_edited=\u00bbon|tablet\u00bb header_2_font_size_tablet=\u00bb28px\u00bb header_2_font_size_phone=\u00bb26px\u00bb header_2_font_size_last_edited=\u00bbon|phone\u00bb global_colors_info=\u00bb{}\u00bb]<\/p>\n<h2>5. <strong>Contrataci\u00f3n p\u00fablica<\/strong><\/h2>\n<p>[\/et_pb_text][et_pb_text _builder_version=\u00bb4.16&#8243; _module_preset=\u00bbdefault\u00bb min_height=\u00bb246.6px\u00bb global_colors_info=\u00bb{}\u00bb]<\/p>\n<p><span style=\"font-weight: 400;\">El Institut d\u2019Estudis Espacials de Catalunya (IEEC) a efectos de la Ley 9\/2017, de 8 de noviembre, de Contratos del Sector P\u00fablico, por la que se transponen al ordenamiento jur\u00eddico espa\u00f1ol las Directivas del Parlamento Europeo y del Consejo 2014\/23\/UE y 2014\/24\/UE, del 26 de febrero de 2014 (en adelante, LCSP), forma parte del sector p\u00fablico y tiene la consideraci\u00f3n de poder adjudicador no de administraci\u00f3n p\u00fabli<\/span><span style=\"font-weight: 400;\">ca, de modo que le aplica la referida normativa de contrataci\u00f3n p\u00fablica.<\/span><\/p>\n<p><span style=\"font-weight: 400;\">El perfil del contratante del IEEC se encuentra alojado en la plataforma de contrataci\u00f3n de la Generalitat de Catalunya, mediante el cual se da publicidad a las licitaciones tramitadas por esta entidad, su adjudicaci\u00f3n, formalizaci\u00f3n y toda aquella informaci\u00f3n relevante relativa a los contratos que se celebren.<\/span><\/p>\n<p><strong>Pod\u00e9is consultar el perfil del contratante del IEEC en el siguiente enlace:<\/strong><\/p>\n<p>[\/et_pb_text][\/et_pb_column][\/et_pb_row][et_pb_row _builder_version=\u00bb4.16&#8243; _module_preset=\u00bbdefault\u00bb custom_padding=\u00bb13px|||||\u00bb global_colors_info=\u00bb{}\u00bb][et_pb_column type=\u00bb4_4&#8243; _builder_version=\u00bb4.16&#8243; _module_preset=\u00bbdefault\u00bb global_colors_info=\u00bb{}\u00bb][et_pb_button button_url=\u00bbhttps:\/\/contractaciopublica.gencat.cat\/ecofin_pscp\/AppJava\/cap.pscp?reqCode=viewDetail&#038;idCap=5443212&#8243; url_new_window=\u00bbon\u00bb button_text=\u00bbPERFIL DEL CONTRATANTE\u00bb button_alignment=\u00bbcenter\u00bb _builder_version=\u00bb4.16&#8243; _module_preset=\u00bbdefault\u00bb custom_button=\u00bbon\u00bb button_text_size=\u00bb17px\u00bb button_letter_spacing=\u00bb4px\u00bb button_on_hover=\u00bboff\u00bb custom_margin=\u00bb0px|-29px|0px||false|false\u00bb custom_padding=\u00bb15px|52px|15px|40px|false|false\u00bb locked=\u00bboff\u00bb global_colors_info=\u00bb{}\u00bb][\/et_pb_button][\/et_pb_column][\/et_pb_row][et_pb_row _builder_version=\u00bb4.16&#8243; _module_preset=\u00bbdefault\u00bb global_colors_info=\u00bb{}\u00bb][et_pb_column type=\u00bb4_4&#8243; _builder_version=\u00bb4.16&#8243; _module_preset=\u00bbdefault\u00bb global_colors_info=\u00bb{}\u00bb][et_pb_text _builder_version=\u00bb4.16&#8243; _module_preset=\u00bbdefault\u00bb custom_padding=\u00bb|||0px|false|false\u00bb custom_padding_tablet=\u00bb|||40px|false|false\u00bb custom_padding_phone=\u00bb|||5px|false|false\u00bb custom_padding_last_edited=\u00bbon|tablet\u00bb locked=\u00bboff\u00bb global_colors_info=\u00bb{}\u00bb]<\/p>\n<p><span style=\"font-weight: 400;\">Asimismo, pod\u00e9is consultar los datos relativos a la contrataci\u00f3n de la entidad inscritas en el registro p\u00fablico de contratos de la Generalitat de Catalunya en el siguiente enlace: <\/span><\/p>\n<p>[\/et_pb_text][\/et_pb_column][\/et_pb_row][et_pb_row _builder_version=\u00bb4.16&#8243; _module_preset=\u00bbdefault\u00bb custom_padding=\u00bb13px|||||\u00bb global_colors_info=\u00bb{}\u00bb][et_pb_column type=\u00bb4_4&#8243; _builder_version=\u00bb4.16&#8243; _module_preset=\u00bbdefault\u00bb global_colors_info=\u00bb{}\u00bb][et_pb_button button_url=\u00bbhttps:\/\/registrepubliccontractes.gencat.cat\/rpcac\/index.html#\/cerca\u00bb url_new_window=\u00bbon\u00bb button_text=\u00bbENTIDADES\u00bb button_alignment=\u00bbcenter\u00bb _builder_version=\u00bb4.16&#8243; _module_preset=\u00bbdefault\u00bb custom_button=\u00bbon\u00bb button_text_size=\u00bb17px\u00bb button_letter_spacing=\u00bb4px\u00bb button_on_hover=\u00bboff\u00bb custom_margin=\u00bb0px|-29px|0px||false|false\u00bb custom_padding=\u00bb15px|130px|15px|120px|false|false\u00bb locked=\u00bboff\u00bb global_colors_info=\u00bb{}\u00bb][\/et_pb_button][\/et_pb_column][\/et_pb_row][et_pb_row module_id=\u00bb6&#8243; _builder_version=\u00bb4.16&#8243; _module_preset=\u00bbdefault\u00bb custom_padding=\u00bb||30px||false|false\u00bb locked=\u00bboff\u00bb global_colors_info=\u00bb{}\u00bb][et_pb_column type=\u00bb4_4&#8243; _builder_version=\u00bb4.16&#8243; _module_preset=\u00bbdefault\u00bb global_colors_info=\u00bb{}\u00bb][et_pb_text _builder_version=\u00bb4.16&#8243; _module_preset=\u00bbdefault\u00bb text_text_color=\u00bb#E02B20&#8243; header_2_text_color=\u00bb#1e2793&#8243; header_2_font_size=\u00bb32px\u00bb custom_margin=\u00bb0px||10px|0px|false|false\u00bb custom_padding=\u00bb0px||0px|0px|false|false\u00bb custom_padding_tablet=\u00bb0px||0px|0px|false|false\u00bb custom_padding_phone=\u00bb0px||0px|0px|false|false\u00bb custom_padding_last_edited=\u00bbon|tablet\u00bb header_2_font_size_tablet=\u00bb28px\u00bb header_2_font_size_phone=\u00bb26px\u00bb header_2_font_size_last_edited=\u00bbon|phone\u00bb global_colors_info=\u00bb{}\u00bb]<\/p>\n<h2>6.<strong> Convenios de colaboraci\u00f3n<\/strong><\/h2>\n<p>[\/et_pb_text][et_pb_text _builder_version=\u00bb4.16&#8243; _module_preset=\u00bbdefault\u00bb custom_padding=\u00bb||0px||false|false\u00bb global_colors_info=\u00bb{}\u00bb]A continuaci\u00f3n se puede consultar la relaci\u00f3n de convenios suscritos entre el IEEC y otros organismos\/instituciones que se encuentran vigentes en la actualidad.[\/et_pb_text][\/et_pb_column][\/et_pb_row][et_pb_row _builder_version=\u00bb4.16&#8243; _module_preset=\u00bbdefault\u00bb background_color=\u00bb#e0e5e1&#8243; width_tablet=\u00bb\u00bb width_phone=\u00bb100%\u00bb width_last_edited=\u00bbon|phone\u00bb global_colors_info=\u00bb{}\u00bb][et_pb_column type=\u00bb4_4&#8243; _builder_version=\u00bb4.16&#8243; _module_preset=\u00bbdefault\u00bb global_colors_info=\u00bb{}\u00bb][et_pb_text _builder_version=\u00bb4.16&#8243; _module_preset=\u00bbdefault\u00bb text_font=\u00bbCairo||||||||\u00bb text_text_color=\u00bb#1e2793&#8243; text_font_size=\u00bb21px\u00bb text_line_height=\u00bb1.1em\u00bb header_3_line_height=\u00bb1.1em\u00bb custom_margin=\u00bb||10px||false|false\u00bb custom_padding=\u00bb|70px|0px|70px|false|true\u00bb custom_padding_tablet=\u00bb|40px||40px|false|true\u00bb custom_padding_phone=\u00bb|40px||40px|false|true\u00bb custom_padding_last_edited=\u00bbon|tablet\u00bb text_font_size_tablet=\u00bb20px\u00bb text_font_size_phone=\u00bb18px\u00bb text_font_size_last_edited=\u00bbon|phone\u00bb global_colors_info=\u00bb{}\u00bb]<\/p>\n<p>(11) <span style=\"font-weight: 400;\">Convenio de colaboraci\u00f3n docente entre la <strong>Universitat Aut\u00f2noma de Barcelona y el Institut d\u2019Estudis Espacials de Catalunya.<\/strong><\/span><\/p>\n<p>[\/et_pb_text][et_pb_text _builder_version=\u00bb4.16&#8243; _module_preset=\u00bbdefault\u00bb text_font=\u00bb|700|||||||\u00bb text_text_color=\u00bb#406fda\u00bb custom_margin=\u00bb0px||||false|false\u00bb custom_padding=\u00bb0px|||70px|false|false\u00bb custom_padding_tablet=\u00bb|||40px|false|false\u00bb custom_padding_phone=\u00bb0px|||40px|false|false\u00bb custom_padding_last_edited=\u00bbon|tablet\u00bb link_option_url=\u00bb#convenio11&#8243; global_colors_info=\u00bb{}\u00bb]<\/p>\n<p>\u2192 <span style=\"text-decoration: underline;\">Leer m\u00e1s<\/span><\/p>\n<p>[\/et_pb_text][\/et_pb_column][\/et_pb_row][et_pb_row _builder_version=\u00bb4.16&#8243; _module_preset=\u00bbdefault\u00bb background_color=\u00bbrgba(224,229,225,0.5)\u00bb width_tablet=\u00bb\u00bb width_phone=\u00bb100%\u00bb width_last_edited=\u00bbon|phone\u00bb global_colors_info=\u00bb{}\u00bb][et_pb_column type=\u00bb4_4&#8243; _builder_version=\u00bb4.16&#8243; _module_preset=\u00bbdefault\u00bb global_colors_info=\u00bb{}\u00bb][et_pb_text _builder_version=\u00bb4.16&#8243; _module_preset=\u00bbdefault\u00bb text_font=\u00bbCairo||||||||\u00bb text_text_color=\u00bb#1e2793&#8243; text_font_size=\u00bb21px\u00bb text_line_height=\u00bb1.1em\u00bb header_3_line_height=\u00bb1.1em\u00bb custom_margin=\u00bb||10px||false|false\u00bb custom_padding=\u00bb|70px|0px|70px|false|true\u00bb custom_padding_tablet=\u00bb|40px||40px|false|true\u00bb custom_padding_phone=\u00bb|40px||40px|false|true\u00bb custom_padding_last_edited=\u00bbon|tablet\u00bb text_font_size_tablet=\u00bb20px\u00bb text_font_size_phone=\u00bb18px\u00bb text_font_size_last_edited=\u00bbon|phone\u00bb global_colors_info=\u00bb{}\u00bb]<\/p>\n<p>(10) <span style=\"font-weight: 400;\">Convenio marco de colaboraci\u00f3n entre la <strong>Fundaci\u00f3n Institut d\u2019Estudis Espacials de Catalunya y la Cambra Oficial de Comer\u00e7, Ind\u00fastria, Serveis i Navegaci\u00f3 de Barcelona.<\/strong><\/span><\/p>\n<p>[\/et_pb_text][et_pb_text _builder_version=\u00bb4.16&#8243; _module_preset=\u00bbdefault\u00bb text_font=\u00bb|700|||||||\u00bb text_text_color=\u00bb#406fda\u00bb custom_margin=\u00bb0px||||false|false\u00bb custom_padding=\u00bb0px|||70px|false|false\u00bb custom_padding_tablet=\u00bb|||40px|false|false\u00bb custom_padding_phone=\u00bb0px|||40px|false|false\u00bb custom_padding_last_edited=\u00bbon|tablet\u00bb link_option_url=\u00bb#convenio10&#8243; global_colors_info=\u00bb{}\u00bb]<\/p>\n<p>\u2192 <span style=\"text-decoration: underline;\">Leer m\u00e1s<\/span><\/p>\n<p>[\/et_pb_text][\/et_pb_column][\/et_pb_row][et_pb_row _builder_version=\u00bb4.16&#8243; _module_preset=\u00bbdefault\u00bb background_color=\u00bb#e0e5e1&#8243; width_tablet=\u00bb\u00bb width_phone=\u00bb100%\u00bb width_last_edited=\u00bbon|phone\u00bb global_colors_info=\u00bb{}\u00bb][et_pb_column type=\u00bb4_4&#8243; _builder_version=\u00bb4.16&#8243; _module_preset=\u00bbdefault\u00bb global_colors_info=\u00bb{}\u00bb][et_pb_text _builder_version=\u00bb4.16&#8243; _module_preset=\u00bbdefault\u00bb text_font=\u00bbCairo||||||||\u00bb text_text_color=\u00bb#1e2793&#8243; text_font_size=\u00bb21px\u00bb text_line_height=\u00bb1.1em\u00bb header_3_line_height=\u00bb1.1em\u00bb custom_margin=\u00bb||10px||false|false\u00bb custom_padding=\u00bb|70px|0px|70px|false|true\u00bb custom_padding_tablet=\u00bb|40px||40px|false|true\u00bb custom_padding_phone=\u00bb|40px||40px|false|true\u00bb custom_padding_last_edited=\u00bbon|tablet\u00bb text_font_size_tablet=\u00bb20px\u00bb text_font_size_phone=\u00bb18px\u00bb text_font_size_last_edited=\u00bbon|phone\u00bb global_colors_info=\u00bb{}\u00bb]<\/p>\n<p>(9) <span style=\"font-weight: 400;\">Convenio de cooperaci\u00f3n entre <strong>Aeroports P\u00fablics de Catalunya y el Institut d\u2019Estudis Espacials de Catalunya<\/strong> para el desarrollo de la actividad aeroespacial en el Aeropuerto de Lleida-Alguaire: en espec\u00edfico para la creaci\u00f3n de un centro de pruebas de propulsi\u00f3n para <\/span><span style=\"font-weight: 400;\">una Lanzadora de cohetes<\/span><span style=\"font-weight: 400;\"> (Fase 1). <\/span><\/p>\n<p>[\/et_pb_text][et_pb_text _builder_version=\u00bb4.16&#8243; _module_preset=\u00bbdefault\u00bb text_font=\u00bb|700|||||||\u00bb text_text_color=\u00bb#406fda\u00bb custom_margin=\u00bb0px||||false|false\u00bb custom_padding=\u00bb0px|||70px|false|false\u00bb custom_padding_tablet=\u00bb|||40px|false|false\u00bb custom_padding_phone=\u00bb0px|||40px|false|false\u00bb custom_padding_last_edited=\u00bbon|tablet\u00bb link_option_url=\u00bb#convenio9&#8243; global_colors_info=\u00bb{}\u00bb]<\/p>\n<p>\u2192 <span style=\"text-decoration: underline;\">Leer m\u00e1s<\/span><\/p>\n<p>[\/et_pb_text][\/et_pb_column][\/et_pb_row][et_pb_row _builder_version=\u00bb4.16&#8243; _module_preset=\u00bbdefault\u00bb background_color=\u00bbrgba(224,229,225,0.5)\u00bb width_tablet=\u00bb\u00bb width_phone=\u00bb100%\u00bb width_last_edited=\u00bbon|phone\u00bb global_colors_info=\u00bb{}\u00bb][et_pb_column type=\u00bb4_4&#8243; _builder_version=\u00bb4.16&#8243; _module_preset=\u00bbdefault\u00bb global_colors_info=\u00bb{}\u00bb][et_pb_text _builder_version=\u00bb4.16&#8243; _module_preset=\u00bbdefault\u00bb text_font=\u00bbCairo||||||||\u00bb text_text_color=\u00bb#1e2793&#8243; text_font_size=\u00bb21px\u00bb text_line_height=\u00bb1.1em\u00bb header_3_line_height=\u00bb1.1em\u00bb custom_margin=\u00bb||10px||false|false\u00bb custom_padding=\u00bb|70px|0px|70px|false|true\u00bb custom_padding_tablet=\u00bb|40px||40px|false|true\u00bb custom_padding_phone=\u00bb|40px||40px|false|true\u00bb custom_padding_last_edited=\u00bbon|tablet\u00bb text_font_size_tablet=\u00bb20px\u00bb text_font_size_phone=\u00bb18px\u00bb text_font_size_last_edited=\u00bbon|phone\u00bb global_colors_info=\u00bb{}\u00bb]<\/p>\n<p>(8) <span style=\"font-weight: 400;\">Adhesi\u00f3n de la Fundaci\u00f3n Institut d\u2019Estudis Espacials de Catalunya al <strong>Acuerdo Marco para la homologaci\u00f3n de proveedores para el suministro de equipos para los puestos de trabajo<\/strong>.<\/span><\/p>\n<p>[\/et_pb_text][et_pb_text _builder_version=\u00bb4.16&#8243; _module_preset=\u00bbdefault\u00bb text_font=\u00bb|700|||||||\u00bb text_text_color=\u00bb#406fda\u00bb custom_margin=\u00bb0px||||false|false\u00bb custom_padding=\u00bb0px|||70px|false|false\u00bb custom_padding_tablet=\u00bb|||40px|false|false\u00bb custom_padding_phone=\u00bb0px|||40px|false|false\u00bb custom_padding_last_edited=\u00bbon|tablet\u00bb link_option_url=\u00bb#convenio8&#8243; locked=\u00bboff\u00bb global_colors_info=\u00bb{}\u00bb]<\/p>\n<p>\u2192 <span style=\"text-decoration: underline;\">Leer m\u00e1s<\/span><\/p>\n<p>[\/et_pb_text][\/et_pb_column][\/et_pb_row][et_pb_row _builder_version=\u00bb4.16&#8243; _module_preset=\u00bbdefault\u00bb background_color=\u00bb#e0e5e1&#8243; width_tablet=\u00bb\u00bb width_phone=\u00bb100%\u00bb width_last_edited=\u00bbon|phone\u00bb locked=\u00bboff\u00bb global_colors_info=\u00bb{}\u00bb][et_pb_column type=\u00bb4_4&#8243; _builder_version=\u00bb4.16&#8243; _module_preset=\u00bbdefault\u00bb global_colors_info=\u00bb{}\u00bb][et_pb_text _builder_version=\u00bb4.16&#8243; _module_preset=\u00bbdefault\u00bb text_font=\u00bbCairo||||||||\u00bb text_text_color=\u00bb#1e2793&#8243; text_font_size=\u00bb21px\u00bb text_line_height=\u00bb1.1em\u00bb header_3_line_height=\u00bb1.1em\u00bb custom_margin=\u00bb||10px||false|false\u00bb custom_padding=\u00bb|70px|0px|70px|false|true\u00bb custom_padding_tablet=\u00bb|40px||40px|false|true\u00bb custom_padding_phone=\u00bb|40px||40px|false|true\u00bb custom_padding_last_edited=\u00bbon|tablet\u00bb text_font_size_tablet=\u00bb20px\u00bb text_font_size_phone=\u00bb18px\u00bb text_font_size_last_edited=\u00bbon|phone\u00bb global_colors_info=\u00bb{}\u00bb]<\/p>\n<p>(7) Convenio para actuaciones en <strong>infraestructuras cient\u00edfico-tecnol\u00f3gicas del sistema CERCA<\/strong> y para el desarrollo de una plataforma de acceso a las mismas.<\/p>\n<p>[\/et_pb_text][et_pb_text _builder_version=\u00bb4.16&#8243; _module_preset=\u00bbdefault\u00bb text_font=\u00bb|700|||||||\u00bb text_text_color=\u00bb#406fda\u00bb custom_margin=\u00bb0px||||false|false\u00bb custom_padding=\u00bb0px|||70px|false|false\u00bb custom_padding_tablet=\u00bb|||40px|false|false\u00bb custom_padding_phone=\u00bb0px|||40px|false|false\u00bb custom_padding_last_edited=\u00bbon|tablet\u00bb link_option_url=\u00bb#convenio7&#8243; global_colors_info=\u00bb{}\u00bb]<\/p>\n<p>\u2192 <span style=\"text-decoration: underline;\">Leer m\u00e1s<\/span><\/p>\n<p>[\/et_pb_text][\/et_pb_column][\/et_pb_row][et_pb_row _builder_version=\u00bb4.16&#8243; _module_preset=\u00bbdefault\u00bb background_color=\u00bbrgba(224,229,225,0.5)\u00bb width_tablet=\u00bb\u00bb width_phone=\u00bb100%\u00bb width_last_edited=\u00bbon|phone\u00bb locked=\u00bboff\u00bb global_colors_info=\u00bb{}\u00bb][et_pb_column type=\u00bb4_4&#8243; _builder_version=\u00bb4.16&#8243; _module_preset=\u00bbdefault\u00bb global_colors_info=\u00bb{}\u00bb][et_pb_text _builder_version=\u00bb4.16&#8243; _module_preset=\u00bbdefault\u00bb text_font=\u00bbCairo||||||||\u00bb text_text_color=\u00bb#1e2793&#8243; text_font_size=\u00bb21px\u00bb text_line_height=\u00bb1.1em\u00bb header_3_line_height=\u00bb1.1em\u00bb custom_margin=\u00bb||10px||false|false\u00bb custom_padding=\u00bb|70px|0px|70px|false|true\u00bb custom_padding_tablet=\u00bb|40px||40px|false|true\u00bb custom_padding_phone=\u00bb|40px||40px|false|true\u00bb custom_padding_last_edited=\u00bbon|tablet\u00bb text_font_size_tablet=\u00bb20px\u00bb text_font_size_phone=\u00bb18px\u00bb text_font_size_last_edited=\u00bbon|phone\u00bb global_colors_info=\u00bb{}\u00bb]<\/p>\n<p>(6) Adhesi\u00f3n de la Fundaci\u00f3n Institut d\u2019Estudis Espacials de Catalunya al <strong>Acuerdo Marco de homologaci\u00f3n de proveedores de equipos con sistema operativo iOs o MacOs<\/strong>, port\u00e1tiles ultraligeros, t\u00e1ctiles, convertibles, de tabletas, port\u00e1tiles gaming, mini PC, equipos de sobremesa, discos duros externos y servicios asociados.<\/p>\n<p>[\/et_pb_text][et_pb_text _builder_version=\u00bb4.16&#8243; _module_preset=\u00bbdefault\u00bb text_font=\u00bb|700|||||||\u00bb text_text_color=\u00bb#406fda\u00bb custom_margin=\u00bb0px||||false|false\u00bb custom_padding=\u00bb0px|||70px|false|false\u00bb custom_padding_tablet=\u00bb|||40px|false|false\u00bb custom_padding_phone=\u00bb0px|||40px|false|false\u00bb custom_padding_last_edited=\u00bbon|tablet\u00bb link_option_url=\u00bb#convenio6&#8243; global_colors_info=\u00bb{}\u00bb]<\/p>\n<p>\u2192 <span style=\"text-decoration: underline;\">Leer m\u00e1s<\/span><\/p>\n<p>[\/et_pb_text][\/et_pb_column][\/et_pb_row][et_pb_row _builder_version=\u00bb4.16&#8243; _module_preset=\u00bbdefault\u00bb background_color=\u00bb#e0e5e1&#8243; width_tablet=\u00bb\u00bb width_phone=\u00bb100%\u00bb width_last_edited=\u00bbon|phone\u00bb locked=\u00bboff\u00bb global_colors_info=\u00bb{}\u00bb][et_pb_column type=\u00bb4_4&#8243; _builder_version=\u00bb4.16&#8243; _module_preset=\u00bbdefault\u00bb global_colors_info=\u00bb{}\u00bb][et_pb_text _builder_version=\u00bb4.16&#8243; _module_preset=\u00bbdefault\u00bb text_font=\u00bbCairo||||||||\u00bb text_text_color=\u00bb#1e2793&#8243; text_font_size=\u00bb21px\u00bb text_line_height=\u00bb1.1em\u00bb header_3_line_height=\u00bb1.1em\u00bb custom_margin=\u00bb||10px||false|false\u00bb custom_padding=\u00bb|70px|0px|70px|false|true\u00bb custom_padding_tablet=\u00bb|40px||40px|false|true\u00bb custom_padding_phone=\u00bb|40px||40px|false|true\u00bb custom_padding_last_edited=\u00bbon|tablet\u00bb text_font_size_tablet=\u00bb20px\u00bb text_font_size_phone=\u00bb18px\u00bb text_font_size_last_edited=\u00bbon|phone\u00bb global_colors_info=\u00bb{}\u00bb]<\/p>\n<p>(5) Convenio de colaboraci\u00f3n entre la <strong>Universitat Polit\u00e8cnica de Catalunya \u00b7 BarcelonaTech (UPC) y la Fundaci\u00f3n Institut d\u2019Estudis Espacials de Catalunya (IEEC)<\/strong> para regular su vinculaci\u00f3n a la UPC como entidad vinculada de investigaci\u00f3n de la UPC.<\/p>\n<p>[\/et_pb_text][et_pb_text _builder_version=\u00bb4.16&#8243; _module_preset=\u00bbdefault\u00bb text_font=\u00bb|700|||||||\u00bb text_text_color=\u00bb#406fda\u00bb custom_margin=\u00bb0px||||false|false\u00bb custom_padding=\u00bb0px|||70px|false|false\u00bb custom_padding_tablet=\u00bb|||40px|false|false\u00bb custom_padding_phone=\u00bb0px|||40px|false|false\u00bb custom_padding_last_edited=\u00bbon|tablet\u00bb link_option_url=\u00bb#convenio5&#8243; global_colors_info=\u00bb{}\u00bb]<\/p>\n<p>\u2192 <span style=\"text-decoration: underline;\">Leer m\u00e1s<\/span><\/p>\n<p>[\/et_pb_text][\/et_pb_column][\/et_pb_row][et_pb_row _builder_version=\u00bb4.16&#8243; _module_preset=\u00bbdefault\u00bb background_color=\u00bbrgba(224,229,225,0.5)\u00bb width_tablet=\u00bb\u00bb width_phone=\u00bb100%\u00bb width_last_edited=\u00bbon|phone\u00bb locked=\u00bboff\u00bb global_colors_info=\u00bb{}\u00bb][et_pb_column type=\u00bb4_4&#8243; _builder_version=\u00bb4.16&#8243; _module_preset=\u00bbdefault\u00bb global_colors_info=\u00bb{}\u00bb][et_pb_text _builder_version=\u00bb4.16&#8243; _module_preset=\u00bbdefault\u00bb text_font=\u00bbCairo||||||||\u00bb text_text_color=\u00bb#1e2793&#8243; text_font_size=\u00bb21px\u00bb text_line_height=\u00bb1.1em\u00bb header_3_line_height=\u00bb1.1em\u00bb custom_margin=\u00bb||10px||false|false\u00bb custom_padding=\u00bb|70px|0px|70px|false|true\u00bb custom_padding_tablet=\u00bb|40px||40px|false|true\u00bb custom_padding_phone=\u00bb|40px||40px|false|true\u00bb custom_padding_last_edited=\u00bbon|tablet\u00bb text_font_size_tablet=\u00bb20px\u00bb text_font_size_phone=\u00bb18px\u00bb text_font_size_last_edited=\u00bbon|phone\u00bb global_colors_info=\u00bb{}\u00bb]<\/p>\n<p>(4) Convenio de colaboraci\u00f3n entre el <strong>Institut d\u2019Estudis Espacials de Catalunya (IEEC) e isardSAT S.L.<\/strong> para la instalaci\u00f3n y explotaci\u00f3n de un equipamiento en el Observatorio del Montsec.<\/p>\n<p>[\/et_pb_text][et_pb_text _builder_version=\u00bb4.16&#8243; _module_preset=\u00bbdefault\u00bb text_font=\u00bb|700|||||||\u00bb text_text_color=\u00bb#406fda\u00bb custom_margin=\u00bb0px||||false|false\u00bb custom_padding=\u00bb0px|||70px|false|false\u00bb custom_padding_tablet=\u00bb|||40px|false|false\u00bb custom_padding_phone=\u00bb0px|||40px|false|false\u00bb custom_padding_last_edited=\u00bbon|tablet\u00bb link_option_url=\u00bb#convenio4&#8243; global_colors_info=\u00bb{}\u00bb]<\/p>\n<p>\u2192 <span style=\"text-decoration: underline;\">Leer m\u00e1s<\/span><\/p>\n<p>[\/et_pb_text][\/et_pb_column][\/et_pb_row][et_pb_row _builder_version=\u00bb4.16&#8243; _module_preset=\u00bbdefault\u00bb background_color=\u00bb#e0e5e1&#8243; width_tablet=\u00bb\u00bb width_phone=\u00bb100%\u00bb width_last_edited=\u00bbon|phone\u00bb locked=\u00bboff\u00bb global_colors_info=\u00bb{}\u00bb][et_pb_column type=\u00bb4_4&#8243; _builder_version=\u00bb4.16&#8243; _module_preset=\u00bbdefault\u00bb global_colors_info=\u00bb{}\u00bb][et_pb_text _builder_version=\u00bb4.16&#8243; _module_preset=\u00bbdefault\u00bb text_font=\u00bbCairo||||||||\u00bb text_text_color=\u00bb#1e2793&#8243; text_font_size=\u00bb21px\u00bb text_line_height=\u00bb1.1em\u00bb header_3_line_height=\u00bb1.1em\u00bb custom_margin=\u00bb||10px||false|false\u00bb custom_padding=\u00bb|70px|0px|70px|false|true\u00bb custom_padding_tablet=\u00bb|40px||40px|false|true\u00bb custom_padding_phone=\u00bb|40px||40px|false|true\u00bb custom_padding_last_edited=\u00bbon|tablet\u00bb text_font_size_tablet=\u00bb20px\u00bb text_font_size_phone=\u00bb18px\u00bb text_font_size_last_edited=\u00bbon|phone\u00bb global_colors_info=\u00bb{}\u00bb]<\/p>\n<p>(3) Acuerdo de intenci\u00f3n suscrita entre Aeropuertos P\u00fablicos de Catalunya y el Institut d\u2019Estudis Espacials de Catalunya para el desarrollo de la actividad aeroespacial en el <strong>Aeropuerto de Lleida-Alguaire<\/strong>.<\/p>\n<p>[\/et_pb_text][et_pb_text _builder_version=\u00bb4.16&#8243; _module_preset=\u00bbdefault\u00bb text_font=\u00bb|700|||||||\u00bb text_text_color=\u00bb#406fda\u00bb custom_margin=\u00bb0px||||false|false\u00bb custom_padding=\u00bb0px|||70px|false|false\u00bb custom_padding_tablet=\u00bb|||40px|false|false\u00bb custom_padding_phone=\u00bb0px|||40px|false|false\u00bb custom_padding_last_edited=\u00bbon|tablet\u00bb link_option_url=\u00bb#convenio3&#8243; global_colors_info=\u00bb{}\u00bb]<\/p>\n<p>\u2192 <span style=\"text-decoration: underline;\">Leer m\u00e1s<\/span><\/p>\n<p>[\/et_pb_text][\/et_pb_column][\/et_pb_row][et_pb_row _builder_version=\u00bb4.16&#8243; _module_preset=\u00bbdefault\u00bb background_color=\u00bbrgba(224,229,225,0.5)\u00bb width_tablet=\u00bb\u00bb width_phone=\u00bb100%\u00bb width_last_edited=\u00bbon|phone\u00bb locked=\u00bboff\u00bb global_colors_info=\u00bb{}\u00bb][et_pb_column type=\u00bb4_4&#8243; _builder_version=\u00bb4.16&#8243; _module_preset=\u00bbdefault\u00bb global_colors_info=\u00bb{}\u00bb][et_pb_text _builder_version=\u00bb4.16&#8243; _module_preset=\u00bbdefault\u00bb text_font=\u00bbCairo||||||||\u00bb text_text_color=\u00bb#1e2793&#8243; text_font_size=\u00bb21px\u00bb text_line_height=\u00bb1.1em\u00bb header_3_line_height=\u00bb1.1em\u00bb custom_margin=\u00bb||10px||false|false\u00bb custom_padding=\u00bb|70px|0px|70px|false|true\u00bb custom_padding_tablet=\u00bb|40px||40px|false|true\u00bb custom_padding_phone=\u00bb|40px||40px|false|true\u00bb custom_padding_last_edited=\u00bbon|tablet\u00bb text_font_size_tablet=\u00bb20px\u00bb text_font_size_phone=\u00bb18px\u00bb text_font_size_last_edited=\u00bbon|phone\u00bb global_colors_info=\u00bb{}\u00bb]<\/p>\n<p>(2) Convenio de la colaboraci\u00f3n entre la <strong>Fundaci\u00f3 Instituci\u00f3 Catalana de la Recerca i Estudis Avan\u00e7ats (ICREA) y el Institut d\u2019Estudis Espacials de Catalunya.<\/strong><\/p>\n<p>[\/et_pb_text][et_pb_text _builder_version=\u00bb4.16&#8243; _module_preset=\u00bbdefault\u00bb text_font=\u00bb|700|||||||\u00bb text_text_color=\u00bb#406fda\u00bb custom_margin=\u00bb0px||||false|false\u00bb custom_padding=\u00bb0px|||70px|false|false\u00bb custom_padding_tablet=\u00bb|||40px|false|false\u00bb custom_padding_phone=\u00bb0px|||40px|false|false\u00bb custom_padding_last_edited=\u00bbon|tablet\u00bb link_option_url=\u00bb#convenio2&#8243; global_colors_info=\u00bb{}\u00bb]<\/p>\n<p>\u2192 <span style=\"text-decoration: underline;\">Leer m\u00e1s<\/span><\/p>\n<p>[\/et_pb_text][\/et_pb_column][\/et_pb_row][et_pb_row _builder_version=\u00bb4.16&#8243; _module_preset=\u00bbdefault\u00bb background_color=\u00bb#e0e5e1&#8243; width_tablet=\u00bb\u00bb width_phone=\u00bb100%\u00bb width_last_edited=\u00bbon|phone\u00bb locked=\u00bboff\u00bb global_colors_info=\u00bb{}\u00bb][et_pb_column type=\u00bb4_4&#8243; _builder_version=\u00bb4.16&#8243; _module_preset=\u00bbdefault\u00bb global_colors_info=\u00bb{}\u00bb][et_pb_text _builder_version=\u00bb4.16&#8243; _module_preset=\u00bbdefault\u00bb text_font=\u00bbCairo||||||||\u00bb text_text_color=\u00bb#1e2793&#8243; text_font_size=\u00bb21px\u00bb text_line_height=\u00bb1.1em\u00bb header_3_line_height=\u00bb1.1em\u00bb custom_margin=\u00bb||10px||false|false\u00bb custom_padding=\u00bb|70px|0px|70px|false|true\u00bb custom_padding_tablet=\u00bb|40px||40px|false|true\u00bb custom_padding_phone=\u00bb|40px||40px|false|true\u00bb custom_padding_last_edited=\u00bbon|tablet\u00bb text_font_size_tablet=\u00bb20px\u00bb text_font_size_phone=\u00bb18px\u00bb text_font_size_last_edited=\u00bbon|phone\u00bb global_colors_info=\u00bb{}\u00bb]<\/p>\n<p>(1) Acuerdo de colaboraci\u00f3n en la calibraci\u00f3n y el monitoreo ambiental para preparar la implementaci\u00f3n del <strong>Observatorio del Cherenkov Telescope Array<\/strong>.<\/p>\n<p>[\/et_pb_text][et_pb_text _builder_version=\u00bb4.16&#8243; _module_preset=\u00bbdefault\u00bb text_font=\u00bb|700|||||||\u00bb text_text_color=\u00bb#406fda\u00bb custom_margin=\u00bb0px||||false|false\u00bb custom_padding=\u00bb0px|||70px|false|false\u00bb custom_padding_tablet=\u00bb|||40px|false|false\u00bb custom_padding_phone=\u00bb0px|||40px|false|false\u00bb custom_padding_last_edited=\u00bbon|tablet\u00bb link_option_url=\u00bb#convenio1&#8243; global_colors_info=\u00bb{}\u00bb]<\/p>\n<p><span style=\"color: #406fda;\"><strong><\/strong><\/span><span style=\"color: #406fda;\"><strong>\u2192 <\/strong><\/span><span style=\"text-decoration: underline;\"><span style=\"color: #406fda;\"><strong>Leer m\u00e1s<\/strong><\/span><\/span><\/p>\n<p>[\/et_pb_text][\/et_pb_column][\/et_pb_row][et_pb_row module_id=\u00bb7&#8243; _builder_version=\u00bb4.16&#8243; _module_preset=\u00bbdefault\u00bb custom_padding=\u00bb||30px||false|false\u00bb locked=\u00bboff\u00bb global_colors_info=\u00bb{}\u00bb][et_pb_column type=\u00bb4_4&#8243; _builder_version=\u00bb4.16&#8243; _module_preset=\u00bbdefault\u00bb global_colors_info=\u00bb{}\u00bb][et_pb_text _builder_version=\u00bb4.16&#8243; _module_preset=\u00bbdefault\u00bb text_text_color=\u00bb#E02B20&#8243; header_2_text_color=\u00bb#1e2793&#8243; header_2_font_size=\u00bb32px\u00bb custom_margin=\u00bb0px||10px|0px|false|false\u00bb custom_padding=\u00bb0px||0px|0px|false|false\u00bb custom_padding_tablet=\u00bb0px||0px|0px|false|false\u00bb custom_padding_phone=\u00bb0px||0px|0px|false|false\u00bb custom_padding_last_edited=\u00bbon|tablet\u00bb header_2_font_size_tablet=\u00bb28px\u00bb header_2_font_size_phone=\u00bb26px\u00bb header_2_font_size_last_edited=\u00bbon|phone\u00bb global_colors_info=\u00bb{}\u00bb]<\/p>\n<h2>7.<strong>\u00a0Actividad subvencional<\/strong><\/h2>\n<p>[\/et_pb_text][et_pb_text _builder_version=\u00bb4.16&#8243; _module_preset=\u00bbdefault\u00bb global_colors_info=\u00bb{}\u00bb]<\/p>\n<p>Puede consultarse la actividad subvencional de la entidad a continuaci\u00f3n:<\/p>\n<p>[\/et_pb_text][\/et_pb_column][\/et_pb_row][et_pb_row _builder_version=\u00bb4.16&#8243; _module_preset=\u00bbdefault\u00bb locked=\u00bboff\u00bb global_colors_info=\u00bb{}\u00bb][et_pb_column type=\u00bb4_4&#8243; _builder_version=\u00bb4.16&#8243; _module_preset=\u00bbdefault\u00bb global_colors_info=\u00bb{}\u00bb][et_pb_text _builder_version=\u00bb4.27.6&#8243; _module_preset=\u00bbdefault\u00bb text_font=\u00bbCairo||||||||\u00bb text_text_color=\u00bb#1E2793&#8243; header_3_font=\u00bb|700|||||||\u00bb header_3_text_color=\u00bb#1e2793&#8243; header_3_font_size=\u00bb26px\u00bb custom_margin=\u00bb||14px||false|false\u00bb hover_enabled=\u00bb0&#8243; global_colors_info=\u00bb{}\u00bb sticky_enabled=\u00bb0&#8243;]<\/p>\n<h3><strong>Exp. IEEC\/98\/2026. Segunda convocatoria de ayudas \u2018Catalonia Space\u2019 para asistir al programa de verano SSP 2026 de la International Space University<\/strong><\/h3>\n<p>[\/et_pb_text][et_pb_text _builder_version=\u00bb4.16&#8243; _module_preset=\u00bbdefault\u00bb text_font=\u00bb|600||on|||||\u00bb text_text_color=\u00bb#FFFFFF\u00bb text_font_size=\u00bb16px\u00bb background_color=\u00bb#2f9f85&#8243; width=\u00bb88px\u00bb custom_margin=\u00bb-10px||||false|false\u00bb custom_padding=\u00bb3px||3px|15px|true|false\u00bb global_colors_info=\u00bb{}\u00bb theme_builder_area=\u00bbpost_content\u00bb]<\/p>\n<p>Abierto<\/p>\n<p>[\/et_pb_text][et_pb_text _builder_version=\u00bb4.27.6&#8243; _module_preset=\u00bbdefault\u00bb link_font=\u00bb||||on|||#1E2793|\u00bb link_text_color=\u00bb#1E2793&#8243; hover_enabled=\u00bb0&#8243; global_colors_info=\u00bb{}\u00bb sticky_enabled=\u00bb0&#8243;]<\/p>\n<p>La Generalitat de Catalunya y el Institut d\u2019Estudis Espacials de Catalunya (IEEC) abren una convocatoria de 2 ayudas \u2018Catalonia Space\u2019 para asistir al Space Studies Program (SSP) de la International Space University (ISU). La convocatoria se enmarca dentro de la Estrat\u00e8gia Catalunya Espai 2030 con el objetivo de promover actividades dirigidas a la captaci\u00f3n, generaci\u00f3n y retenci\u00f3n de todo aquel talento con capacidades para desarrollar soluciones en el \u00e1mbito espacial.<\/p>\n<p>&nbsp;<\/p>\n<ul>\n<li>Fecha l\u00edmite de presentaci\u00f3n de candidaturas a la ISU: 30 de abril de 2026<\/li>\n<li>Fecha l\u00edmite de presentaci\u00f3n de solicitudes de ayuda: 6 de mayo de 2026<\/li>\n<\/ul>\n<p>[\/et_pb_text][\/et_pb_column][\/et_pb_row][et_pb_row column_structure=\u00bb1_3,1_3,1_3&#8243; disabled_on=\u00bboff|off|off\u00bb _builder_version=\u00bb4.16&#8243; _module_preset=\u00bbdefault\u00bb global_colors_info=\u00bb{}\u00bb][et_pb_column type=\u00bb1_3&#8243; _builder_version=\u00bb4.16&#8243; _module_preset=\u00bbdefault\u00bb global_colors_info=\u00bb{}\u00bb][et_pb_button button_url=\u00bbhttps:\/\/www.ieec.cat\/wp-content\/uploads\/2026\/04\/2A-CONVOCATORIA-DE-2-AJUTS-SSP-ISU-2026-1.pdf\u00bb url_new_window=\u00bbon\u00bb button_text=\u00bbBASES DE LA CONVOCATORIA\u00bb button_alignment=\u00bbcenter\u00bb _builder_version=\u00bb4.27.6&#8243; _module_preset=\u00bbdefault\u00bb custom_button=\u00bbon\u00bb button_text_size=\u00bb19px\u00bb button_text_color=\u00bb#FFFFFF\u00bb button_bg_color=\u00bb#406fda\u00bb button_border_width=\u00bb0px\u00bb button_border_color=\u00bbRGBA(255,255,255,0)\u00bb button_border_radius=\u00bb0px\u00bb button_letter_spacing=\u00bb1px\u00bb button_font=\u00bbCairo|700||on|||||\u00bb button_icon=\u00bb&#xf15b;||fa||400&#8243; button_icon_color=\u00bb#FFFFFF\u00bb button_icon_placement=\u00bbleft\u00bb button_on_hover=\u00bboff\u00bb background_layout=\u00bbdark\u00bb custom_margin=\u00bb0px|0px|0px|0px|false|false\u00bb custom_padding=\u00bb13px|30px|13px|60px|true|false\u00bb hover_enabled=\u00bb0&#8243; button_border_width_tablet=\u00bb6px\u00bb button_border_width_phone=\u00bb6px\u00bb button_border_width_last_edited=\u00bbon|desktop\u00bb locked=\u00bboff\u00bb global_colors_info=\u00bb{}\u00bb button_border_width__hover_enabled=\u00bbon|hover\u00bb button_border_width__hover=\u00bb6px\u00bb button_bg_color__hover=\u00bb#1e2751&#8243; button_bg_color__hover_enabled=\u00bbon|hover\u00bb sticky_enabled=\u00bb0&#8243;][\/et_pb_button][\/et_pb_column][et_pb_column type=\u00bb1_3&#8243; _builder_version=\u00bb4.27.4&#8243; _module_preset=\u00bbdefault\u00bb global_colors_info=\u00bb{}\u00bb][et_pb_button button_url=\u00bbhttps:\/\/www.ieec.cat\/wp-content\/uploads\/2025\/12\/7.-Resolucio-concessio-ajuts-IEEC_150_2025-1.pdf\u00bb url_new_window=\u00bbon\u00bb button_text=\u00bbResoluci\u00f3n 1a convocatoria\u00bb button_alignment=\u00bbcenter\u00bb disabled_on=\u00bbon|on|on\u00bb _builder_version=\u00bb4.27.6&#8243; _module_preset=\u00bbdefault\u00bb custom_button=\u00bbon\u00bb button_text_size=\u00bb19px\u00bb button_text_color=\u00bb#FFFFFF\u00bb button_bg_color=\u00bb#406fda\u00bb button_border_width=\u00bb0px\u00bb button_border_color=\u00bbRGBA(255,255,255,0)\u00bb button_border_radius=\u00bb0px\u00bb button_letter_spacing=\u00bb1px\u00bb button_font=\u00bbCairo|700||on|||||\u00bb button_icon=\u00bb&#xf15b;||fa||400&#8243; button_icon_color=\u00bb#FFFFFF\u00bb button_icon_placement=\u00bbleft\u00bb button_on_hover=\u00bboff\u00bb background_layout=\u00bbdark\u00bb custom_margin=\u00bb0px|0px|0px|0px|false|false\u00bb custom_padding=\u00bb13px|30px|13px|60px|true|false\u00bb hover_enabled=\u00bb0&#8243; button_border_width_tablet=\u00bb6px\u00bb button_border_width_phone=\u00bb6px\u00bb button_border_width_last_edited=\u00bbon|desktop\u00bb locked=\u00bboff\u00bb global_colors_info=\u00bb{}\u00bb button_border_width__hover_enabled=\u00bbon|hover\u00bb button_border_width__hover=\u00bb6px\u00bb button_bg_color__hover=\u00bb#1e2751&#8243; button_bg_color__hover_enabled=\u00bbon|hover\u00bb disabled=\u00bbon\u00bb sticky_enabled=\u00bb0&#8243;][\/et_pb_button][\/et_pb_column][et_pb_column type=\u00bb1_3&#8243; _builder_version=\u00bb4.16&#8243; _module_preset=\u00bbdefault\u00bb global_colors_info=\u00bb{}\u00bb][et_pb_button button_url=\u00bbhttps:\/\/www.ieec.cat\/wp-content\/uploads\/2026\/03\/7.-Resolucio-modificacio-bases_AMPLIACIO-TERMINI-IEEC_150_2025.pdf\u00bb url_new_window=\u00bbon\u00bb button_text=\u00bbRESOLUCI\u00d3N DE MODIFICACI\u00d3N DE LAS BASES\u00bb button_alignment=\u00bbcenter\u00bb disabled_on=\u00bbon|on|on\u00bb _builder_version=\u00bb4.27.6&#8243; _module_preset=\u00bbdefault\u00bb custom_button=\u00bbon\u00bb button_text_size=\u00bb19px\u00bb button_text_color=\u00bb#FFFFFF\u00bb button_bg_color=\u00bb#406fda\u00bb button_border_width=\u00bb0px\u00bb button_border_color=\u00bbRGBA(255,255,255,0)\u00bb button_border_radius=\u00bb0px\u00bb button_letter_spacing=\u00bb1px\u00bb button_font=\u00bbCairo|700||on|||||\u00bb button_icon=\u00bb&#xf15b;||fa||400&#8243; button_icon_color=\u00bb#FFFFFF\u00bb button_icon_placement=\u00bbleft\u00bb button_on_hover=\u00bboff\u00bb background_layout=\u00bbdark\u00bb custom_margin=\u00bb0px|0px|0px|0px|false|false\u00bb custom_padding=\u00bb13px|30px|13px|60px|true|false\u00bb hover_enabled=\u00bb0&#8243; button_border_width_tablet=\u00bb6px\u00bb button_border_width_phone=\u00bb6px\u00bb button_border_width_last_edited=\u00bbon|desktop\u00bb locked=\u00bboff\u00bb global_colors_info=\u00bb{}\u00bb button_border_width__hover_enabled=\u00bbon|hover\u00bb button_border_width__hover=\u00bb6px\u00bb button_bg_color__hover=\u00bb#1e2751&#8243; button_bg_color__hover_enabled=\u00bbon|hover\u00bb disabled=\u00bbon\u00bb sticky_enabled=\u00bb0&#8243;][\/et_pb_button][\/et_pb_column][\/et_pb_row][et_pb_row _builder_version=\u00bb4.16&#8243; _module_preset=\u00bbdefault\u00bb locked=\u00bboff\u00bb global_colors_info=\u00bb{}\u00bb][et_pb_column type=\u00bb4_4&#8243; _builder_version=\u00bb4.16&#8243; _module_preset=\u00bbdefault\u00bb global_colors_info=\u00bb{}\u00bb][et_pb_text _builder_version=\u00bb4.27.6&#8243; _module_preset=\u00bbdefault\u00bb text_font=\u00bbCairo||||||||\u00bb text_text_color=\u00bb#1E2793&#8243; header_3_font=\u00bb|700|||||||\u00bb header_3_text_color=\u00bb#1e2793&#8243; header_3_font_size=\u00bb26px\u00bb custom_margin=\u00bb||14px||false|false\u00bb global_colors_info=\u00bb{}\u00bb]<\/p>\n<h3>Exp. IEEC\/150\/2025. Convocatoria de ayudas a empresas para la financiaci\u00f3n de doctorados industriales en proyectos del \u00e1mbito espacial (2025\/26)<\/h3>\n<p>[\/et_pb_text][et_pb_text admin_label=\u00bbtancat\u00bb _builder_version=\u00bb4.16&#8243; _module_preset=\u00bbdefault\u00bb text_font=\u00bb|600||on|||||\u00bb text_text_color=\u00bb#FFFFFF\u00bb text_font_size=\u00bb16px\u00bb background_color=\u00bb#de5121&#8243; width=\u00bb98px\u00bb custom_margin=\u00bb-16px||||false|false\u00bb custom_padding=\u00bb3px||3px|15px|true|false\u00bb locked=\u00bboff\u00bb global_colors_info=\u00bb{}\u00bb theme_builder_area=\u00bbpost_content\u00bb]cerrado[\/et_pb_text][et_pb_text _builder_version=\u00bb4.27.6&#8243; _module_preset=\u00bbdefault\u00bb link_font=\u00bb||||on|||#1E2793|\u00bb link_text_color=\u00bb#1E2793&#8243; global_colors_info=\u00bb{}\u00bb]<\/p>\n<p><span style=\"font-weight: 400;\">La <\/span><span style=\"font-weight: 400;\">Generalitat de Catalunya<\/span><span style=\"font-weight: 400;\"> y el <\/span><span style=\"font-weight: 400;\">Institut d\u2019Estudis Espacials de Catalunya<\/span><span style=\"font-weight: 400;\"> (IEEC), en el marco de la estrategia Catalunya Espai 2030, abren una convocatoria de tres ayudas para incentivar los doctorados industriales en empresas con proyectos en el \u00e1mbito espacial. Cada ayuda tiene una dotaci\u00f3n m\u00e1xima de 33.750\u202f\u20ac para un periodo de tres a\u00f1os. Una de las ayudas se destinar\u00e1 a proyectos alineados con la tem\u00e1tica de <\/span><span style=\"font-weight: 400;\">ESA Phi\u2011Lab Spain<\/span><span style=\"font-weight: 400;\">: Tecnolog\u00eda espacial para la resiliencia clim\u00e1tica.<\/span><\/p>\n<p><span style=\"font-weight: 400;\">Podr\u00e1n optar a estas ayudas las empresas con centro de trabajo en Catalunya que hayan sido beneficiarias de una ayuda de doctorado industrial de AGAUR durante el a\u00f1o 2025 y que desarrollen proyectos en el \u00e1mbito espacial.<\/span><\/p>\n<p><span style=\"font-weight: 400;\">La presente convocatoria prev\u00e9 tres plazos para la presentaci\u00f3n de solicitudes:<\/span><\/p>\n<ul>\n<li><span style=\"font-weight: 400;\">1\u00aa convocatoria: Fecha l\u00edmite de presentaci\u00f3n de solicitudes: 15 de noviembre de 2025 a las 14:00 h. Esta convocatoria incluye las dos primeras convocatorias de doctorados industriales 2025 resueltas por la AGAUR en 2025:<\/span><span style=\"font-weight: 400;\"><br \/><\/span><span style=\"font-weight: 400;\">&#8211; Primera resoluci\u00f3n parcial definitiva de la convocatoria de doctorados industriales (DI) 2025 de fecha 04\/06\/2025<\/span><span style=\"font-weight: 400;\"><br \/><\/span><span style=\"font-weight: 400;\">&#8211; Segunda resoluci\u00f3n parcial definitiva de la convocatoria de doctorados industriales (DI) 2025 de fecha 29\/07\/2025<\/span><\/li>\n<li><span style=\"font-weight: 400;\">2\u00aa convocatoria: Fecha l\u00edmite de presentaci\u00f3n de solicitudes: 15 de enero de 2026 a las 14:00 h. Esta convocatoria incluye la tercera convocatoria de doctorados industriales 2025 resuelta por la AGAUR en 2025.<\/span><\/li>\n<li><span style=\"font-weight: 400;\">3\u00aa convocatoria: <strong>Ampliaci\u00f3n de plazo.<\/strong> Nueva fecha l\u00edmite de presentaci\u00f3n de solicitudes: 15 de abril de 2026 a las 14:00 h. Esta convocatoria incluye la cuarta convocatoria de doctorados industriales 2025 resuelta por la AGAUR en 2026.<\/span><span style=\"font-weight: 400;\"><br \/><\/span><span style=\"font-weight: 400;\">Las convocatorias 2 y 3 estar\u00e1n sujetas al resultado de las convocatorias anteriores y al n\u00famero de ayudas pendientes de adjudicar.<\/span><\/li>\n<\/ul>\n<p>[\/et_pb_text][\/et_pb_column][\/et_pb_row][et_pb_row column_structure=\u00bb1_3,1_3,1_3&#8243; disabled_on=\u00bboff|off|off\u00bb _builder_version=\u00bb4.16&#8243; _module_preset=\u00bbdefault\u00bb global_colors_info=\u00bb{}\u00bb][et_pb_column type=\u00bb1_3&#8243; _builder_version=\u00bb4.16&#8243; _module_preset=\u00bbdefault\u00bb global_colors_info=\u00bb{}\u00bb][et_pb_button button_url=\u00bbhttps:\/\/www.ieec.cat\/wp-content\/uploads\/2026\/03\/Convocatoria-d-ajuts-per-al-financament-parcial-de-doctorats-industrials-Exp.-IEEC_150_2025_AMPLIACIO-TERMINI.pdf\u00bb url_new_window=\u00bbon\u00bb button_text=\u00bbBASES DE LA CONVOCATORIA\u00bb button_alignment=\u00bbcenter\u00bb _builder_version=\u00bb4.27.6&#8243; _module_preset=\u00bbdefault\u00bb custom_button=\u00bbon\u00bb button_text_size=\u00bb19px\u00bb button_text_color=\u00bb#FFFFFF\u00bb button_bg_color=\u00bb#406fda\u00bb button_border_width=\u00bb0px\u00bb button_border_color=\u00bbRGBA(255,255,255,0)\u00bb button_border_radius=\u00bb0px\u00bb button_letter_spacing=\u00bb1px\u00bb button_font=\u00bbCairo|700||on|||||\u00bb button_icon=\u00bb&#xf15b;||fa||400&#8243; button_icon_color=\u00bb#FFFFFF\u00bb button_icon_placement=\u00bbleft\u00bb button_on_hover=\u00bboff\u00bb background_layout=\u00bbdark\u00bb custom_margin=\u00bb0px|0px|0px|0px|false|false\u00bb custom_padding=\u00bb13px|30px|13px|60px|true|false\u00bb button_border_width_tablet=\u00bb6px\u00bb button_border_width_phone=\u00bb6px\u00bb button_border_width_last_edited=\u00bbon|desktop\u00bb locked=\u00bboff\u00bb global_colors_info=\u00bb{}\u00bb button_border_width__hover_enabled=\u00bbon|hover\u00bb button_border_width__hover=\u00bb6px\u00bb button_bg_color__hover=\u00bb#1e2751&#8243; button_bg_color__hover_enabled=\u00bbon|hover\u00bb][\/et_pb_button][\/et_pb_column][et_pb_column type=\u00bb1_3&#8243; _builder_version=\u00bb4.27.4&#8243; _module_preset=\u00bbdefault\u00bb global_colors_info=\u00bb{}\u00bb][et_pb_button button_url=\u00bbhttps:\/\/www.ieec.cat\/wp-content\/uploads\/2025\/12\/7.-Resolucio-concessio-ajuts-IEEC_150_2025-1.pdf\u00bb url_new_window=\u00bbon\u00bb button_text=\u00bbResoluci\u00f3n 1a convocatoria\u00bb button_alignment=\u00bbcenter\u00bb disabled_on=\u00bboff|off|off\u00bb _builder_version=\u00bb4.27.4&#8243; _module_preset=\u00bbdefault\u00bb custom_button=\u00bbon\u00bb button_text_size=\u00bb19px\u00bb button_text_color=\u00bb#FFFFFF\u00bb button_bg_color=\u00bb#406fda\u00bb button_border_width=\u00bb0px\u00bb button_border_color=\u00bbRGBA(255,255,255,0)\u00bb button_border_radius=\u00bb0px\u00bb button_letter_spacing=\u00bb1px\u00bb button_font=\u00bbCairo|700||on|||||\u00bb button_icon=\u00bb&#xf15b;||fa||400&#8243; button_icon_color=\u00bb#FFFFFF\u00bb button_icon_placement=\u00bbleft\u00bb button_on_hover=\u00bboff\u00bb background_layout=\u00bbdark\u00bb custom_margin=\u00bb0px|0px|0px|0px|false|false\u00bb custom_padding=\u00bb13px|30px|13px|60px|true|false\u00bb button_border_width_tablet=\u00bb6px\u00bb button_border_width_phone=\u00bb6px\u00bb button_border_width_last_edited=\u00bbon|desktop\u00bb locked=\u00bboff\u00bb global_colors_info=\u00bb{}\u00bb button_border_width__hover_enabled=\u00bbon|hover\u00bb button_border_width__hover=\u00bb6px\u00bb button_bg_color__hover=\u00bb#1e2751&#8243; button_bg_color__hover_enabled=\u00bbon|hover\u00bb][\/et_pb_button][\/et_pb_column][et_pb_column type=\u00bb1_3&#8243; _builder_version=\u00bb4.16&#8243; _module_preset=\u00bbdefault\u00bb global_colors_info=\u00bb{}\u00bb][et_pb_button button_url=\u00bbhttps:\/\/www.ieec.cat\/wp-content\/uploads\/2026\/03\/7.-Resolucio-modificacio-bases_AMPLIACIO-TERMINI-IEEC_150_2025.pdf\u00bb url_new_window=\u00bbon\u00bb button_text=\u00bbRESOLUCI\u00d3N DE MODIFICACI\u00d3N DE LAS BASES\u00bb button_alignment=\u00bbcenter\u00bb disabled_on=\u00bboff|off|off\u00bb _builder_version=\u00bb4.27.6&#8243; _module_preset=\u00bbdefault\u00bb custom_button=\u00bbon\u00bb button_text_size=\u00bb19px\u00bb button_text_color=\u00bb#FFFFFF\u00bb button_bg_color=\u00bb#406fda\u00bb button_border_width=\u00bb0px\u00bb button_border_color=\u00bbRGBA(255,255,255,0)\u00bb button_border_radius=\u00bb0px\u00bb button_letter_spacing=\u00bb1px\u00bb button_font=\u00bbCairo|700||on|||||\u00bb button_icon=\u00bb&#xf15b;||fa||400&#8243; button_icon_color=\u00bb#FFFFFF\u00bb button_icon_placement=\u00bbleft\u00bb button_on_hover=\u00bboff\u00bb background_layout=\u00bbdark\u00bb custom_margin=\u00bb0px|0px|0px|0px|false|false\u00bb custom_padding=\u00bb13px|30px|13px|60px|true|false\u00bb button_border_width_tablet=\u00bb6px\u00bb button_border_width_phone=\u00bb6px\u00bb button_border_width_last_edited=\u00bbon|desktop\u00bb locked=\u00bboff\u00bb global_colors_info=\u00bb{}\u00bb button_border_width__hover_enabled=\u00bbon|hover\u00bb button_border_width__hover=\u00bb6px\u00bb button_bg_color__hover=\u00bb#1e2751&#8243; button_bg_color__hover_enabled=\u00bbon|hover\u00bb][\/et_pb_button][\/et_pb_column][\/et_pb_row][et_pb_row _builder_version=\u00bb4.16&#8243; _module_preset=\u00bbdefault\u00bb locked=\u00bboff\u00bb global_colors_info=\u00bb{}\u00bb][et_pb_column type=\u00bb4_4&#8243; _builder_version=\u00bb4.16&#8243; _module_preset=\u00bbdefault\u00bb global_colors_info=\u00bb{}\u00bb][et_pb_text _builder_version=\u00bb4.27.5&#8243; _module_preset=\u00bbdefault\u00bb text_font=\u00bbCairo||||||||\u00bb text_text_color=\u00bb#1E2793&#8243; header_3_font=\u00bb|700|||||||\u00bb header_3_text_color=\u00bb#1e2793&#8243; header_3_font_size=\u00bb26px\u00bb custom_margin=\u00bb||14px||false|false\u00bb global_colors_info=\u00bb{}\u00bb]<\/p>\n<h3><strong>Exp. IEEC\/35\/2026. Convocatoria de ayudas \u2018Catalonia Space\u2019 para asistir al programa de verano SSP 2026 de la International Space University<\/strong><\/h3>\n<p>[\/et_pb_text][et_pb_text admin_label=\u00bbtancat\u00bb _builder_version=\u00bb4.16&#8243; _module_preset=\u00bbdefault\u00bb text_font=\u00bb|600||on|||||\u00bb text_text_color=\u00bb#FFFFFF\u00bb text_font_size=\u00bb16px\u00bb background_color=\u00bb#de5121&#8243; width=\u00bb98px\u00bb custom_margin=\u00bb-16px||||false|false\u00bb custom_padding=\u00bb3px||3px|15px|true|false\u00bb locked=\u00bboff\u00bb global_colors_info=\u00bb{}\u00bb]cerrado[\/et_pb_text][et_pb_text _builder_version=\u00bb4.27.5&#8243; _module_preset=\u00bbdefault\u00bb link_font=\u00bb||||on|||#1E2793|\u00bb link_text_color=\u00bb#1E2793&#8243; global_colors_info=\u00bb{}\u00bb]<\/p>\n<p>La Generalitat de Catalunya y el Institut d\u2019Estudis Espacials de Catalunya (IEEC) abren una convocatoria de 3 ayudas \u2018Catalonia Space\u2019 para asistir al Space Studies Program (SSP) de la International Space University (ISU). La convocatoria se enmarca dentro de la Estrat\u00e8gia Catalunya Espai 2030 con el objetivo de promover actividades dirigidas a la captaci\u00f3n, generaci\u00f3n y retenci\u00f3n de todo aquel talento con capacidades para desarrollar soluciones en el \u00e1mbito espacial.<\/p>\n<p>&nbsp;<\/p>\n<ul>\n<li>Fecha l\u00edmite de presentaci\u00f3n de candidaturas a la ISU: 28 de febrero de 2026<\/li>\n<li>Fecha l\u00edmite de presentaci\u00f3n de solicitudes de ayuda: 11 de marzo de 2026<\/li>\n<\/ul>\n<p>[\/et_pb_text][\/et_pb_column][\/et_pb_row][et_pb_row column_structure=\u00bb1_3,1_3,1_3&#8243; disabled_on=\u00bboff|off|off\u00bb _builder_version=\u00bb4.16&#8243; _module_preset=\u00bbdefault\u00bb global_colors_info=\u00bb{}\u00bb][et_pb_column type=\u00bb1_3&#8243; _builder_version=\u00bb4.16&#8243; _module_preset=\u00bbdefault\u00bb global_colors_info=\u00bb{}\u00bb][et_pb_button button_url=\u00bbhttps:\/\/www.ieec.cat\/wp-content\/uploads\/2026\/02\/1.-CONVOCATORIA-AJUTS-SSP-ISU-2026.pdf\u00bb url_new_window=\u00bbon\u00bb button_text=\u00bbBASES DE LA CONVOCATORIA\u00bb button_alignment=\u00bbcenter\u00bb _builder_version=\u00bb4.27.5&#8243; _module_preset=\u00bbdefault\u00bb custom_button=\u00bbon\u00bb button_text_size=\u00bb19px\u00bb button_text_color=\u00bb#FFFFFF\u00bb button_bg_color=\u00bb#406fda\u00bb button_border_width=\u00bb0px\u00bb button_border_color=\u00bbRGBA(255,255,255,0)\u00bb button_border_radius=\u00bb0px\u00bb button_letter_spacing=\u00bb1px\u00bb button_font=\u00bbCairo|700||on|||||\u00bb button_icon=\u00bb&#xf15b;||fa||400&#8243; button_icon_color=\u00bb#FFFFFF\u00bb button_icon_placement=\u00bbleft\u00bb button_on_hover=\u00bboff\u00bb background_layout=\u00bbdark\u00bb custom_margin=\u00bb0px|0px|0px|0px|false|false\u00bb custom_padding=\u00bb13px|30px|13px|60px|true|false\u00bb button_border_width_tablet=\u00bb6px\u00bb button_border_width_phone=\u00bb6px\u00bb button_border_width_last_edited=\u00bbon|desktop\u00bb locked=\u00bboff\u00bb global_colors_info=\u00bb{}\u00bb button_border_width__hover_enabled=\u00bbon|hover\u00bb button_border_width__hover=\u00bb6px\u00bb button_bg_color__hover=\u00bb#1e2751&#8243; button_bg_color__hover_enabled=\u00bbon|hover\u00bb][\/et_pb_button][\/et_pb_column][et_pb_column type=\u00bb1_3&#8243; _builder_version=\u00bb4.27.4&#8243; _module_preset=\u00bbdefault\u00bb global_colors_info=\u00bb{}\u00bb][et_pb_button button_url=\u00bbhttps:\/\/www.ieec.cat\/wp-content\/uploads\/2026\/03\/4.-Modificacio-composicio-Comite-Avaluador-ajuts-IEEC-SSP-ISU-2026.pdf\u00bb url_new_window=\u00bbon\u00bb button_text=\u00bbResoluci\u00f3n modificaci\u00f3n composici\u00f3n comit\u00e9 evaluador\u00bb button_alignment=\u00bbcenter\u00bb disabled_on=\u00bboff|off|off\u00bb _builder_version=\u00bb4.27.6&#8243; _module_preset=\u00bbdefault\u00bb custom_button=\u00bbon\u00bb button_text_size=\u00bb19px\u00bb button_text_color=\u00bb#FFFFFF\u00bb button_bg_color=\u00bb#406fda\u00bb button_border_width=\u00bb0px\u00bb button_border_color=\u00bbRGBA(255,255,255,0)\u00bb button_border_radius=\u00bb0px\u00bb button_letter_spacing=\u00bb1px\u00bb button_font=\u00bbCairo|700||on|||||\u00bb button_icon=\u00bb&#xf15b;||fa||400&#8243; button_icon_color=\u00bb#FFFFFF\u00bb button_icon_placement=\u00bbleft\u00bb button_on_hover=\u00bboff\u00bb background_layout=\u00bbdark\u00bb custom_margin=\u00bb0px|0px|0px|0px|false|false\u00bb custom_padding=\u00bb13px|30px|13px|60px|true|false\u00bb button_border_width_tablet=\u00bb6px\u00bb button_border_width_phone=\u00bb6px\u00bb button_border_width_last_edited=\u00bbon|desktop\u00bb locked=\u00bboff\u00bb global_colors_info=\u00bb{}\u00bb button_border_width__hover_enabled=\u00bbon|hover\u00bb button_border_width__hover=\u00bb6px\u00bb button_bg_color__hover=\u00bb#1e2751&#8243; button_bg_color__hover_enabled=\u00bbon|hover\u00bb][\/et_pb_button][\/et_pb_column][et_pb_column type=\u00bb1_3&#8243; _builder_version=\u00bb4.16&#8243; _module_preset=\u00bbdefault\u00bb global_colors_info=\u00bb{}\u00bb][et_pb_button button_url=\u00bbhttps:\/\/www.ieec.cat\/wp-content\/uploads\/2026\/03\/6.-Resolucio-concessio-ajuts-IEEC-SSP-ISU-2026-IEEC_35_2026.pdf\u00bb url_new_window=\u00bbon\u00bb button_text=\u00bbRESOLUCI\u00d3N CONCESI\u00d3N AYUDAS\u00bb button_alignment=\u00bbcenter\u00bb disabled_on=\u00bboff|off|off\u00bb _builder_version=\u00bb4.27.6&#8243; _module_preset=\u00bbdefault\u00bb custom_button=\u00bbon\u00bb button_text_size=\u00bb19px\u00bb button_text_color=\u00bb#FFFFFF\u00bb button_bg_color=\u00bb#406fda\u00bb button_border_width=\u00bb0px\u00bb button_border_color=\u00bbRGBA(255,255,255,0)\u00bb button_border_radius=\u00bb0px\u00bb button_letter_spacing=\u00bb1px\u00bb button_font=\u00bbCairo|700||on|||||\u00bb button_icon=\u00bb&#xf15b;||fa||400&#8243; button_icon_color=\u00bb#FFFFFF\u00bb button_icon_placement=\u00bbleft\u00bb button_on_hover=\u00bboff\u00bb background_layout=\u00bbdark\u00bb custom_margin=\u00bb0px|0px|0px|0px|false|false\u00bb custom_padding=\u00bb13px|30px|13px|60px|true|false\u00bb button_border_width_tablet=\u00bb6px\u00bb button_border_width_phone=\u00bb6px\u00bb button_border_width_last_edited=\u00bbon|desktop\u00bb locked=\u00bboff\u00bb global_colors_info=\u00bb{}\u00bb button_border_width__hover_enabled=\u00bbon|hover\u00bb button_border_width__hover=\u00bb6px\u00bb button_bg_color__hover=\u00bb#1e2751&#8243; button_bg_color__hover_enabled=\u00bbon|hover\u00bb][\/et_pb_button][\/et_pb_column][\/et_pb_row][et_pb_row column_structure=\u00bb1_3,1_3,1_3&#8243; disabled_on=\u00bboff|off|off\u00bb _builder_version=\u00bb4.16&#8243; _module_preset=\u00bbdefault\u00bb global_colors_info=\u00bb{}\u00bb][et_pb_column type=\u00bb1_3&#8243; _builder_version=\u00bb4.16&#8243; _module_preset=\u00bbdefault\u00bb global_colors_info=\u00bb{}\u00bb][et_pb_button button_url=\u00bbhttps:\/\/www.ieec.cat\/wp-content\/uploads\/2026\/03\/5.-Acta-valoracio-Comite-Avaluador-IEEC-SSP-ISU-2026_MS_JdD_LF_PLP_VT.pdf\u00bb url_new_window=\u00bbon\u00bb button_text=\u00bbActa valoraci\u00f3n comit\u00e9 evaluador\u00bb button_alignment=\u00bbcenter\u00bb _builder_version=\u00bb4.27.6&#8243; _module_preset=\u00bbdefault\u00bb custom_button=\u00bbon\u00bb button_text_size=\u00bb19px\u00bb button_text_color=\u00bb#FFFFFF\u00bb button_bg_color=\u00bb#406fda\u00bb button_border_width=\u00bb0px\u00bb button_border_color=\u00bbRGBA(255,255,255,0)\u00bb button_border_radius=\u00bb0px\u00bb button_letter_spacing=\u00bb1px\u00bb button_font=\u00bbCairo|700||on|||||\u00bb button_icon=\u00bb&#xf15b;||fa||400&#8243; button_icon_color=\u00bb#FFFFFF\u00bb button_icon_placement=\u00bbleft\u00bb button_on_hover=\u00bboff\u00bb background_layout=\u00bbdark\u00bb custom_margin=\u00bb0px|0px|0px|0px|false|false\u00bb custom_padding=\u00bb13px|30px|13px|60px|true|false\u00bb button_border_width_tablet=\u00bb6px\u00bb button_border_width_phone=\u00bb6px\u00bb button_border_width_last_edited=\u00bbon|desktop\u00bb locked=\u00bboff\u00bb global_colors_info=\u00bb{}\u00bb button_border_width__hover_enabled=\u00bbon|hover\u00bb button_border_width__hover=\u00bb6px\u00bb button_bg_color__hover=\u00bb#1e2751&#8243; button_bg_color__hover_enabled=\u00bbon|hover\u00bb][\/et_pb_button][\/et_pb_column][et_pb_column type=\u00bb1_3&#8243; _builder_version=\u00bb4.27.4&#8243; _module_preset=\u00bbdefault\u00bb global_colors_info=\u00bb{}\u00bb][\/et_pb_column][et_pb_column type=\u00bb1_3&#8243; _builder_version=\u00bb4.16&#8243; _module_preset=\u00bbdefault\u00bb global_colors_info=\u00bb{}\u00bb][\/et_pb_column][\/et_pb_row][et_pb_row _builder_version=\u00bb4.16&#8243; _module_preset=\u00bbdefault\u00bb locked=\u00bboff\u00bb global_colors_info=\u00bb{}\u00bb][et_pb_column type=\u00bb4_4&#8243; _builder_version=\u00bb4.16&#8243; _module_preset=\u00bbdefault\u00bb global_colors_info=\u00bb{}\u00bb][et_pb_text _builder_version=\u00bb4.27.6&#8243; _module_preset=\u00bbdefault\u00bb text_font=\u00bbCairo||||||||\u00bb text_text_color=\u00bb#1E2793&#8243; header_3_font=\u00bb|700|||||||\u00bb header_3_text_color=\u00bb#1e2793&#8243; header_3_font_size=\u00bb26px\u00bb custom_margin=\u00bb||14px||false|false\u00bb global_colors_info=\u00bb{}\u00bb]<\/p>\n<h3><strong>Exp. IEEC\/23\/2026. Convocatoria de ayudas para pr\u00e1cticas en empresas y centros de investigaci\u00f3n en proyectos del \u00e1mbito espacial (2026)<\/strong><\/h3>\n<p>[\/et_pb_text][et_pb_text admin_label=\u00bbtancat\u00bb _builder_version=\u00bb4.16&#8243; _module_preset=\u00bbdefault\u00bb text_font=\u00bb|600||on|||||\u00bb text_text_color=\u00bb#FFFFFF\u00bb text_font_size=\u00bb16px\u00bb background_color=\u00bb#de5121&#8243; width=\u00bb98px\u00bb custom_margin=\u00bb-16px||||false|false\u00bb custom_padding=\u00bb3px||3px|15px|true|false\u00bb locked=\u00bboff\u00bb global_colors_info=\u00bb{}\u00bb]cerrado[\/et_pb_text][et_pb_text _builder_version=\u00bb4.27.5&#8243; _module_preset=\u00bbdefault\u00bb link_font=\u00bb||||on|||#1E2793|\u00bb link_text_color=\u00bb#1E2793&#8243; global_colors_info=\u00bb{}\u00bb]<\/p>\n<p>La Generalitat de Catalunya y el Institut d\u2019Estudis Espacials de Catalunya (IEEC) lanzan una convocatoria de 2 ayudas dirigidas a empresas, <em>startups<\/em> y centros de investigaci\u00f3n de Catalunya para la selecci\u00f3n de estudiantes en pr\u00e1cticas en el sector espacial. Esta convocatoria se enmarca en las acciones del programa Talento y Sociedad de la Estrat\u00e8gia Catalunya Espai 2030, que promueve actividades orientadas a la atracci\u00f3n, generaci\u00f3n y retenci\u00f3n de talento con capacidad para desarrollar soluciones en el \u00e1mbito espacial.<\/p>\n<p>La finalidad de estas ayudas es reforzar el ecosistema espacial en Catalunya y permitir que las peque\u00f1as y medianas empresas (pymes), <em>startups<\/em> y centros de investigaci\u00f3n con sede en Catalunya puedan financiar pr\u00e1cticas de estudiantes universitarios en este \u00e1mbito durante el curso acad\u00e9mico 2026\u20132027, favoreciendo la colaboraci\u00f3n entre el mundo acad\u00e9mico y la empresa.<\/p>\n<p>&nbsp;<\/p>\n<ul>\n<li><span style=\"font-weight: 400;\">Fecha l\u00edmite de presentaci\u00f3n de solicitudes: 2 de marzo de 2026<\/span><\/li>\n<\/ul>\n<p>[\/et_pb_text][\/et_pb_column][\/et_pb_row][et_pb_row column_structure=\u00bb1_3,1_3,1_3&#8243; disabled_on=\u00bboff|off|off\u00bb _builder_version=\u00bb4.16&#8243; _module_preset=\u00bbdefault\u00bb global_colors_info=\u00bb{}\u00bb][et_pb_column type=\u00bb1_3&#8243; _builder_version=\u00bb4.16&#8243; _module_preset=\u00bbdefault\u00bb global_colors_info=\u00bb{}\u00bb][et_pb_button button_url=\u00bbhttps:\/\/www.ieec.cat\/wp-content\/uploads\/2026\/02\/1.-Convocatoria-ajudes-en-la-realitzacio-de-practiques-espai-IEEC_23_2026.pdf\u00bb url_new_window=\u00bbon\u00bb button_text=\u00bbBASES DE LA CONVOCATORIA\u00bb button_alignment=\u00bbcenter\u00bb _builder_version=\u00bb4.27.5&#8243; _module_preset=\u00bbdefault\u00bb custom_button=\u00bbon\u00bb button_text_size=\u00bb19px\u00bb button_text_color=\u00bb#FFFFFF\u00bb button_bg_color=\u00bb#406fda\u00bb button_border_width=\u00bb0px\u00bb button_border_color=\u00bbRGBA(255,255,255,0)\u00bb button_border_radius=\u00bb0px\u00bb button_letter_spacing=\u00bb1px\u00bb button_font=\u00bbCairo|700||on|||||\u00bb button_icon=\u00bb&#xf15b;||fa||400&#8243; button_icon_color=\u00bb#FFFFFF\u00bb button_icon_placement=\u00bbleft\u00bb button_on_hover=\u00bboff\u00bb background_layout=\u00bbdark\u00bb custom_margin=\u00bb0px|0px|0px|0px|false|false\u00bb custom_padding=\u00bb13px|30px|13px|60px|true|false\u00bb button_border_width_tablet=\u00bb6px\u00bb button_border_width_phone=\u00bb6px\u00bb button_border_width_last_edited=\u00bbon|desktop\u00bb locked=\u00bboff\u00bb global_colors_info=\u00bb{}\u00bb button_border_width__hover_enabled=\u00bbon|hover\u00bb button_border_width__hover=\u00bb6px\u00bb button_bg_color__hover=\u00bb#1e2751&#8243; button_bg_color__hover_enabled=\u00bbon|hover\u00bb][\/et_pb_button][\/et_pb_column][et_pb_column type=\u00bb1_3&#8243; _builder_version=\u00bb4.27.4&#8243; _module_preset=\u00bbdefault\u00bb global_colors_info=\u00bb{}\u00bb][et_pb_button button_url=\u00bbhttps:\/\/www.ieec.cat\/wp-content\/uploads\/2026\/03\/6.-Llistat-admesos-IEEC_23_2026.pdf\u00bb url_new_window=\u00bbon\u00bb button_text=\u00bbListado de admitidos\u00bb button_alignment=\u00bbcenter\u00bb disabled_on=\u00bboff|off|off\u00bb _builder_version=\u00bb4.27.6&#8243; _module_preset=\u00bbdefault\u00bb custom_button=\u00bbon\u00bb button_text_size=\u00bb19px\u00bb button_text_color=\u00bb#FFFFFF\u00bb button_bg_color=\u00bb#406fda\u00bb button_border_width=\u00bb0px\u00bb button_border_color=\u00bbRGBA(255,255,255,0)\u00bb button_border_radius=\u00bb0px\u00bb button_letter_spacing=\u00bb1px\u00bb button_font=\u00bbCairo|700||on|||||\u00bb button_icon=\u00bb&#xf15b;||fa||400&#8243; button_icon_color=\u00bb#FFFFFF\u00bb button_icon_placement=\u00bbleft\u00bb button_on_hover=\u00bboff\u00bb background_layout=\u00bbdark\u00bb custom_margin=\u00bb0px|0px|0px|0px|false|false\u00bb custom_padding=\u00bb13px|30px|13px|60px|true|false\u00bb button_border_width_tablet=\u00bb6px\u00bb button_border_width_phone=\u00bb6px\u00bb button_border_width_last_edited=\u00bbon|desktop\u00bb locked=\u00bboff\u00bb global_colors_info=\u00bb{}\u00bb button_border_width__hover_enabled=\u00bbon|hover\u00bb button_border_width__hover=\u00bb6px\u00bb button_bg_color__hover=\u00bb#1e2751&#8243; button_bg_color__hover_enabled=\u00bbon|hover\u00bb][\/et_pb_button][\/et_pb_column][et_pb_column type=\u00bb1_3&#8243; _builder_version=\u00bb4.16&#8243; _module_preset=\u00bbdefault\u00bb global_colors_info=\u00bb{}\u00bb][et_pb_button button_url=\u00bbhttps:\/\/www.ieec.cat\/wp-content\/uploads\/2026\/03\/7.-Modificacio-composicio-Comite-Avaluador-IEEC_23_2026.pdf\u00bb url_new_window=\u00bbon\u00bb button_text=\u00bbRESOLUCI\u00d3N MODIFICACI\u00d3N COMPOSICI\u00d3N COMIT\u00c9 EVALUADOR\u00bb button_alignment=\u00bbcenter\u00bb disabled_on=\u00bboff|off|off\u00bb _builder_version=\u00bb4.27.6&#8243; _module_preset=\u00bbdefault\u00bb custom_button=\u00bbon\u00bb button_text_size=\u00bb19px\u00bb button_text_color=\u00bb#FFFFFF\u00bb button_bg_color=\u00bb#406fda\u00bb button_border_width=\u00bb0px\u00bb button_border_color=\u00bbRGBA(255,255,255,0)\u00bb button_border_radius=\u00bb0px\u00bb button_letter_spacing=\u00bb1px\u00bb button_font=\u00bbCairo|700||on|||||\u00bb button_icon=\u00bb&#xf15b;||fa||400&#8243; button_icon_color=\u00bb#FFFFFF\u00bb button_icon_placement=\u00bbleft\u00bb button_on_hover=\u00bboff\u00bb background_layout=\u00bbdark\u00bb custom_margin=\u00bb0px|0px|0px|0px|false|false\u00bb custom_padding=\u00bb13px|30px|13px|60px|true|false\u00bb button_border_width_tablet=\u00bb6px\u00bb button_border_width_phone=\u00bb6px\u00bb button_border_width_last_edited=\u00bbon|desktop\u00bb locked=\u00bboff\u00bb global_colors_info=\u00bb{}\u00bb button_border_width__hover_enabled=\u00bbon|hover\u00bb button_border_width__hover=\u00bb6px\u00bb button_bg_color__hover=\u00bb#1e2751&#8243; button_bg_color__hover_enabled=\u00bbon|hover\u00bb][\/et_pb_button][\/et_pb_column][\/et_pb_row][et_pb_row column_structure=\u00bb1_3,1_3,1_3&#8243; disabled_on=\u00bboff|off|off\u00bb _builder_version=\u00bb4.16&#8243; _module_preset=\u00bbdefault\u00bb global_colors_info=\u00bb{}\u00bb][et_pb_column type=\u00bb1_3&#8243; _builder_version=\u00bb4.16&#8243; _module_preset=\u00bbdefault\u00bb global_colors_info=\u00bb{}\u00bb][et_pb_button button_url=\u00bbhttps:\/\/www.ieec.cat\/wp-content\/uploads\/2026\/03\/12.-Resolucio-concessio-ajudes-IEEC_23_2026.pdf\u00bb url_new_window=\u00bbon\u00bb button_text=\u00bbRESOLUCI\u00d3N CONCESI\u00d3N AYUDAS\u00bb button_alignment=\u00bbcenter\u00bb _builder_version=\u00bb4.27.6&#8243; _module_preset=\u00bbdefault\u00bb custom_button=\u00bbon\u00bb button_text_size=\u00bb19px\u00bb button_text_color=\u00bb#FFFFFF\u00bb button_bg_color=\u00bb#406fda\u00bb button_border_width=\u00bb0px\u00bb button_border_color=\u00bbRGBA(255,255,255,0)\u00bb button_border_radius=\u00bb0px\u00bb button_letter_spacing=\u00bb1px\u00bb button_font=\u00bbCairo|700||on|||||\u00bb button_icon=\u00bb&#xf15b;||fa||400&#8243; button_icon_color=\u00bb#FFFFFF\u00bb button_icon_placement=\u00bbleft\u00bb button_on_hover=\u00bboff\u00bb background_layout=\u00bbdark\u00bb custom_margin=\u00bb0px|0px|0px|0px|false|false\u00bb custom_padding=\u00bb13px|30px|13px|60px|true|false\u00bb button_border_width_tablet=\u00bb6px\u00bb button_border_width_phone=\u00bb6px\u00bb button_border_width_last_edited=\u00bbon|desktop\u00bb locked=\u00bboff\u00bb global_colors_info=\u00bb{}\u00bb button_border_width__hover_enabled=\u00bbon|hover\u00bb button_border_width__hover=\u00bb6px\u00bb button_bg_color__hover=\u00bb#1e2751&#8243; button_bg_color__hover_enabled=\u00bbon|hover\u00bb][\/et_pb_button][\/et_pb_column][et_pb_column type=\u00bb1_3&#8243; _builder_version=\u00bb4.27.4&#8243; _module_preset=\u00bbdefault\u00bb global_colors_info=\u00bb{}\u00bb][\/et_pb_column][et_pb_column type=\u00bb1_3&#8243; _builder_version=\u00bb4.16&#8243; _module_preset=\u00bbdefault\u00bb global_colors_info=\u00bb{}\u00bb][\/et_pb_column][\/et_pb_row][et_pb_row _builder_version=\u00bb4.16&#8243; _module_preset=\u00bbdefault\u00bb locked=\u00bboff\u00bb global_colors_info=\u00bb{}\u00bb][et_pb_column type=\u00bb4_4&#8243; _builder_version=\u00bb4.16&#8243; _module_preset=\u00bbdefault\u00bb global_colors_info=\u00bb{}\u00bb][et_pb_text _builder_version=\u00bb4.27.5&#8243; _module_preset=\u00bbdefault\u00bb text_font=\u00bbCairo||||||||\u00bb text_text_color=\u00bb#1E2793&#8243; header_3_font=\u00bb|700|||||||\u00bb header_3_text_color=\u00bb#1e2793&#8243; header_3_font_size=\u00bb26px\u00bb custom_margin=\u00bb||14px||false|false\u00bb global_colors_info=\u00bb{}\u00bb]<\/p>\n<h3><strong>Convocatoria de ayudas \u201cTiquets Catalonia Space Labs\u201d para impulsar el uso de infraestructuras del ecosistema en el \u00e1mbito espacial durante 2026 en el marco de la Estrategia Catalunya Espai 2030<\/strong><\/h3>\n<p>[\/et_pb_text][et_pb_text _builder_version=\u00bb4.16&#8243; _module_preset=\u00bbdefault\u00bb text_font=\u00bb|600||on|||||\u00bb text_text_color=\u00bb#FFFFFF\u00bb text_font_size=\u00bb16px\u00bb background_color=\u00bb#2f9f85&#8243; width=\u00bb88px\u00bb custom_margin=\u00bb-10px||||false|false\u00bb custom_padding=\u00bb3px||3px|15px|true|false\u00bb global_colors_info=\u00bb{}\u00bb]<\/p>\n<p>Abierto<\/p>\n<p>[\/et_pb_text][et_pb_text _builder_version=\u00bb4.27.6&#8243; _module_preset=\u00bbdefault\u00bb link_font=\u00bb||||on|||#1E2793|\u00bb link_text_color=\u00bb#1E2793&#8243; global_colors_info=\u00bb{}\u00bb]<\/p>\n<p><span style=\"font-weight: 400;\">El IEEC y la Generalitat de Catalunya, en el marco de la Estrategia Catalunya Espai 2030, abren convocatoria para la concesi\u00f3n de ayudas denominadas \u201cTiquets Catalonia Space Labs\u201d, cuyo objetivo es promover el uso de infraestructuras espaciales de entidades y empresas privadas catalanas dentro del ecosistema espacial, facilitando el acceso a dichas infraestructuras a un coste reducido.<\/span><\/p>\n<p>La finalidad de estas ayudas es fomentar la colaboraci\u00f3n entre empresas y entidades del sector espacial en Catalu\u00f1a. Se busca reforzar las capacidades y las conexiones entre las entidades catalanas del sector espacial, promoviendo la innovaci\u00f3n y el uso eficiente de las infraestructuras espaciales disponibles.<\/p>\n<p>De acuerdo con la cl\u00e1usula tercera de las bases, el IEEC tiene previsto otorgar ayudas para financiar el 70 % del coste, hasta un m\u00e1ximo de 15.000 euros, por el uso de la infraestructura y por empresa solicitante.<\/p>\n<p>Se prev\u00e9 un plazo de presentaci\u00f3n de solicitudes correspondiente a la <strong>segunda convocatoria<\/strong>:<\/p>\n<ul>\n<li><span style=\"font-weight: 400;\">Segunda convocatoria: del 8 de abril al 8 de junio de 2026, hasta las 14:00 h.<\/span><span style=\"font-weight: 400;\"><\/span><\/li>\n<\/ul>\n<p><span style=\"font-weight: 400;\">Se prev\u00e9 dictar una resoluci\u00f3n parcial en la siguiente fecha:<\/span><\/p>\n<ul>\n<li><span style=\"font-weight: 400;\">Segunda resoluci\u00f3n parcial: un mes desde la fecha l\u00edmite de presentaci\u00f3n de solicitudes.<\/span><span style=\"font-weight: 400;\"><\/span><\/li>\n<\/ul>\n<p><span style=\"text-decoration: underline;\"><strong>Las convocatorias 3 y 4 estar\u00e1n sujetas al resultado de las convocatorias anteriores y al cr\u00e9dito disponible.<\/strong><\/span><\/p>\n<p>[\/et_pb_text][\/et_pb_column][\/et_pb_row][et_pb_row column_structure=\u00bb1_3,1_3,1_3&#8243; disabled_on=\u00bboff|off|off\u00bb _builder_version=\u00bb4.16&#8243; _module_preset=\u00bbdefault\u00bb global_colors_info=\u00bb{}\u00bb][et_pb_column type=\u00bb1_3&#8243; _builder_version=\u00bb4.16&#8243; _module_preset=\u00bbdefault\u00bb global_colors_info=\u00bb{}\u00bb][et_pb_button button_url=\u00bbhttps:\/\/www.ieec.cat\/wp-content\/uploads\/2026\/03\/1.-Bases-tiquets-Space-Labs-2025-IEEC_270_2025.pdf\u00bb url_new_window=\u00bbon\u00bb button_text=\u00bbBASES DE LA CONVOCATORIA\u00bb button_alignment=\u00bbcenter\u00bb _builder_version=\u00bb4.27.5&#8243; _module_preset=\u00bbdefault\u00bb custom_button=\u00bbon\u00bb button_text_size=\u00bb19px\u00bb button_text_color=\u00bb#FFFFFF\u00bb button_bg_color=\u00bb#406fda\u00bb button_border_width=\u00bb0px\u00bb button_border_color=\u00bbRGBA(255,255,255,0)\u00bb button_border_radius=\u00bb0px\u00bb button_letter_spacing=\u00bb1px\u00bb button_font=\u00bbCairo|700||on|||||\u00bb button_icon=\u00bb&#xf15b;||fa||400&#8243; button_icon_color=\u00bb#FFFFFF\u00bb button_icon_placement=\u00bbleft\u00bb button_on_hover=\u00bboff\u00bb background_layout=\u00bbdark\u00bb custom_margin=\u00bb0px|0px|0px|0px|false|false\u00bb custom_padding=\u00bb13px|30px|13px|60px|true|false\u00bb button_border_width_tablet=\u00bb6px\u00bb button_border_width_phone=\u00bb6px\u00bb button_border_width_last_edited=\u00bbon|desktop\u00bb locked=\u00bboff\u00bb global_colors_info=\u00bb{}\u00bb button_border_width__hover_enabled=\u00bbon|hover\u00bb button_border_width__hover=\u00bb6px\u00bb button_bg_color__hover=\u00bb#1e2751&#8243; button_bg_color__hover_enabled=\u00bbon|hover\u00bb][\/et_pb_button][\/et_pb_column][et_pb_column type=\u00bb1_3&#8243; _builder_version=\u00bb4.27.4&#8243; _module_preset=\u00bbdefault\u00bb global_colors_info=\u00bb{}\u00bb][et_pb_button button_url=\u00bbhttps:\/\/www.ieec.cat\/wp-content\/uploads\/2025\/12\/Resolucio-aprovacio-1a-convocatoria-ajuts-IEEC_270_2025.pdf\u00bb url_new_window=\u00bbon\u00bb button_text=\u00bbResoluci\u00f3n aprovaci\u00f3n 1a convocatoria\u00bb button_alignment=\u00bbcenter\u00bb disabled_on=\u00bboff|off|off\u00bb _builder_version=\u00bb4.27.5&#8243; _module_preset=\u00bbdefault\u00bb custom_button=\u00bbon\u00bb button_text_size=\u00bb19px\u00bb button_text_color=\u00bb#FFFFFF\u00bb button_bg_color=\u00bb#406fda\u00bb button_border_width=\u00bb0px\u00bb button_border_color=\u00bbRGBA(255,255,255,0)\u00bb button_border_radius=\u00bb0px\u00bb button_letter_spacing=\u00bb1px\u00bb button_font=\u00bbCairo|700||on|||||\u00bb button_icon=\u00bb&#xf15b;||fa||400&#8243; button_icon_color=\u00bb#FFFFFF\u00bb button_icon_placement=\u00bbleft\u00bb button_on_hover=\u00bboff\u00bb background_layout=\u00bbdark\u00bb custom_margin=\u00bb0px|0px|0px|0px|false|false\u00bb custom_padding=\u00bb13px|30px|13px|60px|true|false\u00bb button_border_width_tablet=\u00bb6px\u00bb button_border_width_phone=\u00bb6px\u00bb button_border_width_last_edited=\u00bbon|desktop\u00bb locked=\u00bboff\u00bb global_colors_info=\u00bb{}\u00bb button_border_width__hover_enabled=\u00bbon|hover\u00bb button_border_width__hover=\u00bb6px\u00bb button_bg_color__hover=\u00bb#1e2751&#8243; button_bg_color__hover_enabled=\u00bbon|hover\u00bb][\/et_pb_button][\/et_pb_column][et_pb_column type=\u00bb1_3&#8243; _builder_version=\u00bb4.16&#8243; _module_preset=\u00bbdefault\u00bb global_colors_info=\u00bb{}\u00bb][et_pb_button button_url=\u00bbhttps:\/\/www.ieec.cat\/wp-content\/uploads\/2025\/10\/13.-Resolucio-concessio-dajuts-IEEC_113_2025.pdf\u00bb url_new_window=\u00bbon\u00bb button_text=\u00bbRESOLUCI\u00d3N CONCESI\u00d3N AYUDAS\u00bb button_alignment=\u00bbcenter\u00bb disabled_on=\u00bbon|on|on\u00bb _builder_version=\u00bb4.27.4&#8243; _module_preset=\u00bbdefault\u00bb custom_button=\u00bbon\u00bb button_text_size=\u00bb19px\u00bb button_text_color=\u00bb#FFFFFF\u00bb button_bg_color=\u00bb#406fda\u00bb button_border_width=\u00bb0px\u00bb button_border_color=\u00bbRGBA(255,255,255,0)\u00bb button_border_radius=\u00bb0px\u00bb button_letter_spacing=\u00bb1px\u00bb button_font=\u00bbCairo|700||on|||||\u00bb button_icon=\u00bb&#xf15b;||fa||400&#8243; button_icon_color=\u00bb#FFFFFF\u00bb button_icon_placement=\u00bbleft\u00bb button_on_hover=\u00bboff\u00bb background_layout=\u00bbdark\u00bb custom_margin=\u00bb0px|0px|0px|0px|false|false\u00bb custom_padding=\u00bb13px|30px|13px|60px|true|false\u00bb button_border_width_tablet=\u00bb6px\u00bb button_border_width_phone=\u00bb6px\u00bb button_border_width_last_edited=\u00bbon|desktop\u00bb disabled=\u00bbon\u00bb locked=\u00bboff\u00bb global_colors_info=\u00bb{}\u00bb button_border_width__hover_enabled=\u00bbon|hover\u00bb button_border_width__hover=\u00bb6px\u00bb button_bg_color__hover=\u00bb#1e2751&#8243; button_bg_color__hover_enabled=\u00bbon|hover\u00bb][\/et_pb_button][\/et_pb_column][\/et_pb_row][et_pb_row _builder_version=\u00bb4.16&#8243; _module_preset=\u00bbdefault\u00bb locked=\u00bboff\u00bb global_colors_info=\u00bb{}\u00bb][et_pb_column type=\u00bb4_4&#8243; _builder_version=\u00bb4.16&#8243; _module_preset=\u00bbdefault\u00bb global_colors_info=\u00bb{}\u00bb][et_pb_text _builder_version=\u00bb4.27.4&#8243; _module_preset=\u00bbdefault\u00bb text_font=\u00bbCairo||||||||\u00bb text_text_color=\u00bb#1E2793&#8243; header_3_font=\u00bb|700|||||||\u00bb header_3_text_color=\u00bb#1e2793&#8243; header_3_font_size=\u00bb26px\u00bb custom_margin=\u00bb||14px||false|false\u00bb global_colors_info=\u00bb{}\u00bb]<\/p>\n<h3>Ayudas para la realizaci\u00f3n de pr\u00e1cticas en empresas y centros de investigaci\u00f3n en proyectos NewSpace (2025)<\/h3>\n<p>[\/et_pb_text][et_pb_text admin_label=\u00bbtancat\u00bb _builder_version=\u00bb4.16&#8243; _module_preset=\u00bbdefault\u00bb text_font=\u00bb|600||on|||||\u00bb text_text_color=\u00bb#FFFFFF\u00bb text_font_size=\u00bb16px\u00bb background_color=\u00bb#de5121&#8243; width=\u00bb98px\u00bb custom_margin=\u00bb-16px||||false|false\u00bb custom_padding=\u00bb3px||3px|15px|true|false\u00bb locked=\u00bboff\u00bb global_colors_info=\u00bb{}\u00bb]cerrado[\/et_pb_text][et_pb_text _builder_version=\u00bb4.27.4&#8243; _module_preset=\u00bbdefault\u00bb link_font=\u00bb||||on|||#1E2793|\u00bb link_text_color=\u00bb#1E2793&#8243; global_colors_info=\u00bb{}\u00bb]<\/p>\n<p>El\u00a0Institut d\u2019Estudis Espacials de Catalunya\u00a0(IEEC) y la\u00a0Generalitat de Catalunya\u00a0han abierto una convocatoria de\u00a014 ayudas a empresas,<i>\u00a0start-ups<\/i>\u00a0y centros de investigaci\u00f3n de Catalunya para la selecci\u00f3n de estudiantes en pr\u00e1cticas en el \u00e1mbito NewSpace.\u00a0Esta convocatoria se enmarca en las acciones del\u00a0programa Talento y Sociedad\u00a0de la\u00a0Estrategia NewSpace de Catalunya, que promueve actividades dirigidas a la captaci\u00f3n, generaci\u00f3n y retenci\u00f3n de todo el talento con capacidades para desarrollar soluciones en el \u00e1mbito NewSpace.<\/p>\n<p>Uno de los objetivos del programa es incentivar las pr\u00e1cticas en empresas,\u00a0<i>start-ups<\/i>\u00a0y centros de investigaci\u00f3n en el \u00e1mbito NewSpace, como elemento clave para la conexi\u00f3n entre universidades y empresas. Adem\u00e1s, se quiere favorecer a peque\u00f1as empresas y centros de investigaci\u00f3n del territorio catal\u00e1n que tengan dificultades para contratar a personas en pr\u00e1cticas con sus recursos.<\/p>\n<p>[\/et_pb_text][\/et_pb_column][\/et_pb_row][et_pb_row column_structure=\u00bb1_3,1_3,1_3&#8243; disabled_on=\u00bboff|off|off\u00bb _builder_version=\u00bb4.16&#8243; _module_preset=\u00bbdefault\u00bb global_colors_info=\u00bb{}\u00bb][et_pb_column type=\u00bb1_3&#8243; _builder_version=\u00bb4.16&#8243; _module_preset=\u00bbdefault\u00bb global_colors_info=\u00bb{}\u00bb][et_pb_button button_url=\u00bbhttps:\/\/www.ieec.cat\/wp-content\/uploads\/2025\/09\/1.-Convocatoria-ajudes-en-la-realitzacio-de-practiques-Newspace_Exp.-IEEC_113_2025.pdf\u00bb url_new_window=\u00bbon\u00bb button_text=\u00bbBASES DE LA CONVOCATORIA\u00bb button_alignment=\u00bbcenter\u00bb _builder_version=\u00bb4.27.4&#8243; _module_preset=\u00bbdefault\u00bb custom_button=\u00bbon\u00bb button_text_size=\u00bb19px\u00bb button_text_color=\u00bb#FFFFFF\u00bb button_bg_color=\u00bb#406fda\u00bb button_border_width=\u00bb0px\u00bb button_border_color=\u00bbRGBA(255,255,255,0)\u00bb button_border_radius=\u00bb0px\u00bb button_letter_spacing=\u00bb1px\u00bb button_font=\u00bbCairo|700||on|||||\u00bb button_icon=\u00bb&#xf15b;||fa||400&#8243; button_icon_color=\u00bb#FFFFFF\u00bb button_icon_placement=\u00bbleft\u00bb button_on_hover=\u00bboff\u00bb background_layout=\u00bbdark\u00bb custom_margin=\u00bb0px|0px|0px|0px|false|false\u00bb custom_padding=\u00bb13px|30px|13px|60px|true|false\u00bb button_border_width_tablet=\u00bb6px\u00bb button_border_width_phone=\u00bb6px\u00bb button_border_width_last_edited=\u00bbon|desktop\u00bb locked=\u00bboff\u00bb global_colors_info=\u00bb{}\u00bb button_border_width__hover_enabled=\u00bbon|hover\u00bb button_border_width__hover=\u00bb6px\u00bb button_bg_color__hover=\u00bb#1e2751&#8243; button_bg_color__hover_enabled=\u00bbon|hover\u00bb][\/et_pb_button][\/et_pb_column][et_pb_column type=\u00bb1_3&#8243; _builder_version=\u00bb4.27.4&#8243; _module_preset=\u00bbdefault\u00bb global_colors_info=\u00bb{}\u00bb][et_pb_button button_url=\u00bbhttps:\/\/www.ieec.cat\/wp-content\/uploads\/2025\/10\/7.-Modificacio-composicio-Comite-Avaluador-IEEC_113_2025.pdf\u00bb url_new_window=\u00bbon\u00bb button_text=\u00bbResoluci\u00f3n modificaci\u00f3n composici\u00f3n comit\u00e9 evaluador\u00bb button_alignment=\u00bbcenter\u00bb disabled_on=\u00bboff|off|off\u00bb _builder_version=\u00bb4.27.4&#8243; _module_preset=\u00bbdefault\u00bb custom_button=\u00bbon\u00bb button_text_size=\u00bb19px\u00bb button_text_color=\u00bb#FFFFFF\u00bb button_bg_color=\u00bb#406fda\u00bb button_border_width=\u00bb0px\u00bb button_border_color=\u00bbRGBA(255,255,255,0)\u00bb button_border_radius=\u00bb0px\u00bb button_letter_spacing=\u00bb1px\u00bb button_font=\u00bbCairo|700||on|||||\u00bb button_icon=\u00bb&#xf15b;||fa||400&#8243; button_icon_color=\u00bb#FFFFFF\u00bb button_icon_placement=\u00bbleft\u00bb button_on_hover=\u00bboff\u00bb background_layout=\u00bbdark\u00bb custom_margin=\u00bb0px|0px|0px|0px|false|false\u00bb custom_padding=\u00bb13px|30px|13px|60px|true|false\u00bb button_border_width_tablet=\u00bb6px\u00bb button_border_width_phone=\u00bb6px\u00bb button_border_width_last_edited=\u00bbon|desktop\u00bb locked=\u00bboff\u00bb global_colors_info=\u00bb{}\u00bb button_border_width__hover_enabled=\u00bbon|hover\u00bb button_border_width__hover=\u00bb6px\u00bb button_bg_color__hover=\u00bb#1e2751&#8243; button_bg_color__hover_enabled=\u00bbon|hover\u00bb][\/et_pb_button][\/et_pb_column][et_pb_column type=\u00bb1_3&#8243; _builder_version=\u00bb4.16&#8243; _module_preset=\u00bbdefault\u00bb global_colors_info=\u00bb{}\u00bb][et_pb_button button_url=\u00bbhttps:\/\/www.ieec.cat\/wp-content\/uploads\/2025\/10\/13.-Resolucio-concessio-dajuts-IEEC_113_2025.pdf\u00bb url_new_window=\u00bbon\u00bb button_text=\u00bbRESOLUCI\u00d3N CONCESI\u00d3N AYUDAS\u00bb button_alignment=\u00bbcenter\u00bb disabled_on=\u00bboff|off|off\u00bb _builder_version=\u00bb4.27.4&#8243; _module_preset=\u00bbdefault\u00bb custom_button=\u00bbon\u00bb button_text_size=\u00bb19px\u00bb button_text_color=\u00bb#FFFFFF\u00bb button_bg_color=\u00bb#406fda\u00bb button_border_width=\u00bb0px\u00bb button_border_color=\u00bbRGBA(255,255,255,0)\u00bb button_border_radius=\u00bb0px\u00bb button_letter_spacing=\u00bb1px\u00bb button_font=\u00bbCairo|700||on|||||\u00bb button_icon=\u00bb&#xf15b;||fa||400&#8243; button_icon_color=\u00bb#FFFFFF\u00bb button_icon_placement=\u00bbleft\u00bb button_on_hover=\u00bboff\u00bb background_layout=\u00bbdark\u00bb custom_margin=\u00bb0px|0px|0px|0px|false|false\u00bb custom_padding=\u00bb13px|30px|13px|60px|true|false\u00bb button_border_width_tablet=\u00bb6px\u00bb button_border_width_phone=\u00bb6px\u00bb button_border_width_last_edited=\u00bbon|desktop\u00bb locked=\u00bboff\u00bb global_colors_info=\u00bb{}\u00bb button_border_width__hover_enabled=\u00bbon|hover\u00bb button_border_width__hover=\u00bb6px\u00bb button_bg_color__hover=\u00bb#1e2751&#8243; button_bg_color__hover_enabled=\u00bbon|hover\u00bb][\/et_pb_button][\/et_pb_column][\/et_pb_row][et_pb_row disabled_on=\u00bboff|off|off\u00bb _builder_version=\u00bb4.16&#8243; _module_preset=\u00bbdefault\u00bb locked=\u00bboff\u00bb global_colors_info=\u00bb{}\u00bb][et_pb_column type=\u00bb4_4&#8243; _builder_version=\u00bb4.16&#8243; _module_preset=\u00bbdefault\u00bb global_colors_info=\u00bb{}\u00bb][et_pb_text _builder_version=\u00bb4.27.4&#8243; _module_preset=\u00bbdefault\u00bb text_font=\u00bbCairo||||||||\u00bb text_text_color=\u00bb#1E2793&#8243; header_3_font=\u00bb|700|||||||\u00bb header_3_text_color=\u00bb#1e2793&#8243; header_3_font_size=\u00bb26px\u00bb custom_margin=\u00bb||14px||false|false\u00bb global_colors_info=\u00bb{}\u00bb]<\/p>\n<h3>Premios al Mejor Trabajo Final de M\u00e1ster (2024\/25)<\/h3>\n<p>[\/et_pb_text][et_pb_text admin_label=\u00bbtancat\u00bb _builder_version=\u00bb4.16&#8243; _module_preset=\u00bbdefault\u00bb text_font=\u00bb|600||on|||||\u00bb text_text_color=\u00bb#FFFFFF\u00bb text_font_size=\u00bb16px\u00bb background_color=\u00bb#de5121&#8243; width=\u00bb98px\u00bb custom_margin=\u00bb-16px||||false|false\u00bb custom_padding=\u00bb3px||3px|15px|true|false\u00bb locked=\u00bboff\u00bb global_colors_info=\u00bb{}\u00bb]cerrado[\/et_pb_text][et_pb_text _builder_version=\u00bb4.27.4&#8243; _module_preset=\u00bbdefault\u00bb link_font=\u00bb||||on|||#1E2793|\u00bb link_text_color=\u00bb#1E2793&#8243; global_colors_info=\u00bb{}\u00bb]<\/p>\n<div class=\"et_pb_module et_pb_text et_pb_text_66  et_pb_text_align_left et_pb_bg_layout_light\">\n<div class=\"et_pb_text_inner\">\n<p><span style=\"font-weight: 400;\">El IEEC convoca los premios al mejor Trabajo Final de M\u00e1ster (TFM) defendido durante el curso acad\u00e9mico 2024\/25 (del 16 de octubre de 2024 al 25 de octubre de 2025) para trabajos con tem\u00e1ticas propias de las l\u00edneas de investigaci\u00f3n del IEEC: astrof\u00edsica, cosmolog\u00eda, observaci\u00f3n de la Tierra, navegaci\u00f3n y tecnolog\u00eda espacial.<\/span><\/p>\n<p><span style=\"font-weight: 400;\">Podr\u00e1n concurrir a esta convocatoria los trabajos defendidos dentro de los programas de m\u00e1ster de cualesquiera de las universidades que forman parte del Patronato del IEEC (UB, UAB y UPC).<\/span><\/p>\n<p><span style=\"font-weight: 400;\">El requisito imprescindible es que al menos una de las personas directoras del trabajo debe ser miembro del IEEC en el momento de defensa del trabajo, y el logotipo del IEEC o la menci\u00f3n a la instituci\u00f3n IEEC tiene que constar en la memoria.<\/span><\/p>\n<p>Fecha l\u00edmite de presentaci\u00f3n de solicitudes: 10 de noviembre de 2025<\/p>\n<\/div>\n<\/div>\n<p>[\/et_pb_text][\/et_pb_column][\/et_pb_row][et_pb_row column_structure=\u00bb1_3,1_3,1_3&#8243; disabled_on=\u00bboff|off|off\u00bb _builder_version=\u00bb4.16&#8243; _module_preset=\u00bbdefault\u00bb global_colors_info=\u00bb{}\u00bb][et_pb_column type=\u00bb1_3&#8243; _builder_version=\u00bb4.16&#8243; _module_preset=\u00bbdefault\u00bb global_colors_info=\u00bb{}\u00bb][et_pb_button button_url=\u00bbhttps:\/\/www.ieec.cat\/wp-content\/uploads\/2025\/07\/Convocatoria-Premis_TFM_IEEC-2025_V1.pdf\u00bb url_new_window=\u00bbon\u00bb button_text=\u00bbBASES DE LA CONVOCATORIA\u00bb button_alignment=\u00bbcenter\u00bb _builder_version=\u00bb4.27.4&#8243; _module_preset=\u00bbdefault\u00bb custom_button=\u00bbon\u00bb button_text_size=\u00bb19px\u00bb button_text_color=\u00bb#FFFFFF\u00bb button_bg_color=\u00bb#406fda\u00bb button_border_width=\u00bb0px\u00bb button_border_color=\u00bbRGBA(255,255,255,0)\u00bb button_border_radius=\u00bb0px\u00bb button_letter_spacing=\u00bb1px\u00bb button_font=\u00bbCairo|700||on|||||\u00bb button_icon=\u00bb&#xf15b;||fa||400&#8243; button_icon_color=\u00bb#FFFFFF\u00bb button_icon_placement=\u00bbleft\u00bb button_on_hover=\u00bboff\u00bb background_layout=\u00bbdark\u00bb custom_margin=\u00bb0px|0px|0px|0px|false|false\u00bb custom_padding=\u00bb13px|30px|13px|60px|true|false\u00bb button_border_width_tablet=\u00bb6px\u00bb button_border_width_phone=\u00bb6px\u00bb button_border_width_last_edited=\u00bbon|desktop\u00bb locked=\u00bboff\u00bb global_colors_info=\u00bb{}\u00bb button_border_width__hover_enabled=\u00bbon|hover\u00bb button_border_width__hover=\u00bb6px\u00bb button_bg_color__hover=\u00bb#1e2751&#8243; button_bg_color__hover_enabled=\u00bbon|hover\u00bb][\/et_pb_button][\/et_pb_column][et_pb_column type=\u00bb1_3&#8243; _builder_version=\u00bb4.16&#8243; _module_preset=\u00bbdefault\u00bb global_colors_info=\u00bb{}\u00bb][et_pb_button button_url=\u00bbhttps:\/\/www.ieec.cat\/wp-content\/uploads\/2026\/01\/5.-Resolucio-concessio-premi-TFM-IEEC_148_2025.pdf\u00bb url_new_window=\u00bbon\u00bb button_text=\u00bbRESOLUCI\u00d3N DE CONCESI\u00d3N DEL PREMIO\u00bb button_alignment=\u00bbcenter\u00bb disabled_on=\u00bboff|off|off\u00bb _builder_version=\u00bb4.27.5&#8243; _module_preset=\u00bbdefault\u00bb custom_button=\u00bbon\u00bb button_text_size=\u00bb19px\u00bb button_text_color=\u00bb#FFFFFF\u00bb button_bg_color=\u00bb#406fda\u00bb button_border_width=\u00bb0px\u00bb button_border_color=\u00bbRGBA(255,255,255,0)\u00bb button_border_radius=\u00bb0px\u00bb button_letter_spacing=\u00bb1px\u00bb button_font=\u00bbCairo|700||on|||||\u00bb button_icon=\u00bb&#xf15b;||fa||400&#8243; button_icon_color=\u00bb#FFFFFF\u00bb button_icon_placement=\u00bbleft\u00bb button_on_hover=\u00bboff\u00bb background_layout=\u00bbdark\u00bb custom_margin=\u00bb0px|0px|0px|0px|false|false\u00bb custom_padding=\u00bb13px|30px|13px|60px|true|false\u00bb button_border_width_tablet=\u00bb6px\u00bb button_border_width_phone=\u00bb6px\u00bb button_border_width_last_edited=\u00bbon|desktop\u00bb locked=\u00bboff\u00bb global_colors_info=\u00bb{}\u00bb button_border_width__hover_enabled=\u00bbon|hover\u00bb button_border_width__hover=\u00bb6px\u00bb button_bg_color__hover=\u00bb#1e2751&#8243; button_bg_color__hover_enabled=\u00bbon|hover\u00bb][\/et_pb_button][\/et_pb_column][et_pb_column type=\u00bb1_3&#8243; _builder_version=\u00bb4.16&#8243; _module_preset=\u00bbdefault\u00bb global_colors_info=\u00bb{}\u00bb][\/et_pb_column][\/et_pb_row][et_pb_row disabled_on=\u00bboff|off|off\u00bb _builder_version=\u00bb4.16&#8243; _module_preset=\u00bbdefault\u00bb locked=\u00bboff\u00bb global_colors_info=\u00bb{}\u00bb][et_pb_column type=\u00bb4_4&#8243; _builder_version=\u00bb4.16&#8243; _module_preset=\u00bbdefault\u00bb global_colors_info=\u00bb{}\u00bb][et_pb_text _builder_version=\u00bb4.27.2&#8243; _module_preset=\u00bbdefault\u00bb text_font=\u00bbCairo||||||||\u00bb text_text_color=\u00bb#1E2793&#8243; header_3_font=\u00bb|700|||||||\u00bb header_3_text_color=\u00bb#1e2793&#8243; header_3_font_size=\u00bb26px\u00bb custom_margin=\u00bb||14px||false|false\u00bb global_colors_info=\u00bb{}\u00bb]<\/p>\n<h3>Ayudas \u2018NewSpace Catalonia\u2019 para asistir al programa de verano SSP 2025 de la International Space University<\/h3>\n<p>[\/et_pb_text][et_pb_text admin_label=\u00bbtancat\u00bb _builder_version=\u00bb4.16&#8243; _module_preset=\u00bbdefault\u00bb text_font=\u00bb|600||on|||||\u00bb text_text_color=\u00bb#FFFFFF\u00bb text_font_size=\u00bb16px\u00bb background_color=\u00bb#de5121&#8243; width=\u00bb98px\u00bb custom_margin=\u00bb-16px||||false|false\u00bb custom_padding=\u00bb3px||3px|15px|true|false\u00bb locked=\u00bboff\u00bb global_colors_info=\u00bb{}\u00bb]cerrado[\/et_pb_text][et_pb_text _builder_version=\u00bb4.27.2&#8243; _module_preset=\u00bbdefault\u00bb link_font=\u00bb||||on|||#1E2793|\u00bb link_text_color=\u00bb#1E2793&#8243; global_colors_info=\u00bb{}\u00bb]<\/p>\n<div class=\"et_pb_module et_pb_text et_pb_text_66  et_pb_text_align_left et_pb_bg_layout_light\">\n<div class=\"et_pb_text_inner\">\n<p><span style=\"font-weight: 400;\">La International Space University (ISU) organiza el Space Studies Program \u2013 SSP (\u2018Programa de Estudios Espaciales\u2019), que ofrece una experiencia de desarrollo de 8 semanas durante los meses de verano para las \u00faltimas etapas de los estudiantes de educaci\u00f3n superior.<\/span><span style=\"font-weight: 400;\"><\/span><\/p>\n<p><span style=\"font-weight: 400;\">En el marco de los objetivos del programa Talento y Sociedad, la Generalitat de Catalunya y el IEEC ofrecen 3 ayudas (NewSpace Catalonia Scholarships), que se suman a las ofrecidas por la propia ISU y la Agencia Espacial Europea (ESA), para asistir al SSP.<\/span><span style=\"font-weight: 400;\"><\/span><\/p>\n<p><span style=\"font-weight: 400;\">La cuant\u00eda de la ayuda NewSpace Catalonia Scholarships es de 7.000 euros cada una. Las ayudas NewSpace Catalonia se establecen a tanto alzado con el fin de compensar parcialmente los costes asociados a la participaci\u00f3n en el programa. Los candidatos tendr\u00e1n que cubrir aproximadamente 3.000 euros, los gastos de viaje a la sede del SSP y el seguro m\u00e9dico. El alojamiento y las comidas durante todo el programa est\u00e1n incluidos en el precio de matr\u00edcula.<\/span><span style=\"font-weight: 400;\"><\/span><span style=\"font-weight: 400;\"><\/span><\/p>\n<\/div>\n<\/div>\n<p>[\/et_pb_text][\/et_pb_column][\/et_pb_row][et_pb_row column_structure=\u00bb1_3,1_3,1_3&#8243; disabled_on=\u00bboff|off|off\u00bb _builder_version=\u00bb4.16&#8243; _module_preset=\u00bbdefault\u00bb global_colors_info=\u00bb{}\u00bb][et_pb_column type=\u00bb1_3&#8243; _builder_version=\u00bb4.16&#8243; _module_preset=\u00bbdefault\u00bb global_colors_info=\u00bb{}\u00bb][et_pb_button button_url=\u00bbhttps:\/\/www.ieec.cat\/wp-content\/uploads\/2024\/11\/CALL-FOR-SCHOLARSHIPS-SSP-ISU-2025.pdf\u00bb url_new_window=\u00bbon\u00bb button_text=\u00bbBASES DE LA CONVOCATORIA\u00bb button_alignment=\u00bbcenter\u00bb _builder_version=\u00bb4.27.2&#8243; _module_preset=\u00bbdefault\u00bb custom_button=\u00bbon\u00bb button_text_size=\u00bb19px\u00bb button_text_color=\u00bb#FFFFFF\u00bb button_bg_color=\u00bb#406fda\u00bb button_border_width=\u00bb0px\u00bb button_border_color=\u00bbRGBA(255,255,255,0)\u00bb button_border_radius=\u00bb0px\u00bb button_letter_spacing=\u00bb1px\u00bb button_font=\u00bbCairo|700||on|||||\u00bb button_icon=\u00bb&#xf15b;||fa||400&#8243; button_icon_color=\u00bb#FFFFFF\u00bb button_icon_placement=\u00bbleft\u00bb button_on_hover=\u00bboff\u00bb background_layout=\u00bbdark\u00bb custom_margin=\u00bb0px|0px|0px|0px|false|false\u00bb custom_padding=\u00bb13px|30px|13px|60px|true|false\u00bb button_border_width_tablet=\u00bb6px\u00bb button_border_width_phone=\u00bb6px\u00bb button_border_width_last_edited=\u00bbon|desktop\u00bb locked=\u00bboff\u00bb global_colors_info=\u00bb{}\u00bb button_border_width__hover_enabled=\u00bbon|hover\u00bb button_border_width__hover=\u00bb6px\u00bb button_bg_color__hover=\u00bb#1e2751&#8243; button_bg_color__hover_enabled=\u00bbon|hover\u00bb][\/et_pb_button][\/et_pb_column][et_pb_column type=\u00bb1_3&#8243; _builder_version=\u00bb4.16&#8243; _module_preset=\u00bbdefault\u00bb global_colors_info=\u00bb{}\u00bb][et_pb_button button_url=\u00bbhttps:\/\/www.ieec.cat\/wp-content\/uploads\/2025\/03\/5.-Resolucio-concessio-ajuts-IEEC-SSP-ISU-2025.pdf\u00bb url_new_window=\u00bbon\u00bb button_text=\u00bbRESOLUCI\u00d3N CONCESI\u00d3N AYUDAS\u00bb button_alignment=\u00bbcenter\u00bb disabled_on=\u00bboff|off|off\u00bb _builder_version=\u00bb4.27.4&#8243; _module_preset=\u00bbdefault\u00bb custom_button=\u00bbon\u00bb button_text_size=\u00bb19px\u00bb button_text_color=\u00bb#FFFFFF\u00bb button_bg_color=\u00bb#406fda\u00bb button_border_width=\u00bb0px\u00bb button_border_color=\u00bbRGBA(255,255,255,0)\u00bb button_border_radius=\u00bb0px\u00bb button_letter_spacing=\u00bb1px\u00bb button_font=\u00bbCairo|700||on|||||\u00bb button_icon=\u00bb&#xf15b;||fa||400&#8243; button_icon_color=\u00bb#FFFFFF\u00bb button_icon_placement=\u00bbleft\u00bb button_on_hover=\u00bboff\u00bb background_layout=\u00bbdark\u00bb custom_margin=\u00bb0px|0px|0px|0px|false|false\u00bb custom_padding=\u00bb13px|30px|13px|60px|true|false\u00bb button_border_width_tablet=\u00bb6px\u00bb button_border_width_phone=\u00bb6px\u00bb button_border_width_last_edited=\u00bbon|desktop\u00bb locked=\u00bboff\u00bb global_colors_info=\u00bb{}\u00bb button_border_width__hover_enabled=\u00bbon|hover\u00bb button_border_width__hover=\u00bb6px\u00bb button_bg_color__hover=\u00bb#1e2751&#8243; button_bg_color__hover_enabled=\u00bbon|hover\u00bb][\/et_pb_button][\/et_pb_column][et_pb_column type=\u00bb1_3&#8243; _builder_version=\u00bb4.16&#8243; _module_preset=\u00bbdefault\u00bb global_colors_info=\u00bb{}\u00bb][\/et_pb_column][\/et_pb_row][et_pb_row disabled_on=\u00bboff|off|off\u00bb _builder_version=\u00bb4.16&#8243; _module_preset=\u00bbdefault\u00bb locked=\u00bboff\u00bb global_colors_info=\u00bb{}\u00bb][et_pb_column type=\u00bb4_4&#8243; _builder_version=\u00bb4.16&#8243; _module_preset=\u00bbdefault\u00bb global_colors_info=\u00bb{}\u00bb][et_pb_text _builder_version=\u00bb4.16&#8243; _module_preset=\u00bbdefault\u00bb text_font=\u00bbCairo||||||||\u00bb text_text_color=\u00bb#1E2793&#8243; header_3_font=\u00bb|700|||||||\u00bb header_3_text_color=\u00bb#1e2793&#8243; header_3_font_size=\u00bb26px\u00bb custom_margin=\u00bb||14px||false|false\u00bb global_colors_info=\u00bb{}\u00bb]<\/p>\n<h3>Premios al Mejor Trabajo Final de M\u00e1ster (2023\/24) y a la mejor Tesis Doctoral (2022\/23 y 2023\/24)<\/h3>\n<p>[\/et_pb_text][et_pb_text admin_label=\u00bbtancat\u00bb _builder_version=\u00bb4.16&#8243; _module_preset=\u00bbdefault\u00bb text_font=\u00bb|600||on|||||\u00bb text_text_color=\u00bb#FFFFFF\u00bb text_font_size=\u00bb16px\u00bb background_color=\u00bb#de5121&#8243; width=\u00bb98px\u00bb custom_margin=\u00bb-16px||||false|false\u00bb custom_padding=\u00bb3px||3px|15px|true|false\u00bb locked=\u00bboff\u00bb global_colors_info=\u00bb{}\u00bb]cerrado[\/et_pb_text][et_pb_text _builder_version=\u00bb4.16&#8243; _module_preset=\u00bbdefault\u00bb link_font=\u00bb||||on|||#1E2793|\u00bb link_text_color=\u00bb#1E2793&#8243; global_colors_info=\u00bb{}\u00bb]<\/p>\n<div class=\"et_pb_module et_pb_text et_pb_text_66  et_pb_text_align_left et_pb_bg_layout_light\">\n<div class=\"et_pb_text_inner\">\n<p><span style=\"font-weight: 400;\">El IEEC convoca los premios al mejor Trabajo Final de M\u00e1ster (TFM) defendido durante el curso acad\u00e9mico 2023\/24 (del 1 de octubre de 2023 al 30 de septiembre de 2024) y a la mejor Tesis Doctoral (TD) defendida durante los cursos acad\u00e9micos 2022\/23 o 2023\/24 (del 1 de octubre de 2022 al 30 de septiembre de 2024), para trabajos con tem\u00e1ticas propias de las l\u00edneas de investigaci\u00f3n del IEEC: astrof\u00edsica, cosmolog\u00eda, observaci\u00f3n de la Tierra, navegaci\u00f3n y tecnolog\u00eda espacial.<\/span><\/p>\n<p><span style=\"font-weight: 400;\">Podr\u00e1n concurrir a esta convocatoria los trabajos defendidos dentro de los programas de m\u00e1ster y doctorado, respectivamente, de cualesquiera de las universidades que forman parte del Patronato del IEEC (UB, UAB y UPC).<\/span><\/p>\n<p><span style=\"font-weight: 400;\">En el caso de los TFM, el requisito imprescindible es que al menos una de las personas directoras del trabajo debe ser miembro del IEEC en el momento de defensa del trabajo, y el logotipo del IEEC tiene que constar en la memoria. En el caso de las TD, el requisito imprescindible es que el\/la autor\/a del trabajo debe ser miembro del IEEC en el momento de defensa del trabajo, y el logotipo del IEEC tiene que constar en la memoria.<\/span><\/p>\n<\/div>\n<\/div>\n<p>[\/et_pb_text][\/et_pb_column][\/et_pb_row][et_pb_row column_structure=\u00bb1_3,1_3,1_3&#8243; disabled_on=\u00bboff|off|off\u00bb _builder_version=\u00bb4.16&#8243; _module_preset=\u00bbdefault\u00bb global_colors_info=\u00bb{}\u00bb][et_pb_column type=\u00bb1_3&#8243; _builder_version=\u00bb4.16&#8243; _module_preset=\u00bbdefault\u00bb global_colors_info=\u00bb{}\u00bb][et_pb_button button_url=\u00bbhttps:\/\/www.ieec.cat\/wp-content\/uploads\/2024\/06\/Convocato\u0300ria-Premis_TFM_TD_IEEC-2024.pdf\u00bb url_new_window=\u00bbon\u00bb button_text=\u00bbBASES DE LA CONVOCATORIA\u00bb button_alignment=\u00bbcenter\u00bb _builder_version=\u00bb4.16&#8243; _module_preset=\u00bbdefault\u00bb custom_button=\u00bbon\u00bb button_text_size=\u00bb19px\u00bb button_text_color=\u00bb#FFFFFF\u00bb button_bg_color=\u00bb#406fda\u00bb button_border_width=\u00bb0px\u00bb button_border_color=\u00bbRGBA(255,255,255,0)\u00bb button_border_radius=\u00bb0px\u00bb button_letter_spacing=\u00bb1px\u00bb button_font=\u00bbCairo|700||on|||||\u00bb button_icon=\u00bb&#xf15b;||fa||400&#8243; button_icon_color=\u00bb#FFFFFF\u00bb button_icon_placement=\u00bbleft\u00bb button_on_hover=\u00bboff\u00bb background_layout=\u00bbdark\u00bb custom_margin=\u00bb0px|0px|0px|0px|false|false\u00bb custom_padding=\u00bb13px|30px|13px|60px|true|false\u00bb button_border_width_tablet=\u00bb6px\u00bb button_border_width_phone=\u00bb6px\u00bb button_border_width_last_edited=\u00bbon|desktop\u00bb locked=\u00bboff\u00bb global_colors_info=\u00bb{}\u00bb button_border_width__hover_enabled=\u00bbon|hover\u00bb button_border_width__hover=\u00bb6px\u00bb button_bg_color__hover=\u00bb#1e2751&#8243; button_bg_color__hover_enabled=\u00bbon|hover\u00bb][\/et_pb_button][\/et_pb_column][et_pb_column type=\u00bb1_3&#8243; _builder_version=\u00bb4.16&#8243; _module_preset=\u00bbdefault\u00bb global_colors_info=\u00bb{}\u00bb][et_pb_button button_url=\u00bbhttps:\/\/www.ieec.cat\/wp-content\/uploads\/2024\/12\/4.-Resolucio-concessio-premis-IEEC_80_2024.pdf\u00bb url_new_window=\u00bbon\u00bb button_text=\u00bbRESOLUCI\u00d3N DE CONCESI\u00d3N DEL PREMIO\u00bb button_alignment=\u00bbcenter\u00bb disabled_on=\u00bboff|off|off\u00bb _builder_version=\u00bb4.27.2&#8243; _module_preset=\u00bbdefault\u00bb custom_button=\u00bbon\u00bb button_text_size=\u00bb19px\u00bb button_text_color=\u00bb#FFFFFF\u00bb button_bg_color=\u00bb#406fda\u00bb button_border_width=\u00bb0px\u00bb button_border_color=\u00bbRGBA(255,255,255,0)\u00bb button_border_radius=\u00bb0px\u00bb button_letter_spacing=\u00bb1px\u00bb button_font=\u00bbCairo|700||on|||||\u00bb button_icon=\u00bb&#xf15b;||fa||400&#8243; button_icon_color=\u00bb#FFFFFF\u00bb button_icon_placement=\u00bbleft\u00bb button_on_hover=\u00bboff\u00bb background_layout=\u00bbdark\u00bb custom_margin=\u00bb0px|0px|0px|0px|false|false\u00bb custom_padding=\u00bb13px|30px|13px|60px|true|false\u00bb button_border_width_tablet=\u00bb6px\u00bb button_border_width_phone=\u00bb6px\u00bb button_border_width_last_edited=\u00bbon|desktop\u00bb locked=\u00bboff\u00bb global_colors_info=\u00bb{}\u00bb button_border_width__hover_enabled=\u00bbon|hover\u00bb button_border_width__hover=\u00bb6px\u00bb button_bg_color__hover=\u00bb#1e2751&#8243; button_bg_color__hover_enabled=\u00bbon|hover\u00bb][\/et_pb_button][\/et_pb_column][et_pb_column type=\u00bb1_3&#8243; _builder_version=\u00bb4.16&#8243; _module_preset=\u00bbdefault\u00bb global_colors_info=\u00bb{}\u00bb][\/et_pb_column][\/et_pb_row][et_pb_row _builder_version=\u00bb4.16&#8243; _module_preset=\u00bbdefault\u00bb locked=\u00bboff\u00bb global_colors_info=\u00bb{}\u00bb][et_pb_column type=\u00bb4_4&#8243; _builder_version=\u00bb4.16&#8243; _module_preset=\u00bbdefault\u00bb global_colors_info=\u00bb{}\u00bb][et_pb_text _builder_version=\u00bb4.16&#8243; _module_preset=\u00bbdefault\u00bb text_font=\u00bbCairo||||||||\u00bb text_text_color=\u00bb#1E2793&#8243; header_3_font=\u00bb|700|||||||\u00bb header_3_text_color=\u00bb#1e2793&#8243; header_3_font_size=\u00bb26px\u00bb custom_margin=\u00bb||14px||false|false\u00bb global_colors_info=\u00bb{}\u00bb]<\/p>\n<h3>Ayudas para la realizaci\u00f3n de pr\u00e1cticas en empresas y centros de investigaci\u00f3n en proyectos NewSpace (2024)<\/h3>\n<p>[\/et_pb_text][et_pb_text admin_label=\u00bbtancat\u00bb _builder_version=\u00bb4.16&#8243; _module_preset=\u00bbdefault\u00bb text_font=\u00bb|600||on|||||\u00bb text_text_color=\u00bb#FFFFFF\u00bb text_font_size=\u00bb16px\u00bb background_color=\u00bb#de5121&#8243; width=\u00bb98px\u00bb custom_margin=\u00bb-16px||||false|false\u00bb custom_padding=\u00bb3px||3px|15px|true|false\u00bb locked=\u00bboff\u00bb global_colors_info=\u00bb{}\u00bb]cerrado[\/et_pb_text][et_pb_text _builder_version=\u00bb4.16&#8243; _module_preset=\u00bbdefault\u00bb link_font=\u00bb||||on|||#1E2793|\u00bb link_text_color=\u00bb#1E2793&#8243; global_colors_info=\u00bb{}\u00bb]<\/p>\n<p><span style=\"font-weight: 400;\">El IEEC y la Generalitat de Catalunya han abierto una convocatoria de ayudas a empresas, <em>start-ups<\/em> y centros de investigaci\u00f3n de Catalunya para la selecci\u00f3n de estudiantes en pr\u00e1cticas en el \u00e1mbito NewSpace. <\/span><span style=\"font-weight: 400;\">Esta convocatoria se enmarca en las acciones del programa Talento y Sociedad de la Estrategia NewSpace de Catalunya, que promueve actividades dirigidas a la captaci\u00f3n, generaci\u00f3n y retenci\u00f3n de todo aquel talento con capacidades para desarrollar soluciones en el \u00e1mbito NewSpace.<\/span><\/p>\n<p><span style=\"font-weight: 400;\"><\/span>Uno de los objetivos del programa es incentivar las pr\u00e1cticas en empresas, <em>start-ups<\/em> y centros de investigaci\u00f3n en el \u00e1mbito NewSpace, como elemento clave para la conexi\u00f3n entre universidades y empresas. Adem\u00e1s, se quiere favorecer a peque\u00f1as empresas y centros de investigaci\u00f3n del territorio catal\u00e1n que tengan dificultades para contratar a personas en pr\u00e1cticas con sus recursos.<\/p>\n<p>[\/et_pb_text][\/et_pb_column][\/et_pb_row][et_pb_row column_structure=\u00bb1_3,1_3,1_3&#8243; _builder_version=\u00bb4.16&#8243; _module_preset=\u00bbdefault\u00bb global_colors_info=\u00bb{}\u00bb][et_pb_column type=\u00bb1_3&#8243; _builder_version=\u00bb4.16&#8243; _module_preset=\u00bbdefault\u00bb global_colors_info=\u00bb{}\u00bb][et_pb_button button_url=\u00bbhttps:\/\/www.ieec.cat\/wp-content\/uploads\/2024\/10\/1.-Convocatoria-IEEC_60_2024-1.pdf\u00bb url_new_window=\u00bbon\u00bb button_text=\u00bbBASES DE LA CONVOCATORIA\u00bb button_alignment=\u00bbcenter\u00bb _builder_version=\u00bb4.16&#8243; _module_preset=\u00bbdefault\u00bb custom_button=\u00bbon\u00bb button_text_size=\u00bb19px\u00bb button_text_color=\u00bb#FFFFFF\u00bb button_bg_color=\u00bb#406fda\u00bb button_border_width=\u00bb0px\u00bb button_border_color=\u00bbRGBA(255,255,255,0)\u00bb button_border_radius=\u00bb0px\u00bb button_letter_spacing=\u00bb1px\u00bb button_font=\u00bbCairo|700||on|||||\u00bb button_icon=\u00bb&#xf15b;||fa||400&#8243; button_icon_color=\u00bb#FFFFFF\u00bb button_icon_placement=\u00bbleft\u00bb button_on_hover=\u00bboff\u00bb background_layout=\u00bbdark\u00bb custom_margin=\u00bb0px|0px|0px|0px|false|false\u00bb custom_padding=\u00bb13px|30px|13px|60px|true|false\u00bb button_border_width_tablet=\u00bb6px\u00bb button_border_width_phone=\u00bb6px\u00bb button_border_width_last_edited=\u00bbon|desktop\u00bb locked=\u00bboff\u00bb global_colors_info=\u00bb{}\u00bb button_border_width__hover_enabled=\u00bbon|hover\u00bb button_border_width__hover=\u00bb6px\u00bb button_bg_color__hover=\u00bb#1e2751&#8243; button_bg_color__hover_enabled=\u00bbon|hover\u00bb][\/et_pb_button][\/et_pb_column][et_pb_column type=\u00bb1_3&#8243; _builder_version=\u00bb4.16&#8243; _module_preset=\u00bbdefault\u00bb global_colors_info=\u00bb{}\u00bb][et_pb_button button_url=\u00bbhttps:\/\/www.ieec.cat\/wp-content\/uploads\/2024\/10\/4.-Llistat-admesos-IEEC_60_2024-1.pdf\u00bb url_new_window=\u00bbon\u00bb button_text=\u00bbLISTADO DE ADMITIDOS\u00bb button_alignment=\u00bbcenter\u00bb _builder_version=\u00bb4.16&#8243; _module_preset=\u00bbdefault\u00bb custom_button=\u00bbon\u00bb button_text_size=\u00bb19px\u00bb button_text_color=\u00bb#FFFFFF\u00bb button_bg_color=\u00bb#406fda\u00bb button_border_width=\u00bb0px\u00bb button_border_color=\u00bbRGBA(255,255,255,0)\u00bb button_border_radius=\u00bb0px\u00bb button_letter_spacing=\u00bb1px\u00bb button_font=\u00bbCairo|700||on|||||\u00bb button_icon=\u00bb&#xf15b;||fa||400&#8243; button_icon_color=\u00bb#FFFFFF\u00bb button_icon_placement=\u00bbleft\u00bb button_on_hover=\u00bboff\u00bb background_layout=\u00bbdark\u00bb custom_margin=\u00bb0px|0px|0px|0px|false|false\u00bb custom_padding=\u00bb13px|30px|13px|60px|true|false\u00bb button_border_width_tablet=\u00bb6px\u00bb button_border_width_phone=\u00bb6px\u00bb button_border_width_last_edited=\u00bbon|desktop\u00bb locked=\u00bboff\u00bb global_colors_info=\u00bb{}\u00bb button_border_width__hover_enabled=\u00bbon|hover\u00bb button_border_width__hover=\u00bb6px\u00bb button_bg_color__hover=\u00bb#1e2751&#8243; button_bg_color__hover_enabled=\u00bbon|hover\u00bb][\/et_pb_button][\/et_pb_column][et_pb_column type=\u00bb1_3&#8243; _builder_version=\u00bb4.16&#8243; _module_preset=\u00bbdefault\u00bb global_colors_info=\u00bb{}\u00bb][et_pb_button button_url=\u00bbhttps:\/\/www.ieec.cat\/wp-content\/uploads\/2024\/11\/8.-Resolucio-concessio-ajudes-IEEC_60_2024.pdf\u00bb url_new_window=\u00bbon\u00bb button_text=\u00bbResoluci\u00f3n concesi\u00f3n ayudas\u00bb button_alignment=\u00bbcenter\u00bb _builder_version=\u00bb4.27.2&#8243; _module_preset=\u00bbdefault\u00bb custom_button=\u00bbon\u00bb button_text_size=\u00bb19px\u00bb button_text_color=\u00bb#FFFFFF\u00bb button_bg_color=\u00bb#406fda\u00bb button_border_width=\u00bb0px\u00bb button_border_color=\u00bbRGBA(255,255,255,0)\u00bb button_border_radius=\u00bb0px\u00bb button_letter_spacing=\u00bb1px\u00bb button_font=\u00bbCairo|700||on|||||\u00bb button_icon=\u00bb&#xf15b;||fa||400&#8243; button_icon_color=\u00bb#FFFFFF\u00bb button_icon_placement=\u00bbleft\u00bb button_on_hover=\u00bboff\u00bb background_layout=\u00bbdark\u00bb custom_margin=\u00bb0px|0px|0px|0px|false|false\u00bb custom_padding=\u00bb13px|30px|13px|60px|true|false\u00bb button_border_width_tablet=\u00bb6px\u00bb button_border_width_phone=\u00bb6px\u00bb button_border_width_last_edited=\u00bbon|desktop\u00bb locked=\u00bboff\u00bb global_colors_info=\u00bb{}\u00bb button_border_width__hover_enabled=\u00bbon|hover\u00bb button_border_width__hover=\u00bb6px\u00bb button_bg_color__hover=\u00bb#1e2751&#8243; button_bg_color__hover_enabled=\u00bbon|hover\u00bb][\/et_pb_button][\/et_pb_column][\/et_pb_row][et_pb_row disabled_on=\u00bboff|off|off\u00bb _builder_version=\u00bb4.16&#8243; _module_preset=\u00bbdefault\u00bb locked=\u00bboff\u00bb global_colors_info=\u00bb{}\u00bb][et_pb_column type=\u00bb4_4&#8243; _builder_version=\u00bb4.16&#8243; _module_preset=\u00bbdefault\u00bb global_colors_info=\u00bb{}\u00bb][et_pb_text _builder_version=\u00bb4.16&#8243; _module_preset=\u00bbdefault\u00bb text_font=\u00bbCairo||||||||\u00bb text_text_color=\u00bb#1E2793&#8243; header_3_font=\u00bb|700|||||||\u00bb header_3_text_color=\u00bb#1e2793&#8243; header_3_font_size=\u00bb26px\u00bb custom_margin=\u00bb||14px||false|false\u00bb global_colors_info=\u00bb{}\u00bb]<\/p>\n<h3>Premio al mejor Trabajo Final de M\u00e1ster (TFM) (2022\/2023)<\/h3>\n<p>[\/et_pb_text][et_pb_text admin_label=\u00bbtancat\u00bb _builder_version=\u00bb4.16&#8243; _module_preset=\u00bbdefault\u00bb text_font=\u00bb|600||on|||||\u00bb text_text_color=\u00bb#FFFFFF\u00bb text_font_size=\u00bb16px\u00bb background_color=\u00bb#de5121&#8243; width=\u00bb98px\u00bb custom_margin=\u00bb-16px||||false|false\u00bb custom_padding=\u00bb3px||3px|15px|true|false\u00bb locked=\u00bboff\u00bb global_colors_info=\u00bb{}\u00bb]cerrado[\/et_pb_text][et_pb_text _builder_version=\u00bb4.16&#8243; _module_preset=\u00bbdefault\u00bb link_font=\u00bb||||on|||#1E2793|\u00bb link_text_color=\u00bb#1E2793&#8243; global_colors_info=\u00bb{}\u00bb]<\/p>\n<div class=\"et_pb_module et_pb_text et_pb_text_66  et_pb_text_align_left et_pb_bg_layout_light\">\n<div class=\"et_pb_text_inner\">\n<p>El IEEC convoca el \u2018Premio al mejor Trabajo Final de M\u00e1ster (TFM)\u2019 para trabajos las tem\u00e1ticas de los cuales est\u00e9n alineadas con sus l\u00edneas de investigaci\u00f3n: Astrof\u00edsica, Cosmolog\u00eda, Observaci\u00f3n de la Tierra, Navegaci\u00f3n, y Tecnolog\u00eda Espacial.<\/p>\n<p>Pueden concurrir a esta convocatoria los trabajos defendidos durante el curso acad\u00e9mico 2022-23 (del 1 de octubre de 2022 al 30 de septiembre de 2023) en cualquiera de las instituciones acad\u00e9micas que forman el IEEC. Es requisito imprescindible que al menos una de las personas directoras del trabajo sea miembro del IEEC en el momento de defensa del trabajo, y el logotipo del IEEC tiene que constar en la memoria.<\/p>\n<\/div>\n<\/div>\n<p>[\/et_pb_text][\/et_pb_column][\/et_pb_row][et_pb_row column_structure=\u00bb1_3,1_3,1_3&#8243; disabled_on=\u00bboff|off|off\u00bb _builder_version=\u00bb4.16&#8243; _module_preset=\u00bbdefault\u00bb global_colors_info=\u00bb{}\u00bb][et_pb_column type=\u00bb1_3&#8243; _builder_version=\u00bb4.16&#8243; _module_preset=\u00bbdefault\u00bb global_colors_info=\u00bb{}\u00bb][et_pb_button button_url=\u00bbhttps:\/\/www.ieec.cat\/wp-content\/uploads\/2023\/07\/Convocato%CC%80ria-Premis_TFM_IEEC-2023.pdf\u00bb url_new_window=\u00bbon\u00bb button_text=\u00bbBASES DE LA CONVOCATORIA\u00bb button_alignment=\u00bbcenter\u00bb _builder_version=\u00bb4.16&#8243; _module_preset=\u00bbdefault\u00bb custom_button=\u00bbon\u00bb button_text_size=\u00bb19px\u00bb button_text_color=\u00bb#FFFFFF\u00bb button_bg_color=\u00bb#406fda\u00bb button_border_width=\u00bb0px\u00bb button_border_color=\u00bbRGBA(255,255,255,0)\u00bb button_border_radius=\u00bb0px\u00bb button_letter_spacing=\u00bb1px\u00bb button_font=\u00bbCairo|700||on|||||\u00bb button_icon=\u00bb&#xf15b;||fa||400&#8243; button_icon_color=\u00bb#FFFFFF\u00bb button_icon_placement=\u00bbleft\u00bb button_on_hover=\u00bboff\u00bb background_layout=\u00bbdark\u00bb custom_margin=\u00bb0px|0px|0px|0px|false|false\u00bb custom_padding=\u00bb13px|30px|13px|60px|true|false\u00bb button_border_width_tablet=\u00bb6px\u00bb button_border_width_phone=\u00bb6px\u00bb button_border_width_last_edited=\u00bbon|desktop\u00bb locked=\u00bboff\u00bb global_colors_info=\u00bb{}\u00bb button_border_width__hover_enabled=\u00bbon|hover\u00bb button_border_width__hover=\u00bb6px\u00bb button_bg_color__hover=\u00bb#1e2751&#8243; button_bg_color__hover_enabled=\u00bbon|hover\u00bb][\/et_pb_button][\/et_pb_column][et_pb_column type=\u00bb1_3&#8243; _builder_version=\u00bb4.16&#8243; _module_preset=\u00bbdefault\u00bb global_colors_info=\u00bb{}\u00bb][et_pb_button button_url=\u00bbhttps:\/\/www.ieec.cat\/wp-content\/uploads\/2023\/12\/4.-Resolucio-concessio-premis-IEEC_87_2023.pdf\u00bb url_new_window=\u00bbon\u00bb button_text=\u00bbRESOLUCI\u00d3N DE CONCESI\u00d3N DEL PREMIO\u00bb button_alignment=\u00bbcenter\u00bb _builder_version=\u00bb4.16&#8243; _module_preset=\u00bbdefault\u00bb custom_button=\u00bbon\u00bb button_text_size=\u00bb19px\u00bb button_text_color=\u00bb#FFFFFF\u00bb button_bg_color=\u00bb#406fda\u00bb button_border_width=\u00bb0px\u00bb button_border_color=\u00bbRGBA(255,255,255,0)\u00bb button_border_radius=\u00bb0px\u00bb button_letter_spacing=\u00bb1px\u00bb button_font=\u00bbCairo|700||on|||||\u00bb button_icon=\u00bb&#xf15b;||fa||400&#8243; button_icon_color=\u00bb#FFFFFF\u00bb button_icon_placement=\u00bbleft\u00bb button_on_hover=\u00bboff\u00bb background_layout=\u00bbdark\u00bb custom_margin=\u00bb0px|0px|0px|0px|false|false\u00bb custom_padding=\u00bb13px|30px|13px|60px|true|false\u00bb button_border_width_tablet=\u00bb6px\u00bb button_border_width_phone=\u00bb6px\u00bb button_border_width_last_edited=\u00bbon|desktop\u00bb locked=\u00bboff\u00bb global_colors_info=\u00bb{}\u00bb button_border_width__hover_enabled=\u00bbon|hover\u00bb button_border_width__hover=\u00bb6px\u00bb button_bg_color__hover=\u00bb#1e2751&#8243; button_bg_color__hover_enabled=\u00bbon|hover\u00bb][\/et_pb_button][\/et_pb_column][et_pb_column type=\u00bb1_3&#8243; _builder_version=\u00bb4.16&#8243; _module_preset=\u00bbdefault\u00bb global_colors_info=\u00bb{}\u00bb][\/et_pb_column][\/et_pb_row][et_pb_row _builder_version=\u00bb4.16&#8243; _module_preset=\u00bbdefault\u00bb locked=\u00bboff\u00bb global_colors_info=\u00bb{}\u00bb][et_pb_column type=\u00bb4_4&#8243; _builder_version=\u00bb4.16&#8243; _module_preset=\u00bbdefault\u00bb global_colors_info=\u00bb{}\u00bb][et_pb_text _builder_version=\u00bb4.16&#8243; _module_preset=\u00bbdefault\u00bb text_font=\u00bbCairo||||||||\u00bb text_text_color=\u00bb#1E2793&#8243; header_3_font=\u00bb|700|||||||\u00bb header_3_text_color=\u00bb#1e2793&#8243; header_3_font_size=\u00bb26px\u00bb custom_margin=\u00bb||14px||false|false\u00bb global_colors_info=\u00bb{}\u00bb]<\/p>\n<h3>Ayudas para la financiaci\u00f3n de estudiantes en pr\u00e1cticas en empresas y centros de investigaci\u00f3n en proyectos NewSpace (2023)<\/h3>\n<p>[\/et_pb_text][et_pb_text admin_label=\u00bbtancat\u00bb _builder_version=\u00bb4.16&#8243; _module_preset=\u00bbdefault\u00bb text_font=\u00bb|600||on|||||\u00bb text_text_color=\u00bb#FFFFFF\u00bb text_font_size=\u00bb16px\u00bb background_color=\u00bb#de5121&#8243; width=\u00bb98px\u00bb custom_margin=\u00bb-16px||||false|false\u00bb custom_padding=\u00bb3px||3px|15px|true|false\u00bb locked=\u00bboff\u00bb global_colors_info=\u00bb{}\u00bb]cerrado[\/et_pb_text][et_pb_text _builder_version=\u00bb4.16&#8243; _module_preset=\u00bbdefault\u00bb link_font=\u00bb||||on|||#1E2793|\u00bb link_text_color=\u00bb#1E2793&#8243; global_colors_info=\u00bb{}\u00bb]<\/p>\n<p><span style=\"font-weight: 400;\">El IEEC y la Generalitat de Catalunya convocan 8 ayudas a empresas (PYME), start-ups y centros de investigaci\u00f3n de Catalunya para la contrataci\u00f3n de estudiantes en pr\u00e1cticas en el \u00e1mbito NewSpace. <\/span><span style=\"font-weight: 400;\">Esta convocatoria se enmarca en las acciones del programa Talento y Sociedad de la Estrategia NewSpace de Catalunya, que promueve actividades dirigidas a la captaci\u00f3n, generaci\u00f3n y retenci\u00f3n de todo aquel talento con capacidades para desarrollar soluciones en el \u00e1mbito NewSpace.<\/span><\/p>\n<p><span style=\"font-weight: 400;\">La finalidad de esta ayuda es promover el ecosistema espacial del territorio y que las peque\u00f1as empresas, start-ups y centros de investigaci\u00f3n puedan financiar pr\u00e1cticas de estudiantes universitarios en este \u00e1mbito. La cuant\u00eda de la ayuda <\/span><i><span style=\"font-weight: 400;\">Pr\u00e0ctiques NewSpace<\/span><\/i><span style=\"font-weight: 400;\"> ser\u00e1 de m\u00e1ximo 2.000 euros cada una.<\/span><\/p>\n<p>[\/et_pb_text][\/et_pb_column][\/et_pb_row][et_pb_row column_structure=\u00bb1_3,1_3,1_3&#8243; _builder_version=\u00bb4.16&#8243; _module_preset=\u00bbdefault\u00bb global_colors_info=\u00bb{}\u00bb][et_pb_column type=\u00bb1_3&#8243; _builder_version=\u00bb4.16&#8243; _module_preset=\u00bbdefault\u00bb global_colors_info=\u00bb{}\u00bb][et_pb_button button_url=\u00bbhttps:\/\/www.ieec.cat\/wp-content\/uploads\/2022\/12\/IEEC-CCAA2020-signats.pdf\u00bb url_new_window=\u00bbon\u00bb button_text=\u00bbBASES DE LA CONVOCATORIA\u00bb button_alignment=\u00bbcenter\u00bb _builder_version=\u00bb4.16&#8243; _module_preset=\u00bbdefault\u00bb custom_button=\u00bbon\u00bb button_text_size=\u00bb19px\u00bb button_text_color=\u00bb#FFFFFF\u00bb button_bg_color=\u00bb#406fda\u00bb button_border_width=\u00bb0px\u00bb button_border_color=\u00bbRGBA(255,255,255,0)\u00bb button_border_radius=\u00bb0px\u00bb button_letter_spacing=\u00bb1px\u00bb button_font=\u00bbCairo|700||on|||||\u00bb button_icon=\u00bb&#xf15b;||fa||400&#8243; button_icon_color=\u00bb#FFFFFF\u00bb button_icon_placement=\u00bbleft\u00bb button_on_hover=\u00bboff\u00bb background_layout=\u00bbdark\u00bb custom_margin=\u00bb0px|0px|0px|0px|false|false\u00bb custom_padding=\u00bb13px|30px|13px|60px|true|false\u00bb button_border_width_tablet=\u00bb6px\u00bb button_border_width_phone=\u00bb6px\u00bb button_border_width_last_edited=\u00bbon|desktop\u00bb locked=\u00bboff\u00bb global_colors_info=\u00bb{}\u00bb button_border_width__hover_enabled=\u00bbon|hover\u00bb button_border_width__hover=\u00bb6px\u00bb button_bg_color__hover=\u00bb#1e2751&#8243; button_bg_color__hover_enabled=\u00bbon|hover\u00bb][\/et_pb_button][\/et_pb_column][et_pb_column type=\u00bb1_3&#8243; _builder_version=\u00bb4.16&#8243; _module_preset=\u00bbdefault\u00bb global_colors_info=\u00bb{}\u00bb][et_pb_button button_url=\u00bbhttps:\/\/www.ieec.cat\/wp-content\/uploads\/2023\/10\/Convocatoria-ajudes-practiques_-modificacio-termini-presentacio-sol\u00b7licituds.pdf\u00bb url_new_window=\u00bbon\u00bb button_text=\u00bbAMPLIACI\u00d3N DEL PLAZO DE PRESENTACI\u00d3N\u00bb button_alignment=\u00bbcenter\u00bb _builder_version=\u00bb4.16&#8243; _module_preset=\u00bbdefault\u00bb custom_button=\u00bbon\u00bb button_text_size=\u00bb19px\u00bb button_text_color=\u00bb#FFFFFF\u00bb button_bg_color=\u00bb#406fda\u00bb button_border_width=\u00bb0px\u00bb button_border_color=\u00bbRGBA(255,255,255,0)\u00bb button_border_radius=\u00bb0px\u00bb button_letter_spacing=\u00bb1px\u00bb button_font=\u00bbCairo|700||on|||||\u00bb button_icon=\u00bb&#xf15b;||fa||400&#8243; button_icon_color=\u00bb#FFFFFF\u00bb button_icon_placement=\u00bbleft\u00bb button_on_hover=\u00bboff\u00bb background_layout=\u00bbdark\u00bb custom_margin=\u00bb0px|0px|0px|0px|false|false\u00bb custom_padding=\u00bb13px|30px|13px|60px|true|false\u00bb button_border_width_tablet=\u00bb6px\u00bb button_border_width_phone=\u00bb6px\u00bb button_border_width_last_edited=\u00bbon|desktop\u00bb locked=\u00bboff\u00bb global_colors_info=\u00bb{}\u00bb button_border_width__hover_enabled=\u00bbon|hover\u00bb button_border_width__hover=\u00bb6px\u00bb button_bg_color__hover=\u00bb#1e2751&#8243; button_bg_color__hover_enabled=\u00bbon|hover\u00bb][\/et_pb_button][\/et_pb_column][et_pb_column type=\u00bb1_3&#8243; _builder_version=\u00bb4.16&#8243; _module_preset=\u00bbdefault\u00bb global_colors_info=\u00bb{}\u00bb][et_pb_button button_url=\u00bbhttps:\/\/www.ieec.cat\/wp-content\/uploads\/2023\/10\/4.-Resolucio\u0301-ampliacio-termini-convocato\u0300ria-ajudes-en-la-realitzacio-de-practiques-Newspace.pdf\u00bb url_new_window=\u00bbon\u00bb button_text=\u00bbRESOLUCI\u00d3N AMPLIACI\u00d3N DEL PLAZO\u00bb button_alignment=\u00bbcenter\u00bb _builder_version=\u00bb4.16&#8243; _module_preset=\u00bbdefault\u00bb custom_button=\u00bbon\u00bb button_text_size=\u00bb19px\u00bb button_text_color=\u00bb#FFFFFF\u00bb button_bg_color=\u00bb#406fda\u00bb button_border_width=\u00bb0px\u00bb button_border_color=\u00bbRGBA(255,255,255,0)\u00bb button_border_radius=\u00bb0px\u00bb button_letter_spacing=\u00bb1px\u00bb button_font=\u00bbCairo|700||on|||||\u00bb button_icon=\u00bb&#xf15b;||fa||400&#8243; button_icon_color=\u00bb#FFFFFF\u00bb button_icon_placement=\u00bbleft\u00bb button_on_hover=\u00bboff\u00bb background_layout=\u00bbdark\u00bb custom_margin=\u00bb0px|0px|0px|0px|false|false\u00bb custom_padding=\u00bb13px|30px|13px|60px|true|false\u00bb button_border_width_tablet=\u00bb6px\u00bb button_border_width_phone=\u00bb6px\u00bb button_border_width_last_edited=\u00bbon|desktop\u00bb locked=\u00bboff\u00bb global_colors_info=\u00bb{}\u00bb button_border_width__hover_enabled=\u00bbon|hover\u00bb button_border_width__hover=\u00bb6px\u00bb button_bg_color__hover=\u00bb#1e2751&#8243; button_bg_color__hover_enabled=\u00bbon|hover\u00bb][\/et_pb_button][\/et_pb_column][\/et_pb_row][et_pb_row column_structure=\u00bb1_3,1_3,1_3&#8243; _builder_version=\u00bb4.16&#8243; _module_preset=\u00bbdefault\u00bb global_colors_info=\u00bb{}\u00bb][et_pb_column type=\u00bb1_3&#8243; _builder_version=\u00bb4.16&#8243; _module_preset=\u00bbdefault\u00bb global_colors_info=\u00bb{}\u00bb][et_pb_button button_url=\u00bbhttps:\/\/www.ieec.cat\/wp-content\/uploads\/2023\/10\/Llistat-provisional-admesos-i-exclosos-IEEC_64_2023.pdf\u00bb url_new_window=\u00bbon\u00bb button_text=\u00bbLISTADO PROVISIONAL DE ADMITIDOS\u00bb button_alignment=\u00bbcenter\u00bb _builder_version=\u00bb4.16&#8243; _module_preset=\u00bbdefault\u00bb custom_button=\u00bbon\u00bb button_text_size=\u00bb19px\u00bb button_text_color=\u00bb#FFFFFF\u00bb button_bg_color=\u00bb#406fda\u00bb button_border_width=\u00bb0px\u00bb button_border_color=\u00bbRGBA(255,255,255,0)\u00bb button_border_radius=\u00bb0px\u00bb button_letter_spacing=\u00bb1px\u00bb button_font=\u00bbCairo|700||on|||||\u00bb button_icon=\u00bb&#xf15b;||fa||400&#8243; button_icon_color=\u00bb#FFFFFF\u00bb button_icon_placement=\u00bbleft\u00bb button_on_hover=\u00bboff\u00bb background_layout=\u00bbdark\u00bb custom_margin=\u00bb0px|0px|52px|0px|false|false\u00bb custom_padding=\u00bb13px|30px|13px|60px|true|false\u00bb button_border_width_tablet=\u00bb6px\u00bb button_border_width_phone=\u00bb6px\u00bb button_border_width_last_edited=\u00bbon|desktop\u00bb locked=\u00bboff\u00bb global_colors_info=\u00bb{}\u00bb button_border_width__hover_enabled=\u00bbon|hover\u00bb button_border_width__hover=\u00bb6px\u00bb button_bg_color__hover=\u00bb#1e2751&#8243; button_bg_color__hover_enabled=\u00bbon|hover\u00bb][\/et_pb_button][\/et_pb_column][et_pb_column type=\u00bb1_3&#8243; _builder_version=\u00bb4.16&#8243; _module_preset=\u00bbdefault\u00bb global_colors_info=\u00bb{}\u00bb][et_pb_button button_url=\u00bbhttps:\/\/www.ieec.cat\/wp-content\/uploads\/2023\/11\/Resolucio\u0301-ampliacio\u0301-termini-esmena.pdf\u00bb url_new_window=\u00bbon\u00bb button_text=\u00bbResoluci\u00f3n ampliaci\u00f3n plazo enmienda documentaci\u00f3n\u00bb button_alignment=\u00bbcenter\u00bb _builder_version=\u00bb4.16&#8243; _module_preset=\u00bbdefault\u00bb custom_button=\u00bbon\u00bb button_text_size=\u00bb19px\u00bb button_text_color=\u00bb#FFFFFF\u00bb button_bg_color=\u00bb#406fda\u00bb button_border_width=\u00bb0px\u00bb button_border_color=\u00bbRGBA(255,255,255,0)\u00bb button_border_radius=\u00bb0px\u00bb button_letter_spacing=\u00bb1px\u00bb button_font=\u00bbCairo|700||on|||||\u00bb button_icon=\u00bb&#xf15b;||fa||400&#8243; button_icon_color=\u00bb#FFFFFF\u00bb button_icon_placement=\u00bbleft\u00bb button_on_hover=\u00bboff\u00bb background_layout=\u00bbdark\u00bb custom_margin=\u00bb0px|0px|0px|0px|false|false\u00bb custom_padding=\u00bb13px|30px|13px|60px|true|false\u00bb button_border_width_tablet=\u00bb6px\u00bb button_border_width_phone=\u00bb6px\u00bb button_border_width_last_edited=\u00bbon|desktop\u00bb locked=\u00bboff\u00bb global_colors_info=\u00bb{}\u00bb button_border_width__hover_enabled=\u00bbon|hover\u00bb button_border_width__hover=\u00bb6px\u00bb button_bg_color__hover=\u00bb#1e2751&#8243; button_bg_color__hover_enabled=\u00bbon|hover\u00bb][\/et_pb_button][\/et_pb_column][et_pb_column type=\u00bb1_3&#8243; _builder_version=\u00bb4.16&#8243; _module_preset=\u00bbdefault\u00bb global_colors_info=\u00bb{}\u00bb][et_pb_button button_url=\u00bbhttps:\/\/www.ieec.cat\/wp-content\/uploads\/2023\/11\/Llistat-definitiu-admesos-IEEC_64_2023.pdf\u00bb url_new_window=\u00bbon\u00bb button_text=\u00bbListado definitivo de admitidos\u00bb button_alignment=\u00bbcenter\u00bb _builder_version=\u00bb4.16&#8243; _module_preset=\u00bbdefault\u00bb custom_button=\u00bbon\u00bb button_text_size=\u00bb19px\u00bb button_text_color=\u00bb#FFFFFF\u00bb button_bg_color=\u00bb#406fda\u00bb button_border_width=\u00bb0px\u00bb button_border_color=\u00bbRGBA(255,255,255,0)\u00bb button_border_radius=\u00bb0px\u00bb button_letter_spacing=\u00bb1px\u00bb button_font=\u00bbCairo|700||on|||||\u00bb button_icon=\u00bb&#xf15b;||fa||400&#8243; button_icon_color=\u00bb#FFFFFF\u00bb button_icon_placement=\u00bbleft\u00bb button_on_hover=\u00bboff\u00bb background_layout=\u00bbdark\u00bb custom_margin=\u00bb0px|0px|0px|0px|false|false\u00bb custom_padding=\u00bb13px|30px|13px|60px|true|false\u00bb button_border_width_tablet=\u00bb6px\u00bb button_border_width_phone=\u00bb6px\u00bb button_border_width_last_edited=\u00bbon|desktop\u00bb locked=\u00bboff\u00bb global_colors_info=\u00bb{}\u00bb button_border_width__hover_enabled=\u00bbon|hover\u00bb button_border_width__hover=\u00bb6px\u00bb button_bg_color__hover=\u00bb#1e2751&#8243; button_bg_color__hover_enabled=\u00bbon|hover\u00bb][\/et_pb_button][\/et_pb_column][\/et_pb_row][et_pb_row column_structure=\u00bb1_3,1_3,1_3&#8243; _builder_version=\u00bb4.16&#8243; _module_preset=\u00bbdefault\u00bb custom_padding=\u00bb||3px|||\u00bb global_colors_info=\u00bb{}\u00bb][et_pb_column type=\u00bb1_3&#8243; _builder_version=\u00bb4.16&#8243; _module_preset=\u00bbdefault\u00bb global_colors_info=\u00bb{}\u00bb][et_pb_button button_url=\u00bbhttps:\/\/www.ieec.cat\/wp-content\/uploads\/2024\/10\/12.-Resolucio-concessio-ajudes-IEEC_64_2023.pdf\u00bb url_new_window=\u00bbon\u00bb button_text=\u00bbRESOLUCI\u00d3N CONCESI\u00d3N AYUDAS\u00bb button_alignment=\u00bbcenter\u00bb _builder_version=\u00bb4.16&#8243; _module_preset=\u00bbdefault\u00bb custom_button=\u00bbon\u00bb button_text_size=\u00bb19px\u00bb button_text_color=\u00bb#FFFFFF\u00bb button_bg_color=\u00bb#406fda\u00bb button_border_width=\u00bb0px\u00bb button_border_color=\u00bbRGBA(255,255,255,0)\u00bb button_border_radius=\u00bb0px\u00bb button_letter_spacing=\u00bb1px\u00bb button_font=\u00bbCairo|700||on|||||\u00bb button_icon=\u00bb&#xf15b;||fa||400&#8243; button_icon_color=\u00bb#FFFFFF\u00bb button_icon_placement=\u00bbleft\u00bb button_on_hover=\u00bboff\u00bb background_layout=\u00bbdark\u00bb custom_margin=\u00bb0px|0px|52px|0px|false|false\u00bb custom_padding=\u00bb13px|30px|13px|60px|true|false\u00bb button_border_width_tablet=\u00bb6px\u00bb button_border_width_phone=\u00bb6px\u00bb button_border_width_last_edited=\u00bbon|desktop\u00bb locked=\u00bboff\u00bb global_colors_info=\u00bb{}\u00bb button_border_width__hover_enabled=\u00bbon|hover\u00bb button_border_width__hover=\u00bb6px\u00bb button_bg_color__hover=\u00bb#1e2751&#8243; button_bg_color__hover_enabled=\u00bbon|hover\u00bb][\/et_pb_button][\/et_pb_column][et_pb_column type=\u00bb1_3&#8243; _builder_version=\u00bb4.16&#8243; _module_preset=\u00bbdefault\u00bb global_colors_info=\u00bb{}\u00bb][\/et_pb_column][et_pb_column type=\u00bb1_3&#8243; _builder_version=\u00bb4.16&#8243; _module_preset=\u00bbdefault\u00bb global_colors_info=\u00bb{}\u00bb][\/et_pb_column][\/et_pb_row][et_pb_row disabled_on=\u00bboff|off|off\u00bb _builder_version=\u00bb4.16&#8243; _module_preset=\u00bbdefault\u00bb locked=\u00bboff\u00bb global_colors_info=\u00bb{}\u00bb][et_pb_column type=\u00bb4_4&#8243; _builder_version=\u00bb4.16&#8243; _module_preset=\u00bbdefault\u00bb global_colors_info=\u00bb{}\u00bb][et_pb_text _builder_version=\u00bb4.16&#8243; _module_preset=\u00bbdefault\u00bb text_font=\u00bbCairo||||||||\u00bb text_text_color=\u00bb#1E2793&#8243; header_3_font=\u00bb|700|||||||\u00bb header_3_text_color=\u00bb#1e2793&#8243; header_3_font_size=\u00bb26px\u00bb custom_margin=\u00bb||14px||false|false\u00bb global_colors_info=\u00bb{}\u00bb]<\/p>\n<h3>Premios al mejor Trabajo Final de M\u00e1ster (2021\/22) y mejor Tesis Doctoral (2020\/21 y 2021\/22)<\/h3>\n<p>[\/et_pb_text][et_pb_text admin_label=\u00bbtancat\u00bb _builder_version=\u00bb4.16&#8243; _module_preset=\u00bbdefault\u00bb text_font=\u00bb|600||on|||||\u00bb text_text_color=\u00bb#FFFFFF\u00bb text_font_size=\u00bb16px\u00bb background_color=\u00bb#de5121&#8243; width=\u00bb98px\u00bb custom_margin=\u00bb-16px||||false|false\u00bb custom_padding=\u00bb3px||3px|15px|true|false\u00bb locked=\u00bboff\u00bb global_colors_info=\u00bb{}\u00bb]cerrado[\/et_pb_text][et_pb_text _builder_version=\u00bb4.16&#8243; _module_preset=\u00bbdefault\u00bb link_font=\u00bb||||on|||#1E2793|\u00bb link_text_color=\u00bb#1E2793&#8243; global_colors_info=\u00bb{}\u00bb]<\/p>\n<div class=\"et_pb_module et_pb_text et_pb_text_66  et_pb_text_align_left et_pb_bg_layout_light\">\n<div class=\"et_pb_text_inner\">\n<p>El IEEC convoca el \u2018Premio al mejor Trabajo Final de M\u00e1ster (TFM)\u2019 y \u2018Premio a la mejor Tesis Doctoral (TD)\u2019 para trabajos cuyas tem\u00e1ticas est\u00e9n alineadas con sus l\u00edneas de investigaci\u00f3n: Astrof\u00edsica, Cosmolog\u00eda, Observaci\u00f3n de la Tierra, Navegaci\u00f3n, y Tecnolog\u00eda Espacial.<\/p>\n<p>Pueden presentarse a esta convocatoria cualquier TFM que haya sido defendido durante el curso acad\u00e9mico 2021\/22 y cualquier TD que haya sido defendida durante los cursos acad\u00e9micos 2020\/21 o 2021\/22 en cualquiera de las instituciones acad\u00e9micas que forman el IEEC. El\/la autor\/a y\/o el\/la director\/a del trabajo deben ser miembros del IEEC.<\/p>\n<\/div>\n<\/div>\n<p>[\/et_pb_text][\/et_pb_column][\/et_pb_row][et_pb_row column_structure=\u00bb1_3,1_3,1_3&#8243; disabled_on=\u00bboff|off|off\u00bb _builder_version=\u00bb4.16&#8243; _module_preset=\u00bbdefault\u00bb global_colors_info=\u00bb{}\u00bb][et_pb_column type=\u00bb1_3&#8243; _builder_version=\u00bb4.16&#8243; _module_preset=\u00bbdefault\u00bb global_colors_info=\u00bb{}\u00bb][et_pb_button button_url=\u00bbhttps:\/\/www.ieec.cat\/wp-content\/uploads\/2022\/11\/ConvocatoriaPremis-TFM-TD_IEEC.pdf\u00bb url_new_window=\u00bbon\u00bb button_text=\u00bbBASES DE LA CONVOCATORIA\u00bb button_alignment=\u00bbcenter\u00bb _builder_version=\u00bb4.16&#8243; _module_preset=\u00bbdefault\u00bb custom_button=\u00bbon\u00bb button_text_size=\u00bb19px\u00bb button_text_color=\u00bb#FFFFFF\u00bb button_bg_color=\u00bb#406fda\u00bb button_border_width=\u00bb0px\u00bb button_border_color=\u00bbRGBA(255,255,255,0)\u00bb button_border_radius=\u00bb0px\u00bb button_letter_spacing=\u00bb1px\u00bb button_font=\u00bbCairo|700||on|||||\u00bb button_icon=\u00bb&#xf15b;||fa||400&#8243; button_icon_color=\u00bb#FFFFFF\u00bb button_icon_placement=\u00bbleft\u00bb button_on_hover=\u00bboff\u00bb background_layout=\u00bbdark\u00bb custom_margin=\u00bb0px|0px|0px|0px|false|false\u00bb custom_padding=\u00bb13px|30px|13px|60px|true|false\u00bb button_border_width_tablet=\u00bb6px\u00bb button_border_width_phone=\u00bb6px\u00bb button_border_width_last_edited=\u00bbon|desktop\u00bb locked=\u00bboff\u00bb global_colors_info=\u00bb{}\u00bb button_border_width__hover_enabled=\u00bbon|hover\u00bb button_border_width__hover=\u00bb6px\u00bb button_bg_color__hover=\u00bb#1e2751&#8243; button_bg_color__hover_enabled=\u00bbon|hover\u00bb][\/et_pb_button][\/et_pb_column][et_pb_column type=\u00bb1_3&#8243; _builder_version=\u00bb4.16&#8243; _module_preset=\u00bbdefault\u00bb global_colors_info=\u00bb{}\u00bb][et_pb_button button_url=\u00bbhttps:\/\/europa.ieec.cat\/nextcloud\/index.php\/s\/DPzWSzNG9jr88QM\u00bb url_new_window=\u00bbon\u00bb button_text=\u00bbRESOLUCI\u00d3N DE CONCESI\u00d3N DEL PREMIO\u00bb button_alignment=\u00bbcenter\u00bb _builder_version=\u00bb4.16&#8243; _module_preset=\u00bbdefault\u00bb custom_button=\u00bbon\u00bb button_text_size=\u00bb19px\u00bb button_text_color=\u00bb#FFFFFF\u00bb button_bg_color=\u00bb#406fda\u00bb button_border_width=\u00bb0px\u00bb button_border_color=\u00bbRGBA(255,255,255,0)\u00bb button_border_radius=\u00bb0px\u00bb button_letter_spacing=\u00bb1px\u00bb button_font=\u00bbCairo|700||on|||||\u00bb button_icon=\u00bb&#xf15b;||fa||400&#8243; button_icon_color=\u00bb#FFFFFF\u00bb button_icon_placement=\u00bbleft\u00bb button_on_hover=\u00bboff\u00bb background_layout=\u00bbdark\u00bb custom_margin=\u00bb0px|0px|0px|0px|false|false\u00bb custom_padding=\u00bb13px|30px|13px|60px|true|false\u00bb button_border_width_tablet=\u00bb6px\u00bb button_border_width_phone=\u00bb6px\u00bb button_border_width_last_edited=\u00bbon|desktop\u00bb locked=\u00bboff\u00bb global_colors_info=\u00bb{}\u00bb button_border_width__hover_enabled=\u00bbon|hover\u00bb button_border_width__hover=\u00bb6px\u00bb button_bg_color__hover=\u00bb#1e2751&#8243; button_bg_color__hover_enabled=\u00bbon|hover\u00bb][\/et_pb_button][\/et_pb_column][et_pb_column type=\u00bb1_3&#8243; _builder_version=\u00bb4.16&#8243; _module_preset=\u00bbdefault\u00bb global_colors_info=\u00bb{}\u00bb][\/et_pb_column][\/et_pb_row][et_pb_row module_id=\u00bb8&#8243; _builder_version=\u00bb4.16&#8243; _module_preset=\u00bbdefault\u00bb custom_padding=\u00bb||0px||false|false\u00bb locked=\u00bboff\u00bb global_colors_info=\u00bb{}\u00bb][et_pb_column type=\u00bb4_4&#8243; _builder_version=\u00bb4.16&#8243; _module_preset=\u00bbdefault\u00bb global_colors_info=\u00bb{}\u00bb][et_pb_text _builder_version=\u00bb4.16&#8243; _module_preset=\u00bbdefault\u00bb text_text_color=\u00bb#E02B20&#8243; header_2_text_color=\u00bb#1e2793&#8243; header_2_font_size=\u00bb32px\u00bb custom_margin=\u00bb0px||10px|0px|false|false\u00bb custom_padding=\u00bb0px||0px|0px|false|false\u00bb custom_padding_tablet=\u00bb0px||0px|0px|false|false\u00bb custom_padding_phone=\u00bb0px||0px|0px|false|false\u00bb custom_padding_last_edited=\u00bbon|tablet\u00bb header_2_font_size_tablet=\u00bb28px\u00bb header_2_font_size_phone=\u00bb26px\u00bb header_2_font_size_last_edited=\u00bbon|phone\u00bb global_colors_info=\u00bb{}\u00bb]<\/p>\n<h2>8. <strong>C\u00f3digo de conducta y buenas pr\u00e1cticas<\/strong><\/h2>\n<p>[\/et_pb_text][et_pb_text _builder_version=\u00bb4.27.5&#8243; _module_preset=\u00bbdefault\u00bb header_2_text_color=\u00bb#1e2793&#8243; header_4_text_color=\u00bb#1e2793&#8243; header_4_font_size=\u00bb24px\u00bb header_4_font_size_tablet=\u00bb22px\u00bb header_4_font_size_phone=\u00bb22px\u00bb header_4_font_size_last_edited=\u00bbon|tablet\u00bb global_colors_info=\u00bb{}\u00bb]<\/p>\n<h4><span style=\"color: #1e2793;\"><strong>C\u00f3digo \u00e9tico y de conducta de centros CERCA<\/strong><\/span><\/h4>\n<p>[\/et_pb_text][\/et_pb_column][\/et_pb_row][et_pb_row _builder_version=\u00bb4.16&#8243; _module_preset=\u00bbdefault\u00bb min_height=\u00bb96.4px\u00bb custom_margin=\u00bb0px||||false|false\u00bb custom_padding=\u00bb||0px||false|false\u00bb locked=\u00bboff\u00bb global_colors_info=\u00bb{}\u00bb][et_pb_column type=\u00bb4_4&#8243; _builder_version=\u00bb4.16&#8243; _module_preset=\u00bbdefault\u00bb global_colors_info=\u00bb{}\u00bb][et_pb_text _builder_version=\u00bb4.27.5&#8243; _module_preset=\u00bbdefault\u00bb link_font=\u00bb||||on|||#1E2793|\u00bb link_text_color=\u00bb#1E2793&#8243; global_colors_info=\u00bb{}\u00bb]<\/p>\n<p><span style=\"font-weight: 400;\">El IEEC se encuentra adherido al C\u00f3digo \u00c9tico y de Conducta de los centros CERCA, que define los principios de actuaci\u00f3n que deben garantizar el compromiso de buenas pr\u00e1cticas en el \u00e1mbito cient\u00edfico y de gesti\u00f3n de los centros CERCA. <\/span><\/p>\n<p>[\/et_pb_text][et_pb_button button_url=\u00bbhttps:\/\/www.ieec.cat\/wp-content\/uploads\/2026\/01\/Codi-etic-i-de-conducta-CERCA-signat-IEEC-2025.pdf\u00bb url_new_window=\u00bbon\u00bb button_text=\u00bbC\u00f3digo \u00c9tico y de Conducta\u00bb button_alignment=\u00bbcenter\u00bb _builder_version=\u00bb4.27.5&#8243; _module_preset=\u00bbdefault\u00bb custom_button=\u00bbon\u00bb button_text_size=\u00bb19px\u00bb button_text_color=\u00bb#FFFFFF\u00bb button_bg_color=\u00bb#406fda\u00bb button_border_width=\u00bb0px\u00bb button_border_color=\u00bbRGBA(255,255,255,0)\u00bb button_border_radius=\u00bb0px\u00bb button_letter_spacing=\u00bb1px\u00bb button_font=\u00bbCairo|700||on|||||\u00bb button_icon=\u00bb&#xf15b;||fa||400&#8243; button_icon_color=\u00bb#FFFFFF\u00bb button_icon_placement=\u00bbleft\u00bb button_on_hover=\u00bboff\u00bb background_layout=\u00bbdark\u00bb custom_margin=\u00bb0px|0px|0px|0px|false|false\u00bb custom_padding=\u00bb13px|30px|13px|60px|true|false\u00bb button_border_width_tablet=\u00bb6px\u00bb button_border_width_phone=\u00bb6px\u00bb button_border_width_last_edited=\u00bbon|desktop\u00bb global_colors_info=\u00bb{}\u00bb button_border_width__hover_enabled=\u00bbon|hover\u00bb button_border_width__hover=\u00bb6px\u00bb button_bg_color__hover_enabled=\u00bbon|hover\u00bb button_bg_color__hover=\u00bb#1e2751&#8243; button_bg_enable_color__hover=\u00bbon\u00bb][\/et_pb_button][\/et_pb_column][\/et_pb_row][et_pb_row module_id=\u00bb8&#8243; _builder_version=\u00bb4.16&#8243; _module_preset=\u00bbdefault\u00bb custom_padding=\u00bb||0px||false|false\u00bb locked=\u00bboff\u00bb global_colors_info=\u00bb{}\u00bb][et_pb_column type=\u00bb4_4&#8243; _builder_version=\u00bb4.16&#8243; _module_preset=\u00bbdefault\u00bb global_colors_info=\u00bb{}\u00bb][et_pb_text _builder_version=\u00bb4.27.4&#8243; _module_preset=\u00bbdefault\u00bb header_2_text_color=\u00bb#1e2793&#8243; header_4_text_color=\u00bb#1e2793&#8243; header_4_font_size=\u00bb24px\u00bb header_4_font_size_tablet=\u00bb22px\u00bb header_4_font_size_phone=\u00bb22px\u00bb header_4_font_size_last_edited=\u00bbon|tablet\u00bb global_colors_info=\u00bb{}\u00bb]<\/p>\n<h4><span style=\"color: #1e2793;\"><strong>Plan de igualdad<br \/><\/strong><\/span><\/h4>\n<p>[\/et_pb_text][et_pb_text _builder_version=\u00bb4.27.4&#8243; _module_preset=\u00bbdefault\u00bb global_colors_info=\u00bb{}\u00bb]<\/p>\n<p>El IEEC est\u00e1 comprometido con la generaci\u00f3n de un entorno de trabajo en el cual se valore y se promueva la diversidad, la igualdad y la inclusi\u00f3n. El Plan de igualdad del IEEC sirve como instrumento para conseguir la igualdad real, incorporando la igualdad de oportunidades en todos los \u00e1mbitos del Instituto.<\/p>\n<p>[\/et_pb_text][\/et_pb_column][\/et_pb_row][et_pb_row _builder_version=\u00bb4.16&#8243; _module_preset=\u00bbdefault\u00bb min_height=\u00bb96.4px\u00bb custom_margin=\u00bb0px||||false|false\u00bb custom_padding=\u00bb||0px||false|false\u00bb locked=\u00bboff\u00bb global_colors_info=\u00bb{}\u00bb][et_pb_column type=\u00bb4_4&#8243; _builder_version=\u00bb4.16&#8243; _module_preset=\u00bbdefault\u00bb global_colors_info=\u00bb{}\u00bb][et_pb_button button_url=\u00bbhttps:\/\/www.ieec.cat\/wp-content\/uploads\/2024\/12\/Pla-Igualtat-IEEC-Des2024-Des2028.pdf\u00bb url_new_window=\u00bbon\u00bb button_text=\u00bbPlan de igualdad entre mujeres y hombres\u00bb button_alignment=\u00bbcenter\u00bb _builder_version=\u00bb4.27.4&#8243; _module_preset=\u00bbdefault\u00bb custom_button=\u00bbon\u00bb button_text_size=\u00bb19px\u00bb button_text_color=\u00bb#FFFFFF\u00bb button_bg_color=\u00bb#406fda\u00bb button_border_width=\u00bb0px\u00bb button_border_color=\u00bbRGBA(255,255,255,0)\u00bb button_border_radius=\u00bb0px\u00bb button_letter_spacing=\u00bb1px\u00bb button_font=\u00bbCairo|700||on|||||\u00bb button_icon=\u00bb&#xf15b;||fa||400&#8243; button_icon_color=\u00bb#FFFFFF\u00bb button_icon_placement=\u00bbleft\u00bb button_on_hover=\u00bboff\u00bb background_layout=\u00bbdark\u00bb custom_margin=\u00bb0px|0px|0px|0px|false|false\u00bb custom_padding=\u00bb13px|30px|13px|60px|true|false\u00bb button_border_width_tablet=\u00bb6px\u00bb button_border_width_phone=\u00bb6px\u00bb button_border_width_last_edited=\u00bbon|desktop\u00bb global_colors_info=\u00bb{}\u00bb button_border_width__hover_enabled=\u00bbon|hover\u00bb button_border_width__hover=\u00bb6px\u00bb button_bg_color__hover_enabled=\u00bbon|hover\u00bb button_bg_color__hover=\u00bb#1e2751&#8243; button_bg_enable_color__hover=\u00bbon\u00bb][\/et_pb_button][\/et_pb_column][\/et_pb_row][et_pb_row module_id=\u00bb8&#8243; _builder_version=\u00bb4.16&#8243; _module_preset=\u00bbdefault\u00bb custom_padding=\u00bb||0px||false|false\u00bb locked=\u00bboff\u00bb global_colors_info=\u00bb{}\u00bb][et_pb_column type=\u00bb4_4&#8243; _builder_version=\u00bb4.16&#8243; _module_preset=\u00bbdefault\u00bb global_colors_info=\u00bb{}\u00bb][et_pb_text _builder_version=\u00bb4.16&#8243; _module_preset=\u00bbdefault\u00bb header_2_text_color=\u00bb#1e2793&#8243; header_4_text_color=\u00bb#1e2793&#8243; header_4_font_size=\u00bb24px\u00bb header_4_font_size_tablet=\u00bb22px\u00bb header_4_font_size_phone=\u00bb22px\u00bb header_4_font_size_last_edited=\u00bbon|tablet\u00bb global_colors_info=\u00bb{}\u00bb]<\/p>\n<h4><span style=\"color: #1e2793;\"><strong>Plan contra el acoso<br \/><\/strong><\/span><\/h4>\n<p>[\/et_pb_text][et_pb_text _builder_version=\u00bb4.16&#8243; _module_preset=\u00bbdefault\u00bb global_colors_info=\u00bb{}\u00bb]<\/p>\n<p><span style=\"font-weight: 400;\">El IEEC est\u00e1 comprometido con el respeto a los derechos de las personas y con el establecimiento de unas condiciones \u00f3ptimas de trabajo, y vela por la igualdad de oportunidades entre mujeres y hombres y por la no discriminaci\u00f3n de cualquier tipo en ning\u00fan \u00e1mbito de la entidad.<\/span><\/p>\n<p>[\/et_pb_text][\/et_pb_column][\/et_pb_row][et_pb_row _builder_version=\u00bb4.16&#8243; _module_preset=\u00bbdefault\u00bb min_height=\u00bb96.4px\u00bb custom_margin=\u00bb0px||||false|false\u00bb custom_padding=\u00bb||0px||false|false\u00bb locked=\u00bboff\u00bb global_colors_info=\u00bb{}\u00bb][et_pb_column type=\u00bb4_4&#8243; _builder_version=\u00bb4.16&#8243; _module_preset=\u00bbdefault\u00bb global_colors_info=\u00bb{}\u00bb][et_pb_button button_url=\u00bbhttps:\/\/www.ieec.cat\/wp-content\/uploads\/2024\/07\/Protocol-assetjament-IEEC.pdf\u00bb url_new_window=\u00bbon\u00bb button_text=\u00bbProtocolo contra el acoso\u00bb button_alignment=\u00bbcenter\u00bb _builder_version=\u00bb4.16&#8243; _module_preset=\u00bbdefault\u00bb custom_button=\u00bbon\u00bb button_text_size=\u00bb19px\u00bb button_text_color=\u00bb#FFFFFF\u00bb button_bg_color=\u00bb#406fda\u00bb button_border_width=\u00bb0px\u00bb button_border_color=\u00bbRGBA(255,255,255,0)\u00bb button_border_radius=\u00bb0px\u00bb button_letter_spacing=\u00bb1px\u00bb button_font=\u00bbCairo|700||on|||||\u00bb button_icon=\u00bb&#xf15b;||fa||400&#8243; button_icon_color=\u00bb#FFFFFF\u00bb button_icon_placement=\u00bbleft\u00bb button_on_hover=\u00bboff\u00bb background_layout=\u00bbdark\u00bb custom_margin=\u00bb0px|0px|0px|0px|false|false\u00bb custom_padding=\u00bb13px|30px|13px|60px|true|false\u00bb button_border_width_tablet=\u00bb6px\u00bb button_border_width_phone=\u00bb6px\u00bb button_border_width_last_edited=\u00bbon|desktop\u00bb global_colors_info=\u00bb{}\u00bb button_border_width__hover_enabled=\u00bbon|hover\u00bb button_border_width__hover=\u00bb6px\u00bb button_bg_color__hover_enabled=\u00bbon|hover\u00bb button_bg_color__hover=\u00bb#1e2751&#8243; button_bg_enable_color__hover=\u00bbon\u00bb][\/et_pb_button][\/et_pb_column][\/et_pb_row][et_pb_row module_id=\u00bb9&#8243; _builder_version=\u00bb4.16&#8243; _module_preset=\u00bbdefault\u00bb custom_padding=\u00bb||0px||false|false\u00bb locked=\u00bboff\u00bb global_colors_info=\u00bb{}\u00bb][et_pb_column type=\u00bb4_4&#8243; _builder_version=\u00bb4.16&#8243; _module_preset=\u00bbdefault\u00bb global_colors_info=\u00bb{}\u00bb][et_pb_text _builder_version=\u00bb4.16&#8243; _module_preset=\u00bbdefault\u00bb text_text_color=\u00bb#E02B20&#8243; header_2_text_color=\u00bb#1e2793&#8243; header_2_font_size=\u00bb32px\u00bb custom_margin=\u00bb0px||10px|0px|false|false\u00bb custom_padding=\u00bb0px||0px|0px|false|false\u00bb custom_padding_tablet=\u00bb0px||0px|0px|false|false\u00bb custom_padding_phone=\u00bb0px||0px|0px|false|false\u00bb custom_padding_last_edited=\u00bbon|tablet\u00bb header_2_font_size_tablet=\u00bb28px\u00bb header_2_font_size_phone=\u00bb26px\u00bb header_2_font_size_last_edited=\u00bbon|phone\u00bb global_colors_info=\u00bb{}\u00bb]<\/p>\n<h2>9. <strong>Sistema interno de alertas<\/strong><\/h2>\n<p>[\/et_pb_text][et_pb_text _builder_version=\u00bb4.16&#8243; _module_preset=\u00bbdefault\u00bb header_2_text_color=\u00bb#1e2793&#8243; header_4_text_color=\u00bb#1e2793&#8243; header_4_font_size=\u00bb24px\u00bb header_4_font_size_tablet=\u00bb22px\u00bb header_4_font_size_phone=\u00bb22px\u00bb header_4_font_size_last_edited=\u00bbon|tablet\u00bb global_colors_info=\u00bb{}\u00bb]<\/p>\n<h4><strong>Sistema Interno de Alertas en Materia de Infracciones Normativas y de Conductas Contrarias a la Integridad P\u00fablica del Institut d&#8217;Estudis Espacials de Catalunya<\/strong><\/h4>\n<p>[\/et_pb_text][et_pb_text _builder_version=\u00bb4.16&#8243; _module_preset=\u00bbdefault\u00bb link_font=\u00bb||||on|||#1E2793|\u00bb link_text_color=\u00bb#1E2793&#8243; global_colors_info=\u00bb{}\u00bb]<\/p>\n<p><span style=\"font-weight: 400;\">En virtud de la Ley 2\/2023, de 20 de febrero, reguladora de la protecci\u00f3n de las personas que informan sobre infracciones normativas y de lucha contra la corrupci\u00f3n, el IEEC pone a disposici\u00f3n un Sistema Interno de Alertas (SIA). <\/span><\/p>\n<p>[\/et_pb_text][\/et_pb_column][\/et_pb_row][et_pb_row column_structure=\u00bb1_3,1_3,1_3&#8243; disabled_on=\u00bboff|off|off\u00bb _builder_version=\u00bb4.16&#8243; _module_preset=\u00bbdefault\u00bb global_colors_info=\u00bb{}\u00bb][et_pb_column type=\u00bb1_3&#8243; _builder_version=\u00bb4.16&#8243; _module_preset=\u00bbdefault\u00bb global_colors_info=\u00bb{}\u00bb][et_pb_button button_url=\u00bbhttps:\/\/www.ieec.cat\/wp-content\/uploads\/2024\/01\/Document-regulador-Sistema-intern-dalertes-IEEC.pdf\u00bb url_new_window=\u00bbon\u00bb button_text=\u00bbREGULACI\u00d3N SIA\u00bb button_alignment=\u00bbcenter\u00bb _builder_version=\u00bb4.16&#8243; _module_preset=\u00bbdefault\u00bb custom_button=\u00bbon\u00bb button_text_size=\u00bb19px\u00bb button_text_color=\u00bb#FFFFFF\u00bb button_bg_color=\u00bb#406fda\u00bb button_border_width=\u00bb0px\u00bb button_border_color=\u00bbRGBA(255,255,255,0)\u00bb button_border_radius=\u00bb0px\u00bb button_letter_spacing=\u00bb1px\u00bb button_font=\u00bbCairo|700||on|||||\u00bb button_icon=\u00bb&#xf15b;||fa||400&#8243; button_icon_color=\u00bb#FFFFFF\u00bb button_icon_placement=\u00bbleft\u00bb button_on_hover=\u00bboff\u00bb background_layout=\u00bbdark\u00bb custom_margin=\u00bb0px|0px|0px|0px|false|false\u00bb custom_padding=\u00bb13px|30px|13px|60px|true|false\u00bb button_border_width_tablet=\u00bb6px\u00bb button_border_width_phone=\u00bb6px\u00bb button_border_width_last_edited=\u00bbon|desktop\u00bb locked=\u00bboff\u00bb global_colors_info=\u00bb{}\u00bb button_border_width__hover_enabled=\u00bbon|hover\u00bb button_border_width__hover=\u00bb6px\u00bb button_bg_color__hover=\u00bb#1e2751&#8243; button_bg_color__hover_enabled=\u00bbon|hover\u00bb][\/et_pb_button][\/et_pb_column][et_pb_column type=\u00bb1_3&#8243; _builder_version=\u00bb4.16&#8243; _module_preset=\u00bbdefault\u00bb global_colors_info=\u00bb{}\u00bb][et_pb_button button_url=\u00bbhttps:\/\/ieec.bustiaetica.seu-e.cat\/#\/\u00bb url_new_window=\u00bbon\u00bb button_text=\u00bbACCEDE\u00bb button_alignment=\u00bbcenter\u00bb _builder_version=\u00bb4.16&#8243; _module_preset=\u00bbdefault\u00bb custom_button=\u00bbon\u00bb button_text_size=\u00bb17px\u00bb button_letter_spacing=\u00bb4px\u00bb button_on_hover=\u00bboff\u00bb custom_margin=\u00bb0px|-29px|0px||false|false\u00bb custom_padding=\u00bb15px|52px|15px|40px|false|false\u00bb locked=\u00bboff\u00bb global_colors_info=\u00bb{}\u00bb][\/et_pb_button][\/et_pb_column][et_pb_column type=\u00bb1_3&#8243; _builder_version=\u00bb4.16&#8243; _module_preset=\u00bbdefault\u00bb global_colors_info=\u00bb{}\u00bb][\/et_pb_column][\/et_pb_row][et_pb_row module_id=\u00bb10&#8243; _builder_version=\u00bb4.16&#8243; _module_preset=\u00bbdefault\u00bb custom_padding=\u00bb||0px||false|false\u00bb locked=\u00bboff\u00bb global_colors_info=\u00bb{}\u00bb][et_pb_column type=\u00bb4_4&#8243; _builder_version=\u00bb4.16&#8243; _module_preset=\u00bbdefault\u00bb global_colors_info=\u00bb{}\u00bb][et_pb_text _builder_version=\u00bb4.16&#8243; _module_preset=\u00bbdefault\u00bb text_text_color=\u00bb#E02B20&#8243; header_2_text_color=\u00bb#1e2793&#8243; header_2_font_size=\u00bb32px\u00bb custom_margin=\u00bb0px||10px|0px|false|false\u00bb custom_padding=\u00bb0px||0px|0px|false|false\u00bb custom_padding_tablet=\u00bb0px||0px|0px|false|false\u00bb custom_padding_phone=\u00bb0px||0px|0px|false|false\u00bb custom_padding_last_edited=\u00bbon|tablet\u00bb header_2_font_size_tablet=\u00bb28px\u00bb header_2_font_size_phone=\u00bb26px\u00bb header_2_font_size_last_edited=\u00bbon|phone\u00bb global_colors_info=\u00bb{}\u00bb]<\/p>\n<h2>10. <strong>Otras convocatorias<\/strong><\/h2>\n<p>[\/et_pb_text][et_pb_text _builder_version=\u00bb4.16&#8243; _module_preset=\u00bbdefault\u00bb header_2_text_color=\u00bb#1e2793&#8243; header_4_text_color=\u00bb#1e2793&#8243; header_4_font_size=\u00bb24px\u00bb custom_margin=\u00bb||14px|||\u00bb header_4_font_size_tablet=\u00bb22px\u00bb header_4_font_size_phone=\u00bb22px\u00bb header_4_font_size_last_edited=\u00bbon|tablet\u00bb global_colors_info=\u00bb{}\u00bb]<\/p>\n<h4><strong>Convocatoria para la selecci\u00f3n de una carga \u00fatil demostradora de tecnolog\u00eda (IOD) para ser embarcada en la misi\u00f3n sat\u00e9lite de observaci\u00f3n de la Tierra en \u00f3rbita baja GENEO-02 <\/strong><\/h4>\n<p>[\/et_pb_text][et_pb_text admin_label=\u00bbtancat\u00bb _builder_version=\u00bb4.16&#8243; _module_preset=\u00bbdefault\u00bb text_font=\u00bb|600||on|||||\u00bb text_text_color=\u00bb#FFFFFF\u00bb text_font_size=\u00bb16px\u00bb background_color=\u00bb#de5121&#8243; width=\u00bb98px\u00bb custom_margin=\u00bb-16px||||false|false\u00bb custom_padding=\u00bb3px||3px|15px|true|false\u00bb locked=\u00bboff\u00bb global_colors_info=\u00bb{}\u00bb]cerrado[\/et_pb_text][et_pb_text _builder_version=\u00bb4.16&#8243; _module_preset=\u00bbdefault\u00bb link_font=\u00bb||||on|||#1E2793|\u00bb link_text_color=\u00bb#1E2793&#8243; global_colors_info=\u00bb{}\u00bb]<\/p>\n<p><span style=\"font-weight: 400;\">La presente convocatoria de selecci\u00f3n de IOD tiene por objeto ofrecer la oportunidad a empresas, entidades o centros de investigaci\u00f3n con sede en Catalunya de presentar una de sus tecnolog\u00edas innovadoras para integrarla en la plataforma de este nuevo sat\u00e9lite, con el objetivo de validarla en \u00f3rbita, acelerar su introducci\u00f3n en el mercado o demostrar sus capacidades adicionales. La tecnolog\u00eda seleccionada acompa\u00f1ar\u00e1 a la carga \u00fatil principal de Observaci\u00f3n de la Tierra y a la carga secundaria de Internet de las Cosas (IoT, por sus siglas en ingl\u00e9s) del sat\u00e9lite.<\/span><\/p>\n<p>[\/et_pb_text][\/et_pb_column][\/et_pb_row][et_pb_row column_structure=\u00bb1_3,1_3,1_3&#8243; _builder_version=\u00bb4.16&#8243; _module_preset=\u00bbdefault\u00bb global_colors_info=\u00bb{}\u00bb][et_pb_column type=\u00bb1_3&#8243; _builder_version=\u00bb4.16&#8243; _module_preset=\u00bbdefault\u00bb global_colors_info=\u00bb{}\u00bb][et_pb_button button_url=\u00bbhttps:\/\/www.ieec.cat\/es\/generalitat-de-catalunya-y-ieec-abren-convocatoria-para-testear-tecnologia-a-bordo-del-proximo-nanosatelite-estrategia-newspace\/\u00bb url_new_window=\u00bbon\u00bb button_text=\u00bbANUNCIO Y BASES DE LA CONVOCATORIA\u00bb button_alignment=\u00bbcenter\u00bb _builder_version=\u00bb4.16&#8243; _module_preset=\u00bbdefault\u00bb custom_button=\u00bbon\u00bb button_text_size=\u00bb19px\u00bb button_text_color=\u00bb#FFFFFF\u00bb button_bg_color=\u00bb#406fda\u00bb button_border_width=\u00bb0px\u00bb button_border_color=\u00bbRGBA(255,255,255,0)\u00bb button_border_radius=\u00bb0px\u00bb button_letter_spacing=\u00bb1px\u00bb button_font=\u00bbCairo|700||on|||||\u00bb button_icon=\u00bb&#xf15b;||fa||400&#8243; button_icon_color=\u00bb#FFFFFF\u00bb button_icon_placement=\u00bbleft\u00bb button_on_hover=\u00bboff\u00bb background_layout=\u00bbdark\u00bb custom_margin=\u00bb0px|0px|0px|0px|false|false\u00bb custom_padding=\u00bb13px|30px|13px|60px|true|false\u00bb button_border_width_tablet=\u00bb6px\u00bb button_border_width_phone=\u00bb6px\u00bb button_border_width_last_edited=\u00bbon|desktop\u00bb locked=\u00bboff\u00bb global_colors_info=\u00bb{}\u00bb button_border_width__hover_enabled=\u00bbon|hover\u00bb button_border_width__hover=\u00bb6px\u00bb button_bg_color__hover=\u00bb#1e2751&#8243; button_bg_color__hover_enabled=\u00bbon|hover\u00bb][\/et_pb_button][\/et_pb_column][et_pb_column type=\u00bb1_3&#8243; _builder_version=\u00bb4.16&#8243; _module_preset=\u00bbdefault\u00bb global_colors_info=\u00bb{}\u00bb][et_pb_button button_url=\u00bbhttps:\/\/www.ieec.cat\/wp-content\/uploads\/2024\/04\/10.-Resolucio\u0301-convocato\u0300ria.pdf\u00bb url_new_window=\u00bbon\u00bb button_text=\u00bbRESOLUCI\u00d3N DE LA CONVOCATORIA\u00bb button_alignment=\u00bbcenter\u00bb disabled_on=\u00bboff|off|off\u00bb _builder_version=\u00bb4.16&#8243; _module_preset=\u00bbdefault\u00bb custom_button=\u00bbon\u00bb button_text_size=\u00bb19px\u00bb button_text_color=\u00bb#FFFFFF\u00bb button_bg_color=\u00bb#406fda\u00bb button_border_width=\u00bb0px\u00bb button_border_color=\u00bbRGBA(255,255,255,0)\u00bb button_border_radius=\u00bb0px\u00bb button_letter_spacing=\u00bb1px\u00bb button_font=\u00bbCairo|700||on|||||\u00bb button_icon=\u00bb&#xf15b;||fa||400&#8243; button_icon_color=\u00bb#FFFFFF\u00bb button_icon_placement=\u00bbleft\u00bb button_on_hover=\u00bboff\u00bb background_layout=\u00bbdark\u00bb custom_margin=\u00bb0px|0px|0px|0px|false|false\u00bb custom_padding=\u00bb13px|30px|13px|60px|true|false\u00bb button_border_width_tablet=\u00bb6px\u00bb button_border_width_phone=\u00bb6px\u00bb button_border_width_last_edited=\u00bbon|desktop\u00bb locked=\u00bboff\u00bb global_colors_info=\u00bb{}\u00bb button_border_width__hover_enabled=\u00bbon|hover\u00bb button_border_width__hover=\u00bb6px\u00bb button_bg_color__hover=\u00bb#1e2751&#8243; button_bg_color__hover_enabled=\u00bbon|hover\u00bb][\/et_pb_button][\/et_pb_column][et_pb_column type=\u00bb1_3&#8243; _builder_version=\u00bb4.16&#8243; _module_preset=\u00bbdefault\u00bb global_colors_info=\u00bb{}\u00bb][\/et_pb_column][\/et_pb_row][\/et_pb_section][et_pb_section fb_built=\u00bb1&#8243; admin_label=\u00bbPopup &#8211; #convenio11&#8243; module_id=\u00bbconvenio11&#8243; module_class=\u00bbpopup\u00bb _builder_version=\u00bb4.16&#8243; _module_preset=\u00bbdefault\u00bb width=\u00bb80%\u00bb custom_padding=\u00bb0px||||false|false\u00bb da_is_popup=\u00bbon\u00bb da_popup_slug=\u00bbconvenio11&#8243; da_disable_devices=\u00bboff|off|off\u00bb global_colors_info=\u00bb{}\u00bb da_exit_intent=\u00bboff\u00bb da_has_close=\u00bbon\u00bb da_alt_close=\u00bboff\u00bb da_dark_close=\u00bboff\u00bb da_not_modal=\u00bbon\u00bb da_is_singular=\u00bboff\u00bb da_with_loader=\u00bboff\u00bb da_has_shadow=\u00bbon\u00bb][et_pb_row _builder_version=\u00bb4.16&#8243; _module_preset=\u00bbdefault\u00bb background_color=\u00bbrgba(30,39,147,0.1)\u00bb width=\u00bb100%\u00bb max_width=\u00bb100%\u00bb custom_padding=\u00bb40px||40px||true|false\u00bb global_colors_info=\u00bb{}\u00bb][et_pb_column type=\u00bb4_4&#8243; _builder_version=\u00bb4.16&#8243; _module_preset=\u00bbdefault\u00bb global_colors_info=\u00bb{}\u00bb][et_pb_text _builder_version=\u00bb4.16&#8243; _module_preset=\u00bbdefault\u00bb text_font=\u00bbCairo||||||||\u00bb text_text_color=\u00bb#1e2793&#8243; text_font_size=\u00bb22px\u00bb text_line_height=\u00bb1.1em\u00bb custom_margin=\u00bb|7%||7%|false|true\u00bb custom_padding=\u00bb|||||false\u00bb global_colors_info=\u00bb{}\u00bb]<\/p>\n<p>(11) Convenio de colaboraci\u00f3n docente entre la <b>Universitat Aut\u00f2noma de Barcelona y el Institut d\u2019Estudis Espacials de Catalunya.<\/b><\/p>\n<p>[\/et_pb_text][\/et_pb_column][\/et_pb_row][et_pb_row _builder_version=\u00bb4.16&#8243; _module_preset=\u00bbdefault\u00bb width=\u00bb85%\u00bb global_colors_info=\u00bb{}\u00bb][et_pb_column type=\u00bb4_4&#8243; _builder_version=\u00bb4.16&#8243; _module_preset=\u00bbdefault\u00bb global_colors_info=\u00bb{}\u00bb][et_pb_text _builder_version=\u00bb4.16&#8243; _module_preset=\u00bbdefault\u00bb link_font=\u00bb|700|||on||||\u00bb link_text_color=\u00bb#1a1140&#8243; header_3_font=\u00bb|700|||||||\u00bb header_3_text_color=\u00bb#1e2793&#8243; global_colors_info=\u00bb{}\u00bb]<\/p>\n<h3>Objetivo del convenio<\/h3>\n<p>El objetivo de este convenio es establecer el marco de colaboraci\u00f3n entre la Universitat Aut\u00f2noma de Barcelona (UAB) y el Institut d\u2019Estudis Espacials de Catalunya (IEEC) en aspectos de colaboraci\u00f3n docente.<br \/>\nEl objetivo espec\u00edfico del convenio es el fomento de la colaboraci\u00f3n docente entre ambas instituciones a trav\u00e9s de la figura del Profesor Vinculado prevista en los art\u00edculos 138 y siguientes del Texto Refundido que aprueba el Reglamento de Personal Acad\u00e9mico de la Universitat Aut\u00f2noma de Barcelona aprobado por Consejo de Gobierno el 17 de noviembre de 2010 y modificado por \u00faltima vez por el Consejo de Gobierno de 30 de enero de 2020, en el M\u00e1ster de F\u00edsica de Altas Energ\u00edas, Astrof\u00edsica y Cosmolog\u00eda de la UAB durante el curso acad\u00e9mico 2022-2023.<\/p>\n<h3>Partes del convenio<\/h3>\n<p>Universitat Aut\u00f2noma de Barcelona y el Institut d\u2019Estudis Espacials de Catalunya. <\/p>\n<h3>Fecha de la firma<\/h3>\n<p>17 de noviembre de 2022<\/p>\n<h3>Vigencia<\/h3>\n<p>Este convenio ser\u00e1 vigente durante el curso acad\u00e9mico 2022-2023.<\/p>\n<p>(Art. 139.2 RPA: La durada m\u00ednima del nomenament ser\u00e0 d\u2019un semestre acad\u00e8mic i la m\u00e0xima de tres anys -3 cursos acad\u00e8mics-, excepte per convenis de durada inferior. En aquest cas la durada del nomenament no podr\u00e0 superar la del conveni.<\/p>\n<h3><strong>Documentos:<\/strong><\/h3>\n<p><span class=\"et-pb-icon\" style=\"font-size: 15px; color: #1e2793;\">R\u00a0<\/span><a href=\"https:\/\/www.ieec.cat\/wp-content\/uploads\/2022\/12\/11.-ConveniColDocentProfVinculat_CAT-2022-2023.pdf\" target=\"_blank\" rel=\"noopener\">Convenio firmado<\/a>[\/et_pb_text][\/et_pb_column][\/et_pb_row][\/et_pb_section][et_pb_section fb_built=\u00bb1&#8243; admin_label=\u00bbPopup &#8211; #convenio10&#8243; module_id=\u00bbconvenio10&#8243; module_class=\u00bbpopup\u00bb _builder_version=\u00bb4.16&#8243; _module_preset=\u00bbdefault\u00bb width=\u00bb80%\u00bb custom_padding=\u00bb0px||||false|false\u00bb da_is_popup=\u00bbon\u00bb da_popup_slug=\u00bbconvenio10&#8243; da_disable_devices=\u00bboff|off|off\u00bb global_colors_info=\u00bb{}\u00bb da_exit_intent=\u00bboff\u00bb da_has_close=\u00bbon\u00bb da_alt_close=\u00bboff\u00bb da_dark_close=\u00bboff\u00bb da_not_modal=\u00bbon\u00bb da_is_singular=\u00bboff\u00bb da_with_loader=\u00bboff\u00bb da_has_shadow=\u00bbon\u00bb][et_pb_row _builder_version=\u00bb4.16&#8243; _module_preset=\u00bbdefault\u00bb background_color=\u00bbrgba(30,39,147,0.1)\u00bb width=\u00bb100%\u00bb max_width=\u00bb100%\u00bb custom_padding=\u00bb40px||40px||true|false\u00bb global_colors_info=\u00bb{}\u00bb][et_pb_column type=\u00bb4_4&#8243; _builder_version=\u00bb4.16&#8243; _module_preset=\u00bbdefault\u00bb global_colors_info=\u00bb{}\u00bb][et_pb_text _builder_version=\u00bb4.16&#8243; _module_preset=\u00bbdefault\u00bb text_font=\u00bbCairo||||||||\u00bb text_text_color=\u00bb#1e2793&#8243; text_font_size=\u00bb22px\u00bb text_line_height=\u00bb1.1em\u00bb custom_margin=\u00bb|7%||7%|false|true\u00bb custom_padding=\u00bb|||||false\u00bb global_colors_info=\u00bb{}\u00bb]<\/p>\n<p>(10) Convenio marco de colaboraci\u00f3n entre la<b> Fundaci\u00f3 Institut d\u2019Estudis Espacials de Catalunya y la Cambra Oficial de Comer\u00e7, Ind\u00fastria, Serveis i Navegaci\u00f3 de Barcelona. <\/b><\/p>\n<p>[\/et_pb_text][\/et_pb_column][\/et_pb_row][et_pb_row _builder_version=\u00bb4.16&#8243; _module_preset=\u00bbdefault\u00bb width=\u00bb85%\u00bb global_colors_info=\u00bb{}\u00bb][et_pb_column type=\u00bb4_4&#8243; _builder_version=\u00bb4.16&#8243; _module_preset=\u00bbdefault\u00bb global_colors_info=\u00bb{}\u00bb][et_pb_text _builder_version=\u00bb4.16&#8243; _module_preset=\u00bbdefault\u00bb link_font=\u00bb|700|||on||||\u00bb link_text_color=\u00bb#1a1140&#8243; header_3_font=\u00bb|700|||||||\u00bb header_3_text_color=\u00bb#1e2793&#8243; global_colors_info=\u00bb{}\u00bb]<\/p>\n<h3>Objetivo del convenio<\/h3>\n<p>El objetivo de este Convenio es regular la colaboraci\u00f3n de las partes para promocionar el sector del espacio (en particular la llamada New Space Economy) como motor de la generaci\u00f3n de oportunidades empresariales y de la transferencia de conocimiento y tecnolog\u00eda hacia otros sectores empresariales, teniendo en cuenta los ejes principales de cada entidad.<\/p>\n<h3>Partes del convenio<\/h3>\n<p>Cambra Oficial de Comer\u00e7, Ind\u00fastria, Serveis i Navegaci\u00f3 de Barcelona y Institut d\u2019Estudis Espacials de Catalunya. <\/p>\n<h3>Fecha de la firma<\/h3>\n<p>29 de diciembre de 2021.<\/p>\n<h3>Vigencia<\/h3>\n<p>El per\u00edodo de vigencia de este Convenio comenzar\u00e1 el mismo d\u00eda de su firma y tendr\u00e1 una vigencia de 1 a\u00f1o. Antes de la finalizaci\u00f3n del referido per\u00edodo, las partes podr\u00e1n acordar su pr\u00f3rroga por per\u00edodos sucesivos de un (1) a\u00f1o hasta un m\u00e1ximo de 4 a\u00f1os adicionales, salvo renuncia expresa por escrito de cualquiera de las partes con un preaviso m\u00ednimo de tres (3) meses antes de la fecha de vencimiento o el de sus pr\u00f3rrogas.<\/p>\n<h3>Documentos<\/h3>\n<p><span class=\"et-pb-icon\" style=\"font-size: 15px; color: #1e2793;\">R\u00a0<\/span><a href=\"https:\/\/www.ieec.cat\/wp-content\/uploads\/2022\/12\/10.-Conveni-col\u00b7laboracio\u0301-IEEC-CCB-2021.pdf\" target=\"_blank\" rel=\"noopener\">Convenio firmado<\/a>[\/et_pb_text][\/et_pb_column][\/et_pb_row][\/et_pb_section][et_pb_section fb_built=\u00bb1&#8243; admin_label=\u00bbPopup &#8211; #convenio9&#8243; module_id=\u00bbconvenio9&#8243; module_class=\u00bbpopup\u00bb _builder_version=\u00bb4.16&#8243; _module_preset=\u00bbdefault\u00bb width=\u00bb80%\u00bb custom_padding=\u00bb0px||||false|false\u00bb da_is_popup=\u00bbon\u00bb da_popup_slug=\u00bbconvenio9&#8243; da_disable_devices=\u00bboff|off|off\u00bb global_colors_info=\u00bb{}\u00bb da_exit_intent=\u00bboff\u00bb da_has_close=\u00bbon\u00bb da_alt_close=\u00bboff\u00bb da_dark_close=\u00bboff\u00bb da_not_modal=\u00bbon\u00bb da_is_singular=\u00bboff\u00bb da_with_loader=\u00bboff\u00bb da_has_shadow=\u00bbon\u00bb][et_pb_row _builder_version=\u00bb4.16&#8243; _module_preset=\u00bbdefault\u00bb background_color=\u00bbrgba(30,39,147,0.1)\u00bb width=\u00bb100%\u00bb max_width=\u00bb100%\u00bb custom_padding=\u00bb40px||40px||true|false\u00bb global_colors_info=\u00bb{}\u00bb][et_pb_column type=\u00bb4_4&#8243; _builder_version=\u00bb4.16&#8243; _module_preset=\u00bbdefault\u00bb global_colors_info=\u00bb{}\u00bb][et_pb_text _builder_version=\u00bb4.16&#8243; _module_preset=\u00bbdefault\u00bb text_font=\u00bbCairo||||||||\u00bb text_text_color=\u00bb#1e2793&#8243; text_font_size=\u00bb22px\u00bb text_line_height=\u00bb1.1em\u00bb custom_margin=\u00bb|7%||7%|false|true\u00bb custom_padding=\u00bb|||||false\u00bb global_colors_info=\u00bb{}\u00bb]<\/p>\n<p>(9) Convenio de cooperaci\u00f3n entre <strong>Aeroports P\u00fablics de Catalunya y el Institut d\u2019Estudis Espacials de Catalunya para el desarrollo de la actividad aeroespacial en el Aeroport de Lleida-Alguaire<\/strong>: Espec\u00edficamente para la creaci\u00f3n de un centro de pruebas de propulsi\u00f3n para una Lanzadora de cohetes (Fase 1).<\/p>\n<p>[\/et_pb_text][\/et_pb_column][\/et_pb_row][et_pb_row _builder_version=\u00bb4.16&#8243; _module_preset=\u00bbdefault\u00bb width=\u00bb85%\u00bb global_colors_info=\u00bb{}\u00bb][et_pb_column type=\u00bb4_4&#8243; _builder_version=\u00bb4.16&#8243; _module_preset=\u00bbdefault\u00bb global_colors_info=\u00bb{}\u00bb][et_pb_text _builder_version=\u00bb4.16&#8243; _module_preset=\u00bbdefault\u00bb link_font=\u00bb|700|||on||||\u00bb link_text_color=\u00bb#1a1140&#8243; header_3_font=\u00bb|700|||||||\u00bb header_3_text_color=\u00bb#1e2793&#8243; global_colors_info=\u00bb{}\u00bb]<\/p>\n<h3>Objetivo del convenio<\/h3>\n<p>El presente convenio es la asunci\u00f3n voluntaria, y en ejercicio de sus respectivas competencias, de compromisos espec\u00edficos por parte de Aeroports de Catalunya y del IEEC en desarrollo del PROYECTO con respecto a la actuaci\u00f3n relativa a la creaci\u00f3n de un centro de pruebas de propulsi\u00f3n para una lanzadora de cohetes en el Aeropuerto de Lleida-Alguaire en su primera fase.<\/p>\n<h3>Partes del convenio<\/h3>\n<p>IEEC y Aeroports P\u00fablics de Catalunya<\/p>\n<h3>Fecha de la firma<\/h3>\n<p> 4 de febrero de 2022<\/p>\n<h3>Vigencia<\/h3>\n<p>La duraci\u00f3n de este acuerdo se corresponder\u00e1 con la duraci\u00f3n del \u201cACORD D\u2019INTENCIONS ENTRE AEROPORTS P\u00daBLICS DE CATALUNYA I L\u2019INSTITUT D\u2019ESTUDIS ESPACIALS DE CATALUNYA PEL DESENVOLUPAMENT DE L\u2019ACTIVITAT AEROESPACIAL A L\u2019AEROPORT DE LLEIDA-ALGUAIRE\u201d, con fecha del 5 de marzo de 2021.<\/p>\n<h3>Pr\u00f3rroga<\/h3>\n<p>El presente convenio ha sido prorrogado por un per\u00edodo de un a\u00f1o, hasta 5 de marzo de 2023, coincidiendo con la duraci\u00f3n del\u201dAcord d\u2019intencions entre Aeroports P\u00fablics de Catalunya i l\u2019IEEC pel desenvolupament de l\u2019activitat espacial de l\u2019aeroport de Lleida-Alguaire\u201d.<\/p>\n<h3><strong>Documentos<\/strong><\/h3>\n<p><span class=\"et-pb-icon\" style=\"font-size: 15px; color: #1e2793;\">R\u00a0<\/span><a href=\"https:\/\/www.ieec.cat\/wp-content\/uploads\/2022\/12\/9.-Conveni-cooperacio\u0301-APEC-IEEC.pdf\" target=\"_blank\" rel=\"noopener\">Convenio firmado<\/a><br \/>\n<span class=\"et-pb-icon\" style=\"font-size: 15px; color: #1e2793;\">R\u00a0<\/span><a href=\"https:\/\/www.ieec.cat\/wp-content\/uploads\/2022\/12\/9.-Pro\u0300rroga-conveni-APC-IEEC.pdf\" target=\"_blank\" rel=\"noopener\">Documento de pr\u00f3rroga firmado (4\/03\/2022)<\/a>[\/et_pb_text][\/et_pb_column][\/et_pb_row][\/et_pb_section][et_pb_section fb_built=\u00bb1&#8243; admin_label=\u00bbPopup &#8211; #convenio8&#8243; module_id=\u00bbconvenio8&#8243; module_class=\u00bbpopup\u00bb _builder_version=\u00bb4.16&#8243; _module_preset=\u00bbdefault\u00bb width=\u00bb80%\u00bb custom_padding=\u00bb0px||||false|false\u00bb da_is_popup=\u00bbon\u00bb da_popup_slug=\u00bbconvenio8&#8243; da_disable_devices=\u00bboff|off|off\u00bb global_colors_info=\u00bb{}\u00bb da_exit_intent=\u00bboff\u00bb da_has_close=\u00bbon\u00bb da_alt_close=\u00bboff\u00bb da_dark_close=\u00bboff\u00bb da_not_modal=\u00bbon\u00bb da_is_singular=\u00bboff\u00bb da_with_loader=\u00bboff\u00bb da_has_shadow=\u00bbon\u00bb][et_pb_row _builder_version=\u00bb4.16&#8243; _module_preset=\u00bbdefault\u00bb background_color=\u00bbrgba(30,39,147,0.1)\u00bb width=\u00bb100%\u00bb max_width=\u00bb100%\u00bb custom_padding=\u00bb40px||40px||true|false\u00bb global_colors_info=\u00bb{}\u00bb][et_pb_column type=\u00bb4_4&#8243; _builder_version=\u00bb4.16&#8243; _module_preset=\u00bbdefault\u00bb global_colors_info=\u00bb{}\u00bb][et_pb_text _builder_version=\u00bb4.16&#8243; _module_preset=\u00bbdefault\u00bb text_font=\u00bbCairo||||||||\u00bb text_text_color=\u00bb#1e2793&#8243; text_font_size=\u00bb22px\u00bb text_line_height=\u00bb1.1em\u00bb custom_margin=\u00bb|7%||7%|false|true\u00bb custom_padding=\u00bb|||||false\u00bb global_colors_info=\u00bb{}\u00bb]<\/p>\n<p>(8) Adhesi\u00f3n de la Fundaci\u00f3n Institut d\u2019Estudis Espacials de Catalunya al <b>Acuerdo Marco de homologaci\u00f3n de proveedores de equipos para los puestos de trabajo.<\/b><\/p>\n<p>[\/et_pb_text][\/et_pb_column][\/et_pb_row][et_pb_row _builder_version=\u00bb4.16&#8243; _module_preset=\u00bbdefault\u00bb width=\u00bb85%\u00bb global_colors_info=\u00bb{}\u00bb][et_pb_column type=\u00bb4_4&#8243; _builder_version=\u00bb4.16&#8243; _module_preset=\u00bbdefault\u00bb global_colors_info=\u00bb{}\u00bb][et_pb_text _builder_version=\u00bb4.16&#8243; _module_preset=\u00bbdefault\u00bb link_font=\u00bb|700|||on||||\u00bb link_text_color=\u00bb#1a1140&#8243; header_3_font=\u00bb|700|||||||\u00bb header_3_text_color=\u00bb#1e2793&#8243; global_colors_info=\u00bb{}\u00bb]<\/p>\n<h3>Objetivo del Acuerdo de Adhesi\u00f3n<\/h3>\n<p>Acuerdo de adhesi\u00f3n de la Fundaci\u00f3n Institut d\u2019Estudis Espacials de Catalunya al Acuerdo Marco para la homologaci\u00f3n de proveedores para el suministro de equipos para los puestos de trabajo (exp. 19\/19) que ha tramitado y adjudicado el CSUC de conformidad con los pliegos que regulan la licitaci\u00f3n y la legislaci\u00f3n vigente y aplicable en el caso.<\/p>\n<h3>Partes del convenio<\/h3>\n<p>IEEC y Consorci de Serveis Universitaris de Catalunya (en adelante, CSUC). <\/p>\n<h3>Fecha de la firma<\/h3>\n<p>9 de novembre de 2021.<\/p>\n<h3>Vigencia<\/h3>\n<p>La vigencia del acuerdo corresponder\u00e1 con la vigencia del Acuerdo Marco.<\/p>\n<h3>Pr\u00f3rroga<\/h3>\n<p>___<\/p>\n<h3>Documentos<\/h3>\n<p><span class=\"et-pb-icon\" style=\"font-size: 15px; color: #1e2793;\">R\u00a0<\/span><a href=\"https:\/\/www.ieec.cat\/wp-content\/uploads\/2022\/12\/8.-Adhesio\u0301-IEEC-E1919.pdf\" target=\"_blank\" rel=\"noopener\">Acuerdo de adhesi\u00f3n firmado<\/a>[\/et_pb_text][\/et_pb_column][\/et_pb_row][\/et_pb_section][et_pb_section fb_built=\u00bb1&#8243; admin_label=\u00bbPopup &#8211; #convenio7&#8243; module_id=\u00bbconvenio7&#8243; module_class=\u00bbpopup\u00bb _builder_version=\u00bb4.16&#8243; _module_preset=\u00bbdefault\u00bb width=\u00bb80%\u00bb custom_padding=\u00bb0px||||false|false\u00bb da_is_popup=\u00bbon\u00bb da_popup_slug=\u00bbconvenio7&#8243; da_disable_devices=\u00bboff|off|off\u00bb global_colors_info=\u00bb{}\u00bb da_exit_intent=\u00bboff\u00bb da_has_close=\u00bbon\u00bb da_alt_close=\u00bboff\u00bb da_dark_close=\u00bboff\u00bb da_not_modal=\u00bbon\u00bb da_is_singular=\u00bboff\u00bb da_with_loader=\u00bboff\u00bb da_has_shadow=\u00bbon\u00bb][et_pb_row _builder_version=\u00bb4.16&#8243; _module_preset=\u00bbdefault\u00bb background_color=\u00bbrgba(30,39,147,0.1)\u00bb width=\u00bb100%\u00bb max_width=\u00bb100%\u00bb custom_padding=\u00bb40px||40px||true|false\u00bb global_colors_info=\u00bb{}\u00bb][et_pb_column type=\u00bb4_4&#8243; _builder_version=\u00bb4.16&#8243; _module_preset=\u00bbdefault\u00bb global_colors_info=\u00bb{}\u00bb][et_pb_text _builder_version=\u00bb4.16&#8243; _module_preset=\u00bbdefault\u00bb text_font=\u00bbCairo||||||||\u00bb text_text_color=\u00bb#1e2793&#8243; text_font_size=\u00bb22px\u00bb text_line_height=\u00bb1.1em\u00bb custom_margin=\u00bb|7%||7%|false|true\u00bb custom_padding=\u00bb|||||false\u00bb global_colors_info=\u00bb{}\u00bb]<\/p>\n<p>(7) Convenio para actuaciones en <strong>infraestructuras cient\u00edfico-tecnol\u00f3gicas del sistema CERCA<\/strong> y para el desarrollo de una plataforma de acceso a las mismas.<\/p>\n<p>[\/et_pb_text][\/et_pb_column][\/et_pb_row][et_pb_row _builder_version=\u00bb4.16&#8243; _module_preset=\u00bbdefault\u00bb width=\u00bb85%\u00bb global_colors_info=\u00bb{}\u00bb][et_pb_column type=\u00bb4_4&#8243; _builder_version=\u00bb4.16&#8243; _module_preset=\u00bbdefault\u00bb global_colors_info=\u00bb{}\u00bb][et_pb_text _builder_version=\u00bb4.16&#8243; _module_preset=\u00bbdefault\u00bb link_font=\u00bb|700|||on||||\u00bb link_text_color=\u00bb#1a1140&#8243; header_3_font=\u00bb|700|||||||\u00bb header_3_text_color=\u00bb#1e2793&#8243; global_colors_info=\u00bb{}\u00bb]<\/p>\n<h3>Objetivo del convenio<\/h3>\n<p>El objetivo del convenio lo constituye la creaci\u00f3n de una plataforma de acceso a las infraestructuras cient\u00edficas y t\u00e9cnicas y\/o servicios derivados del sistema CERCA, que pasa a denominarse CERCA GINYS, donde se establecen las normas de participaci\u00f3n de los centros BUSCA, y se genera y accede a la informaci\u00f3n sobre las infraestructuras cient\u00edficas y t\u00e9cnicas.<br \/>\nEs tambi\u00e9n objeto del presente convenio la elaboraci\u00f3n de un mapa de infraestructuras cient\u00edficas y t\u00e9cnicas, y la financiaci\u00f3n de acciones de fortalecimiento institucional.<\/p>\n<h3>Partes del convenio<\/h3>\n<p>entre IEEC, I-Cerca y 27 centros CERCA m\u00e1s.<\/p>\n<h3>Fecha de la firma<\/h3>\n<p>15 de noviembre de 2021.<\/p>\n<h3>Vigencia<\/h3>\n<p>El conveni estar\u00e1 vigente hasta el 31 de marzo de 2023.<\/p>\n<h3>Pr\u00f3rroga<\/h3>\n<p>___<\/p>\n<h3>Documentos<\/h3>\n<p><span class=\"et-pb-icon\" style=\"font-size: 15px; color: #1e2793;\">R\u00a0<\/span><a href=\"https:\/\/www.ieec.cat\/wp-content\/uploads\/2022\/12\/7.-2021-Convenio-CERCA-GINYS.pdf\" target=\"_blank\" rel=\"noopener\">Convenio firmado<\/a>[\/et_pb_text][\/et_pb_column][\/et_pb_row][\/et_pb_section][et_pb_section fb_built=\u00bb1&#8243; admin_label=\u00bbPopup &#8211; #convenio6&#8243; module_id=\u00bbconvenio6&#8243; module_class=\u00bbpopup\u00bb _builder_version=\u00bb4.16&#8243; _module_preset=\u00bbdefault\u00bb width=\u00bb80%\u00bb custom_padding=\u00bb0px||||false|false\u00bb da_is_popup=\u00bbon\u00bb da_popup_slug=\u00bbconvenio6&#8243; da_disable_devices=\u00bboff|off|off\u00bb global_colors_info=\u00bb{}\u00bb da_exit_intent=\u00bboff\u00bb da_has_close=\u00bbon\u00bb da_alt_close=\u00bboff\u00bb da_dark_close=\u00bboff\u00bb da_not_modal=\u00bbon\u00bb da_is_singular=\u00bboff\u00bb da_with_loader=\u00bboff\u00bb da_has_shadow=\u00bbon\u00bb][et_pb_row _builder_version=\u00bb4.16&#8243; _module_preset=\u00bbdefault\u00bb background_color=\u00bbrgba(30,39,147,0.1)\u00bb width=\u00bb100%\u00bb max_width=\u00bb100%\u00bb custom_padding=\u00bb40px||40px||true|false\u00bb global_colors_info=\u00bb{}\u00bb][et_pb_column type=\u00bb4_4&#8243; _builder_version=\u00bb4.16&#8243; _module_preset=\u00bbdefault\u00bb global_colors_info=\u00bb{}\u00bb][et_pb_text _builder_version=\u00bb4.16&#8243; _module_preset=\u00bbdefault\u00bb text_font=\u00bbCairo||||||||\u00bb text_text_color=\u00bb#1e2793&#8243; text_font_size=\u00bb22px\u00bb text_line_height=\u00bb1.1em\u00bb custom_margin=\u00bb|7%||7%|false|true\u00bb custom_padding=\u00bb|||||false\u00bb global_colors_info=\u00bb{}\u00bb]<\/p>\n<p>(6) Adhesi\u00f3n de la Fundaci\u00f3n Institut d\u2019Estudis Espacials de Catalunya al <strong>Acuerdo Marco de homologaci\u00f3n de proveedores de equipos con sistema operativo iOs o MacOs<\/strong>, port\u00e1tiles ultraligeros, t\u00e1ctiles, convertibles, de tabletas, port\u00e1tiles gaming, mini PC, equipos de sobremesa, discos duros externos y servicios asociados.<\/p>\n<p>[\/et_pb_text][\/et_pb_column][\/et_pb_row][et_pb_row _builder_version=\u00bb4.16&#8243; _module_preset=\u00bbdefault\u00bb width=\u00bb85%\u00bb global_colors_info=\u00bb{}\u00bb][et_pb_column type=\u00bb4_4&#8243; _builder_version=\u00bb4.16&#8243; _module_preset=\u00bbdefault\u00bb global_colors_info=\u00bb{}\u00bb][et_pb_text _builder_version=\u00bb4.16&#8243; _module_preset=\u00bbdefault\u00bb link_font=\u00bb|700|||on||||\u00bb link_text_color=\u00bb#1a1140&#8243; header_3_font=\u00bb|700|||||||\u00bb header_3_text_color=\u00bb#1e2793&#8243; global_colors_info=\u00bb{}\u00bb]<\/p>\n<h3>Objetivo del Acuerdo de Adhesi\u00f3n<\/h3>\n<p>El objeto del acuerdo es la adhesi\u00f3n de la Fundaci\u00f3 Institut d\u2019Estudis Espacials de Catalunya al Acuerdo Marco de homologaci\u00f3n de proveedores de equipos con sistema operativo iOS o MacOS, port\u00e1tiles ultraligeros, t\u00e1ctiles, convertibles, de tabletas , port\u00e1tiles gamming, Mini PC, equipos de sobremesa, disco duros externos y servicios asociados (exp. 19\/05) que ha tramitado y adjudicado el CSUC en los t\u00e9rminos previstos en los pliegos que regulan la licitaci\u00f3n y la legislaci\u00f3n vigente y aplicable al caso.<\/p>\n<h3>Partes del convenio<\/h3>\n<p>IEEC y el Consorci de Serveis Universitaris de Catalunya (en adelante, CSUC). <\/p>\n<h3>Fecha de la firma<\/h3>\n<p>13 de Octubre de 2021.<\/p>\n<h3>Vigencia<\/h3>\n<p>La vigencia del acuerdo corresponder\u00e1 con la vigencia del Acuerdo Marco.<\/p>\n<h3>Pr\u00f3rroga<\/h3>\n<p>___<\/p>\n<h3>Documentos<\/h3>\n<p><span class=\"et-pb-icon\" style=\"font-size: 15px; color: #1e2793;\">R\u00a0<\/span><a href=\"https:\/\/www.ieec.cat\/wp-content\/uploads\/2022\/12\/6.-Adhesio\u0301-IEEC-AM-Equipament-informa\u0300tic-E1905.pdf\" target=\"_blank\" rel=\"noopener\">Acuerdo de adhesi\u00f3n firmado<\/a>[\/et_pb_text][\/et_pb_column][\/et_pb_row][\/et_pb_section][et_pb_section fb_built=\u00bb1&#8243; admin_label=\u00bbPopup &#8211; #convenio5&#8243; module_id=\u00bbconvenio5&#8243; module_class=\u00bbpopup\u00bb _builder_version=\u00bb4.16&#8243; _module_preset=\u00bbdefault\u00bb width=\u00bb80%\u00bb custom_padding=\u00bb0px||||false|false\u00bb da_is_popup=\u00bbon\u00bb da_popup_slug=\u00bbconvenio5&#8243; da_disable_devices=\u00bboff|off|off\u00bb global_colors_info=\u00bb{}\u00bb da_exit_intent=\u00bboff\u00bb da_has_close=\u00bbon\u00bb da_alt_close=\u00bboff\u00bb da_dark_close=\u00bboff\u00bb da_not_modal=\u00bbon\u00bb da_is_singular=\u00bboff\u00bb da_with_loader=\u00bboff\u00bb da_has_shadow=\u00bbon\u00bb][et_pb_row _builder_version=\u00bb4.16&#8243; _module_preset=\u00bbdefault\u00bb background_color=\u00bbrgba(30,39,147,0.1)\u00bb width=\u00bb100%\u00bb max_width=\u00bb100%\u00bb custom_padding=\u00bb40px||40px||true|false\u00bb global_colors_info=\u00bb{}\u00bb][et_pb_column type=\u00bb4_4&#8243; _builder_version=\u00bb4.16&#8243; _module_preset=\u00bbdefault\u00bb global_colors_info=\u00bb{}\u00bb][et_pb_text _builder_version=\u00bb4.16&#8243; _module_preset=\u00bbdefault\u00bb text_font=\u00bbCairo||||||||\u00bb text_text_color=\u00bb#1e2793&#8243; text_font_size=\u00bb22px\u00bb text_line_height=\u00bb1.1em\u00bb custom_margin=\u00bb|7%||7%|false|true\u00bb custom_padding=\u00bb|||||false\u00bb global_colors_info=\u00bb{}\u00bb]<\/p>\n<p>(5) Convenio de colaboraci\u00f3n entre la <strong>Universitat Polit\u00e8cnica de Catalunya \u00b7 BarcelonaTech (UPC) y la Fundaci\u00f3n Institut d\u2019Estudis Espacials de Catalunya (IEEC)<\/strong> para regular su vinculaci\u00f3n a la UPC como entidad vinculada de investigaci\u00f3n de la UPC.<\/p>\n<p>[\/et_pb_text][\/et_pb_column][\/et_pb_row][et_pb_row _builder_version=\u00bb4.16&#8243; _module_preset=\u00bbdefault\u00bb width=\u00bb85%\u00bb global_colors_info=\u00bb{}\u00bb][et_pb_column type=\u00bb4_4&#8243; _builder_version=\u00bb4.16&#8243; _module_preset=\u00bbdefault\u00bb global_colors_info=\u00bb{}\u00bb][et_pb_text _builder_version=\u00bb4.16&#8243; _module_preset=\u00bbdefault\u00bb link_font=\u00bb|700|||on||||\u00bb link_text_color=\u00bb#1a1140&#8243; header_3_font=\u00bb|700|||||||\u00bb header_3_text_color=\u00bb#1e2793&#8243; global_colors_info=\u00bb{}\u00bb]<\/p>\n<h3>Objetivo del Convenio<\/h3>\n<p>El objetivo de este convenio de colaboraci\u00f3n es establecer el marco de relaciones entre ambas partes y regular las condiciones de la adscripci\u00f3n del personal de la UPC al IEEC, as\u00ed como los mecanismos de seguimiento y control de la vinculaci\u00f3n.<\/p>\n<h3>Partse del convenio<\/h3>\n<p>IEEC y Universitat Polit\u00e8cnica de Catalunya (UPC).<\/p>\n<h3>Fecha de la firma<\/h3>\n<p>17 de julio de 2021.<\/p>\n<h3>Vigencia<\/h3>\n<p>Este convenio tendr\u00e1 una duraci\u00f3n inicial de cuatro a\u00f1os computados a partir de la fecha de firma, y podr\u00e1 prorrogarse mediante decisi\u00f3n expresa de las partes adoptada por escrito antes de la fecha de finalizaci\u00f3n del convenio o de sus pr\u00f3rrogas por un per\u00edodo m\u00e1ximo de fines a (4) a\u00f1os m\u00e1s.<\/p>\n<h3>Pr\u00f3rroga<\/h3>\n<p>___<\/p>\n<h3>Documentos<\/h3>\n<p><span class=\"et-pb-icon\" style=\"font-size: 15px; color: #1e2793;\">R\u00a0<\/span><a href=\"https:\/\/www.ieec.cat\/wp-content\/uploads\/2022\/12\/5.-Conveni-definitiu-signat-rector.pdf\" target=\"_blank\" rel=\"noopener\">Convenio de colaboraci\u00f3n<\/a>[\/et_pb_text][\/et_pb_column][\/et_pb_row][\/et_pb_section][et_pb_section fb_built=\u00bb1&#8243; admin_label=\u00bbPopup &#8211; #convenio4&#8243; module_id=\u00bbconvenio4&#8243; module_class=\u00bbpopup\u00bb _builder_version=\u00bb4.16&#8243; _module_preset=\u00bbdefault\u00bb width=\u00bb80%\u00bb custom_padding=\u00bb0px||||false|false\u00bb da_is_popup=\u00bbon\u00bb da_popup_slug=\u00bbconvenio4&#8243; da_disable_devices=\u00bboff|off|off\u00bb collapsed=\u00bboff\u00bb global_colors_info=\u00bb{}\u00bb da_exit_intent=\u00bboff\u00bb da_has_close=\u00bbon\u00bb da_alt_close=\u00bboff\u00bb da_dark_close=\u00bboff\u00bb da_not_modal=\u00bbon\u00bb da_is_singular=\u00bboff\u00bb da_with_loader=\u00bboff\u00bb da_has_shadow=\u00bbon\u00bb][et_pb_row _builder_version=\u00bb4.16&#8243; _module_preset=\u00bbdefault\u00bb background_color=\u00bbrgba(30,39,147,0.1)\u00bb width=\u00bb100%\u00bb max_width=\u00bb100%\u00bb custom_padding=\u00bb40px||40px||true|false\u00bb global_colors_info=\u00bb{}\u00bb][et_pb_column type=\u00bb4_4&#8243; _builder_version=\u00bb4.16&#8243; _module_preset=\u00bbdefault\u00bb global_colors_info=\u00bb{}\u00bb][et_pb_text _builder_version=\u00bb4.16&#8243; _module_preset=\u00bbdefault\u00bb text_font=\u00bbCairo||||||||\u00bb text_text_color=\u00bb#1e2793&#8243; text_font_size=\u00bb22px\u00bb text_line_height=\u00bb1.1em\u00bb custom_margin=\u00bb|7%||7%|false|true\u00bb custom_padding=\u00bb|||||false\u00bb global_colors_info=\u00bb{}\u00bb]<\/p>\n<p>(4) Convenio de colaboraci\u00f3n entre el <strong>Institut d\u2019Estudis Espacials de Catalunya (IEEC) e isardSAT S.L.<\/strong> para la instalaci\u00f3n y explotaci\u00f3n de un equipamiento en el Observatori Astron\u00f2mic del Montsec (OdM).<\/p>\n<p>[\/et_pb_text][\/et_pb_column][\/et_pb_row][et_pb_row _builder_version=\u00bb4.16&#8243; _module_preset=\u00bbdefault\u00bb width=\u00bb85%\u00bb global_colors_info=\u00bb{}\u00bb][et_pb_column type=\u00bb4_4&#8243; _builder_version=\u00bb4.16&#8243; _module_preset=\u00bbdefault\u00bb global_colors_info=\u00bb{}\u00bb][et_pb_text _builder_version=\u00bb4.16&#8243; _module_preset=\u00bbdefault\u00bb link_font=\u00bb|700|||on||||\u00bb link_text_color=\u00bb#1a1140&#8243; header_3_font=\u00bb|700|||||||\u00bb header_3_text_color=\u00bb#1e2793&#8243; global_colors_info=\u00bb{}\u00bb]<\/p>\n<h3>Objetivo del Convenio<\/h3>\n<p>El objetivo de este convenio de colaboraci\u00f3n es establecer el marco de colaboraci\u00f3n para la instalaci\u00f3n y el funcionamiento de un equipamiento destinado a la calibraci\u00f3n de sat\u00e9lites en los terrenos del OdM.<\/p>\n<h3>Partse del convenio<\/h3>\n<p>isardSAT, S.L.*<br \/>\n*Convenio de colaboraci\u00f3n suscrito en el marco del art. 34 ley14\/2011, del 1 de junio, de la Ciencia, la Tecnolog\u00eda y la Innovaci\u00f3n.<\/p>\n<h3>Fecha de firma<\/h3>\n<p>18 de marzo de 2021.<\/p>\n<h3>Vigencia<\/h3>\n<p>El presente convenio entrar\u00e1 en vigor el d\u00eda de la instalaci\u00f3n del EQUIPAMIENTO, de la cual se dejar\u00e1 constancia en un acta firmada por ambas partes, y tendr\u00e1 un t\u00e9rmino de vigencia de 5 a\u00f1os.<br \/>\nEn cualquier momento antes de la finalizaci\u00f3n del plazo previsto en el apartado anterior, los firmantes de este convenio pueden acordar un\u00e1nimemente la pr\u00f3rroga por un per\u00edodo de hasta cinco a\u00f1os adicionales, que deber\u00e1 formalizarse mediante una adenda al convenio.<br \/>\nA la finalizaci\u00f3n de la vigencia del presente convenio isardSAT S.L. estar\u00e1 obligada, si as\u00ed lo solicita el IEEC, mediante escrito fehaciente, a retirar el EQUIPAMIENTO.<\/p>\n<h3>Pr\u00f3rroga<\/h3>\n<p>___<\/p>\n<h3>Documentos<\/h3>\n<p><span class=\"et-pb-icon\" style=\"font-size: 15px; color: #1e2793;\">R\u00a0<\/span><a href=\"https:\/\/www.ieec.cat\/wp-content\/uploads\/2022\/12\/4.-Conveni-amb-isardSAT-equipament-OAdM_isardSAT.pdf\" target=\"_blank\" rel=\"noopener\">Convenio de colaboraci\u00f3n<\/a>[\/et_pb_text][\/et_pb_column][\/et_pb_row][\/et_pb_section][et_pb_section fb_built=\u00bb1&#8243; admin_label=\u00bbPopup &#8211; #convenio3&#8243; module_id=\u00bbconvenio3&#8243; module_class=\u00bbpopup\u00bb _builder_version=\u00bb4.16&#8243; _module_preset=\u00bbdefault\u00bb width=\u00bb80%\u00bb custom_padding=\u00bb0px||41px||false|false\u00bb da_is_popup=\u00bbon\u00bb da_popup_slug=\u00bbconvenio3&#8243; da_disable_devices=\u00bboff|off|off\u00bb global_colors_info=\u00bb{}\u00bb da_exit_intent=\u00bboff\u00bb da_has_close=\u00bbon\u00bb da_alt_close=\u00bboff\u00bb da_dark_close=\u00bboff\u00bb da_not_modal=\u00bbon\u00bb da_is_singular=\u00bboff\u00bb da_with_loader=\u00bboff\u00bb da_has_shadow=\u00bbon\u00bb][et_pb_row _builder_version=\u00bb4.16&#8243; _module_preset=\u00bbdefault\u00bb background_color=\u00bbrgba(30,39,147,0.1)\u00bb width=\u00bb100%\u00bb max_width=\u00bb100%\u00bb custom_padding=\u00bb40px||40px||true|false\u00bb global_colors_info=\u00bb{}\u00bb][et_pb_column type=\u00bb4_4&#8243; _builder_version=\u00bb4.16&#8243; _module_preset=\u00bbdefault\u00bb global_colors_info=\u00bb{}\u00bb][et_pb_text _builder_version=\u00bb4.16&#8243; _module_preset=\u00bbdefault\u00bb text_font=\u00bbCairo||||||||\u00bb text_text_color=\u00bb#1e2793&#8243; text_font_size=\u00bb22px\u00bb text_line_height=\u00bb1.1em\u00bb custom_margin=\u00bb|7%||7%|false|true\u00bb custom_padding=\u00bb|||||false\u00bb global_colors_info=\u00bb{}\u00bb]<\/p>\n<p>(3) Acuerdo de intenci\u00f3n suscrita entre Aeropuertos P\u00fablicos de Catalunya y el Institut d\u2019Estudis Espacials de Catalunya para el desarrollo de la actividad aeroespacial en el <strong>Aeropuerto de Lleida-Alguaire.<\/strong><\/p>\n<p>[\/et_pb_text][\/et_pb_column][\/et_pb_row][et_pb_row _builder_version=\u00bb4.16&#8243; _module_preset=\u00bbdefault\u00bb width=\u00bb85%\u00bb global_colors_info=\u00bb{}\u00bb][et_pb_column type=\u00bb4_4&#8243; _builder_version=\u00bb4.16&#8243; _module_preset=\u00bbdefault\u00bb global_colors_info=\u00bb{}\u00bb][et_pb_text _builder_version=\u00bb4.16&#8243; _module_preset=\u00bbdefault\u00bb link_font=\u00bb|700|||on||||\u00bb link_text_color=\u00bb#1a1140&#8243; header_3_font=\u00bb|700|||||||\u00bb header_3_text_color=\u00bb#1e2793&#8243; global_colors_info=\u00bb{}\u00bb]<\/p>\n<h3>Objetivo del Acuerdo<\/h3>\n<p>El objetivo de este acuerdo de intenciones es sentar las bases de trabajo para la colaboraci\u00f3n entre Aeroports de Catalunya y el IEEC en el proyecto de creaci\u00f3n del \u00e1rea de desarrollo empresarial vinculada al espacio exterior que se prev\u00e9 que acoja el Aeropuerto de Lleida-Alguaire.<\/p>\n<h3>Partes del convenio<\/h3>\n<p>IEEC y Aeroports P\u00fablics de Catalunya<\/p>\n<h3>Fecha de firma<\/h3>\n<p>5 de marzo de 2021.<\/p>\n<h3>Vigencia<\/h3>\n<p>La duraci\u00f3n de este acuerdo ser\u00e1 de un a\u00f1o a contar desde la fecha de su firma.<br \/>\nLa duraci\u00f3n ser\u00e1 inferior a un a\u00f1o si se alcanzan antes los objetivos fijados en este acuerdo.<br \/>\nDe superarse la duraci\u00f3n m\u00e1xima de un a\u00f1o sin que las partes acuerden una pr\u00f3rroga, el acuerdo quedar\u00e1 resuelto.<\/p>\n<h3>Pr\u00f3rroga<\/h3>\n<p>EEl presente convenio ha sido prorrogado por un per\u00edodo de un a\u00f1o, hasta el 5 de marzo de 2023.<\/p>\n<h3>Documentos<\/h3>\n<p><span class=\"et-pb-icon\" style=\"font-size: 15px; color: #1e2793;\">R\u00a0<\/span><a href=\"https:\/\/www.ieec.cat\/wp-content\/uploads\/2022\/12\/3.-Acord-intencions-Aeroports-Pu\u0301blics-de-Catalunya-IEEC-2021.pdf\" target=\"_blank\" rel=\"noopener\">Acuerdo de intenciones<\/a><br \/>\n<span class=\"et-pb-icon\" style=\"font-size: 15px; color: #1e2793;\">R\u00a0<\/span><a href=\"https:\/\/www.ieec.cat\/wp-content\/uploads\/2022\/12\/3.-Pro\u0300rroga-Acord-intencions-Aeroports-IEEC.pdf\" target=\"_blank\" rel=\"noopener\">Documento de pr\u00f3rroga firmado (4\/03\/2022)<\/a>[\/et_pb_text][\/et_pb_column][\/et_pb_row][\/et_pb_section][et_pb_section fb_built=\u00bb1&#8243; admin_label=\u00bbPopup &#8211; #convenio2&#8243; module_id=\u00bbconvenio2&#8243; module_class=\u00bbpopup\u00bb _builder_version=\u00bb4.16&#8243; _module_preset=\u00bbdefault\u00bb width=\u00bb80%\u00bb min_height=\u00bb578.2px\u00bb custom_padding=\u00bb0px||40px||false|false\u00bb da_is_popup=\u00bbon\u00bb da_popup_slug=\u00bbconvenio2&#8243; da_disable_devices=\u00bboff|off|off\u00bb global_colors_info=\u00bb{}\u00bb da_exit_intent=\u00bboff\u00bb da_has_close=\u00bbon\u00bb da_alt_close=\u00bboff\u00bb da_dark_close=\u00bboff\u00bb da_not_modal=\u00bbon\u00bb da_is_singular=\u00bboff\u00bb da_with_loader=\u00bboff\u00bb da_has_shadow=\u00bbon\u00bb][et_pb_row _builder_version=\u00bb4.16&#8243; _module_preset=\u00bbdefault\u00bb background_color=\u00bbrgba(30,39,147,0.1)\u00bb width=\u00bb100%\u00bb max_width=\u00bb100%\u00bb custom_padding=\u00bb40px||40px||true|false\u00bb global_colors_info=\u00bb{}\u00bb][et_pb_column type=\u00bb4_4&#8243; _builder_version=\u00bb4.16&#8243; _module_preset=\u00bbdefault\u00bb global_colors_info=\u00bb{}\u00bb][et_pb_text _builder_version=\u00bb4.16&#8243; _module_preset=\u00bbdefault\u00bb text_font=\u00bbCairo||||||||\u00bb text_text_color=\u00bb#1e2793&#8243; text_font_size=\u00bb22px\u00bb text_line_height=\u00bb1.1em\u00bb custom_margin=\u00bb|7%||7%|false|true\u00bb custom_padding=\u00bb|||||false\u00bb global_colors_info=\u00bb{}\u00bb]<\/p>\n<p>(2) Convenio de la colaboraci\u00f3n entre la <strong>Fundaci\u00f3 Instituci\u00f3 Catalana de la Recerca i Estudis Avan\u00e7ats (ICREA) y el Institut d\u2019Estudis Espacials de Catalunya<\/strong><\/p>\n<p>[\/et_pb_text][\/et_pb_column][\/et_pb_row][et_pb_row _builder_version=\u00bb4.16&#8243; _module_preset=\u00bbdefault\u00bb width=\u00bb85%\u00bb global_colors_info=\u00bb{}\u00bb][et_pb_column type=\u00bb4_4&#8243; _builder_version=\u00bb4.16&#8243; _module_preset=\u00bbdefault\u00bb global_colors_info=\u00bb{}\u00bb][et_pb_text _builder_version=\u00bb4.16&#8243; _module_preset=\u00bbdefault\u00bb link_font=\u00bb|700|||on||||\u00bb link_text_color=\u00bb#1a1140&#8243; header_3_font=\u00bb|700|||||||\u00bb header_3_text_color=\u00bb#1e2793&#8243; global_colors_info=\u00bb{}\u00bb]<\/p>\n<h3>Objetivo<\/h3>\n<p>El convenio tiene por objetivo establecer el marco de colaboraci\u00f3n entre ICREA y IEEC para el desarrollo de actuaciones en materia de investigaci\u00f3n propuestas por el IEEC y aprobadas por el Patronato de ICREA mediante la adscripci\u00f3n de personal investigador ICREA al IEEC.<\/p>\n<h3>Partes del convenio<\/h3>\n<p>IEEC e ICREA<\/p>\n<h3>Fecha de firma<\/h3>\n<p>23 de octubre de 2020.<\/p>\n<h3>Vigencia<\/h3>\n<p>El convenio entr\u00f3 en vigor el 1 de noviembre de 2020 y tiene una vigencia de 5 a\u00f1os prorrogables mediante acuerdo expreso de las partes.<\/p>\n<h3>Documentos<\/h3>\n<p><span class=\"et-pb-icon\" style=\"font-size: 15px; color: #1e2793;\">R\u00a0<\/span><a href=\"https:\/\/www.ieec.cat\/wp-content\/uploads\/2022\/12\/2.-CONVENI-IEEC_ICREA_2020.pdf\" target=\"_blank\" rel=\"noopener\">Convenio de colaboraci\u00f3n<\/a><br \/>\n<span class=\"et-pb-icon\" style=\"font-size: 15px; color: #1e2793;\">R\u00a0<\/span><a href=\"https:\/\/www.ieec.cat\/wp-content\/uploads\/2022\/12\/2.-Annex-al-conveni-Torres_CSIC-ICE_IEEC.pdf\" target=\"_blank\" rel=\"noopener\">Anexo del Convenio<\/a>[\/et_pb_text][\/et_pb_column][\/et_pb_row][\/et_pb_section][et_pb_section fb_built=\u00bb1&#8243; admin_label=\u00bbPopup &#8211; #convenio1&#8243; module_id=\u00bbconvenio1&#8243; module_class=\u00bbpopup\u00bb _builder_version=\u00bb4.16&#8243; _module_preset=\u00bbdefault\u00bb width=\u00bb80%\u00bb custom_padding=\u00bb0px||||false|false\u00bb da_is_popup=\u00bbon\u00bb da_popup_slug=\u00bbconvenio1&#8243; da_disable_devices=\u00bboff|off|off\u00bb global_colors_info=\u00bb{}\u00bb da_exit_intent=\u00bboff\u00bb da_has_close=\u00bbon\u00bb da_alt_close=\u00bboff\u00bb da_dark_close=\u00bboff\u00bb da_not_modal=\u00bbon\u00bb da_is_singular=\u00bboff\u00bb da_with_loader=\u00bboff\u00bb da_has_shadow=\u00bbon\u00bb][et_pb_row _builder_version=\u00bb4.16&#8243; _module_preset=\u00bbdefault\u00bb background_color=\u00bbrgba(30,39,147,0.1)\u00bb width=\u00bb100%\u00bb max_width=\u00bb100%\u00bb custom_padding=\u00bb40px||40px||true|false\u00bb global_colors_info=\u00bb{}\u00bb][et_pb_column type=\u00bb4_4&#8243; _builder_version=\u00bb4.16&#8243; _module_preset=\u00bbdefault\u00bb global_colors_info=\u00bb{}\u00bb][et_pb_text _builder_version=\u00bb4.16&#8243; _module_preset=\u00bbdefault\u00bb text_font=\u00bbCairo||||||||\u00bb text_text_color=\u00bb#1e2793&#8243; text_font_size=\u00bb22px\u00bb text_line_height=\u00bb1.1em\u00bb custom_margin=\u00bb|7%||7%|false|true\u00bb custom_padding=\u00bb|||||false\u00bb global_colors_info=\u00bb{}\u00bb]<\/p>\n<p>(1) Acuerdo de colaboraci\u00f3n en la calibraci\u00f3n y el monitoreo ambiental para preparar la implementaci\u00f3n del <strong>Observatorio del Cherenkov Telescope Array<\/strong>.<\/p>\n<p>[\/et_pb_text][\/et_pb_column][\/et_pb_row][et_pb_row _builder_version=\u00bb4.16&#8243; _module_preset=\u00bbdefault\u00bb width=\u00bb85%\u00bb global_colors_info=\u00bb{}\u00bb][et_pb_column type=\u00bb4_4&#8243; _builder_version=\u00bb4.16&#8243; _module_preset=\u00bbdefault\u00bb global_colors_info=\u00bb{}\u00bb][et_pb_text _builder_version=\u00bb4.16&#8243; _module_preset=\u00bbdefault\u00bb link_font=\u00bb|700|||on||||\u00bb link_text_color=\u00bb#1a1140&#8243; header_3_font=\u00bb|700|||||||\u00bb header_3_text_color=\u00bb#1e2793&#8243; global_colors_info=\u00bb{}\u00bb]<\/p>\n<h3>Partes del acuerdo<\/h3>\n<p>IEEC y el Cherenkov Telescope Array Observatory gemeinn\u00fctzige GmbH.<\/p>\n<h3>Fecha de la firma<\/h3>\n<p>1 de marzo de 2020. <\/p>\n<h3>Vigencia<\/h3>\n<p>Este acuerdo, incluido el Anexo 1, entrar\u00e1 en vigencia a partir del 1 de marzo de 2020 y finalizar\u00e1 el 28 de febrero de 2021; podr\u00e1 renovarse mediante enmienda por escrito firmada por ambas partes especificando el objetivo de la pr\u00f3rroga y los t\u00e9rminos y condiciones de su financiaci\u00f3n.<\/p>\n<h3>Pr\u00f3rroga<\/h3>\n<p>___<\/p>\n<h3>Documentos<\/h3>\n<p><span class=\"et-pb-icon\" style=\"font-size: 15px; color: #1e2793;\">R\u00a0<\/span><a href=\"https:\/\/www.ieec.cat\/wp-content\/uploads\/2022\/12\/1.-Agreement-CTAO-IEEC-2020.pdf\" target=\"_blank\" rel=\"noopener\">Acuerdo de colaboraci\u00f3n<\/a>[\/et_pb_text][\/et_pb_column][\/et_pb_row][\/et_pb_section][et_pb_section fb_built=\u00bb1&#8243; admin_label=\u00bbPopup &#8211; #Bio\u00bb module_id=\u00bbBio\u00bb module_class=\u00bbpopup\u00bb _builder_version=\u00bb4.16&#8243; _module_preset=\u00bbdefault\u00bb width=\u00bb80%\u00bb custom_padding=\u00bb0px||||false|false\u00bb da_is_popup=\u00bbon\u00bb da_popup_slug=\u00bbBio\u00bb da_disable_devices=\u00bboff|off|off\u00bb global_colors_info=\u00bb{}\u00bb da_exit_intent=\u00bboff\u00bb da_has_close=\u00bbon\u00bb da_alt_close=\u00bboff\u00bb da_dark_close=\u00bboff\u00bb da_not_modal=\u00bbon\u00bb da_is_singular=\u00bboff\u00bb da_with_loader=\u00bboff\u00bb da_has_shadow=\u00bbon\u00bb][et_pb_row _builder_version=\u00bb4.16&#8243; _module_preset=\u00bbdefault\u00bb background_color=\u00bbrgba(30,39,147,0.1)\u00bb width=\u00bb100%\u00bb max_width=\u00bb100%\u00bb custom_padding=\u00bb40px||40px||true|false\u00bb global_colors_info=\u00bb{}\u00bb][et_pb_column type=\u00bb4_4&#8243; _builder_version=\u00bb4.16&#8243; _module_preset=\u00bbdefault\u00bb global_colors_info=\u00bb{}\u00bb][et_pb_text _builder_version=\u00bb4.27.4&#8243; _module_preset=\u00bbdefault\u00bb text_text_color=\u00bb#1e2793&#8243; text_font_size=\u00bb36px\u00bb width=\u00bb81.2%\u00bb custom_margin=\u00bb0px||10px||false|false\u00bb custom_padding=\u00bb||6px|87px|false|false\u00bb global_colors_info=\u00bb{}\u00bb]<\/p>\n<p><strong>Xavier Luri<\/strong><\/p>\n<p>[\/et_pb_text][et_pb_text _builder_version=\u00bb4.27.4&#8243; _module_preset=\u00bbdefault\u00bb text_font=\u00bbCairo||||||||\u00bb text_text_color=\u00bb#1e2793&#8243; text_font_size=\u00bb22px\u00bb text_line_height=\u00bb1.1em\u00bb custom_margin=\u00bb||||false|true\u00bb custom_padding=\u00bb|||87px|false|false\u00bb global_colors_info=\u00bb{}\u00bb]<\/p>\n<p>Director del Institut d&#8217;Estudis Espacials de Catalunya (IEEC)<\/p>\n<p>[\/et_pb_text][\/et_pb_column][\/et_pb_row][et_pb_row _builder_version=\u00bb4.16&#8243; _module_preset=\u00bbdefault\u00bb width=\u00bb85%\u00bb global_colors_info=\u00bb{}\u00bb][et_pb_column type=\u00bb4_4&#8243; _builder_version=\u00bb4.16&#8243; _module_preset=\u00bbdefault\u00bb global_colors_info=\u00bb{}\u00bb][et_pb_text _builder_version=\u00bb4.27.4&#8243; _module_preset=\u00bbdefault\u00bb global_colors_info=\u00bb{}\u00bb]<\/p>\n<p><span style=\"font-weight: 400;\">Xavier Luri es el director del Institut d\u2019Estudis Espacials de Catalunya (IEEC). Es doctor en F\u00edsica por la Universidad de Barcelona, donde ejerce como profesor del departamento de F\u00edsica Cu\u00e1ntica y Astrof\u00edsica desde 2007, y donde es catedr\u00e1tico desde 2021.<\/span><\/p>\n<p><span style=\"font-weight: 400;\">Adem\u00e1s de su labor docente, que desarrolla desde principios de los a\u00f1os noventa, Luri ha construido una s\u00f3lida carrera como investigador en el<\/span><b> Instituto de Ciencias del Cosmos de la Universidad de Barcelona<\/b><span style=\"font-weight: 400;\"> (ICCUB), una de las unidades de investigaci\u00f3n del IEEC, de la cual fue director desde 2018 hasta 2025. Desde 2023, tambi\u00e9n es miembro del <\/span><b>European Space Sciences Committee<\/b><span style=\"font-weight: 400;\">,<\/span> <span style=\"font-weight: 400;\">instituci\u00f3n que proporciona asesoramiento cient\u00edfico independiente sobre ciencia espacial a entidades como la Comisi\u00f3n Europea (CE) o la Agencia Espacial Europea (ESA).<\/span><\/p>\n<p><b>Su actividad cient\u00edfica se centra principalmente en la misi\u00f3n Gaia<\/b><span style=\"font-weight: 400;\">, un sat\u00e9lite astrom\u00e9trico construido por la ESA para elaborar el mayor y m\u00e1s preciso mapa tridimensional de nuestra galaxia. Luri fue uno de los proponentes de la misi\u00f3n Gaia para su aprobaci\u00f3n por parte de la ESA en 2001, y tambi\u00e9n form\u00f3 parte de su grupo asesor cient\u00edfico durante el per\u00edodo 2001-2007. Desde 2007, Luri es miembro del comit\u00e9 ejecutivo del consorcio Gaia-DPAC. Desempe\u00f1a un papel muy relevante en la contribuci\u00f3n espa\u00f1ola a este proyecto, participando en investigaciones y desarrollos relacionados con la supercomputaci\u00f3n, el procesamiento de datos y el desarrollo de <\/span><i><span style=\"font-weight: 400;\">software<\/span><\/i><span style=\"font-weight: 400;\">, as\u00ed como con la calibraci\u00f3n de luminosidad, cinem\u00e1tica y din\u00e1mica de la galaxia. Ha publicado m\u00e1s de 200 trabajos de investigaci\u00f3n en revistas internacionales, que han obtenido m\u00e1s de 30.000 citas.<\/span><\/p>\n<p><span style=\"font-weight: 400;\">Luri tambi\u00e9n tiene <\/span><b>amplia experiencia en los \u00e1mbitos de la innovaci\u00f3n y la transferencia<\/b><span style=\"font-weight: 400;\"> de conocimientos. Durante la fase de desarrollo de Gaia, particip\u00f3 en contratos de desarrollo para la ESA que derivaron en la generaci\u00f3n de una patente para un sistema de compresi\u00f3n de datos y en la creaci\u00f3n de la empresa <\/span><i><span style=\"font-weight: 400;\">spin-off<\/span><\/i><span style=\"font-weight: 400;\"> DAPCOM, de la cual es fundador. Asimismo, ha destacado por su <strong>gran capacidad de divulgaci\u00f3n<\/strong>. A lo largo de su carrera, ha participado en numerosas actividades, como charlas, talleres y observaciones astron\u00f3micas, y ha liderado proyectos de \u00e9xito como la cofundaci\u00f3n de la asociaci\u00f3n Big Van Ciencia.<\/span><\/p>\n<p>[\/et_pb_text][\/et_pb_column][\/et_pb_row][\/et_pb_section]<\/p>\n","protected":false},"excerpt":{"rendered":"<p>IEEC | TransparenciaTransparenciaLa presente Secci\u00f3n de Transparencia del IEEC se crea en virtud de la Ley 19\/2014, de 29 de diciembre, de transparencia, acceso a la informaci\u00f3n p\u00fablica y buen gobierno as\u00ed como al Decreto 8\/2021, de 9 de febrero, sobre transparencia y derecho de acceso a la informaci\u00f3n p\u00fablica.\u00edndice1. Organizaci\u00f3n institucional y estructura administrativa1.1 [&hellip;]<\/p>\n","protected":false},"author":1,"featured_media":26069,"parent":2763,"menu_order":2,"comment_status":"closed","ping_status":"closed","template":"","meta":{"_et_pb_use_builder":"on","_et_pb_old_content":"","_et_gb_content_width":"","footnotes":""},"class_list":["post-2769","page","type-page","status-publish","has-post-thumbnail","hentry"],"yoast_head":"<!-- This site is optimized with the Yoast SEO plugin v27.4 - https:\/\/yoast.com\/product\/yoast-seo-wordpress\/ -->\n<title>Transparencia - IEEC<\/title>\n<meta name=\"robots\" content=\"index, follow, max-snippet:-1, max-image-preview:large, max-video-preview:-1\" \/>\n<link rel=\"canonical\" href=\"https:\/\/www.ieec.cat\/es\/ieec\/transparencia\/\" \/>\n<meta property=\"og:locale\" content=\"es_ES\" \/>\n<meta property=\"og:type\" content=\"article\" \/>\n<meta property=\"og:title\" content=\"Transparencia - IEEC\" \/>\n<meta property=\"og:description\" content=\"IEEC | TransparenciaTransparenciaLa presente Secci\u00f3n de Transparencia del IEEC se crea en virtud de la Ley 19\/2014, de 29 de diciembre, de transparencia, acceso a la informaci\u00f3n p\u00fablica y buen gobierno as\u00ed como al Decreto 8\/2021, de 9 de febrero, sobre transparencia y derecho de acceso a la informaci\u00f3n p\u00fablica.\u00edndice1. Organizaci\u00f3n institucional y estructura administrativa1.1 [&hellip;]\" \/>\n<meta property=\"og:url\" content=\"https:\/\/www.ieec.cat\/es\/ieec\/transparencia\/\" \/>\n<meta property=\"og:site_name\" content=\"IEEC\" \/>\n<meta property=\"article:modified_time\" content=\"2026-04-28T15:00:46+00:00\" \/>\n<meta property=\"og:image\" content=\"https:\/\/www.ieec.cat\/wp-content\/uploads\/2024\/01\/featured-image-logo-ieec-2024.png\" \/>\n\t<meta property=\"og:image:width\" content=\"600\" \/>\n\t<meta property=\"og:image:height\" content=\"500\" \/>\n\t<meta property=\"og:image:type\" content=\"image\/png\" \/>\n<meta name=\"twitter:card\" content=\"summary_large_image\" \/>\n<meta name=\"twitter:label1\" content=\"Tiempo de lectura\" \/>\n\t<meta name=\"twitter:data1\" content=\"55 minutos\" \/>\n<script type=\"application\/ld+json\" class=\"yoast-schema-graph\">{\"@context\":\"https:\\\/\\\/schema.org\",\"@graph\":[{\"@type\":\"WebPage\",\"@id\":\"https:\\\/\\\/www.ieec.cat\\\/es\\\/ieec\\\/transparencia\\\/\",\"url\":\"https:\\\/\\\/www.ieec.cat\\\/es\\\/ieec\\\/transparencia\\\/\",\"name\":\"Transparencia - IEEC\",\"isPartOf\":{\"@id\":\"https:\\\/\\\/www.ieec.cat\\\/es\\\/#website\"},\"primaryImageOfPage\":{\"@id\":\"https:\\\/\\\/www.ieec.cat\\\/es\\\/ieec\\\/transparencia\\\/#primaryimage\"},\"image\":{\"@id\":\"https:\\\/\\\/www.ieec.cat\\\/es\\\/ieec\\\/transparencia\\\/#primaryimage\"},\"thumbnailUrl\":\"https:\\\/\\\/www.ieec.cat\\\/wp-content\\\/uploads\\\/2024\\\/01\\\/featured-image-logo-ieec-2024.png\",\"datePublished\":\"2022-11-22T15:55:41+00:00\",\"dateModified\":\"2026-04-28T15:00:46+00:00\",\"breadcrumb\":{\"@id\":\"https:\\\/\\\/www.ieec.cat\\\/es\\\/ieec\\\/transparencia\\\/#breadcrumb\"},\"inLanguage\":\"es\",\"potentialAction\":[{\"@type\":\"ReadAction\",\"target\":[\"https:\\\/\\\/www.ieec.cat\\\/es\\\/ieec\\\/transparencia\\\/\"]}]},{\"@type\":\"ImageObject\",\"inLanguage\":\"es\",\"@id\":\"https:\\\/\\\/www.ieec.cat\\\/es\\\/ieec\\\/transparencia\\\/#primaryimage\",\"url\":\"https:\\\/\\\/www.ieec.cat\\\/wp-content\\\/uploads\\\/2024\\\/01\\\/featured-image-logo-ieec-2024.png\",\"contentUrl\":\"https:\\\/\\\/www.ieec.cat\\\/wp-content\\\/uploads\\\/2024\\\/01\\\/featured-image-logo-ieec-2024.png\",\"width\":600,\"height\":500},{\"@type\":\"BreadcrumbList\",\"@id\":\"https:\\\/\\\/www.ieec.cat\\\/es\\\/ieec\\\/transparencia\\\/#breadcrumb\",\"itemListElement\":[{\"@type\":\"ListItem\",\"position\":1,\"name\":\"Portada\",\"item\":\"https:\\\/\\\/www.ieec.cat\\\/es\\\/\"},{\"@type\":\"ListItem\",\"position\":2,\"name\":\"IEEC\",\"item\":\"https:\\\/\\\/www.ieec.cat\\\/es\\\/ieec\\\/\"},{\"@type\":\"ListItem\",\"position\":3,\"name\":\"Transparencia\"}]},{\"@type\":\"WebSite\",\"@id\":\"https:\\\/\\\/www.ieec.cat\\\/es\\\/#website\",\"url\":\"https:\\\/\\\/www.ieec.cat\\\/es\\\/\",\"name\":\"IEEC\",\"description\":\"Institut d&#039;Estudis Espacials de Catalunya\",\"potentialAction\":[{\"@type\":\"SearchAction\",\"target\":{\"@type\":\"EntryPoint\",\"urlTemplate\":\"https:\\\/\\\/www.ieec.cat\\\/es\\\/?s={search_term_string}\"},\"query-input\":{\"@type\":\"PropertyValueSpecification\",\"valueRequired\":true,\"valueName\":\"search_term_string\"}}],\"inLanguage\":\"es\"}]}<\/script>\n<!-- \/ Yoast SEO plugin. -->","yoast_head_json":{"title":"Transparencia - IEEC","robots":{"index":"index","follow":"follow","max-snippet":"max-snippet:-1","max-image-preview":"max-image-preview:large","max-video-preview":"max-video-preview:-1"},"canonical":"https:\/\/www.ieec.cat\/es\/ieec\/transparencia\/","og_locale":"es_ES","og_type":"article","og_title":"Transparencia - IEEC","og_description":"IEEC | TransparenciaTransparenciaLa presente Secci\u00f3n de Transparencia del IEEC se crea en virtud de la Ley 19\/2014, de 29 de diciembre, de transparencia, acceso a la informaci\u00f3n p\u00fablica y buen gobierno as\u00ed como al Decreto 8\/2021, de 9 de febrero, sobre transparencia y derecho de acceso a la informaci\u00f3n p\u00fablica.\u00edndice1. Organizaci\u00f3n institucional y estructura administrativa1.1 [&hellip;]","og_url":"https:\/\/www.ieec.cat\/es\/ieec\/transparencia\/","og_site_name":"IEEC","article_modified_time":"2026-04-28T15:00:46+00:00","og_image":[{"width":600,"height":500,"url":"https:\/\/www.ieec.cat\/wp-content\/uploads\/2024\/01\/featured-image-logo-ieec-2024.png","type":"image\/png"}],"twitter_card":"summary_large_image","twitter_misc":{"Tiempo de lectura":"55 minutos"},"schema":{"@context":"https:\/\/schema.org","@graph":[{"@type":"WebPage","@id":"https:\/\/www.ieec.cat\/es\/ieec\/transparencia\/","url":"https:\/\/www.ieec.cat\/es\/ieec\/transparencia\/","name":"Transparencia - IEEC","isPartOf":{"@id":"https:\/\/www.ieec.cat\/es\/#website"},"primaryImageOfPage":{"@id":"https:\/\/www.ieec.cat\/es\/ieec\/transparencia\/#primaryimage"},"image":{"@id":"https:\/\/www.ieec.cat\/es\/ieec\/transparencia\/#primaryimage"},"thumbnailUrl":"https:\/\/www.ieec.cat\/wp-content\/uploads\/2024\/01\/featured-image-logo-ieec-2024.png","datePublished":"2022-11-22T15:55:41+00:00","dateModified":"2026-04-28T15:00:46+00:00","breadcrumb":{"@id":"https:\/\/www.ieec.cat\/es\/ieec\/transparencia\/#breadcrumb"},"inLanguage":"es","potentialAction":[{"@type":"ReadAction","target":["https:\/\/www.ieec.cat\/es\/ieec\/transparencia\/"]}]},{"@type":"ImageObject","inLanguage":"es","@id":"https:\/\/www.ieec.cat\/es\/ieec\/transparencia\/#primaryimage","url":"https:\/\/www.ieec.cat\/wp-content\/uploads\/2024\/01\/featured-image-logo-ieec-2024.png","contentUrl":"https:\/\/www.ieec.cat\/wp-content\/uploads\/2024\/01\/featured-image-logo-ieec-2024.png","width":600,"height":500},{"@type":"BreadcrumbList","@id":"https:\/\/www.ieec.cat\/es\/ieec\/transparencia\/#breadcrumb","itemListElement":[{"@type":"ListItem","position":1,"name":"Portada","item":"https:\/\/www.ieec.cat\/es\/"},{"@type":"ListItem","position":2,"name":"IEEC","item":"https:\/\/www.ieec.cat\/es\/ieec\/"},{"@type":"ListItem","position":3,"name":"Transparencia"}]},{"@type":"WebSite","@id":"https:\/\/www.ieec.cat\/es\/#website","url":"https:\/\/www.ieec.cat\/es\/","name":"IEEC","description":"Institut d&#039;Estudis Espacials de Catalunya","potentialAction":[{"@type":"SearchAction","target":{"@type":"EntryPoint","urlTemplate":"https:\/\/www.ieec.cat\/es\/?s={search_term_string}"},"query-input":{"@type":"PropertyValueSpecification","valueRequired":true,"valueName":"search_term_string"}}],"inLanguage":"es"}]}},"_links":{"self":[{"href":"https:\/\/www.ieec.cat\/es\/wp-json\/wp\/v2\/pages\/2769","targetHints":{"allow":["GET"]}}],"collection":[{"href":"https:\/\/www.ieec.cat\/es\/wp-json\/wp\/v2\/pages"}],"about":[{"href":"https:\/\/www.ieec.cat\/es\/wp-json\/wp\/v2\/types\/page"}],"author":[{"embeddable":true,"href":"https:\/\/www.ieec.cat\/es\/wp-json\/wp\/v2\/users\/1"}],"replies":[{"embeddable":true,"href":"https:\/\/www.ieec.cat\/es\/wp-json\/wp\/v2\/comments?post=2769"}],"version-history":[{"count":210,"href":"https:\/\/www.ieec.cat\/es\/wp-json\/wp\/v2\/pages\/2769\/revisions"}],"predecessor-version":[{"id":44615,"href":"https:\/\/www.ieec.cat\/es\/wp-json\/wp\/v2\/pages\/2769\/revisions\/44615"}],"up":[{"embeddable":true,"href":"https:\/\/www.ieec.cat\/es\/wp-json\/wp\/v2\/pages\/2763"}],"wp:featuredmedia":[{"embeddable":true,"href":"https:\/\/www.ieec.cat\/es\/wp-json\/wp\/v2\/media\/26069"}],"wp:attachment":[{"href":"https:\/\/www.ieec.cat\/es\/wp-json\/wp\/v2\/media?parent=2769"}],"curies":[{"name":"wp","href":"https:\/\/api.w.org\/{rel}","templated":true}]}}